{"id":24212,"date":"2026-03-09T15:36:44","date_gmt":"2026-03-09T15:36:44","guid":{"rendered":"https:\/\/www.vanbreak.com\/noleggio-di-un-furgone-renault-trafic-handroad-per-5-persone\/"},"modified":"2026-03-28T17:47:56","modified_gmt":"2026-03-28T17:47:56","slug":"noleggio-di-un-furgone-renault-trafic-handroad-per-5-persone","status":"publish","type":"page","link":"https:\/\/www.vanbreak.com\/it\/noleggio-di-un-furgone-renault-trafic-handroad-per-5-persone\/","title":{"rendered":"Noleggio di un furgone Renault Trafic Handroad per 5 persone"},"content":{"rendered":"<p>[vc_row bg_type=&#8221;color&#8221; padding_top_multiplier=&#8221;&#8221; desktop_visibility=&#8221;hide&#8221; tablet_visibility=&#8221;hide&#8221; bg_color=&#8221;#ebecf0&#8243;][vc_column][\/vc_column][\/vc_row][vc_row bg_type=&#8221;color&#8221; padding_top_multiplier=&#8221;&#8221; bg_color=&#8221;#ebecf0&#8243;][vc_column][\/vc_column][\/vc_row][vc_row section_type=&#8221;fullwidth&#8221; bg_type=&#8221;color&#8221; columns_gap=&#8221;none&#8221; bg_color=&#8221;#ebecf0&#8243;][vc_column width=&#8221;2\/3&#8243;]<div class=\"grve-element grve-slider grve-layout-1 grve-gallery-popup\"  style=\" \">  <div class=\"grve-carousel-wrapper\"><div class=\"grve-carousel-navigation grve-dark grve-navigation-1 grve-navigation-default\">\t<div class=\"grve-carousel-buttons\">\t\t<div class=\"grve-carousel-prev\">\t\t\t<i class=\"grve-icon-nav-left-small\"><\/i>\t\t<\/div>\t\t<div class=\"grve-carousel-next\">\t\t\t<i class=\"grve-icon-nav-right-small\"><\/i>\t\t<\/div>\t<\/div><\/div><div class=\"grve-slider-element owl-carousel grve-theme\" data-slider-speed=\"3500\" data-slider-pause=\"no\" data-slider-autoplay=\"no\" data-slider-loop=\"yes\" data-slider-transition=\"slide\" data-slider-autoheight=\"no\" data-pagination=\"yes\"><div class=\"grve-slider-item grve-hover-item grve-hover-style-none\">  <figure class=\"grve-image-hover grve-zoom-none\"><div class=\"grve-media\"><img decoding=\"async\" width=\"1734\" height=\"1152\" src=\"https:\/\/www.vanbreak.com\/wp-content\/uploads\/2026\/03\/location-van-amenage-trafic-handroad-5-places-2.png\" class=\"attachment-movedo-grve-fullscreen size-movedo-grve-fullscreen\" alt=\"Furgone attrezzato con tetto sollevabile.\" srcset=\"https:\/\/www.vanbreak.com\/wp-content\/uploads\/2026\/03\/location-van-amenage-trafic-handroad-5-places-2.png 1734w, https:\/\/www.vanbreak.com\/wp-content\/uploads\/2026\/03\/location-van-amenage-trafic-handroad-5-places-2-300x199.png 300w, https:\/\/www.vanbreak.com\/wp-content\/uploads\/2026\/03\/location-van-amenage-trafic-handroad-5-places-2-1024x680.png 1024w, https:\/\/www.vanbreak.com\/wp-content\/uploads\/2026\/03\/location-van-amenage-trafic-handroad-5-places-2-768x510.png 768w, https:\/\/www.vanbreak.com\/wp-content\/uploads\/2026\/03\/location-van-amenage-trafic-handroad-5-places-2-1536x1020.png 1536w, https:\/\/www.vanbreak.com\/wp-content\/uploads\/2026\/03\/location-van-amenage-trafic-handroad-5-places-2-500x332.png 500w, https:\/\/www.vanbreak.com\/wp-content\/uploads\/2026\/03\/location-van-amenage-trafic-handroad-5-places-2-800x531.png 800w\" sizes=\"(max-width: 1734px) 100vw, 1734px\" \/><\/div>  <\/figure><\/div><div class=\"grve-slider-item grve-hover-item grve-hover-style-none\">  <figure class=\"grve-image-hover grve-zoom-none\"><div class=\"grve-media\"><img decoding=\"async\" width=\"1280\" height=\"854\" src=\"https:\/\/www.vanbreak.com\/wp-content\/uploads\/2026\/03\/location-van-ameange-renault-trafic-handroad-trek-5-extreme-edition-vanbreak-2.jpeg\" class=\"attachment-movedo-grve-fullscreen size-movedo-grve-fullscreen\" alt=\"Furgone renault trafi Handroad trek 5+ edizione estrema\" srcset=\"https:\/\/www.vanbreak.com\/wp-content\/uploads\/2026\/03\/location-van-ameange-renault-trafic-handroad-trek-5-extreme-edition-vanbreak-2.jpeg 1280w, https:\/\/www.vanbreak.com\/wp-content\/uploads\/2026\/03\/location-van-ameange-renault-trafic-handroad-trek-5-extreme-edition-vanbreak-2-300x200.jpeg 300w, https:\/\/www.vanbreak.com\/wp-content\/uploads\/2026\/03\/location-van-ameange-renault-trafic-handroad-trek-5-extreme-edition-vanbreak-2-1024x683.jpeg 1024w, https:\/\/www.vanbreak.com\/wp-content\/uploads\/2026\/03\/location-van-ameange-renault-trafic-handroad-trek-5-extreme-edition-vanbreak-2-768x512.jpeg 768w, https:\/\/www.vanbreak.com\/wp-content\/uploads\/2026\/03\/location-van-ameange-renault-trafic-handroad-trek-5-extreme-edition-vanbreak-2-500x334.jpeg 500w, https:\/\/www.vanbreak.com\/wp-content\/uploads\/2026\/03\/location-van-ameange-renault-trafic-handroad-trek-5-extreme-edition-vanbreak-2-800x534.jpeg 800w\" sizes=\"(max-width: 1280px) 100vw, 1280px\" \/><\/div>  <\/figure><\/div><div class=\"grve-slider-item grve-hover-item grve-hover-style-none\">  <figure class=\"grve-image-hover grve-zoom-none\"><div class=\"grve-media\"><img decoding=\"async\" width=\"1280\" height=\"854\" src=\"https:\/\/www.vanbreak.com\/wp-content\/uploads\/2026\/03\/location-van-ameange-renault-trafic-handroad-trek-5-extreme-edition-vanbreak-13.jpeg\" class=\"attachment-movedo-grve-fullscreen size-movedo-grve-fullscreen\" alt=\"Furgone renault trafi Handroad trek 5+ edizione estrema\" srcset=\"https:\/\/www.vanbreak.com\/wp-content\/uploads\/2026\/03\/location-van-ameange-renault-trafic-handroad-trek-5-extreme-edition-vanbreak-13.jpeg 1280w, https:\/\/www.vanbreak.com\/wp-content\/uploads\/2026\/03\/location-van-ameange-renault-trafic-handroad-trek-5-extreme-edition-vanbreak-13-300x200.jpeg 300w, https:\/\/www.vanbreak.com\/wp-content\/uploads\/2026\/03\/location-van-ameange-renault-trafic-handroad-trek-5-extreme-edition-vanbreak-13-1024x683.jpeg 1024w, https:\/\/www.vanbreak.com\/wp-content\/uploads\/2026\/03\/location-van-ameange-renault-trafic-handroad-trek-5-extreme-edition-vanbreak-13-768x512.jpeg 768w, https:\/\/www.vanbreak.com\/wp-content\/uploads\/2026\/03\/location-van-ameange-renault-trafic-handroad-trek-5-extreme-edition-vanbreak-13-500x334.jpeg 500w, https:\/\/www.vanbreak.com\/wp-content\/uploads\/2026\/03\/location-van-ameange-renault-trafic-handroad-trek-5-extreme-edition-vanbreak-13-800x534.jpeg 800w\" sizes=\"(max-width: 1280px) 100vw, 1280px\" \/><\/div>  <\/figure><\/div><div class=\"grve-slider-item grve-hover-item grve-hover-style-none\">  <figure class=\"grve-image-hover grve-zoom-none\"><div class=\"grve-media\"><img decoding=\"async\" width=\"1280\" height=\"854\" src=\"https:\/\/www.vanbreak.com\/wp-content\/uploads\/2026\/03\/location-van-ameange-renault-trafic-handroad-trek-5-extreme-edition-vanbreak-19.jpeg\" class=\"attachment-movedo-grve-fullscreen size-movedo-grve-fullscreen\" alt=\"Furgone renault trafi Handroad trek 5+ edizione estrema\" srcset=\"https:\/\/www.vanbreak.com\/wp-content\/uploads\/2026\/03\/location-van-ameange-renault-trafic-handroad-trek-5-extreme-edition-vanbreak-19.jpeg 1280w, https:\/\/www.vanbreak.com\/wp-content\/uploads\/2026\/03\/location-van-ameange-renault-trafic-handroad-trek-5-extreme-edition-vanbreak-19-300x200.jpeg 300w, https:\/\/www.vanbreak.com\/wp-content\/uploads\/2026\/03\/location-van-ameange-renault-trafic-handroad-trek-5-extreme-edition-vanbreak-19-1024x683.jpeg 1024w, https:\/\/www.vanbreak.com\/wp-content\/uploads\/2026\/03\/location-van-ameange-renault-trafic-handroad-trek-5-extreme-edition-vanbreak-19-768x512.jpeg 768w, https:\/\/www.vanbreak.com\/wp-content\/uploads\/2026\/03\/location-van-ameange-renault-trafic-handroad-trek-5-extreme-edition-vanbreak-19-500x334.jpeg 500w, https:\/\/www.vanbreak.com\/wp-content\/uploads\/2026\/03\/location-van-ameange-renault-trafic-handroad-trek-5-extreme-edition-vanbreak-19-800x534.jpeg 800w\" sizes=\"(max-width: 1280px) 100vw, 1280px\" \/><\/div>  <\/figure><\/div><div class=\"grve-slider-item grve-hover-item grve-hover-style-none\">  <figure class=\"grve-image-hover grve-zoom-none\"><div class=\"grve-media\"><img decoding=\"async\" width=\"1280\" height=\"854\" src=\"https:\/\/www.vanbreak.com\/wp-content\/uploads\/2026\/03\/location-van-ameange-renault-trafic-handroad-trek-5-extreme-edition-vanbreak.jpeg\" class=\"attachment-movedo-grve-fullscreen size-movedo-grve-fullscreen\" alt=\"Furgone renault trafi Handroad trek 5+ edizione estrema\" srcset=\"https:\/\/www.vanbreak.com\/wp-content\/uploads\/2026\/03\/location-van-ameange-renault-trafic-handroad-trek-5-extreme-edition-vanbreak.jpeg 1280w, https:\/\/www.vanbreak.com\/wp-content\/uploads\/2026\/03\/location-van-ameange-renault-trafic-handroad-trek-5-extreme-edition-vanbreak-300x200.jpeg 300w, https:\/\/www.vanbreak.com\/wp-content\/uploads\/2026\/03\/location-van-ameange-renault-trafic-handroad-trek-5-extreme-edition-vanbreak-1024x683.jpeg 1024w, https:\/\/www.vanbreak.com\/wp-content\/uploads\/2026\/03\/location-van-ameange-renault-trafic-handroad-trek-5-extreme-edition-vanbreak-768x512.jpeg 768w, https:\/\/www.vanbreak.com\/wp-content\/uploads\/2026\/03\/location-van-ameange-renault-trafic-handroad-trek-5-extreme-edition-vanbreak-500x334.jpeg 500w, https:\/\/www.vanbreak.com\/wp-content\/uploads\/2026\/03\/location-van-ameange-renault-trafic-handroad-trek-5-extreme-edition-vanbreak-800x534.jpeg 800w\" sizes=\"(max-width: 1280px) 100vw, 1280px\" \/><\/div>  <\/figure><\/div><div class=\"grve-slider-item grve-hover-item grve-hover-style-none\">  <figure class=\"grve-image-hover grve-zoom-none\"><div class=\"grve-media\"><img decoding=\"async\" width=\"1280\" height=\"854\" src=\"https:\/\/www.vanbreak.com\/wp-content\/uploads\/2026\/03\/location-van-ameange-renault-trafic-handroad-trek-5-extreme-edition-vanbreak-17.jpeg\" class=\"attachment-movedo-grve-fullscreen size-movedo-grve-fullscreen\" alt=\"Furgone renault trafi Handroad trek 5+ edizione estrema\" srcset=\"https:\/\/www.vanbreak.com\/wp-content\/uploads\/2026\/03\/location-van-ameange-renault-trafic-handroad-trek-5-extreme-edition-vanbreak-17.jpeg 1280w, https:\/\/www.vanbreak.com\/wp-content\/uploads\/2026\/03\/location-van-ameange-renault-trafic-handroad-trek-5-extreme-edition-vanbreak-17-300x200.jpeg 300w, https:\/\/www.vanbreak.com\/wp-content\/uploads\/2026\/03\/location-van-ameange-renault-trafic-handroad-trek-5-extreme-edition-vanbreak-17-1024x683.jpeg 1024w, https:\/\/www.vanbreak.com\/wp-content\/uploads\/2026\/03\/location-van-ameange-renault-trafic-handroad-trek-5-extreme-edition-vanbreak-17-768x512.jpeg 768w, https:\/\/www.vanbreak.com\/wp-content\/uploads\/2026\/03\/location-van-ameange-renault-trafic-handroad-trek-5-extreme-edition-vanbreak-17-500x334.jpeg 500w, https:\/\/www.vanbreak.com\/wp-content\/uploads\/2026\/03\/location-van-ameange-renault-trafic-handroad-trek-5-extreme-edition-vanbreak-17-800x534.jpeg 800w\" sizes=\"(max-width: 1280px) 100vw, 1280px\" \/><\/div>  <\/figure><\/div><div class=\"grve-slider-item grve-hover-item grve-hover-style-none\">  <figure class=\"grve-image-hover grve-zoom-none\"><div class=\"grve-media\"><img decoding=\"async\" width=\"1280\" height=\"854\" src=\"https:\/\/www.vanbreak.com\/wp-content\/uploads\/2026\/03\/location-van-ameange-renault-trafic-handroad-trek-5-extreme-edition-vanbreak-12.jpeg\" class=\"attachment-movedo-grve-fullscreen size-movedo-grve-fullscreen\" alt=\"Furgone renault trafi Handroad trek 5+ edizione estrema\" srcset=\"https:\/\/www.vanbreak.com\/wp-content\/uploads\/2026\/03\/location-van-ameange-renault-trafic-handroad-trek-5-extreme-edition-vanbreak-12.jpeg 1280w, https:\/\/www.vanbreak.com\/wp-content\/uploads\/2026\/03\/location-van-ameange-renault-trafic-handroad-trek-5-extreme-edition-vanbreak-12-300x200.jpeg 300w, https:\/\/www.vanbreak.com\/wp-content\/uploads\/2026\/03\/location-van-ameange-renault-trafic-handroad-trek-5-extreme-edition-vanbreak-12-1024x683.jpeg 1024w, https:\/\/www.vanbreak.com\/wp-content\/uploads\/2026\/03\/location-van-ameange-renault-trafic-handroad-trek-5-extreme-edition-vanbreak-12-768x512.jpeg 768w, https:\/\/www.vanbreak.com\/wp-content\/uploads\/2026\/03\/location-van-ameange-renault-trafic-handroad-trek-5-extreme-edition-vanbreak-12-500x334.jpeg 500w, https:\/\/www.vanbreak.com\/wp-content\/uploads\/2026\/03\/location-van-ameange-renault-trafic-handroad-trek-5-extreme-edition-vanbreak-12-800x534.jpeg 800w\" sizes=\"(max-width: 1280px) 100vw, 1280px\" \/><\/div>  <\/figure><\/div><div class=\"grve-slider-item grve-hover-item grve-hover-style-none\">  <figure class=\"grve-image-hover grve-zoom-none\"><div class=\"grve-media\"><img decoding=\"async\" width=\"1280\" height=\"854\" src=\"https:\/\/www.vanbreak.com\/wp-content\/uploads\/2026\/03\/location-van-ameange-renault-trafic-handroad-trek-5-extreme-edition-vanbreak-6.jpeg\" class=\"attachment-movedo-grve-fullscreen size-movedo-grve-fullscreen\" alt=\"Furgone renault trafi Handroad trek 5+ edizione estrema\" srcset=\"https:\/\/www.vanbreak.com\/wp-content\/uploads\/2026\/03\/location-van-ameange-renault-trafic-handroad-trek-5-extreme-edition-vanbreak-6.jpeg 1280w, https:\/\/www.vanbreak.com\/wp-content\/uploads\/2026\/03\/location-van-ameange-renault-trafic-handroad-trek-5-extreme-edition-vanbreak-6-300x200.jpeg 300w, https:\/\/www.vanbreak.com\/wp-content\/uploads\/2026\/03\/location-van-ameange-renault-trafic-handroad-trek-5-extreme-edition-vanbreak-6-1024x683.jpeg 1024w, https:\/\/www.vanbreak.com\/wp-content\/uploads\/2026\/03\/location-van-ameange-renault-trafic-handroad-trek-5-extreme-edition-vanbreak-6-768x512.jpeg 768w, https:\/\/www.vanbreak.com\/wp-content\/uploads\/2026\/03\/location-van-ameange-renault-trafic-handroad-trek-5-extreme-edition-vanbreak-6-500x334.jpeg 500w, https:\/\/www.vanbreak.com\/wp-content\/uploads\/2026\/03\/location-van-ameange-renault-trafic-handroad-trek-5-extreme-edition-vanbreak-6-800x534.jpeg 800w\" sizes=\"(max-width: 1280px) 100vw, 1280px\" \/><\/div>  <\/figure><\/div><div class=\"grve-slider-item grve-hover-item grve-hover-style-none\">  <figure class=\"grve-image-hover grve-zoom-none\"><div class=\"grve-media\"><img decoding=\"async\" width=\"1280\" height=\"854\" src=\"https:\/\/www.vanbreak.com\/wp-content\/uploads\/2026\/03\/location-van-ameange-renault-trafic-handroad-trek-5-extreme-edition-vanbreak-10.jpeg\" class=\"attachment-movedo-grve-fullscreen size-movedo-grve-fullscreen\" alt=\"Furgone renault trafi Handroad trek 5+ edizione estrema\" srcset=\"https:\/\/www.vanbreak.com\/wp-content\/uploads\/2026\/03\/location-van-ameange-renault-trafic-handroad-trek-5-extreme-edition-vanbreak-10.jpeg 1280w, https:\/\/www.vanbreak.com\/wp-content\/uploads\/2026\/03\/location-van-ameange-renault-trafic-handroad-trek-5-extreme-edition-vanbreak-10-300x200.jpeg 300w, https:\/\/www.vanbreak.com\/wp-content\/uploads\/2026\/03\/location-van-ameange-renault-trafic-handroad-trek-5-extreme-edition-vanbreak-10-1024x683.jpeg 1024w, https:\/\/www.vanbreak.com\/wp-content\/uploads\/2026\/03\/location-van-ameange-renault-trafic-handroad-trek-5-extreme-edition-vanbreak-10-768x512.jpeg 768w, https:\/\/www.vanbreak.com\/wp-content\/uploads\/2026\/03\/location-van-ameange-renault-trafic-handroad-trek-5-extreme-edition-vanbreak-10-500x334.jpeg 500w, https:\/\/www.vanbreak.com\/wp-content\/uploads\/2026\/03\/location-van-ameange-renault-trafic-handroad-trek-5-extreme-edition-vanbreak-10-800x534.jpeg 800w\" sizes=\"(max-width: 1280px) 100vw, 1280px\" \/><\/div>  <\/figure><\/div><div class=\"grve-slider-item grve-hover-item grve-hover-style-none\">  <figure class=\"grve-image-hover grve-zoom-none\"><div class=\"grve-media\"><img decoding=\"async\" width=\"1280\" height=\"854\" src=\"https:\/\/www.vanbreak.com\/wp-content\/uploads\/2026\/03\/location-van-ameange-renault-trafic-handroad-trek-5-extreme-edition-vanbreak-20.jpeg\" class=\"attachment-movedo-grve-fullscreen size-movedo-grve-fullscreen\" alt=\"Furgone renault trafi Handroad trek 5+ edizione estrema\" srcset=\"https:\/\/www.vanbreak.com\/wp-content\/uploads\/2026\/03\/location-van-ameange-renault-trafic-handroad-trek-5-extreme-edition-vanbreak-20.jpeg 1280w, https:\/\/www.vanbreak.com\/wp-content\/uploads\/2026\/03\/location-van-ameange-renault-trafic-handroad-trek-5-extreme-edition-vanbreak-20-300x200.jpeg 300w, https:\/\/www.vanbreak.com\/wp-content\/uploads\/2026\/03\/location-van-ameange-renault-trafic-handroad-trek-5-extreme-edition-vanbreak-20-1024x683.jpeg 1024w, https:\/\/www.vanbreak.com\/wp-content\/uploads\/2026\/03\/location-van-ameange-renault-trafic-handroad-trek-5-extreme-edition-vanbreak-20-768x512.jpeg 768w, https:\/\/www.vanbreak.com\/wp-content\/uploads\/2026\/03\/location-van-ameange-renault-trafic-handroad-trek-5-extreme-edition-vanbreak-20-500x334.jpeg 500w, https:\/\/www.vanbreak.com\/wp-content\/uploads\/2026\/03\/location-van-ameange-renault-trafic-handroad-trek-5-extreme-edition-vanbreak-20-800x534.jpeg 800w\" sizes=\"(max-width: 1280px) 100vw, 1280px\" \/><\/div>  <\/figure><\/div><div class=\"grve-slider-item grve-hover-item grve-hover-style-none\">  <figure class=\"grve-image-hover grve-zoom-none\"><div class=\"grve-media\"><img decoding=\"async\" width=\"1280\" height=\"854\" src=\"https:\/\/www.vanbreak.com\/wp-content\/uploads\/2026\/03\/location-van-ameange-renault-trafic-handroad-trek-5-extreme-edition-vanbreak-14.jpeg\" class=\"attachment-movedo-grve-fullscreen size-movedo-grve-fullscreen\" alt=\"Furgone renault trafi Handroad trek 5+ edizione estrema\" srcset=\"https:\/\/www.vanbreak.com\/wp-content\/uploads\/2026\/03\/location-van-ameange-renault-trafic-handroad-trek-5-extreme-edition-vanbreak-14.jpeg 1280w, https:\/\/www.vanbreak.com\/wp-content\/uploads\/2026\/03\/location-van-ameange-renault-trafic-handroad-trek-5-extreme-edition-vanbreak-14-300x200.jpeg 300w, https:\/\/www.vanbreak.com\/wp-content\/uploads\/2026\/03\/location-van-ameange-renault-trafic-handroad-trek-5-extreme-edition-vanbreak-14-1024x683.jpeg 1024w, https:\/\/www.vanbreak.com\/wp-content\/uploads\/2026\/03\/location-van-ameange-renault-trafic-handroad-trek-5-extreme-edition-vanbreak-14-768x512.jpeg 768w, https:\/\/www.vanbreak.com\/wp-content\/uploads\/2026\/03\/location-van-ameange-renault-trafic-handroad-trek-5-extreme-edition-vanbreak-14-500x334.jpeg 500w, https:\/\/www.vanbreak.com\/wp-content\/uploads\/2026\/03\/location-van-ameange-renault-trafic-handroad-trek-5-extreme-edition-vanbreak-14-800x534.jpeg 800w\" sizes=\"(max-width: 1280px) 100vw, 1280px\" \/><\/div>  <\/figure><\/div><div class=\"grve-slider-item grve-hover-item grve-hover-style-none\">  <figure class=\"grve-image-hover grve-zoom-none\"><div class=\"grve-media\"><img decoding=\"async\" width=\"1280\" height=\"854\" src=\"https:\/\/www.vanbreak.com\/wp-content\/uploads\/2026\/03\/location-van-ameange-renault-trafic-handroad-trek-5-extreme-edition-vanbreak-3.jpeg\" class=\"attachment-movedo-grve-fullscreen size-movedo-grve-fullscreen\" alt=\"Furgone renault trafi Handroad trek 5+ edizione estrema\" srcset=\"https:\/\/www.vanbreak.com\/wp-content\/uploads\/2026\/03\/location-van-ameange-renault-trafic-handroad-trek-5-extreme-edition-vanbreak-3.jpeg 1280w, https:\/\/www.vanbreak.com\/wp-content\/uploads\/2026\/03\/location-van-ameange-renault-trafic-handroad-trek-5-extreme-edition-vanbreak-3-300x200.jpeg 300w, https:\/\/www.vanbreak.com\/wp-content\/uploads\/2026\/03\/location-van-ameange-renault-trafic-handroad-trek-5-extreme-edition-vanbreak-3-1024x683.jpeg 1024w, https:\/\/www.vanbreak.com\/wp-content\/uploads\/2026\/03\/location-van-ameange-renault-trafic-handroad-trek-5-extreme-edition-vanbreak-3-768x512.jpeg 768w, https:\/\/www.vanbreak.com\/wp-content\/uploads\/2026\/03\/location-van-ameange-renault-trafic-handroad-trek-5-extreme-edition-vanbreak-3-500x334.jpeg 500w, https:\/\/www.vanbreak.com\/wp-content\/uploads\/2026\/03\/location-van-ameange-renault-trafic-handroad-trek-5-extreme-edition-vanbreak-3-800x534.jpeg 800w\" sizes=\"(max-width: 1280px) 100vw, 1280px\" \/><\/div>  <\/figure><\/div><div class=\"grve-slider-item grve-hover-item grve-hover-style-none\">  <figure class=\"grve-image-hover grve-zoom-none\"><div class=\"grve-media\"><img decoding=\"async\" width=\"1280\" height=\"854\" src=\"https:\/\/www.vanbreak.com\/wp-content\/uploads\/2026\/03\/location-van-ameange-renault-trafic-handroad-trek-5-extreme-edition-vanbreak-15.jpeg\" class=\"attachment-movedo-grve-fullscreen size-movedo-grve-fullscreen\" alt=\"Furgone renault trafi Handroad trek 5+ edizione estrema\" srcset=\"https:\/\/www.vanbreak.com\/wp-content\/uploads\/2026\/03\/location-van-ameange-renault-trafic-handroad-trek-5-extreme-edition-vanbreak-15.jpeg 1280w, https:\/\/www.vanbreak.com\/wp-content\/uploads\/2026\/03\/location-van-ameange-renault-trafic-handroad-trek-5-extreme-edition-vanbreak-15-300x200.jpeg 300w, https:\/\/www.vanbreak.com\/wp-content\/uploads\/2026\/03\/location-van-ameange-renault-trafic-handroad-trek-5-extreme-edition-vanbreak-15-1024x683.jpeg 1024w, https:\/\/www.vanbreak.com\/wp-content\/uploads\/2026\/03\/location-van-ameange-renault-trafic-handroad-trek-5-extreme-edition-vanbreak-15-768x512.jpeg 768w, https:\/\/www.vanbreak.com\/wp-content\/uploads\/2026\/03\/location-van-ameange-renault-trafic-handroad-trek-5-extreme-edition-vanbreak-15-500x334.jpeg 500w, https:\/\/www.vanbreak.com\/wp-content\/uploads\/2026\/03\/location-van-ameange-renault-trafic-handroad-trek-5-extreme-edition-vanbreak-15-800x534.jpeg 800w\" sizes=\"(max-width: 1280px) 100vw, 1280px\" \/><\/div>  <\/figure><\/div><div class=\"grve-slider-item grve-hover-item grve-hover-style-none\">  <figure class=\"grve-image-hover grve-zoom-none\"><div class=\"grve-media\"><img decoding=\"async\" width=\"1280\" height=\"854\" src=\"https:\/\/www.vanbreak.com\/wp-content\/uploads\/2026\/03\/location-van-ameange-renault-trafic-handroad-trek-5-extreme-edition-vanbreak-8.jpeg\" class=\"attachment-movedo-grve-fullscreen size-movedo-grve-fullscreen\" alt=\"Furgone renault trafi Handroad trek 5+ edizione estrema\" srcset=\"https:\/\/www.vanbreak.com\/wp-content\/uploads\/2026\/03\/location-van-ameange-renault-trafic-handroad-trek-5-extreme-edition-vanbreak-8.jpeg 1280w, https:\/\/www.vanbreak.com\/wp-content\/uploads\/2026\/03\/location-van-ameange-renault-trafic-handroad-trek-5-extreme-edition-vanbreak-8-300x200.jpeg 300w, https:\/\/www.vanbreak.com\/wp-content\/uploads\/2026\/03\/location-van-ameange-renault-trafic-handroad-trek-5-extreme-edition-vanbreak-8-1024x683.jpeg 1024w, https:\/\/www.vanbreak.com\/wp-content\/uploads\/2026\/03\/location-van-ameange-renault-trafic-handroad-trek-5-extreme-edition-vanbreak-8-768x512.jpeg 768w, https:\/\/www.vanbreak.com\/wp-content\/uploads\/2026\/03\/location-van-ameange-renault-trafic-handroad-trek-5-extreme-edition-vanbreak-8-500x334.jpeg 500w, https:\/\/www.vanbreak.com\/wp-content\/uploads\/2026\/03\/location-van-ameange-renault-trafic-handroad-trek-5-extreme-edition-vanbreak-8-800x534.jpeg 800w\" sizes=\"(max-width: 1280px) 100vw, 1280px\" \/><\/div>  <\/figure><\/div><div class=\"grve-slider-item grve-hover-item grve-hover-style-none\">  <figure class=\"grve-image-hover grve-zoom-none\"><div class=\"grve-media\"><img decoding=\"async\" width=\"1280\" height=\"854\" src=\"https:\/\/www.vanbreak.com\/wp-content\/uploads\/2026\/03\/location-van-ameange-renault-trafic-handroad-trek-5-extreme-edition-vanbreak-4.jpeg\" class=\"attachment-movedo-grve-fullscreen size-movedo-grve-fullscreen\" alt=\"Furgone renault trafi Handroad trek 5+ edizione estrema\" srcset=\"https:\/\/www.vanbreak.com\/wp-content\/uploads\/2026\/03\/location-van-ameange-renault-trafic-handroad-trek-5-extreme-edition-vanbreak-4.jpeg 1280w, https:\/\/www.vanbreak.com\/wp-content\/uploads\/2026\/03\/location-van-ameange-renault-trafic-handroad-trek-5-extreme-edition-vanbreak-4-300x200.jpeg 300w, https:\/\/www.vanbreak.com\/wp-content\/uploads\/2026\/03\/location-van-ameange-renault-trafic-handroad-trek-5-extreme-edition-vanbreak-4-1024x683.jpeg 1024w, https:\/\/www.vanbreak.com\/wp-content\/uploads\/2026\/03\/location-van-ameange-renault-trafic-handroad-trek-5-extreme-edition-vanbreak-4-768x512.jpeg 768w, https:\/\/www.vanbreak.com\/wp-content\/uploads\/2026\/03\/location-van-ameange-renault-trafic-handroad-trek-5-extreme-edition-vanbreak-4-500x334.jpeg 500w, https:\/\/www.vanbreak.com\/wp-content\/uploads\/2026\/03\/location-van-ameange-renault-trafic-handroad-trek-5-extreme-edition-vanbreak-4-800x534.jpeg 800w\" sizes=\"(max-width: 1280px) 100vw, 1280px\" \/><\/div>  <\/figure><\/div>\t<\/div>  <\/div><\/div>[\/vc_column][vc_column width=&#8221;1\/3&#8243; tablet_sm_width=&#8221;hide&#8221; mobile_width=&#8221;hide&#8221;]<div class=\"grve-element grve-image grve-align-center\" style=\"\">  <div class=\"grve-image-wrapper\"><img decoding=\"async\" width=\"1280\" height=\"854\" src=\"https:\/\/www.vanbreak.com\/wp-content\/uploads\/2026\/03\/location-van-ameange-renault-trafic-handroad-trek-5-extreme-edition-vanbreak-16.jpeg\" class=\"attachment-full size-full\" alt=\"Furgone renault trafi Handroad trek 5+ edizione estrema\" srcset=\"https:\/\/www.vanbreak.com\/wp-content\/uploads\/2026\/03\/location-van-ameange-renault-trafic-handroad-trek-5-extreme-edition-vanbreak-16.jpeg 1280w, https:\/\/www.vanbreak.com\/wp-content\/uploads\/2026\/03\/location-van-ameange-renault-trafic-handroad-trek-5-extreme-edition-vanbreak-16-300x200.jpeg 300w, https:\/\/www.vanbreak.com\/wp-content\/uploads\/2026\/03\/location-van-ameange-renault-trafic-handroad-trek-5-extreme-edition-vanbreak-16-1024x683.jpeg 1024w, https:\/\/www.vanbreak.com\/wp-content\/uploads\/2026\/03\/location-van-ameange-renault-trafic-handroad-trek-5-extreme-edition-vanbreak-16-768x512.jpeg 768w, https:\/\/www.vanbreak.com\/wp-content\/uploads\/2026\/03\/location-van-ameange-renault-trafic-handroad-trek-5-extreme-edition-vanbreak-16-500x334.jpeg 500w, https:\/\/www.vanbreak.com\/wp-content\/uploads\/2026\/03\/location-van-ameange-renault-trafic-handroad-trek-5-extreme-edition-vanbreak-16-800x534.jpeg 800w\" sizes=\"(max-width: 1280px) 100vw, 1280px\" \/>   <\/div><\/div><div class=\"grve-element grve-image grve-align-center\" style=\"\">  <div class=\"grve-image-wrapper\"><img decoding=\"async\" width=\"1280\" height=\"854\" src=\"https:\/\/www.vanbreak.com\/wp-content\/uploads\/2026\/03\/location-van-ameange-renault-trafic-handroad-trek-5-extreme-edition-vanbreak-2.jpeg\" class=\"attachment-full size-full\" alt=\"Furgone renault trafi Handroad trek 5+ edizione estrema\" srcset=\"https:\/\/www.vanbreak.com\/wp-content\/uploads\/2026\/03\/location-van-ameange-renault-trafic-handroad-trek-5-extreme-edition-vanbreak-2.jpeg 1280w, https:\/\/www.vanbreak.com\/wp-content\/uploads\/2026\/03\/location-van-ameange-renault-trafic-handroad-trek-5-extreme-edition-vanbreak-2-300x200.jpeg 300w, https:\/\/www.vanbreak.com\/wp-content\/uploads\/2026\/03\/location-van-ameange-renault-trafic-handroad-trek-5-extreme-edition-vanbreak-2-1024x683.jpeg 1024w, https:\/\/www.vanbreak.com\/wp-content\/uploads\/2026\/03\/location-van-ameange-renault-trafic-handroad-trek-5-extreme-edition-vanbreak-2-768x512.jpeg 768w, https:\/\/www.vanbreak.com\/wp-content\/uploads\/2026\/03\/location-van-ameange-renault-trafic-handroad-trek-5-extreme-edition-vanbreak-2-500x334.jpeg 500w, https:\/\/www.vanbreak.com\/wp-content\/uploads\/2026\/03\/location-van-ameange-renault-trafic-handroad-trek-5-extreme-edition-vanbreak-2-800x534.jpeg 800w\" sizes=\"(max-width: 1280px) 100vw, 1280px\" \/>   <\/div><\/div>[\/vc_column][\/vc_row][vc_row bg_type=&#8221;color&#8221; padding_top_multiplier=&#8221;&#8221; bg_color=&#8221;#ebecf0&#8243;][vc_column]<div class=\"grve-empty-space grve-height-1x\" style=\"\"><\/div>[vc_column_text]<span style=\"color: #343e83;\"><span style=\"color: #2ddcc8;\"><a style=\"color: #2ddcc8;\" href=\"https:\/\/www.vanbreak.com\/it\/\">Casa<\/a><\/span> &gt;<a style=\"color: #343e83;\" href=\"https:\/\/www.vanbreak.com\/location-van-amenage-espagne\/\"><span style=\"color: #2ddcc8;\">Noleggio camper Spagna<\/span><\/a> &gt;<span style=\"color: #2ddcc8;\"><a style=\"color: #2ddcc8;\" href=\"https:\/\/www.vanbreak.com\/it\/modeles-van-amenage\/\">Modelli di furgoni<\/a><\/span> &gt; Noleggio camper Malaga<\/span>[\/vc_column_text][\/vc_column][\/vc_row][vc_row bg_type=&#8221;color&#8221; bg_color=&#8221;#ebecf0&#8243;][vc_column]<h1 class=\"grve-element grve-title grve-align-left grve-h2 grve-increase-heading grve-heading-140\" style=\"\"><span>Noleggio camper renault trafic handroad a Malaga &#8211; furgone a 5 posti per il viaggio in Andalusia<\/span><\/h1><div class=\"grve-empty-space grve-height-1x\" style=\"\"><\/div><h2 class=\"grve-element grve-title grve-align-left grve-h3 grve-increase-heading grve-heading-120\" style=\"\"><span>Noleggio camper Malaga: esplorate l&#8217;Andalusia in un renault trafic handroad<\/span><\/h2>[vc_column_text]<strong>Noleggiare un camper a Malaga<\/strong> \u00e8 un modo eccellente per scoprire l&#8217;Andalusia in piena libert\u00e0. Da Malaga si possono raggiungere facilmente le spiagge della Costa del Sol, i tipici villaggi bianchi, le montagne della Sierra Nevada o le grandi citt\u00e0 culturali come Siviglia, Granada o Cordova.<\/p>\n<p>Il <strong>renault trafic handroad 5+<\/strong> \u00e8 il <strong>camper perfetto per un <a href=\"https:\/\/amoureux-andalousie.com\/\" target=\"_blank\" rel=\"noopener\">viaggio in Spagna<\/a><\/strong>. Compatto, confortevole e facile da guidare, pu\u00f2 ospitare fino a cinque persone, con una disposizione completa che comprende cucina, zona notte, spazio di stivaggio e autonomia elettrica.[\/vc_column_text]<div class=\"grve-empty-space grve-height-1x\" style=\"\"><\/div><div class=\"grve-element grve-align-center\"><a href=\"https:\/\/www.vanbreak.com\/it\/prenotazione\/\" title=\"Prenota il tuo furgone\" class=\"grve-btn grve-btn-medium grve-extra-round grve-bg-primary-3 grve-bg-hover-primary-6 buttonpad10\"><span>PRENOTA ORA<\/span><\/a><\/div><div class=\"grve-empty-space grve-height-1x\" style=\"\"><\/div>[vc_column_text]Noleggiare un <strong>camper Renault Trafic a Malaga<\/strong> vi permette di viaggiare al vostro ritmo, di dormire vicino alla natura e di scoprire l&#8217;Andalusia fuori dai sentieri battuti.[\/vc_column_text][\/vc_column][\/vc_row][vc_row bg_type=&#8221;color&#8221; padding_top_multiplier=&#8221;&#8221; bg_color=&#8221;#ebecf0&#8243;][vc_column]<h2 class=\"grve-element grve-title grve-align-left grve-h2 grve-increase-heading grve-heading-120\" style=\"\"><span>Presentazione camper<\/span><\/h2><div class=\"grve-empty-space grve-height-1x\" style=\"\"><\/div>[vc_column_text]Volete <strong>noleggiare un camper a Malaga<\/strong> per un <strong>viaggio in Andalusia<\/strong>? Il <strong>Renault Trafic Handroad Trek 5+<\/strong> \u00e8 un <strong>furgone trasformato versatile e confortevole<\/strong>, perfetto per esplorare il sud della Spagna in totale libert\u00e0.<\/p>\n<p>Questo <strong>camper Renault Trafic<\/strong> pu\u00f2 ospitare fino a <strong>5 persone<\/strong> e offre tutte le attrezzature necessarie per viaggiare in tutta tranquillit\u00e0: cucina completamente attrezzata, stivaggio ottimizzato, zona notte confortevole e autonomia elettrica per diversi giorni.[\/vc_column_text][vc_column_text]Grazie alla sua disposizione intelligente e alla grande modularit\u00e0, il <strong>renault trafic handroad<\/strong> permette di cucinare, dormire e vivere a bordo con facilit\u00e0. Ideale per scoprire le spiagge della Costa del Sol, i villaggi bianchi dell&#8217;Andalusia o le strade panoramiche intorno a Malaga.<\/p>\n<p><strong>Noleggiate un renault trafic handroad a Malaga<\/strong> e godetevi l&#8217;esperienza unica della <strong>vita in camper in Spagna<\/strong> e scoprite i paesaggi pi\u00f9 belli dell&#8217;Andalusia.[\/vc_column_text]<div class=\"grve-empty-space grve-height-1x\" style=\"\"><\/div>[vc_row_inner][vc_column_inner width=&#8221;1\/4&#8243; tablet_sm_width=&#8221;1-2&#8243; mobile_width=&#8221;1-2&#8243;]<div class=\"grve-element grve-image grve-align-center\" style=\"\">  <div class=\"grve-image-wrapper\"><img decoding=\"async\" width=\"150\" height=\"150\" src=\"https:\/\/www.vanbreak.com\/wp-content\/uploads\/2020\/12\/ceinture-150x150.png\" class=\"attachment-thumbnail size-thumbnail\" alt=\"cintura di sicurezza\" srcset=\"https:\/\/www.vanbreak.com\/wp-content\/uploads\/2020\/12\/ceinture-150x150.png 150w, https:\/\/www.vanbreak.com\/wp-content\/uploads\/2020\/12\/ceinture-300x300.png 300w, https:\/\/www.vanbreak.com\/wp-content\/uploads\/2020\/12\/ceinture-1024x1024.png 1024w, https:\/\/www.vanbreak.com\/wp-content\/uploads\/2020\/12\/ceinture-768x768.png 768w, https:\/\/www.vanbreak.com\/wp-content\/uploads\/2020\/12\/ceinture-560x560.png 560w, https:\/\/www.vanbreak.com\/wp-content\/uploads\/2020\/12\/ceinture-900x900.png 900w, https:\/\/www.vanbreak.com\/wp-content\/uploads\/2020\/12\/ceinture-500x500.png 500w, https:\/\/www.vanbreak.com\/wp-content\/uploads\/2020\/12\/ceinture-800x800.png 800w, https:\/\/www.vanbreak.com\/wp-content\/uploads\/2020\/12\/ceinture-100x100.png 100w, https:\/\/www.vanbreak.com\/wp-content\/uploads\/2020\/12\/ceinture.png 1280w\" sizes=\"(max-width: 150px) 100vw, 150px\" \/>   <\/div><\/div><div class=\"grve-empty-space grve-height-1x\" style=\"\"><\/div><h3 class=\"grve-element grve-title grve-align-center grve-h3\" style=\"\"><span><span style=\"color: #323e84;\">5 posti a sedere<\/span><\/span><\/h3><div class=\"grve-empty-space grve-height-1x\" style=\"\"><\/div>[\/vc_column_inner][vc_column_inner width=&#8221;1\/4&#8243; tablet_sm_width=&#8221;1-2&#8243; mobile_width=&#8221;1-2&#8243;]<div class=\"grve-element grve-image grve-align-center\" style=\"\">  <div class=\"grve-image-wrapper\"><img decoding=\"async\" width=\"150\" height=\"150\" src=\"https:\/\/www.vanbreak.com\/wp-content\/uploads\/2020\/12\/lit-150x150.png\" class=\"attachment-thumbnail size-thumbnail\" alt=\"numero di letti\" srcset=\"https:\/\/www.vanbreak.com\/wp-content\/uploads\/2020\/12\/lit-150x150.png 150w, https:\/\/www.vanbreak.com\/wp-content\/uploads\/2020\/12\/lit-300x300.png 300w, https:\/\/www.vanbreak.com\/wp-content\/uploads\/2020\/12\/lit-1024x1024.png 1024w, https:\/\/www.vanbreak.com\/wp-content\/uploads\/2020\/12\/lit-768x768.png 768w, https:\/\/www.vanbreak.com\/wp-content\/uploads\/2020\/12\/lit-560x560.png 560w, https:\/\/www.vanbreak.com\/wp-content\/uploads\/2020\/12\/lit-900x900.png 900w, https:\/\/www.vanbreak.com\/wp-content\/uploads\/2020\/12\/lit-500x500.png 500w, https:\/\/www.vanbreak.com\/wp-content\/uploads\/2020\/12\/lit-800x800.png 800w, https:\/\/www.vanbreak.com\/wp-content\/uploads\/2020\/12\/lit-100x100.png 100w, https:\/\/www.vanbreak.com\/wp-content\/uploads\/2020\/12\/lit.png 1280w\" sizes=\"(max-width: 150px) 100vw, 150px\" \/>   <\/div><\/div><div class=\"grve-empty-space grve-height-1x\" style=\"\"><\/div><h3 class=\"grve-element grve-title grve-align-center grve-h3\" style=\"\"><span><span style=\"color: #323e84;\">Posti letto 4+1<\/span><\/span><\/h3><div class=\"grve-empty-space grve-height-1x\" style=\"\"><\/div>[\/vc_column_inner][vc_column_inner width=&#8221;1\/4&#8243; tablet_sm_width=&#8221;1-2&#8243; mobile_width=&#8221;1-2&#8243;]<div class=\"grve-element grve-image grve-align-center\" style=\"\">  <div class=\"grve-image-wrapper\"><img decoding=\"async\" width=\"150\" height=\"150\" src=\"https:\/\/www.vanbreak.com\/wp-content\/uploads\/2020\/12\/boite-auto-150x150.png\" class=\"attachment-thumbnail size-thumbnail\" alt=\"cappa di cambio automatica\" srcset=\"https:\/\/www.vanbreak.com\/wp-content\/uploads\/2020\/12\/boite-auto-150x150.png 150w, https:\/\/www.vanbreak.com\/wp-content\/uploads\/2020\/12\/boite-auto-300x300.png 300w, https:\/\/www.vanbreak.com\/wp-content\/uploads\/2020\/12\/boite-auto-1024x1024.png 1024w, https:\/\/www.vanbreak.com\/wp-content\/uploads\/2020\/12\/boite-auto-768x768.png 768w, https:\/\/www.vanbreak.com\/wp-content\/uploads\/2020\/12\/boite-auto-560x560.png 560w, https:\/\/www.vanbreak.com\/wp-content\/uploads\/2020\/12\/boite-auto-900x900.png 900w, https:\/\/www.vanbreak.com\/wp-content\/uploads\/2020\/12\/boite-auto-500x500.png 500w, https:\/\/www.vanbreak.com\/wp-content\/uploads\/2020\/12\/boite-auto-800x800.png 800w, https:\/\/www.vanbreak.com\/wp-content\/uploads\/2020\/12\/boite-auto-100x100.png 100w, https:\/\/www.vanbreak.com\/wp-content\/uploads\/2020\/12\/boite-auto.png 1280w\" sizes=\"(max-width: 150px) 100vw, 150px\" \/>   <\/div><\/div><div class=\"grve-empty-space grve-height-1x\" style=\"\"><\/div><h3 class=\"grve-element grve-title grve-align-center grve-h3\" style=\"\"><span><span style=\"color: #323e84;\">Cambio automatico. <\/span><span style=\"color: #323e84;\">150 CV<\/span><\/span><\/h3><div class=\"grve-empty-space grve-height-1x\" style=\"\"><\/div>[\/vc_column_inner][vc_column_inner width=&#8221;1\/4&#8243; tablet_sm_width=&#8221;1-2&#8243; mobile_width=&#8221;1-2&#8243;]<div class=\"grve-element grve-image grve-align-center\" style=\"\">  <div class=\"grve-image-wrapper\"><img decoding=\"async\" width=\"150\" height=\"150\" src=\"https:\/\/www.vanbreak.com\/wp-content\/uploads\/2021\/01\/permis-b-150x150.png\" class=\"attachment-thumbnail size-thumbnail\" alt=\"\" srcset=\"https:\/\/www.vanbreak.com\/wp-content\/uploads\/2021\/01\/permis-b-150x150.png 150w, https:\/\/www.vanbreak.com\/wp-content\/uploads\/2021\/01\/permis-b-300x300.png 300w, https:\/\/www.vanbreak.com\/wp-content\/uploads\/2021\/01\/permis-b-1024x1024.png 1024w, https:\/\/www.vanbreak.com\/wp-content\/uploads\/2021\/01\/permis-b-768x768.png 768w, https:\/\/www.vanbreak.com\/wp-content\/uploads\/2021\/01\/permis-b-560x560.png 560w, https:\/\/www.vanbreak.com\/wp-content\/uploads\/2021\/01\/permis-b-900x900.png 900w, https:\/\/www.vanbreak.com\/wp-content\/uploads\/2021\/01\/permis-b-500x500.png 500w, https:\/\/www.vanbreak.com\/wp-content\/uploads\/2021\/01\/permis-b-800x800.png 800w, https:\/\/www.vanbreak.com\/wp-content\/uploads\/2021\/01\/permis-b-100x100.png 100w, https:\/\/www.vanbreak.com\/wp-content\/uploads\/2021\/01\/permis-b.png 1280w\" sizes=\"(max-width: 150px) 100vw, 150px\" \/>   <\/div><\/div><div class=\"grve-empty-space grve-height-1x\" style=\"\"><\/div><h3 class=\"grve-element grve-title grve-align-center grve-h3\" style=\"\"><span><span style=\"color: #323e84;\">Patente di guida <\/span><span style=\"color: #323e84;\">B<\/span><\/span><\/h3><div class=\"grve-empty-space grve-height-1x\" style=\"\"><\/div>[\/vc_column_inner][\/vc_row_inner][\/vc_column][\/vc_row][vc_row bg_type=&#8221;color&#8221; bg_color=&#8221;#ebecf0&#8243;][vc_column]<h2 class=\"grve-element grve-title grve-align-center grve-h2 grve-increase-heading grve-heading-120\" style=\"\"><span>ATTREZZATURA PER CAMPER<\/span><\/h2>[vc_column_text]Il <strong>renault trafic handroad 5+<\/strong> \u00e8 un <strong>camper moderno, perfettamente attrezzato<\/strong> per un <strong>viaggio in Andalusia da Malaga<\/strong>. La sua disposizione intelligente consente di cucinare, dormire e vivere comodamente a bordo durante il viaggio.[\/vc_column_text]<div class=\"grve-empty-space grve-height-2x\" style=\"\"><\/div><div class=\"grve-element grve-align-center\"><a href=\"https:\/\/www.vanbreak.com\/it\/attrezzature-e-accessori\/\" title=\"Prenota il tuo furgone\" class=\"grve-btn grve-btn-medium grve-extra-round grve-bg-primary-3 grve-bg-hover-primary-6 buttonpad10\"><span>TUTTE LE ATTREZZATURE<\/span><\/a><\/div><div class=\"grve-empty-space grve-height-2x\" style=\"\"><\/div>[vc_column_text]Questo <strong>Renault Trafic convertito in furgone<\/strong> \u00e8 dotato di <strong>cucina interna completamente attrezzata<\/strong>, <strong>frigorifero<\/strong>, <strong>doccia esterna<\/strong>, <strong>serbatoio dell&#8217;acqua<\/strong> e <strong>riscaldamento autonomo<\/strong> per notti confortevoli. I <strong>pannelli solari e le batterie ausiliarie<\/strong> garantiscono inoltre un&#8217;eccellente autonomia che vi permetter\u00e0 di sfruttare al meglio il vostro <strong>viaggio in camper in Spagna<\/strong>.<\/p>\n<p>Grazie al suo equipaggiamento completo e all&#8217;ampio spazio di stivaggio, il <strong>renault trafic handroad<\/strong> \u00e8 ideale per esplorare le spiagge, le montagne e i villaggi bianchi dell&#8217;Andalusia quando <strong>noleggiate un camper a Malaga<\/strong>.[\/vc_column_text][\/vc_column][\/vc_row][vc_row bg_type=&#8221;color&#8221; padding_bottom_multiplier=&#8221;2x&#8221; columns_gap=&#8221;25&#8243; bg_color=&#8221;#ebecf0&#8243;][vc_column width=&#8221;1\/6&#8243; tablet_sm_width=&#8221;1-2&#8243; mobile_width=&#8221;1-2&#8243;]<div class=\"grve-element grve-image grve-align-center\" style=\"\">  <div class=\"grve-image-wrapper\"><img decoding=\"async\" width=\"150\" height=\"150\" src=\"https:\/\/www.vanbreak.com\/wp-content\/uploads\/2020\/12\/cuisine-150x150.png\" class=\"attachment-thumbnail size-thumbnail\" alt=\"Cucina componibile\" srcset=\"https:\/\/www.vanbreak.com\/wp-content\/uploads\/2020\/12\/cuisine-150x150.png 150w, https:\/\/www.vanbreak.com\/wp-content\/uploads\/2020\/12\/cuisine-300x300.png 300w, https:\/\/www.vanbreak.com\/wp-content\/uploads\/2020\/12\/cuisine-1024x1024.png 1024w, https:\/\/www.vanbreak.com\/wp-content\/uploads\/2020\/12\/cuisine-768x768.png 768w, https:\/\/www.vanbreak.com\/wp-content\/uploads\/2020\/12\/cuisine-560x560.png 560w, https:\/\/www.vanbreak.com\/wp-content\/uploads\/2020\/12\/cuisine-900x900.png 900w, https:\/\/www.vanbreak.com\/wp-content\/uploads\/2020\/12\/cuisine-500x500.png 500w, https:\/\/www.vanbreak.com\/wp-content\/uploads\/2020\/12\/cuisine-800x800.png 800w, https:\/\/www.vanbreak.com\/wp-content\/uploads\/2020\/12\/cuisine-100x100.png 100w, https:\/\/www.vanbreak.com\/wp-content\/uploads\/2020\/12\/cuisine.png 1280w\" sizes=\"(max-width: 150px) 100vw, 150px\" \/>   <\/div><\/div><div class=\"grve-empty-space grve-height-1x\" style=\"\"><\/div><h3 class=\"grve-element grve-title grve-align-center grve-h3\" style=\"\"><span><span style=\"color: #323e84;\">La cucina<br \/>\ninterno<\/span><\/span><\/h3><div class=\"grve-empty-space grve-height-1x\" style=\"\"><\/div>[\/vc_column][vc_column width=&#8221;1\/6&#8243; tablet_sm_width=&#8221;1-2&#8243; mobile_width=&#8221;1-2&#8243;]<div class=\"grve-element grve-image grve-align-center\" style=\"\">  <div class=\"grve-image-wrapper\"><img decoding=\"async\" width=\"150\" height=\"150\" src=\"https:\/\/www.vanbreak.com\/wp-content\/uploads\/2020\/12\/frigo-150x150.png\" class=\"attachment-thumbnail size-thumbnail\" alt=\"frigorifero\" srcset=\"https:\/\/www.vanbreak.com\/wp-content\/uploads\/2020\/12\/frigo-150x150.png 150w, https:\/\/www.vanbreak.com\/wp-content\/uploads\/2020\/12\/frigo-300x300.png 300w, https:\/\/www.vanbreak.com\/wp-content\/uploads\/2020\/12\/frigo-1024x1024.png 1024w, https:\/\/www.vanbreak.com\/wp-content\/uploads\/2020\/12\/frigo-768x768.png 768w, https:\/\/www.vanbreak.com\/wp-content\/uploads\/2020\/12\/frigo-560x560.png 560w, https:\/\/www.vanbreak.com\/wp-content\/uploads\/2020\/12\/frigo-900x900.png 900w, https:\/\/www.vanbreak.com\/wp-content\/uploads\/2020\/12\/frigo-500x500.png 500w, https:\/\/www.vanbreak.com\/wp-content\/uploads\/2020\/12\/frigo-800x800.png 800w, https:\/\/www.vanbreak.com\/wp-content\/uploads\/2020\/12\/frigo-100x100.png 100w, https:\/\/www.vanbreak.com\/wp-content\/uploads\/2020\/12\/frigo.png 1280w\" sizes=\"(max-width: 150px) 100vw, 150px\" \/>   <\/div><\/div><div class=\"grve-empty-space grve-height-1x\" style=\"\"><\/div><h3 class=\"grve-element grve-title grve-align-center grve-h3\" style=\"\"><span>Frigorifero<br \/>\n<span style=\"color: #323e84;\">(51L)<\/span><\/span><\/h3><div class=\"grve-empty-space grve-height-1x\" style=\"\"><\/div>[\/vc_column][vc_column width=&#8221;1\/6&#8243; tablet_sm_width=&#8221;1-2&#8243; mobile_width=&#8221;1-2&#8243;]<div class=\"grve-element grve-image grve-align-center\" style=\"\">  <div class=\"grve-image-wrapper\"><img decoding=\"async\" width=\"150\" height=\"150\" src=\"https:\/\/www.vanbreak.com\/wp-content\/uploads\/2020\/12\/douche-eau-a-temperature-150x150.png\" class=\"attachment-thumbnail size-thumbnail\" alt=\"temperatura ambiente doccia\" srcset=\"https:\/\/www.vanbreak.com\/wp-content\/uploads\/2020\/12\/douche-eau-a-temperature-150x150.png 150w, https:\/\/www.vanbreak.com\/wp-content\/uploads\/2020\/12\/douche-eau-a-temperature-300x300.png 300w, https:\/\/www.vanbreak.com\/wp-content\/uploads\/2020\/12\/douche-eau-a-temperature-1024x1024.png 1024w, https:\/\/www.vanbreak.com\/wp-content\/uploads\/2020\/12\/douche-eau-a-temperature-768x768.png 768w, https:\/\/www.vanbreak.com\/wp-content\/uploads\/2020\/12\/douche-eau-a-temperature-560x560.png 560w, https:\/\/www.vanbreak.com\/wp-content\/uploads\/2020\/12\/douche-eau-a-temperature-900x900.png 900w, https:\/\/www.vanbreak.com\/wp-content\/uploads\/2020\/12\/douche-eau-a-temperature-500x500.png 500w, https:\/\/www.vanbreak.com\/wp-content\/uploads\/2020\/12\/douche-eau-a-temperature-800x800.png 800w, https:\/\/www.vanbreak.com\/wp-content\/uploads\/2020\/12\/douche-eau-a-temperature-100x100.png 100w, https:\/\/www.vanbreak.com\/wp-content\/uploads\/2020\/12\/douche-eau-a-temperature.png 1280w\" sizes=\"(max-width: 150px) 100vw, 150px\" \/>   <\/div><\/div><div class=\"grve-empty-space grve-height-1x\" style=\"\"><\/div><h3 class=\"grve-element grve-title grve-align-center grve-h3\" style=\"\"><span><span style=\"color: #323e84;\">Doccia<\/span><br \/>\n<span style=\"color: #323e84;\">all&#8217;aperto<\/span><\/span><\/h3><div class=\"grve-empty-space grve-height-1x\" style=\"\"><\/div>[\/vc_column][vc_column width=&#8221;1\/6&#8243; tablet_sm_width=&#8221;1-2&#8243; mobile_width=&#8221;1-2&#8243;]<div class=\"grve-element grve-image grve-align-center\" style=\"\">  <div class=\"grve-image-wrapper\"><img decoding=\"async\" width=\"150\" height=\"150\" src=\"https:\/\/www.vanbreak.com\/wp-content\/uploads\/2020\/12\/reservoir-eau-150x150.png\" class=\"attachment-thumbnail size-thumbnail\" alt=\"tanke de ague limpia\" srcset=\"https:\/\/www.vanbreak.com\/wp-content\/uploads\/2020\/12\/reservoir-eau-150x150.png 150w, https:\/\/www.vanbreak.com\/wp-content\/uploads\/2020\/12\/reservoir-eau-300x300.png 300w, https:\/\/www.vanbreak.com\/wp-content\/uploads\/2020\/12\/reservoir-eau-1024x1024.png 1024w, https:\/\/www.vanbreak.com\/wp-content\/uploads\/2020\/12\/reservoir-eau-768x768.png 768w, https:\/\/www.vanbreak.com\/wp-content\/uploads\/2020\/12\/reservoir-eau-560x560.png 560w, https:\/\/www.vanbreak.com\/wp-content\/uploads\/2020\/12\/reservoir-eau-900x900.png 900w, https:\/\/www.vanbreak.com\/wp-content\/uploads\/2020\/12\/reservoir-eau-500x500.png 500w, https:\/\/www.vanbreak.com\/wp-content\/uploads\/2020\/12\/reservoir-eau-800x800.png 800w, https:\/\/www.vanbreak.com\/wp-content\/uploads\/2020\/12\/reservoir-eau-100x100.png 100w, https:\/\/www.vanbreak.com\/wp-content\/uploads\/2020\/12\/reservoir-eau.png 1280w\" sizes=\"(max-width: 150px) 100vw, 150px\" \/>   <\/div><\/div><div class=\"grve-empty-space grve-height-1x\" style=\"\"><\/div><h3 class=\"grve-element grve-title grve-align-center grve-h3\" style=\"\"><span>Acqua<br \/>\n<span style=\"color: #323e84;\">(81L)<\/span><\/span><\/h3><div class=\"grve-empty-space grve-height-1x\" style=\"\"><\/div>[\/vc_column][vc_column width=&#8221;1\/6&#8243; tablet_sm_width=&#8221;1-2&#8243; mobile_width=&#8221;1-2&#8243;]<div class=\"grve-element grve-image grve-align-center\" style=\"\">  <div class=\"grve-image-wrapper\"><img decoding=\"async\" width=\"150\" height=\"150\" src=\"https:\/\/www.vanbreak.com\/wp-content\/uploads\/2021\/01\/chauffage-rouge-150x150.png\" class=\"attachment-thumbnail size-thumbnail\" alt=\"\" srcset=\"https:\/\/www.vanbreak.com\/wp-content\/uploads\/2021\/01\/chauffage-rouge-150x150.png 150w, https:\/\/www.vanbreak.com\/wp-content\/uploads\/2021\/01\/chauffage-rouge-300x300.png 300w, https:\/\/www.vanbreak.com\/wp-content\/uploads\/2021\/01\/chauffage-rouge-1024x1024.png 1024w, https:\/\/www.vanbreak.com\/wp-content\/uploads\/2021\/01\/chauffage-rouge-768x768.png 768w, https:\/\/www.vanbreak.com\/wp-content\/uploads\/2021\/01\/chauffage-rouge-560x560.png 560w, https:\/\/www.vanbreak.com\/wp-content\/uploads\/2021\/01\/chauffage-rouge-900x900.png 900w, https:\/\/www.vanbreak.com\/wp-content\/uploads\/2021\/01\/chauffage-rouge-500x500.png 500w, https:\/\/www.vanbreak.com\/wp-content\/uploads\/2021\/01\/chauffage-rouge-800x800.png 800w, https:\/\/www.vanbreak.com\/wp-content\/uploads\/2021\/01\/chauffage-rouge-100x100.png 100w, https:\/\/www.vanbreak.com\/wp-content\/uploads\/2021\/01\/chauffage-rouge.png 1280w\" sizes=\"(max-width: 150px) 100vw, 150px\" \/>   <\/div><\/div><div class=\"grve-empty-space grve-height-1x\" style=\"\"><\/div><h3 class=\"grve-element grve-title grve-align-center grve-h3\" style=\"\"><span>Riscaldamento<br \/>\n<span style=\"color: #323e84;\">(nuit)<\/span><\/span><\/h3><div class=\"grve-empty-space grve-height-1x\" style=\"\"><\/div>[\/vc_column][vc_column width=&#8221;1\/6&#8243; tablet_sm_width=&#8221;1-2&#8243; mobile_width=&#8221;1-2&#8243;]<div class=\"grve-element grve-image grve-align-center\" style=\"\">  <div class=\"grve-image-wrapper\"><img decoding=\"async\" width=\"150\" height=\"150\" src=\"https:\/\/www.vanbreak.com\/wp-content\/uploads\/2021\/01\/prise-230v-150x150.png\" class=\"attachment-thumbnail size-thumbnail\" alt=\"\" srcset=\"https:\/\/www.vanbreak.com\/wp-content\/uploads\/2021\/01\/prise-230v-150x150.png 150w, https:\/\/www.vanbreak.com\/wp-content\/uploads\/2021\/01\/prise-230v-300x300.png 300w, https:\/\/www.vanbreak.com\/wp-content\/uploads\/2021\/01\/prise-230v-1024x1024.png 1024w, https:\/\/www.vanbreak.com\/wp-content\/uploads\/2021\/01\/prise-230v-768x768.png 768w, https:\/\/www.vanbreak.com\/wp-content\/uploads\/2021\/01\/prise-230v-560x560.png 560w, https:\/\/www.vanbreak.com\/wp-content\/uploads\/2021\/01\/prise-230v-900x900.png 900w, https:\/\/www.vanbreak.com\/wp-content\/uploads\/2021\/01\/prise-230v-500x500.png 500w, https:\/\/www.vanbreak.com\/wp-content\/uploads\/2021\/01\/prise-230v-800x800.png 800w, https:\/\/www.vanbreak.com\/wp-content\/uploads\/2021\/01\/prise-230v-100x100.png 100w, https:\/\/www.vanbreak.com\/wp-content\/uploads\/2021\/01\/prise-230v.png 1280w\" sizes=\"(max-width: 150px) 100vw, 150px\" \/>   <\/div><\/div><div class=\"grve-empty-space grve-height-1x\" style=\"\"><\/div><h3 class=\"grve-element grve-title grve-align-center grve-h3\" style=\"\"><span><span style=\"color: #323e84;\">Inverter<br \/>\n230V<\/span><\/span><\/h3><div class=\"grve-empty-space grve-height-1x\" style=\"\"><\/div>[\/vc_column][\/vc_row][vc_row bg_type=&#8221;color&#8221; columns_gap=&#8221;40&#8243; desktop_visibility=&#8221;hide&#8221; tablet_visibility=&#8221;hide&#8221; bg_color=&#8221;#ebecf0&#8243;][vc_column][vc_tta_accordion active_section=&#8221;&#8221;][vc_tta_section i_icon_fontawesome=&#8221;fa fa-bed&#8221; add_icon=&#8221;true&#8221; title=&#8221;ATTREZZATURE&#8221; tab_id=&#8221;1773782206316-6350d7e2-a924&#8243;][vc_column_text]<\/p>\n<ul>\n<li class=\"li1\"><strong>Tetto apribile<\/strong> (manuale)<\/li>\n<li class=\"li1\"><strong>2x letti matrimoniali<\/strong>: 120cm x 192cm \/ 140cm x 195cm<\/li>\n<li class=\"li1\"><strong>Tavoli<\/strong> e sedie da interno\/esterno<\/li>\n<li class=\"li1\"><strong>Cucina interna<\/strong> (2x fuochi + lavello + frigorifero)<\/li>\n<li class=\"li1\"><strong>Doccia esterna<\/strong><\/li>\n<li>Serbatoio <strong>acqua pulita 81L<\/strong><\/li>\n<li>Serbatoio acque reflue 40L<\/li>\n<li><strong>Armadio<\/strong><\/li>\n<li class=\"li1\"><b>Tende oscuranti <\/b>(per ogni finestra)<\/li>\n<li class=\"li1\"><strong>Aria condizionata<\/strong><\/li>\n<li class=\"li1\"><strong>Riscaldamento<\/strong> fisso (notturno)<\/li>\n<li class=\"li1\"><strong>2x Batterie<\/strong> secondarie (zona giorno)<\/li>\n<li class=\"li1\"><strong>2x Pannelli solari <\/strong>2x100w<\/li>\n<li class=\"li1\"><strong>Tenda da sole<\/strong><\/li>\n<li class=\"li1\"><strong>Luci notturne<\/strong><\/li>\n<li class=\"li1\"><strong>Prese da 12 V + 230 V<\/strong><\/li>\n<li class=\"li1\"><strong>Kit di sicurezza<\/strong><\/li>\n<\/ul>\n<p>[\/vc_column_text][\/vc_tta_section][vc_tta_section i_icon_fontawesome=&#8221;fa fa-cutlery&#8221; add_icon=&#8221;true&#8221; title=&#8221;ACCESSORI&#8221; tab_id=&#8221;1773782206407-9e880d28-ac48&#8243;][vc_column_text]<\/p>\n<ul class=\"ul1\">\n<li class=\"li1\"><strong>Utensili da cucina<\/strong>: pentola, padella, coltelli, forchette, cucchiai, piatti, apribottiglie, mini caffettiera, cucchiaio di legno, tagliere, bicchieri, ciotole, scolapasta, tupperware, pelaverdure, sottopentola, forbici, coltello da cucina, scolapasta, insalatiera, canovaccio<\/li>\n<li class=\"li1\"><strong>Lenzuola <\/strong>: cuscini e federe, lenzuolo a quadri, lenzuolo di sopra, lenzuolo a cassetto<\/li>\n<li class=\"li1\">Bombola del gas<\/li>\n<li class=\"li1\">Spazzino<\/li>\n<li class=\"li1\">Cunei di stabilizzazione<\/li>\n<li class=\"li1\">Kit di sicurezza: gilet giallo, triangolo di segnalazione, kit di primo soccorso<\/li>\n<li class=\"li1\">Prolunga e adattatore da campeggio<\/li>\n<li class=\"li1\">Cavi di avviamento<\/li>\n<\/ul>\n<p>[\/vc_column_text][\/vc_tta_section][vc_tta_section i_icon_fontawesome=&#8221;fa fa-car&#8221; add_icon=&#8221;true&#8221; title=&#8221;SPECIFICHE TECNICHE&#8221; tab_id=&#8221;1773782206534-339fb428-06ac&#8221;][vc_column_text]<\/p>\n<ul class=\"ul1\">\n<li class=\"li1\"><strong>Dimensioni del furgone<\/strong>: 508cm \/ 195cm \/ 200cm<\/li>\n<li class=\"li1\"><strong>Motore da 150 CV, cambio automatico<\/strong><\/li>\n<li class=\"li1\">Radar di retromarcia<\/li>\n<li class=\"li1\">Controllo della velocit\u00e0 di crociera<\/li>\n<li class=\"li1\">Schermo multimediale USB (Apple Car \/ Bluetooth)<\/li>\n<li class=\"li1\">Kit vivavoce<\/li>\n<li class=\"li1\">Accendisigari<\/li>\n<li class=\"li1\">Airbag conducente e passeggero, disattivazione airbag passeggero<\/li>\n<li class=\"li1\">Programma elettronico di stabilit\u00e0 (ESP) e assistenza alla frenata d&#8217;emergenza (AFU), ABS, ASR, EDS e assistenza alla partenza in salita<\/li>\n<li class=\"li1\">Immobilizzatore elettronico<\/li>\n<li class=\"li1\">Ruotino di scorta full-size<\/li>\n<li class=\"li1\">Regolazione automatica dei fari<\/li>\n<li class=\"li1\">Chiusura centralizzata<\/li>\n<\/ul>\n<p>[\/vc_column_text][\/vc_tta_section][\/vc_tta_accordion][\/vc_column][\/vc_row][vc_row bg_type=&#8221;color&#8221; columns_gap=&#8221;40&#8243; bg_color=&#8221;#ebecf0&#8243;][vc_column]<h2 class=\"grve-element grve-title grve-align-center grve-h2 grve-increase-heading grve-heading-140\" style=\"\"><span>PRENOTAZIONE<\/span><\/h2><div class=\"grve-empty-space grve-height-1x\" style=\"\"><\/div>[vc_raw_js]JTVCd2hlZWxiYXNlJTIwcmVudGFsJTNEJTIyNTA3MDg3JTIyJTIwY29sb3IlM0QlMjIwMDAwMDAlMjIlMjBsb2NhbGUlM0QlMjJpdC1pdCUyMiU1RCUwQQ==[\/vc_raw_js][\/vc_column][\/vc_row][vc_row bg_type=&#8221;color&#8221; bg_color=&#8221;#ebecf0&#8243;][vc_column]<div class=\"grve-empty-space grve-height-1x\" style=\"\"><\/div><h2 class=\"grve-element grve-title grve-align-center grve-h2 grve-increase-heading grve-heading-140\" style=\"\"><span>PRESENTAZIONE CAMPER<\/span><\/h2><div class=\"grve-empty-space grve-height-1x\" style=\"\"><\/div><div class=\"grve-element grve-video\" style=\"\"><iframe title=\"Essai du van am\u00e9nag\u00e9 Hanroad Trek 5 +. Taill\u00e9 pour l&#039;aventure ?\" width=\"1080\" height=\"608\" src=\"https:\/\/www.youtube.com\/embed\/WXyYOTs-nPc?feature=oembed\" frameborder=\"0\" allow=\"accelerometer; autoplay; clipboard-write; encrypted-media; gyroscope; picture-in-picture; web-share\" referrerpolicy=\"strict-origin-when-cross-origin\" allowfullscreen><\/iframe><\/div><div class=\"grve-empty-space grve-height-1x\" style=\"\"><\/div>[\/vc_column][\/vc_row][vc_row bg_type=&#8221;color&#8221; desktop_visibility=&#8221;hide&#8221; tablet_visibility=&#8221;hide&#8221; tablet_sm_visibility=&#8221;hide&#8221; mobile_visibility=&#8221;hide&#8221; bg_color=&#8221;#ebecf0&#8243;][vc_column]<h2 class=\"grve-element grve-title grve-align-center grve-h2 grve-increase-heading grve-heading-140\" style=\"\"><span>DIMOSTRAZIONE DI CAMPER<\/span><\/h2><div class=\"grve-empty-space grve-height-1x\" style=\"\"><\/div><div class=\"grve-element grve-video\" style=\"\"><iframe title=\"VW California OCEAN - Check In virtuel - Fran\u00e7ais\" width=\"1080\" height=\"608\" src=\"https:\/\/www.youtube.com\/embed\/PjmFhW4vaCM?feature=oembed\" frameborder=\"0\" allow=\"accelerometer; autoplay; clipboard-write; encrypted-media; gyroscope; picture-in-picture; web-share\" referrerpolicy=\"strict-origin-when-cross-origin\" allowfullscreen><\/iframe><\/div><div class=\"grve-empty-space grve-height-2x\" style=\"\"><\/div>[\/vc_column][\/vc_row][vc_row bg_type=&#8221;color&#8221; bg_color=&#8221;#ebecf0&#8243;][vc_column]<h2 class=\"grve-element grve-title grve-align-center grve-h2 grve-increase-heading grve-heading-140\" style=\"\"><span>SCEGLI LE TUE OPZIONI<\/span><\/h2>[vc_column_text]<\/p>\n<p style=\"text-align: center;\">Scegli tra le nostre opzioni complementari per un viaggio confortevole e su misura!<\/p>\n<p>[\/vc_column_text]<div class=\"grve-empty-space grve-height-2x\" style=\"\"><\/div><div class=\"grve-element grve-image grve-align-center\" style=\"\">  <div class=\"grve-image-wrapper\"><a href=\"https:\/\/www.vanbreak.com\/it\/equipamientos\/\"><img decoding=\"async\" width=\"768\" height=\"141\" src=\"https:\/\/www.vanbreak.com\/wp-content\/uploads\/2021\/01\/icones-options-768x141.png\" class=\"attachment-medium_large size-medium_large\" alt=\"\" srcset=\"https:\/\/www.vanbreak.com\/wp-content\/uploads\/2021\/01\/icones-options-768x141.png 768w, https:\/\/www.vanbreak.com\/wp-content\/uploads\/2021\/01\/icones-options-300x55.png 300w, https:\/\/www.vanbreak.com\/wp-content\/uploads\/2021\/01\/icones-options-1024x188.png 1024w, https:\/\/www.vanbreak.com\/wp-content\/uploads\/2021\/01\/icones-options-1536x282.png 1536w, https:\/\/www.vanbreak.com\/wp-content\/uploads\/2021\/01\/icones-options-1920x353.png 1920w, https:\/\/www.vanbreak.com\/wp-content\/uploads\/2021\/01\/icones-options-500x92.png 500w, https:\/\/www.vanbreak.com\/wp-content\/uploads\/2021\/01\/icones-options-800x147.png 800w\" sizes=\"(max-width: 768px) 100vw, 768px\" \/><\/a>   <\/div><\/div><div class=\"grve-empty-space grve-height-2x\" style=\"\"><\/div><div class=\"grve-element grve-align-center grve-fluid-button\"><a href=\"https:\/\/www.vanbreak.com\/it\/equipamientos\/\" title=\"Verifica le opzioni\" class=\"grve-btn grve-btn-medium grve-extra-round grve-bg-primary-3 grve-bg-hover-primary-6 buttonpad10\" style=\"max-width: 400px;\"><span>OPZIONI<\/span><\/a><\/div><div class=\"grve-empty-space grve-height-2x\" style=\"\"><\/div>[\/vc_column][\/vc_row][vc_row bg_type=&#8221;color&#8221; bg_color=&#8221;#ebecf0&#8243;][vc_column]<div class=\"grve-empty-space grve-height-2x\" style=\"\"><\/div><h2 class=\"grve-element grve-title grve-align-center grve-h2\" style=\"\"><span>MAGGIORI INFORMAZIONI<\/span><\/h2>[\/vc_column][\/vc_row][vc_row bg_type=&#8221;color&#8221; bg_color=&#8221;#ebecf0&#8243;][vc_column width=&#8221;1\/2&#8243;]<div class=\"grve-empty-space grve-height-1x\" style=\"\"><\/div><h3 class=\"grve-element grve-title grve-align-left grve-h3\" style=\"\"><span>Tetto sollevabile manuale per un massimo di 5 passeggeri<\/span><\/h3>[vc_column_text]La VW California Ocean \u00e8 dotata di un <strong>tetto elettrico che si apre<\/strong> per fare spazio a un secondo letto matrimoniale, oltre al letto matrimoniale in cabina. La VW combi pu\u00f2 trasportare e ospitare 4 persone (4 letti adulti).[\/vc_column_text][\/vc_column][vc_column width=&#8221;1\/2&#8243;]<div class=\"grve-empty-space grve-height-1x\" style=\"\"><\/div><h3 class=\"grve-element grve-title grve-align-left grve-h3\" style=\"\"><span>Cucina e mobili da incasso<\/span><\/h3>[vc_column_text]L&#8217;interno del furgone Ocean \u00e8 dotato di una <strong>cucina<\/strong> con lavello e due fornelli a gas. Include anche un <strong>frigorifero<\/strong> collegato alla batteria secondaria. Gli accessori da cucina sono forniti senza costi aggiuntivi: posate, piatti, pentole, caffettiere, bicchieri e tazze, utensili da cucina, ecc.[\/vc_column_text][\/vc_column][\/vc_row][vc_row bg_type=&#8221;color&#8221; bg_color=&#8221;#ebecf0&#8243;][vc_column width=&#8221;1\/2&#8243;]<h3 class=\"grve-element grve-title grve-align-left grve-h3\" style=\"\"><span>Rubinetto e doccia esterna<\/span><\/h3>[vc_column_text]Il serbatoio dell&#8217;acqua pulita da 30 litri consente di cucinare (rubinetto interno) e di utilizzare la doccia esterna in <strong>autonomia<\/strong>. Cos\u00ec potrai goderti la vita a bordo del furgone senza preoccuparti di trovare un campeggio o un allacciamento all&#8217;acqua corrente.[\/vc_column_text][\/vc_column][vc_column width=&#8221;1\/2&#8243;]<h3 class=\"grve-element grve-title grve-align-left grve-h3\" style=\"\"><span>Pannelli solari per viaggiare in autonomia<\/span><\/h3>[vc_column_text]Per la stagione estiva, il furgone \u00e8 dotato di un <strong>tendalino esterno<\/strong> che si apre con una manovella. Puoi approfittare del bel tempo e sederti all&#8217;ombra, con il <strong>tavolo da esterno<\/strong> e le sedie da campeggio.[\/vc_column_text][\/vc_column][\/vc_row][vc_row bg_type=&#8221;color&#8221; bg_color=&#8221;#ebecf0&#8243;][vc_column]<h3 class=\"grve-element grve-title grve-align-left grve-h3\" style=\"\"><span>Riscaldamento autonomo per una notte di sonno caldo<\/span><\/h3>[vc_column_text]Il veicolo \u00e8 dotato di aria condizionata e <strong>riscaldamento autonomo<\/strong>. Cos\u00ec potrai viaggiare in estate e in inverno con il nostro camper senza preoccuparti della temperatura esterna. Il riscaldatore \u00e8 collegato alla batteria secondaria, in modo da poter funzionare quando il veicolo \u00e8 fermo (fino a due giorni di autonomia con l&#8217;impianto elettrico).[\/vc_column_text][\/vc_column][\/vc_row][vc_row bg_type=&#8221;color&#8221; bg_color=&#8221;#ebecf0&#8243;][vc_column][vc_column_text]Il <strong>renault trafic handroad<\/strong> \u00e8 un <strong>camper versatile<\/strong> perfetto per un <strong>viaggio in Andalusia da Malaga<\/strong>. Compatto e facile da guidare, offre un ottimo compromesso tra comfort e budget. La sua disposizione comprende un tetto sollevabile, una pratica zona cucina e diverse zone notte per un massimo di cinque passeggeri. Grazie alle sue dimensioni compatte, questo furgone \u00e8 ideale per esplorare le strade secondarie dell&#8217;Andalusia e raggiungere facilmente spiagge, parchi naturali o villaggi tipici. <strong>Il noleggio del renault trafic handroad a Malaga<\/strong> \u00e8 la soluzione ideale per i viaggiatori che vogliono vivere l&#8217;esperienza della vita in furgone mantenendo un veicolo pratico ed economico.[\/vc_column_text][\/vc_column][\/vc_row][vc_row bg_type=&#8221;color&#8221; padding_top_multiplier=&#8221;2x&#8221; bg_color=&#8221;#343e83&#8243;][vc_column width=&#8221;2\/3&#8243;]<h2 class=\"grve-element grve-title grve-align-left grve-h2\" style=\"\"><span><span style=\"color: #ffffff;\">Preferite noleggiare un furgone VW California a Malaga?<\/span><\/span><\/h2>[vc_column_text]<span class=\"s8\" style=\"color: #ffffff;\">Cercate un furgone compatto? Il nostro furgone <a style=\"color: #ffffff;\" href=\"https:\/\/www.vanbreak.com\/it\/noleggio-furgone-vw-california-t6-oceano\/\">VW California OCEAN<\/a> \u00e8 ideale per coppie o famiglie in viaggio in Andalusia, a partire da 70 \u20ac, con due letti matrimoniali, cucina completamente attrezzata, frigorifero, doccia esterna, riscaldamento notturno e tetto sollevabile. Tutte le attrezzature di un furgone convertito in auto.<\/span>[\/vc_column_text]<div class=\"grve-empty-space grve-height-1x\" style=\"\"><\/div>[\/vc_column][vc_column width=&#8221;1\/3&#8243;]<div class=\"grve-element grve-image grve-align-center\" style=\"\">  <div class=\"grve-image-wrapper\"><a href=\"https:\/\/www.vanbreak.com\/it\/noleggio-furgone-vw-california-t6-oceano\/\" title=\"Noleggio furgone VW California T6 - Ocean\"><img decoding=\"async\" width=\"1920\" height=\"1280\" src=\"https:\/\/www.vanbreak.com\/wp-content\/uploads\/2021\/01\/vanbreak-california-ocean.png\" class=\"attachment-full size-full\" alt=\"Volkswagen California T6 OCEAN - Vanbreak\" srcset=\"https:\/\/www.vanbreak.com\/wp-content\/uploads\/2021\/01\/vanbreak-california-ocean.png 1920w, https:\/\/www.vanbreak.com\/wp-content\/uploads\/2021\/01\/vanbreak-california-ocean-300x200.png 300w, https:\/\/www.vanbreak.com\/wp-content\/uploads\/2021\/01\/vanbreak-california-ocean-1024x683.png 1024w, https:\/\/www.vanbreak.com\/wp-content\/uploads\/2021\/01\/vanbreak-california-ocean-768x512.png 768w, https:\/\/www.vanbreak.com\/wp-content\/uploads\/2021\/01\/vanbreak-california-ocean-1536x1024.png 1536w, https:\/\/www.vanbreak.com\/wp-content\/uploads\/2021\/01\/vanbreak-california-ocean-500x333.png 500w, https:\/\/www.vanbreak.com\/wp-content\/uploads\/2021\/01\/vanbreak-california-ocean-800x533.png 800w\" sizes=\"(max-width: 1920px) 100vw, 1920px\" \/><\/a>   <\/div><\/div>[\/vc_column][\/vc_row][vc_row bg_type=&#8221;color&#8221; bg_color=&#8221;#343e83&#8243;][vc_column width=&#8221;2\/3&#8243;]<h2 class=\"grve-element grve-title grve-align-left grve-h2\" style=\"\"><span><span style=\"color: #ffffff;\">Preferite noleggiare un furgone trasformato a Malaga?<\/span><\/span><\/h2>[vc_column_text]<span style=\"color: #ffffff;\">Non siete soddisfatti del renault trafic handroad? Scoprite il <strong>furgone convertito <a style=\"color: #ffffff;\" href=\"https:\/\/www.vanbreak.com\/it\/noleggio-furgoni-sunlight\/\">Sunlight Cliff<\/a><\/strong>, pi\u00f9 spazioso e dotato di bagno con acqua calda, doccia e WC. Puoi approfittare di un soggiorno di lunga durata o di un viaggio invernale per scoprire i grandi spazi aperti.<\/span>[\/vc_column_text]<div class=\"grve-empty-space grve-height-1x\" style=\"\"><\/div>[\/vc_column][vc_column width=&#8221;1\/3&#8243;]<div class=\"grve-element grve-image grve-align-center\" style=\"\">  <div class=\"grve-image-wrapper\"><a href=\"https:\/\/www.vanbreak.com\/it\/noleggio-furgoni-sunlight\/\" title=\"Noleggio furgoni Sunlight\"><img decoding=\"async\" width=\"1920\" height=\"1280\" src=\"https:\/\/www.vanbreak.com\/wp-content\/uploads\/2021\/03\/vanbreak-sunlight.png\" class=\"attachment-full size-full\" alt=\"\" srcset=\"https:\/\/www.vanbreak.com\/wp-content\/uploads\/2021\/03\/vanbreak-sunlight.png 1920w, https:\/\/www.vanbreak.com\/wp-content\/uploads\/2021\/03\/vanbreak-sunlight-300x200.png 300w, https:\/\/www.vanbreak.com\/wp-content\/uploads\/2021\/03\/vanbreak-sunlight-1024x683.png 1024w, https:\/\/www.vanbreak.com\/wp-content\/uploads\/2021\/03\/vanbreak-sunlight-768x512.png 768w, https:\/\/www.vanbreak.com\/wp-content\/uploads\/2021\/03\/vanbreak-sunlight-1536x1024.png 1536w, https:\/\/www.vanbreak.com\/wp-content\/uploads\/2021\/03\/vanbreak-sunlight-500x333.png 500w, https:\/\/www.vanbreak.com\/wp-content\/uploads\/2021\/03\/vanbreak-sunlight-800x533.png 800w\" sizes=\"(max-width: 1920px) 100vw, 1920px\" \/><\/a>   <\/div><\/div>[\/vc_column][\/vc_row][vc_row bg_type=&#8221;color&#8221; bg_color=&#8221;#343e83&#8243;][vc_column width=&#8221;2\/3&#8243;]<h2 class=\"grve-element grve-title grve-align-left grve-h2\" style=\"\"><span><span style=\"color: #ffffff;\">Preferite noleggiare un camper a Malaga?<\/span><\/span><\/h2>[vc_column_text]<span style=\"color: #ffffff;\">Noleggiate un <strong> <a style=\"color: #ffffff;\" href=\"https:\/\/www.vanbreak.com\/it\/noleggio-camper\/\">camper Benimar<\/a> a Malaga<\/strong>, pi\u00f9 spazioso, con bagno con acqua calda, doccia e WC. Puoi approfittare di un soggiorno di lunga durata o di un viaggio invernale per scoprire i grandi spazi aperti. <\/span>[\/vc_column_text]<div class=\"grve-empty-space grve-height-1x\" style=\"\"><\/div>[\/vc_column][vc_column width=&#8221;1\/3&#8243;]<div class=\"grve-element grve-image grve-align-center\" style=\"\">  <div class=\"grve-image-wrapper\"><a href=\"https:\/\/www.vanbreak.com\/it\/noleggio-camper\/\" title=\"Noleggio camper a Malaga\"><img decoding=\"async\" width=\"1920\" height=\"1280\" src=\"https:\/\/www.vanbreak.com\/wp-content\/uploads\/2025\/08\/benimar-camping-car-tesoro-463up-vanbreak-1-1.png\" class=\"attachment-full size-full\" alt=\"Un camper moderno ed elegante.\" srcset=\"https:\/\/www.vanbreak.com\/wp-content\/uploads\/2025\/08\/benimar-camping-car-tesoro-463up-vanbreak-1-1.png 1920w, https:\/\/www.vanbreak.com\/wp-content\/uploads\/2025\/08\/benimar-camping-car-tesoro-463up-vanbreak-1-1-300x200.png 300w, https:\/\/www.vanbreak.com\/wp-content\/uploads\/2025\/08\/benimar-camping-car-tesoro-463up-vanbreak-1-1-1024x683.png 1024w, https:\/\/www.vanbreak.com\/wp-content\/uploads\/2025\/08\/benimar-camping-car-tesoro-463up-vanbreak-1-1-768x512.png 768w, https:\/\/www.vanbreak.com\/wp-content\/uploads\/2025\/08\/benimar-camping-car-tesoro-463up-vanbreak-1-1-1536x1024.png 1536w, https:\/\/www.vanbreak.com\/wp-content\/uploads\/2025\/08\/benimar-camping-car-tesoro-463up-vanbreak-1-1-500x333.png 500w, https:\/\/www.vanbreak.com\/wp-content\/uploads\/2025\/08\/benimar-camping-car-tesoro-463up-vanbreak-1-1-800x533.png 800w\" sizes=\"(max-width: 1920px) 100vw, 1920px\" \/><\/a>   <\/div><\/div>[\/vc_column][\/vc_row]<\/p>\n","protected":false},"excerpt":{"rendered":"<p>[vc_row bg_type=&#8221;color&#8221; padding_top_multiplier=&#8221;&#8221; desktop_visibility=&#8221;hide&#8221; tablet_visibility=&#8221;hide&#8221; bg_color=&#8221;#ebecf0&#8243;][vc_column][\/vc_column][\/vc_row][vc_row bg_type=&#8221;color&#8221; padding_top_multiplier=&#8221;&#8221; bg_color=&#8221;#ebecf0&#8243;][vc_column][\/vc_column][\/vc_row][vc_row section_type=&#8221;fullwidth&#8221; bg_type=&#8221;color&#8221; columns_gap=&#8221;none&#8221; bg_color=&#8221;#ebecf0&#8243;][vc_column width=&#8221;2\/3&#8243;][\/vc_column][vc_column width=&#8221;1\/3&#8243; tablet_sm_width=&#8221;hide&#8221; mobile_width=&#8221;hide&#8221;][\/vc_column][\/vc_row][vc_row bg_type=&#8221;color&#8221; padding_top_multiplier=&#8221;&#8221; bg_color=&#8221;#ebecf0&#8243;][vc_column][vc_column_text]Casa &gt;Noleggio camper Spagna &gt;Modelli di furgoni &gt; Noleggio camper Malaga[\/vc_column_text][\/vc_column][\/vc_row][vc_row bg_type=&#8221;color&#8221; bg_color=&#8221;#ebecf0&#8243;][vc_column][vc_column_text]Noleggiare un camper a Malaga \u00e8 un modo eccellente per scoprire l&#8217;Andalusia in piena libert\u00e0. Da Malaga si possono raggiungere facilmente le spiagge della [&hellip;]<\/p>\n","protected":false},"author":2,"featured_media":24395,"parent":0,"menu_order":0,"comment_status":"closed","ping_status":"closed","template":"","meta":{"footnotes":""},"class_list":["post-24212","page","type-page","status-publish","has-post-thumbnail","hentry"],"_links":{"self":[{"href":"https:\/\/www.vanbreak.com\/it\/wp-json\/wp\/v2\/pages\/24212","targetHints":{"allow":["GET"]}}],"collection":[{"href":"https:\/\/www.vanbreak.com\/it\/wp-json\/wp\/v2\/pages"}],"about":[{"href":"https:\/\/www.vanbreak.com\/it\/wp-json\/wp\/v2\/types\/page"}],"author":[{"embeddable":true,"href":"https:\/\/www.vanbreak.com\/it\/wp-json\/wp\/v2\/users\/2"}],"replies":[{"embeddable":true,"href":"https:\/\/www.vanbreak.com\/it\/wp-json\/wp\/v2\/comments?post=24212"}],"version-history":[{"count":0,"href":"https:\/\/www.vanbreak.com\/it\/wp-json\/wp\/v2\/pages\/24212\/revisions"}],"wp:featuredmedia":[{"embeddable":true,"href":"https:\/\/www.vanbreak.com\/it\/wp-json\/wp\/v2\/media\/24395"}],"wp:attachment":[{"href":"https:\/\/www.vanbreak.com\/it\/wp-json\/wp\/v2\/media?parent=24212"}],"curies":[{"name":"wp","href":"https:\/\/api.w.org\/{rel}","templated":true}]}}