{"id":5990,"date":"2020-02-13T16:18:44","date_gmt":"2020-02-13T16:18:44","guid":{"rendered":"https:\/\/www.vanbreak.com\/?page_id=5990"},"modified":"2026-03-29T18:26:55","modified_gmt":"2026-03-29T18:26:55","slug":"devvolivier-location-de-van-amenage-fourgon-amenage-et-camping-car-en-andalousie-malaga","status":"publish","type":"page","link":"https:\/\/www.vanbreak.com\/es\/","title":{"rendered":"Alquiler de furgonetas camper en Espa\u00f1a M\u00e1laga &#8211; Vanbreak"},"content":{"rendered":"<p>[vc_row heading_color=\u00bbprimary-5&#8243; bg_type=\u00bbimage\u00bb bg_image=\u00bb24368&#8243; padding_top_multiplier=\u00bb\u00bb padding_bottom_multiplier=\u00bb\u00bb columns_gap=\u00bbnone\u00bb font_color=\u00bb#ffffff\u00bb][vc_column][vc_row_inner][vc_column_inner]<div class=\"grve-empty-space grve-height-2x\" style=\"\"><\/div><h1 class=\"grve-element grve-title grve-align-center grve-h2 grve-increase-heading grve-heading-200\" style=\"\"><span><br>\n<p style=\"text-align: center;\"><span style=\"color: #ffffff;\">ALQUILER FURGONETA CAMPER<\/span><br \/>\n<span style=\"color: #ffffff;\">EN ESPA\u00d1A (M\u00c1LAGA)<\/span><br>\n<\/span><\/h1>[vc_column_text]<\/p>\n<p style=\"text-align: center;\"><span style=\"color: #ffffff; font-size: 8pt;\">Descubra nuestro servicio de alquiler camper Espaa para realizar un viaje por carretera y explorar Andaluc\u00eda con total libertad.<\/span><\/p>\n<p>[\/vc_column_text]<div class=\"grve-empty-space\" style=\"height: 350px;\"><\/div><div class=\"grve-element grve-align-center\"><a href=\"https:\/\/www.vanbreak.com\/es\/modelos-furgoneta-camper\/\" title=\"Modelos de furgonetas camper\" class=\"grve-btn grve-btn-medium grve-extra-round grve-bg-primary-3 grve-bg-hover-primary-6 buttonpad10\"><span>NUESTROS MODELOS<\/span><\/a><\/div><div class=\"grve-empty-space grve-height-1x\" style=\"\"><\/div><div class=\"grve-element grve-align-center\"><a href=\"https:\/\/www.vanbreak.com\/es\/reserva-van\/\" title=\"Reserva de furgoneta camper\" class=\"grve-btn grve-btn-medium grve-extra-round grve-bg-primary-3 grve-bg-hover-primary-6 buttonpad10\"><span>RESERVA<\/span><\/a><\/div>[\/vc_column_inner][\/vc_row_inner][vc_row_inner][vc_column_inner]<div class=\"grve-empty-space grve-height-2x\" style=\"\"><\/div>[\/vc_column_inner][\/vc_row_inner][\/vc_column][\/vc_row][vc_row bg_type=\u00bbcolor\u00bb padding_top_multiplier=\u00bb\u00bb padding_bottom_multiplier=\u00bb\u00bb bg_color=\u00bb#343e83&#8243;][vc_column]<div class=\"grve-empty-space grve-height-1x\" style=\"\"><\/div><h2 class=\"grve-element grve-title grve-align-center grve-h2 grve-increase-heading grve-heading-140\" style=\"\"><span><span style=\"color: #ffffff;\">RESERVA TU CAMPER<\/span><\/span><\/h2>[vc_column_text]<\/p>\n<p style=\"text-align: center;\"><span style=\"color: #ffffff;\"><span style=\"font-size: 14pt;\">#<strong>D\u00edas<\/strong> m\u00ednimos<strong> de alquiler<\/strong>:<br \/>\n<\/span><span style=\"font-size: 14pt;\">3 d\u00edas<\/span><span style=\"font-size: 14pt;\"><br \/>\n<\/span><\/span><\/p>\n<p>[\/vc_column_text]<div class=\"grve-empty-space grve-height-1x\" style=\"\"><\/div>[vc_column_text]<style type=\"text\/css\">\n    #datepick-div .datepick-header {\n           width: 172px !important;\n    }\n    #datepick-div {\n        -border-radius: 3px;\n        -box-shadow: 0 0 2px #888888;\n        -webkit-border-radius: 3px;\n        -webkit-box-shadow: 0 0 2px #888888;\n        -moz-border-radius: 3px;\n        -moz-box-shadow: 0 0 2px #888888;\n        width: 172px !important;\n        z-index: 2147483647;\n    }\n    #datepick-div .datepick .datepick-days-cell a{\n        font-size: 12px;\n    }\n    #datepick-div table.datepick tr td {\n        border-top: 0 none !important;\n        line-height: 24px;\n        padding: 0 !important;\n        width: 24px;\n    }\n    #datepick-div .datepick-control {\n        font-size: 10px;\n        text-align: center;\n    }\n\n<\/style>\n<script type=\"text\/javascript\" >\nvar search_emty_days_warning = '\u00a1Por favor seleccione d\u00edas de entrada y salida!';\n\/\/FixIn: 8.6.1.21\nwpbc_search_form_dates_format = 'dd\/mm\/yy';\n\njQuery(document).ready( function(){\n\n    jQuery('#booking_search_check_in').datepick(\n        {   onSelect: wpbc_search_check_in_selected,\t\t\t\t\t\t\t\t\t\t\t\t\t\t\t\t\t\/* FixIn: 8.6.1.21 \t\tselectCheckInDay, *\/\n            beforeShowDay: wpbc_search_apply_css_before_show_check_in,\t\t\t\t\t\t\t\t\t\t\t\t\t\/* FixIn: 8.6.1.21 \t\tapplyCSStoDays4CheckInOut, *\/\n            showOn: 'focus',\n            multiSelect: 0,\n            numberOfMonths: 1,\n            stepMonths: 1,\n            prevText: '&laquo;',\n            nextText: '&raquo;',\n            dateFormat: 'dd\/mm\/yy',\t\t\t\t\t\t\t\/* FixIn: 8.6.1.21 \t'dd\/mm\/yy' *\/\n            changeMonth: false,\n            changeYear: false,\n            minDate: 0, maxDate: booking_max_monthes_in_calendar, \/\/'1Y',\n\t\t\t\/\/ minDate: new Date(2020, 2, 1), maxDate: new Date(2020, 9, 31),             \/\/ Ability to set any  start and end date in calendar\n            showStatus: false,\n            multiSeparator: ', ',\n            closeAtTop: false,\n            firstDay:1,\n            gotoCurrent: false,\n            hideIfNoPrevNext:true,\n            useThemeRoller :false,\n            mandatory: true\/**\/,\n            _mainDivId:  ['datepick-div', 'ui-datepicker-div','widget_wpdev_booking']\n                    }\n    );\n    jQuery('#booking_search_check_out').datepick(\n        {   beforeShowDay: wpbc_search_apply_css_before_show_check_out, \t\t\t\t\t\t\t\t\t\t\t\t\t\t\t\t\/* FixIn: 8.6.1.21 \tsetDaysForCheckOut,\t*\/\n            showOn: 'focus',\n            multiSelect: 0,\n            numberOfMonths: 1,\n            stepMonths: 1,\n            prevText: '&laquo;',\n            nextText: '&raquo;',\n            dateFormat: 'dd\/mm\/yy',\t\t\t\t\t\t\t\/* FixIn: 8.6.1.21 \t'dd\/mm\/yy'\t*\/\n            changeMonth: false,\n            changeYear: false,\n            minDate: 0, maxDate: booking_max_monthes_in_calendar, \/\/'1Y',\n\t\t\t\/\/ minDate: new Date(2020, 2, 1), maxDate: new Date(2020, 9, 31),             \/\/ Ability to set any  start and end date in calendar\n            showStatus: false,\n            multiSeparator: ', ',\n            closeAtTop: false,\n            firstDay:1,\n            gotoCurrent: false,\n            hideIfNoPrevNext:true,\n            useThemeRoller :false,\n            mandatory: true\n                    }\n    );\n});\n<\/script>\n            <div  id=\"booking_search_form\" class=\"booking_form_div0 booking_search_form\">\n                    <form name=\"booking_search_form\" autocomplete=\"off\" action=\"https:\/\/www.vanbreak.com\/es\/search-reservation\" method=\"get\"><div class=\"row\">\r\n  <div class=\"column\">\r\n    <select style=\"width:97%;\" name=\"agency\">\r\n \u00a0 \u00a0 \u00a0<option value=\"malaga\">M\u00e1laga<\/option>\r\n    <\/select>\r\n  <\/div>\r\n  <div class=\"column\">\r\n    <input type=\"text\" size=\"10\" value=\"\" name=\"check_in\" id=\"booking_search_check_in\" placeholder=\"28\/04\/2026\">\r\n  <\/div>\r\n  <div class=\"column\">\r\n    <input type=\"text\" size=\"10\" value=\"\"  name=\"check_out\"  id=\"booking_search_check_out\" placeholder=\"29\/04\/2026\">\r\n  <\/div>\r\n  <div class=\"column\">\r\n    <input type=\"submit\" onclick=\"javascript:return wpbc_search_form_click_new_page( this );\" \" value=\"Buscar\" class=\"search_booking btn\"> \r\n  <\/div>\r\n\t\r\n<\/div><input type=\"hidden\" value=\"Pas de r\u00e9sultat\"   name=\"bk_no_results_title\"  id=\"bk_no_results_title\"><input type=\"hidden\"  value=\"#{searchresults} R\u00e9sultat(s)\"   name=\"bk_search_results_title\"  id=\"bk_search_results_title\"><div style=\"clear:both;\"><\/div>\n                    <\/form>\n                <\/div>[\/vc_column_text]<div class=\"grve-empty-space grve-height-1x\" style=\"\"><\/div>[\/vc_column][\/vc_row][vc_row heading_color=\u00bbprimary-3&#8243; bg_type=\u00bbcolor\u00bb padding_top_multiplier=\u00bb\u00bb padding_bottom_multiplier=\u00bb\u00bb columns_gap=\u00bbnone\u00bb font_color=\u00bb#ffffff\u00bb bg_color=\u00bb#ebecf0&#8243;][vc_column][vc_row_inner][vc_column_inner]<div class=\"grve-empty-space grve-height-2x\" style=\"\"><\/div>[vc_column_text]<pre class=\"ti-widget\" style=\"display: none\"><template id=\"trustindex-google-widget-html\"><div class=\" ti-widget  ti-goog ti-disable-font ti-show-rating-text ti-review-text-mode-readmore ti-text-align-left\" data-no-translation=\"true\" data-plugin-version=\"13.2.9\" data-layout-id=\"5\" data-layout-category=\"slider\" data-set-id=\"ligth-border\" data-pid=\"\" data-language=\"en\" data-close-locale=\"Close\" data-review-target-width=\"275\" data-css-version=\"2\" data-reply-by-locale=\"Owner's reply\" data-only-rating-locale=\"This user only left a rating.\" data-pager-autoplay-timeout=\"6\"> <div class=\"ti-widget-container ti-col-4\"> <div class=\"ti-footer ti-footer-grid source-Google\"> <div class=\"ti-fade-container\"> <div class=\"ti-rating-text\"> <strong class=\"ti-rating ti-rating-large\"> EXCELLENT <\/strong> <\/div> <span class=\"ti-stars star-lg\"><trustindex-image class=\"ti-star\" data-imgurl=\"https:\/\/cdn.trustindex.io\/assets\/platform\/Google\/star\/f.svg\" alt=\"Google star 1\" width=\"17\" height=\"17\" loading=\"lazy\"><\/trustindex-image><trustindex-image class=\"ti-star\" data-imgurl=\"https:\/\/cdn.trustindex.io\/assets\/platform\/Google\/star\/f.svg\" alt=\"Google star 2\" width=\"17\" height=\"17\" loading=\"lazy\"><\/trustindex-image><trustindex-image class=\"ti-star\" data-imgurl=\"https:\/\/cdn.trustindex.io\/assets\/platform\/Google\/star\/f.svg\" alt=\"Google star 3\" width=\"17\" height=\"17\" loading=\"lazy\"><\/trustindex-image><trustindex-image class=\"ti-star\" data-imgurl=\"https:\/\/cdn.trustindex.io\/assets\/platform\/Google\/star\/f.svg\" alt=\"Google star 4\" width=\"17\" height=\"17\" loading=\"lazy\"><\/trustindex-image><trustindex-image class=\"ti-star\" data-imgurl=\"https:\/\/cdn.trustindex.io\/assets\/platform\/Google\/star\/f.svg\" alt=\"Google star 5\" width=\"17\" height=\"17\" loading=\"lazy\"><\/trustindex-image><\/span> <div class=\"ti-rating-text\"> <span class=\"nowrap\">Based on <strong>412 reviews<\/strong><\/span> <\/div> <div class=\"ti-large-logo\"> <div class=\"ti-v-center\"> <trustindex-image class=\"ti-logo-fb\" data-imgurl=\"https:\/\/cdn.trustindex.io\/assets\/platform\/Google\/logo.svg\" width=\"150\" height=\"25\" loading=\"lazy\" alt=\"Google\"><\/trustindex-image> <\/div> <\/div> <\/div> <\/div> <div class=\"ti-reviews-container\"> <div class=\"ti-controls\"> <div class=\"ti-next\" aria-label=\"Next review\" role=\"button\" tabindex=\"0\"><\/div> <div class=\"ti-prev\" aria-label=\"Previous review\" role=\"button\" tabindex=\"0\"><\/div> <\/div> <div class=\"ti-reviews-container-wrapper\">  <div data-empty=\"0\" class=\"ti-review-item source-Google ti-image-layout-thumbnail\" data-id=\"cfcd208495d565ef66e7dff9f98764da\"> <div class=\"ti-inner\"> <div class=\"ti-review-header\"> <div class=\"ti-platform-icon ti-with-tooltip\"> <span class=\"ti-tooltip\">Posted on <\/span> <trustindex-image data-imgurl=\"https:\/\/cdn.trustindex.io\/assets\/platform\/Google\/icon.svg\" alt=\"\" width=\"20\" height=\"20\" loading=\"lazy\"><\/trustindex-image> <\/div> <div class=\"ti-profile-img\"> <trustindex-image data-imgurl=\"https:\/\/lh3.googleusercontent.com\/a-\/ALV-UjUJnqHfDmzrlWfCfg90CEGz6FRCd8RNrjZzx-7DS0_FfStAHWjkdg=w40-h40-c-rp-mo-ba4-br100\" alt=\"Petr Matal\u00edk profile picture\" loading=\"lazy\"><\/trustindex-image> <\/div> <div class=\"ti-profile-details\"> <div class=\"ti-name\"> Petr Matal\u00edk <\/div> <div class=\"ti-date\">09\/03\/2026<\/div> <\/div> <\/div> <span class=\"ti-stars\"><trustindex-image class=\"ti-star\" data-imgurl=\"https:\/\/cdn.trustindex.io\/assets\/platform\/Google\/star\/f.svg\" alt=\"Google star 1\" width=\"17\" height=\"17\" loading=\"lazy\"><\/trustindex-image><trustindex-image class=\"ti-star\" data-imgurl=\"https:\/\/cdn.trustindex.io\/assets\/platform\/Google\/star\/f.svg\" alt=\"Google star 2\" width=\"17\" height=\"17\" loading=\"lazy\"><\/trustindex-image><trustindex-image class=\"ti-star\" data-imgurl=\"https:\/\/cdn.trustindex.io\/assets\/platform\/Google\/star\/f.svg\" alt=\"Google star 3\" width=\"17\" height=\"17\" loading=\"lazy\"><\/trustindex-image><trustindex-image class=\"ti-star\" data-imgurl=\"https:\/\/cdn.trustindex.io\/assets\/platform\/Google\/star\/f.svg\" alt=\"Google star 4\" width=\"17\" height=\"17\" loading=\"lazy\"><\/trustindex-image><trustindex-image class=\"ti-star\" data-imgurl=\"https:\/\/cdn.trustindex.io\/assets\/platform\/Google\/star\/f.svg\" alt=\"Google star 5\" width=\"17\" height=\"17\" loading=\"lazy\"><\/trustindex-image><span class=\"ti-verified-review ti-verified-platform\"><span class=\"ti-verified-tooltip\">Trustindex verifies that the original source of the review is Google.<\/span><\/span><\/span> <div class=\"ti-review-text-container ti-review-content\"><!-- R-CONTENT -->Everything was setup over their website and emails. Almost new campervan - I can only recommend this rental company.<!-- R-CONTENT --><\/div> <span class=\"ti-read-more\" data-container=\".ti-review-content\" data-collapse-text=\"Hide\" data-open-text=\"Read more\"><\/span> <\/div> <\/div>  <div data-empty=\"0\" class=\"ti-review-item source-Google ti-image-layout-thumbnail\" data-id=\"cfcd208495d565ef66e7dff9f98764da\"> <div class=\"ti-inner\"> <div class=\"ti-review-header\"> <div class=\"ti-platform-icon ti-with-tooltip\"> <span class=\"ti-tooltip\">Posted on <\/span> <trustindex-image data-imgurl=\"https:\/\/cdn.trustindex.io\/assets\/platform\/Google\/icon.svg\" alt=\"\" width=\"20\" height=\"20\" loading=\"lazy\"><\/trustindex-image> <\/div> <div class=\"ti-profile-img\"> <trustindex-image data-imgurl=\"https:\/\/lh3.googleusercontent.com\/a-\/ALV-UjUymgWK2q2GWAEpeUNGbMDr-EA-poo1mY8UVLM3cQtR6L97qS4i=w40-h40-c-rp-mo-ba4-br100\" alt=\"Laco Lukac profile picture\" loading=\"lazy\"><\/trustindex-image> <\/div> <div class=\"ti-profile-details\"> <div class=\"ti-name\"> Laco Lukac <\/div> <div class=\"ti-date\">03\/03\/2026<\/div> <\/div> <\/div> <span class=\"ti-stars\"><trustindex-image class=\"ti-star\" data-imgurl=\"https:\/\/cdn.trustindex.io\/assets\/platform\/Google\/star\/f.svg\" alt=\"Google star 1\" width=\"17\" height=\"17\" loading=\"lazy\"><\/trustindex-image><trustindex-image class=\"ti-star\" data-imgurl=\"https:\/\/cdn.trustindex.io\/assets\/platform\/Google\/star\/f.svg\" alt=\"Google star 2\" width=\"17\" height=\"17\" loading=\"lazy\"><\/trustindex-image><trustindex-image class=\"ti-star\" data-imgurl=\"https:\/\/cdn.trustindex.io\/assets\/platform\/Google\/star\/f.svg\" alt=\"Google star 3\" width=\"17\" height=\"17\" loading=\"lazy\"><\/trustindex-image><trustindex-image class=\"ti-star\" data-imgurl=\"https:\/\/cdn.trustindex.io\/assets\/platform\/Google\/star\/f.svg\" alt=\"Google star 4\" width=\"17\" height=\"17\" loading=\"lazy\"><\/trustindex-image><trustindex-image class=\"ti-star\" data-imgurl=\"https:\/\/cdn.trustindex.io\/assets\/platform\/Google\/star\/f.svg\" alt=\"Google star 5\" width=\"17\" height=\"17\" loading=\"lazy\"><\/trustindex-image><span class=\"ti-verified-review ti-verified-platform\"><span class=\"ti-verified-tooltip\">Trustindex verifies that the original source of the review is Google.<\/span><\/span><\/span> <div class=\"ti-review-text-container ti-review-content\"><!-- R-CONTENT -->I can highly recommend Van break. Perfect and fast communication, friendly approach. Aurelien showed us everything and explained how it all works. The van was 100% ready\u2014everything was brand new and clean. We will definitely use their services again in the future!<!-- R-CONTENT --><\/div> <span class=\"ti-read-more\" data-container=\".ti-review-content\" data-collapse-text=\"Hide\" data-open-text=\"Read more\"><\/span> <\/div> <\/div>  <div data-empty=\"0\" class=\"ti-review-item source-Google ti-image-layout-thumbnail\" data-id=\"cfcd208495d565ef66e7dff9f98764da\"> <div class=\"ti-inner\"> <div class=\"ti-review-header\"> <div class=\"ti-platform-icon ti-with-tooltip\"> <span class=\"ti-tooltip\">Posted on <\/span> <trustindex-image data-imgurl=\"https:\/\/cdn.trustindex.io\/assets\/platform\/Google\/icon.svg\" alt=\"\" width=\"20\" height=\"20\" loading=\"lazy\"><\/trustindex-image> <\/div> <div class=\"ti-profile-img\"> <trustindex-image data-imgurl=\"https:\/\/lh3.googleusercontent.com\/a-\/ALV-UjW9dpLSONhDohHOKkFKaLYKe3f44iQqaHgNwudavH_5iWsrO7CU=w40-h40-c-rp-mo-br100\" alt=\"Juan F. Due\u00f1as profile picture\" loading=\"lazy\"><\/trustindex-image> <\/div> <div class=\"ti-profile-details\"> <div class=\"ti-name\"> Juan F. Due\u00f1as <\/div> <div class=\"ti-date\">22\/02\/2026<\/div> <\/div> <\/div> <span class=\"ti-stars\"><trustindex-image class=\"ti-star\" data-imgurl=\"https:\/\/cdn.trustindex.io\/assets\/platform\/Google\/star\/f.svg\" alt=\"Google star 1\" width=\"17\" height=\"17\" loading=\"lazy\"><\/trustindex-image><trustindex-image class=\"ti-star\" data-imgurl=\"https:\/\/cdn.trustindex.io\/assets\/platform\/Google\/star\/f.svg\" alt=\"Google star 2\" width=\"17\" height=\"17\" loading=\"lazy\"><\/trustindex-image><trustindex-image class=\"ti-star\" data-imgurl=\"https:\/\/cdn.trustindex.io\/assets\/platform\/Google\/star\/f.svg\" alt=\"Google star 3\" width=\"17\" height=\"17\" loading=\"lazy\"><\/trustindex-image><trustindex-image class=\"ti-star\" data-imgurl=\"https:\/\/cdn.trustindex.io\/assets\/platform\/Google\/star\/f.svg\" alt=\"Google star 4\" width=\"17\" height=\"17\" loading=\"lazy\"><\/trustindex-image><trustindex-image class=\"ti-star\" data-imgurl=\"https:\/\/cdn.trustindex.io\/assets\/platform\/Google\/star\/f.svg\" alt=\"Google star 5\" width=\"17\" height=\"17\" loading=\"lazy\"><\/trustindex-image><span class=\"ti-verified-review ti-verified-platform\"><span class=\"ti-verified-tooltip\">Trustindex verifies that the original source of the review is Google.<\/span><\/span><\/span> <div class=\"ti-review-text-container ti-review-content\"><!-- R-CONTENT -->Caravanas en excelente estado mec\u00e1nico y con todo lo necesario para tu aventura en Andaluc\u00eda, o m\u00e1s all\u00e1. Olivier y Aurelian fueron muy amables y me ofrecieron una alternativa muy generosa cuando la Van que alquil\u00e9 no estuvo lista. Muy recomendable si estas considerando comprar o equipar una caravana. Yo estoy convencido que vale la pena, gracias a este viaje.<!-- R-CONTENT --><\/div> <span class=\"ti-read-more\" data-container=\".ti-review-content\" data-collapse-text=\"Hide\" data-open-text=\"Read more\"><\/span> <\/div> <\/div>  <div data-empty=\"0\" class=\"ti-review-item source-Google ti-image-layout-thumbnail\" data-id=\"cfcd208495d565ef66e7dff9f98764da\"> <div class=\"ti-inner\"> <div class=\"ti-review-header\"> <div class=\"ti-platform-icon ti-with-tooltip\"> <span class=\"ti-tooltip\">Posted on <\/span> <trustindex-image data-imgurl=\"https:\/\/cdn.trustindex.io\/assets\/platform\/Google\/icon.svg\" alt=\"\" width=\"20\" height=\"20\" loading=\"lazy\"><\/trustindex-image> <\/div> <div class=\"ti-profile-img\"> <trustindex-image data-imgurl=\"https:\/\/lh3.googleusercontent.com\/a\/ACg8ocLHXluTgBLYmTWnqI804aDhuWtmrRLn0-hs0-frzuNUm_gRYw=w40-h40-c-rp-mo-br100\" alt=\"Dupuy Nathalie profile picture\" loading=\"lazy\"><\/trustindex-image> <\/div> <div class=\"ti-profile-details\"> <div class=\"ti-name\"> Dupuy Nathalie <\/div> <div class=\"ti-date\">12\/02\/2026<\/div> <\/div> <\/div> <span class=\"ti-stars\"><trustindex-image class=\"ti-star\" data-imgurl=\"https:\/\/cdn.trustindex.io\/assets\/platform\/Google\/star\/f.svg\" alt=\"Google star 1\" width=\"17\" height=\"17\" loading=\"lazy\"><\/trustindex-image><trustindex-image class=\"ti-star\" data-imgurl=\"https:\/\/cdn.trustindex.io\/assets\/platform\/Google\/star\/f.svg\" alt=\"Google star 2\" width=\"17\" height=\"17\" loading=\"lazy\"><\/trustindex-image><trustindex-image class=\"ti-star\" data-imgurl=\"https:\/\/cdn.trustindex.io\/assets\/platform\/Google\/star\/f.svg\" alt=\"Google star 3\" width=\"17\" height=\"17\" loading=\"lazy\"><\/trustindex-image><trustindex-image class=\"ti-star\" data-imgurl=\"https:\/\/cdn.trustindex.io\/assets\/platform\/Google\/star\/f.svg\" alt=\"Google star 4\" width=\"17\" height=\"17\" loading=\"lazy\"><\/trustindex-image><trustindex-image class=\"ti-star\" data-imgurl=\"https:\/\/cdn.trustindex.io\/assets\/platform\/Google\/star\/e.svg\" alt=\"Google star 5\" width=\"17\" height=\"17\" loading=\"lazy\"><\/trustindex-image><span class=\"ti-verified-review ti-verified-platform\"><span class=\"ti-verified-tooltip\">Trustindex verifies that the original source of the review is Google.<\/span><\/span><\/span> <div class=\"ti-review-text-container ti-review-content\"><!-- R-CONTENT -->Tr\u00e8s belle exp\u00e9rience lors d un road trip de 15 jours en Andalousie pr les f\u00eates de fins d ann\u00e9e.\n\u00c9quipement impeccable et fonctionnel.\n\u00c9changes faciles avc Aur\u00e9lien lors de la r\u00e9sa et une fois sur place. Accueil au top et tr\u00e8s pro.\nJe recommande vivement, car cela permet de visiter des lieux extraordinaires et magnifiques et pr les visites de villes aucun soucis pr se garer.\nMerci et a bient\u00f4t pour de nouvelles aventures.... \u27a1\ufe0f Maroc \ud83d\ude09<!-- R-CONTENT --><\/div> <span class=\"ti-read-more\" data-container=\".ti-review-content\" data-collapse-text=\"Hide\" data-open-text=\"Read more\"><\/span> <\/div> <\/div>  <div data-empty=\"0\" class=\"ti-review-item source-Google ti-image-layout-thumbnail\" data-id=\"cfcd208495d565ef66e7dff9f98764da\"> <div class=\"ti-inner\"> <div class=\"ti-review-header\"> <div class=\"ti-platform-icon ti-with-tooltip\"> <span class=\"ti-tooltip\">Posted on <\/span> <trustindex-image data-imgurl=\"https:\/\/cdn.trustindex.io\/assets\/platform\/Google\/icon.svg\" alt=\"\" width=\"20\" height=\"20\" loading=\"lazy\"><\/trustindex-image> <\/div> <div class=\"ti-profile-img\"> <trustindex-image data-imgurl=\"https:\/\/lh3.googleusercontent.com\/a-\/ALV-UjVtn2VHroa-UlLjp3DP4GxkQcljleqHt_ywm0FzkTCLQAhmy_E=w40-h40-c-rp-mo-br100\" alt=\"Ken Queff profile picture\" loading=\"lazy\"><\/trustindex-image> <\/div> <div class=\"ti-profile-details\"> <div class=\"ti-name\"> Ken Queff <\/div> <div class=\"ti-date\">19\/01\/2026<\/div> <\/div> <\/div> <span class=\"ti-stars\"><trustindex-image class=\"ti-star\" data-imgurl=\"https:\/\/cdn.trustindex.io\/assets\/platform\/Google\/star\/f.svg\" alt=\"Google star 1\" width=\"17\" height=\"17\" loading=\"lazy\"><\/trustindex-image><trustindex-image class=\"ti-star\" data-imgurl=\"https:\/\/cdn.trustindex.io\/assets\/platform\/Google\/star\/f.svg\" alt=\"Google star 2\" width=\"17\" height=\"17\" loading=\"lazy\"><\/trustindex-image><trustindex-image class=\"ti-star\" data-imgurl=\"https:\/\/cdn.trustindex.io\/assets\/platform\/Google\/star\/f.svg\" alt=\"Google star 3\" width=\"17\" height=\"17\" loading=\"lazy\"><\/trustindex-image><trustindex-image class=\"ti-star\" data-imgurl=\"https:\/\/cdn.trustindex.io\/assets\/platform\/Google\/star\/f.svg\" alt=\"Google star 4\" width=\"17\" height=\"17\" loading=\"lazy\"><\/trustindex-image><trustindex-image class=\"ti-star\" data-imgurl=\"https:\/\/cdn.trustindex.io\/assets\/platform\/Google\/star\/f.svg\" alt=\"Google star 5\" width=\"17\" height=\"17\" loading=\"lazy\"><\/trustindex-image><span class=\"ti-verified-review ti-verified-platform\"><span class=\"ti-verified-tooltip\">Trustindex verifies that the original source of the review is Google.<\/span><\/span><\/span> <div class=\"ti-review-text-container ti-review-content\"><!-- R-CONTENT -->1 \u00e8re exp\u00e9rience en van \u00e0 3 entre copines, c\u2019\u00e9tait parfait pour faire un petit Road-Trip en Andalousie!\n\nUn tr\u00e8s bon contact avec Aur\u00e9lie, disponible pour r\u00e9pondre \u00e0 nos questions en cas de besoin, et qui nous a bien expliqu\u00e9 le fonctionnement de l\u2019ensemble.\n\nLe van \u00e9tait en tr\u00e8s bon \u00e9tat, propre, assez petit pour \u00eatre facile \u00e0 conduire et se garer mais tout de m\u00eame assez spacieux pour dormir.\n\nExp\u00e9rience qu\u2019on recommande \u00e0 100% pour ceux qui veulent d\u00e9couvrir les road trios en van! \ud83d\ude90<!-- R-CONTENT --><\/div> <span class=\"ti-read-more\" data-container=\".ti-review-content\" data-collapse-text=\"Hide\" data-open-text=\"Read more\"><\/span> <\/div> <\/div>  <div data-empty=\"0\" class=\"ti-review-item source-Google ti-image-layout-thumbnail\" data-id=\"cfcd208495d565ef66e7dff9f98764da\"> <div class=\"ti-inner\"> <div class=\"ti-review-header\"> <div class=\"ti-platform-icon ti-with-tooltip\"> <span class=\"ti-tooltip\">Posted on <\/span> <trustindex-image data-imgurl=\"https:\/\/cdn.trustindex.io\/assets\/platform\/Google\/icon.svg\" alt=\"\" width=\"20\" height=\"20\" loading=\"lazy\"><\/trustindex-image> <\/div> <div class=\"ti-profile-img\"> <trustindex-image data-imgurl=\"https:\/\/lh3.googleusercontent.com\/a-\/ALV-UjXrxGMhsobxlROrh5e1OmUKQoirG7w-_mRbK6cYSnG18E9tUGkQgg=w40-h40-c-rp-mo-ba5-br100\" alt=\"Jay Alex profile picture\" loading=\"lazy\"><\/trustindex-image> <\/div> <div class=\"ti-profile-details\"> <div class=\"ti-name\"> Jay Alex <\/div> <div class=\"ti-date\">23\/12\/2025<\/div> <\/div> <\/div> <span class=\"ti-stars\"><trustindex-image class=\"ti-star\" data-imgurl=\"https:\/\/cdn.trustindex.io\/assets\/platform\/Google\/star\/f.svg\" alt=\"Google star 1\" width=\"17\" height=\"17\" loading=\"lazy\"><\/trustindex-image><trustindex-image class=\"ti-star\" data-imgurl=\"https:\/\/cdn.trustindex.io\/assets\/platform\/Google\/star\/f.svg\" alt=\"Google star 2\" width=\"17\" height=\"17\" loading=\"lazy\"><\/trustindex-image><trustindex-image class=\"ti-star\" data-imgurl=\"https:\/\/cdn.trustindex.io\/assets\/platform\/Google\/star\/f.svg\" alt=\"Google star 3\" width=\"17\" height=\"17\" loading=\"lazy\"><\/trustindex-image><trustindex-image class=\"ti-star\" data-imgurl=\"https:\/\/cdn.trustindex.io\/assets\/platform\/Google\/star\/f.svg\" alt=\"Google star 4\" width=\"17\" height=\"17\" loading=\"lazy\"><\/trustindex-image><trustindex-image class=\"ti-star\" data-imgurl=\"https:\/\/cdn.trustindex.io\/assets\/platform\/Google\/star\/f.svg\" alt=\"Google star 5\" width=\"17\" height=\"17\" loading=\"lazy\"><\/trustindex-image><span class=\"ti-verified-review ti-verified-platform\"><span class=\"ti-verified-tooltip\">Trustindex verifies that the original source of the review is Google.<\/span><\/span><\/span> <div class=\"ti-review-text-container ti-review-content\"><!-- R-CONTENT -->The guys were so easy to deal with and prompt and efficient. The van itself was perfect. It was so nice having a bed with me no matter where I went. The van was well equipped, and modern with every convenience that I would want. It was clean and comfortable.  I will rent from them again in the future.<!-- R-CONTENT --><\/div> <span class=\"ti-read-more\" data-container=\".ti-review-content\" data-collapse-text=\"Hide\" data-open-text=\"Read more\"><\/span> <\/div> <\/div>  <div data-empty=\"0\" class=\"ti-review-item source-Google ti-image-layout-thumbnail\" data-id=\"cfcd208495d565ef66e7dff9f98764da\"> <div class=\"ti-inner\"> <div class=\"ti-review-header\"> <div class=\"ti-platform-icon ti-with-tooltip\"> <span class=\"ti-tooltip\">Posted on <\/span> <trustindex-image data-imgurl=\"https:\/\/cdn.trustindex.io\/assets\/platform\/Google\/icon.svg\" alt=\"\" width=\"20\" height=\"20\" loading=\"lazy\"><\/trustindex-image> <\/div> <div class=\"ti-profile-img\"> <trustindex-image data-imgurl=\"https:\/\/lh3.googleusercontent.com\/a-\/ALV-UjXJI9b3DSQctaS0A9NYPNRAh4YHExX911Atvg9Ay9LZA3E-GGpwhw=w40-h40-c-rp-mo-ba2-br100\" alt=\"Andris LA profile picture\" loading=\"lazy\"><\/trustindex-image> <\/div> <div class=\"ti-profile-details\"> <div class=\"ti-name\"> Andris LA <\/div> <div class=\"ti-date\">21\/12\/2025<\/div> <\/div> <\/div> <span class=\"ti-stars\"><trustindex-image class=\"ti-star\" data-imgurl=\"https:\/\/cdn.trustindex.io\/assets\/platform\/Google\/star\/f.svg\" alt=\"Google star 1\" width=\"17\" height=\"17\" loading=\"lazy\"><\/trustindex-image><trustindex-image class=\"ti-star\" data-imgurl=\"https:\/\/cdn.trustindex.io\/assets\/platform\/Google\/star\/f.svg\" alt=\"Google star 2\" width=\"17\" height=\"17\" loading=\"lazy\"><\/trustindex-image><trustindex-image class=\"ti-star\" data-imgurl=\"https:\/\/cdn.trustindex.io\/assets\/platform\/Google\/star\/f.svg\" alt=\"Google star 3\" width=\"17\" height=\"17\" loading=\"lazy\"><\/trustindex-image><trustindex-image class=\"ti-star\" data-imgurl=\"https:\/\/cdn.trustindex.io\/assets\/platform\/Google\/star\/f.svg\" alt=\"Google star 4\" width=\"17\" height=\"17\" loading=\"lazy\"><\/trustindex-image><trustindex-image class=\"ti-star\" data-imgurl=\"https:\/\/cdn.trustindex.io\/assets\/platform\/Google\/star\/f.svg\" alt=\"Google star 5\" width=\"17\" height=\"17\" loading=\"lazy\"><\/trustindex-image><span class=\"ti-verified-review ti-verified-platform\"><span class=\"ti-verified-tooltip\">Trustindex verifies that the original source of the review is Google.<\/span><\/span><\/span> <div class=\"ti-review-text-container ti-review-content\"><!-- R-CONTENT -->We traveled in Andalucia for 2 weeks the two of us with a 6 month old baby and had a really good experience with the van. I definitely recommend.<!-- R-CONTENT --><\/div> <span class=\"ti-read-more\" data-container=\".ti-review-content\" data-collapse-text=\"Hide\" data-open-text=\"Read more\"><\/span> <\/div> <\/div>  <div data-empty=\"0\" class=\"ti-review-item source-Google ti-image-layout-thumbnail\" data-id=\"cfcd208495d565ef66e7dff9f98764da\"> <div class=\"ti-inner\"> <div class=\"ti-review-header\"> <div class=\"ti-platform-icon ti-with-tooltip\"> <span class=\"ti-tooltip\">Posted on <\/span> <trustindex-image data-imgurl=\"https:\/\/cdn.trustindex.io\/assets\/platform\/Google\/icon.svg\" alt=\"\" width=\"20\" height=\"20\" loading=\"lazy\"><\/trustindex-image> <\/div> <div class=\"ti-profile-img\"> <trustindex-image data-imgurl=\"https:\/\/lh3.googleusercontent.com\/a\/ACg8ocKsRGd4mr-g1JgJ9m_X2Uav-nS7wNgox1iY4gx-jjVys5Z6qN4=w40-h40-c-rp-mo-ba2-br100\" alt=\"Ruben G. profile picture\" loading=\"lazy\"><\/trustindex-image> <\/div> <div class=\"ti-profile-details\"> <div class=\"ti-name\"> Ruben G. <\/div> <div class=\"ti-date\">14\/12\/2025<\/div> <\/div> <\/div> <span class=\"ti-stars\"><trustindex-image class=\"ti-star\" data-imgurl=\"https:\/\/cdn.trustindex.io\/assets\/platform\/Google\/star\/f.svg\" alt=\"Google star 1\" width=\"17\" height=\"17\" loading=\"lazy\"><\/trustindex-image><trustindex-image class=\"ti-star\" data-imgurl=\"https:\/\/cdn.trustindex.io\/assets\/platform\/Google\/star\/f.svg\" alt=\"Google star 2\" width=\"17\" height=\"17\" loading=\"lazy\"><\/trustindex-image><trustindex-image class=\"ti-star\" data-imgurl=\"https:\/\/cdn.trustindex.io\/assets\/platform\/Google\/star\/f.svg\" alt=\"Google star 3\" width=\"17\" height=\"17\" loading=\"lazy\"><\/trustindex-image><trustindex-image class=\"ti-star\" data-imgurl=\"https:\/\/cdn.trustindex.io\/assets\/platform\/Google\/star\/f.svg\" alt=\"Google star 4\" width=\"17\" height=\"17\" loading=\"lazy\"><\/trustindex-image><trustindex-image class=\"ti-star\" data-imgurl=\"https:\/\/cdn.trustindex.io\/assets\/platform\/Google\/star\/f.svg\" alt=\"Google star 5\" width=\"17\" height=\"17\" loading=\"lazy\"><\/trustindex-image><span class=\"ti-verified-review ti-verified-platform\"><span class=\"ti-verified-tooltip\">Trustindex verifies that the original source of the review is Google.<\/span><\/span><\/span> <div class=\"ti-review-text-container ti-review-content\"><!-- R-CONTENT -->Wij hebben met vanBreak in M\u00e1laga een fantastische ervaring gehad. Met ons gezin, inclusief twee jonge kinderen (3 jaar en bijna 1 jaar), hebben we een onvergetelijke rondreis door Andalusi\u00eb gemaakt.\n\nDe camper was een recent omgebouwde, eenjarige bestelbus met slechts 20.000 km op de teller. Alles voelde nieuw en goed onderhouden. Het dubbele bed was ideaal met jonge kinderen en zorgde voor comfortabele nachten voor het hele gezin. Alle voorzieningen werkten perfect; we hebben onderweg geen enkel technisch probleem gehad.\n\nOok de communicatie en het inleveren verliepen erg prettig en zonder gedoe. De bestaande schade was vooraf duidelijk vastgelegd met foto\u2019s en deze waren ook met ons gedeeld, wat veel vertrouwen gaf en zorgde voor een zorgeloze afsluiting van de huur.\n\nKortom: betrouwbaar, transparant en zeer geschikt voor gezinnen met jonge kinderen. Wij zouden vanBreak zonder twijfel opnieuw kiezen en raden hen van harte aan! Het was een reis om nooit te vergeten, gelukkig hebben we de foto's nog!<!-- R-CONTENT --><\/div> <span class=\"ti-read-more\" data-container=\".ti-review-content\" data-collapse-text=\"Hide\" data-open-text=\"Read more\"><\/span> <\/div> <\/div>  <div data-empty=\"0\" class=\"ti-review-item source-Google ti-image-layout-thumbnail\" data-id=\"cfcd208495d565ef66e7dff9f98764da\"> <div class=\"ti-inner\"> <div class=\"ti-review-header\"> <div class=\"ti-platform-icon ti-with-tooltip\"> <span class=\"ti-tooltip\">Posted on <\/span> <trustindex-image data-imgurl=\"https:\/\/cdn.trustindex.io\/assets\/platform\/Google\/icon.svg\" alt=\"\" width=\"20\" height=\"20\" loading=\"lazy\"><\/trustindex-image> <\/div> <div class=\"ti-profile-img\"> <trustindex-image data-imgurl=\"https:\/\/lh3.googleusercontent.com\/a\/ACg8ocJ4MHKghH-87DvfJVz747M4g9CzBmGHeMIofii8S_D3lkbvIw=w40-h40-c-rp-mo-br100\" alt=\"Jeremy Coueron profile picture\" loading=\"lazy\"><\/trustindex-image> <\/div> <div class=\"ti-profile-details\"> <div class=\"ti-name\"> Jeremy Coueron <\/div> <div class=\"ti-date\">30\/11\/2025<\/div> <\/div> <\/div> <span class=\"ti-stars\"><trustindex-image class=\"ti-star\" data-imgurl=\"https:\/\/cdn.trustindex.io\/assets\/platform\/Google\/star\/f.svg\" alt=\"Google star 1\" width=\"17\" height=\"17\" loading=\"lazy\"><\/trustindex-image><trustindex-image class=\"ti-star\" data-imgurl=\"https:\/\/cdn.trustindex.io\/assets\/platform\/Google\/star\/f.svg\" alt=\"Google star 2\" width=\"17\" height=\"17\" loading=\"lazy\"><\/trustindex-image><trustindex-image class=\"ti-star\" data-imgurl=\"https:\/\/cdn.trustindex.io\/assets\/platform\/Google\/star\/f.svg\" alt=\"Google star 3\" width=\"17\" height=\"17\" loading=\"lazy\"><\/trustindex-image><trustindex-image class=\"ti-star\" data-imgurl=\"https:\/\/cdn.trustindex.io\/assets\/platform\/Google\/star\/f.svg\" alt=\"Google star 4\" width=\"17\" height=\"17\" loading=\"lazy\"><\/trustindex-image><trustindex-image class=\"ti-star\" data-imgurl=\"https:\/\/cdn.trustindex.io\/assets\/platform\/Google\/star\/f.svg\" alt=\"Google star 5\" width=\"17\" height=\"17\" loading=\"lazy\"><\/trustindex-image><span class=\"ti-verified-review ti-verified-platform\"><span class=\"ti-verified-tooltip\">Trustindex verifies that the original source of the review is Google.<\/span><\/span><\/span> <div class=\"ti-review-text-container ti-review-content\"><!-- R-CONTENT -->1 superbe semaine de van life en famille \u00e0 travers l'Andalousie , gr\u00e2ce \u00e0 Aurelien et  VanBreak Campervan. Tout \u00e9tait Super : l'accueil, les conseils, la gestion des transports... Un vrai accompagnement personnalis\u00e9, aucune mauvaise surprise. Vous pouvez y aller les yeux ferm\u00e9s!<!-- R-CONTENT --><\/div> <span class=\"ti-read-more\" data-container=\".ti-review-content\" data-collapse-text=\"Hide\" data-open-text=\"Read more\"><\/span> <\/div> <\/div>  <\/div> <div class=\"ti-controls-line\"> <div class=\"dot\"><\/div> <\/div>   <\/div> <\/div> <\/div> <\/template><\/pre><div data-src=\"https:\/\/cdn.trustindex.io\/loader.js?wp-widget\" data-template-id=\"trustindex-google-widget-html\" data-css-url=\"https:\/\/www.vanbreak.com\/wp-content\/uploads\/trustindex-google-widget.css?1774533498\"><\/div>[\/vc_column_text][\/vc_column_inner][\/vc_row_inner][\/vc_column][\/vc_row][vc_row section_type=\u00bbfullwidth\u00bb bg_type=\u00bbimage\u00bb bg_image=\u00bb24355&#8243; columns_gap=\u00bb20&#8243;][vc_column][vc_row_inner][vc_column_inner]<div class=\"grve-empty-space grve-height-1x\" style=\"\"><\/div><h2 class=\"grve-element grve-title grve-align-center grve-h2 grve-increase-heading grve-heading-140\" style=\"\"><span>Un equipo franc\u00e9s<\/span><\/h2><div class=\"grve-empty-space grve-height-2x\" style=\"\"><\/div>[\/vc_column_inner][\/vc_row_inner][vc_row_inner][vc_column_inner width=\u00bb1\/2&#8243;]<div class=\"grve-element grve-image grve-align-center\" style=\"\">  <div class=\"grve-image-wrapper\"><img decoding=\"async\" width=\"560\" height=\"747\" src=\"https:\/\/www.vanbreak.com\/wp-content\/uploads\/2026\/03\/chatgpt-image-10-mars-2026-16-31-35-e1773942358698-560x747.png\" class=\"grve-extra-round attachment-movedo-grve-small-rect-vertical size-movedo-grve-small-rect-vertical\" alt=\"Dos hombres con burbujas de di\u00e1logo.\" srcset=\"https:\/\/www.vanbreak.com\/wp-content\/uploads\/2026\/03\/chatgpt-image-10-mars-2026-16-31-35-e1773942358698-560x747.png 560w, https:\/\/www.vanbreak.com\/wp-content\/uploads\/2026\/03\/chatgpt-image-10-mars-2026-16-31-35-e1773942358698-225x300.png 225w, https:\/\/www.vanbreak.com\/wp-content\/uploads\/2026\/03\/chatgpt-image-10-mars-2026-16-31-35-e1773942358698-767x1024.png 767w, https:\/\/www.vanbreak.com\/wp-content\/uploads\/2026\/03\/chatgpt-image-10-mars-2026-16-31-35-e1773942358698-768x1025.png 768w, https:\/\/www.vanbreak.com\/wp-content\/uploads\/2026\/03\/chatgpt-image-10-mars-2026-16-31-35-e1773942358698-840x1120.png 840w, https:\/\/www.vanbreak.com\/wp-content\/uploads\/2026\/03\/chatgpt-image-10-mars-2026-16-31-35-e1773942358698-500x667.png 500w, https:\/\/www.vanbreak.com\/wp-content\/uploads\/2026\/03\/chatgpt-image-10-mars-2026-16-31-35-e1773942358698-800x1068.png 800w, https:\/\/www.vanbreak.com\/wp-content\/uploads\/2026\/03\/chatgpt-image-10-mars-2026-16-31-35-e1773942358698.png 1024w\" sizes=\"(max-width: 560px) 100vw, 560px\" \/>   <\/div><\/div>[\/vc_column_inner][vc_column_inner width=\u00bb1\/2&#8243;]<h3 class=\"grve-element grve-title grve-align-left grve-h3\" style=\"\"><span><br>\n<p style=\"text-align: center;\">Dos amigos franceses expatriados en M\u00e1laga<br>\n<\/span><\/h3>[vc_column_text]Contemplando la bah\u00eda de Tarifa, en el extremo sur de Andaluc\u00eda, donde el mar Mediterr\u00e1neo se encuentra con el oc\u00e9ano Atl\u00e1ntico, naci\u00f3 una idea&#8230; Un concepto sencillo: \u00a1viajar gratis! Tener siempre contigo una furgoneta camper o autocaravana como hogar, ser libre e independiente. Detente donde y cuando quieras, t\u00f3mate el tiempo que quieras para vivir tu propia historia. \u00a1Vanbreak naci\u00f3 aqu\u00ed![\/vc_column_text]<div class=\"grve-empty-space grve-height-1x\" style=\"\"><\/div><div class=\"grve-element grve-align-center\"><a href=\"https:\/\/www.vanbreak.com\/es\/sobre-nosotros\/\" title=\"Acerca de Vanbreak\" class=\"grve-btn grve-btn-medium grve-extra-round grve-bg-primary-3 grve-bg-hover-primary-6 buttonpad10\"><span>SOBRE NOSOTROS<\/span><\/a><\/div><div class=\"grve-empty-space grve-height-1x\" style=\"\"><\/div><h3 class=\"grve-element grve-title grve-align-left grve-h3\" style=\"\"><span><br>\n<p style=\"text-align: center;\">Furgonetas camper de alquiler para aficionados<br>\n<\/span><\/h3>[vc_column_text]<\/p>\n<p style=\"text-align: left;\">Olivier y Aur\u00e9lien se pusieron manos a la obra. La <a href=\"https:\/\/www.vanbreak.com\/es\/alquiler-furgoneta-camper-vw-california-t6\/\">combi Volkswagen<\/a> se convirti\u00f3 en su s\u00edmbolo, y entonces, guiados por la ideolog\u00eda del \u00abpaseo\u00bb, \u00a1todo se aceler\u00f3! Desde 2016, el equipo de Vanbreak con sede en M\u00e1laga ha seguido creciendo y ahora ofrece varios <a href=\"https:\/\/www.vanbreak.com\/es\/modelos-furgoneta-camper\/\">modelos de furgonetas convertidas y furgonetas convertidas<\/a> disponibles para alquilar en esapagne para todos los gustos.<\/p>\n<p>[\/vc_column_text][\/vc_column_inner][\/vc_row_inner][\/vc_column][\/vc_row][vc_row section_type=\u00bbfullwidth\u00bb bg_type=\u00bbcolor\u00bb padding_top_multiplier=\u00bb\u00bb padding_bottom_multiplier=\u00bb\u00bb columns_gap=\u00bbnone\u00bb bg_color=\u00bb#ebecf0&#8243;][vc_column css=\u00bb.vc_custom_1610990103781{margin-right: 5% !important;margin-left: 5% !important;}\u00bb][vc_row_inner][vc_column_inner width=\u00bb1\/6&#8243;][\/vc_column_inner][vc_column_inner width=\u00bb2\/3&#8243;]<h2 class=\"grve-element grve-title grve-align-center grve-h2 grve-increase-heading grve-heading-140\" style=\"\"><span><br>\n<p style=\"text-align: center;\">Nuestra flota de camper<br \/>\nESPA\u00d1A (MALAGA)<br>\n<\/span><\/h2><div class=\"grve-empty-space grve-height-1x\" style=\"\"><\/div><div class=\"grve-element grve-align-center\"><a href=\"https:\/\/www.vanbreak.com\/es\/modelos-furgoneta-camper\/\" title=\"Modelos de furgonetas camper\" class=\"grve-btn grve-btn-medium grve-extra-round grve-bg-primary-3 grve-bg-hover-primary-6 buttonpad10\"><span>TODOS NUESTROS MODELOS<\/span><\/a><\/div><div class=\"grve-empty-space grve-height-1x\" style=\"\"><\/div>[\/vc_column_inner][vc_column_inner width=\u00bb1\/6&#8243;][\/vc_column_inner][\/vc_row_inner][\/vc_column][\/vc_row][vc_row section_type=\u00bbfullwidth\u00bb bg_type=\u00bbcolor\u00bb columns_gap=\u00bbnone\u00bb bg_color=\u00bb#ebecf0&#8243;][vc_column css=\u00bb.vc_custom_1610990103781{margin-right: 5% !important;margin-left: 5% !important;}\u00bb]<h3 class=\"grve-element grve-title grve-align-center grve-h3\" style=\"\"><span><br>\n<p style=\"text-align: center;\">Nuestras autocaravanas y furgonetas camper<br>\n<\/span><\/h3>[vc_row_inner][vc_column_inner]<div class=\"grve-element grve-flexible-carousel grve-carousel grve-layout-1 grve-with-gap\" style=\"\"><div class=\"grve-carousel-wrapper\"><div class=\"grve-carousel-navigation grve-dark grve-navigation-1 grve-navigation-carousel\">\t<div class=\"grve-carousel-buttons\">\t\t<div class=\"grve-carousel-prev\">\t\t\t<i class=\"grve-icon-nav-left-small\"><\/i>\t\t<\/div>\t\t<div class=\"grve-carousel-next\">\t\t\t<i class=\"grve-icon-nav-right-small\"><\/i>\t\t<\/div>\t<\/div><\/div>\t<div class=\"grve-flexible-carousel-element \" data-items=\"3\" data-items-tablet-landscape=\"2\" data-items-tablet-portrait=\"1\" data-items-mobile=\"1\" data-slider-autoplay=\"yes\" data-slider-speed=\"3000\" data-slider-pause=\"yes\" data-pagination-speed=\"3000\" data-pagination=\"no\" data-slider-autoheight=\"yes\"><div class=\"grve-element grve-image grve-align-center grve-full-image grve-image-space-100\" style=\"\">  <div class=\"grve-image-wrapper\"><a href=\"https:\/\/www.vanbreak.com\/es\/alquiler-de-camper-vw-california-t6-ocean-en-malaga\/\" title=\"Furgoneta VW California OCEAN\"><img decoding=\"async\" width=\"1148\" height=\"1633\" src=\"https:\/\/www.vanbreak.com\/wp-content\/uploads\/2026\/03\/camper-vw-california-ocean.png\" class=\"attachment-full size-full\" alt=\"\" srcset=\"https:\/\/www.vanbreak.com\/wp-content\/uploads\/2026\/03\/camper-vw-california-ocean.png 1148w, https:\/\/www.vanbreak.com\/wp-content\/uploads\/2026\/03\/camper-vw-california-ocean-211x300.png 211w, https:\/\/www.vanbreak.com\/wp-content\/uploads\/2026\/03\/camper-vw-california-ocean-720x1024.png 720w, https:\/\/www.vanbreak.com\/wp-content\/uploads\/2026\/03\/camper-vw-california-ocean-768x1092.png 768w, https:\/\/www.vanbreak.com\/wp-content\/uploads\/2026\/03\/camper-vw-california-ocean-1080x1536.png 1080w, https:\/\/www.vanbreak.com\/wp-content\/uploads\/2026\/03\/camper-vw-california-ocean-500x711.png 500w, https:\/\/www.vanbreak.com\/wp-content\/uploads\/2026\/03\/camper-vw-california-ocean-800x1138.png 800w\" sizes=\"(max-width: 1148px) 100vw, 1148px\" \/><\/a>   <\/div><\/div><div class=\"grve-element grve-image grve-align-center\" style=\"\">  <div class=\"grve-image-wrapper\"><a href=\"https:\/\/www.vanbreak.com\/es\/alquiler-de-furgoneta-renault-trafic-handroad-para-5-personas\/\" title=\"Alquiler de furgoneta Renault Trafic handroad para 5 personas\"><img decoding=\"async\" width=\"1148\" height=\"1633\" src=\"https:\/\/www.vanbreak.com\/wp-content\/uploads\/2026\/03\/camper-renault-trafi-handroad.png\" class=\"attachment-full size-full\" alt=\"\" srcset=\"https:\/\/www.vanbreak.com\/wp-content\/uploads\/2026\/03\/camper-renault-trafi-handroad.png 1148w, https:\/\/www.vanbreak.com\/wp-content\/uploads\/2026\/03\/camper-renault-trafi-handroad-211x300.png 211w, https:\/\/www.vanbreak.com\/wp-content\/uploads\/2026\/03\/camper-renault-trafi-handroad-720x1024.png 720w, https:\/\/www.vanbreak.com\/wp-content\/uploads\/2026\/03\/camper-renault-trafi-handroad-768x1092.png 768w, https:\/\/www.vanbreak.com\/wp-content\/uploads\/2026\/03\/camper-renault-trafi-handroad-1080x1536.png 1080w, https:\/\/www.vanbreak.com\/wp-content\/uploads\/2026\/03\/camper-renault-trafi-handroad-500x711.png 500w, https:\/\/www.vanbreak.com\/wp-content\/uploads\/2026\/03\/camper-renault-trafi-handroad-800x1138.png 800w\" sizes=\"(max-width: 1148px) 100vw, 1148px\" \/><\/a>   <\/div><\/div><div class=\"grve-element grve-image grve-align-center\" style=\"\">  <div class=\"grve-image-wrapper\"><a href=\"https:\/\/www.vanbreak.com\/es\/alquiler-mercedes-marco-polo-en-malaga\/\" title=\"Alquiler de furgonetas Mercedes Marco Polo\"><img decoding=\"async\" width=\"1148\" height=\"1633\" src=\"https:\/\/www.vanbreak.com\/wp-content\/uploads\/2026\/03\/camper-mercedes-marco-polo.png\" class=\"attachment-full size-full\" alt=\"\" srcset=\"https:\/\/www.vanbreak.com\/wp-content\/uploads\/2026\/03\/camper-mercedes-marco-polo.png 1148w, https:\/\/www.vanbreak.com\/wp-content\/uploads\/2026\/03\/camper-mercedes-marco-polo-211x300.png 211w, https:\/\/www.vanbreak.com\/wp-content\/uploads\/2026\/03\/camper-mercedes-marco-polo-720x1024.png 720w, https:\/\/www.vanbreak.com\/wp-content\/uploads\/2026\/03\/camper-mercedes-marco-polo-768x1092.png 768w, https:\/\/www.vanbreak.com\/wp-content\/uploads\/2026\/03\/camper-mercedes-marco-polo-1080x1536.png 1080w, https:\/\/www.vanbreak.com\/wp-content\/uploads\/2026\/03\/camper-mercedes-marco-polo-500x711.png 500w, https:\/\/www.vanbreak.com\/wp-content\/uploads\/2026\/03\/camper-mercedes-marco-polo-800x1138.png 800w\" sizes=\"(max-width: 1148px) 100vw, 1148px\" \/><\/a>   <\/div><\/div><div class=\"grve-element grve-image grve-align-center\" style=\"\">  <div class=\"grve-image-wrapper\"><a href=\"https:\/\/www.vanbreak.com\/es\/alquiler-de-camper-vw-california-t6-beach-en-malaga\/\" title=\"Alquiler de furgonetas VW California T6 - Playa\"><img decoding=\"async\" width=\"1148\" height=\"1633\" src=\"https:\/\/www.vanbreak.com\/wp-content\/uploads\/2026\/03\/camper-vw-california-beach.png\" class=\"attachment-full size-full\" alt=\"\" srcset=\"https:\/\/www.vanbreak.com\/wp-content\/uploads\/2026\/03\/camper-vw-california-beach.png 1148w, https:\/\/www.vanbreak.com\/wp-content\/uploads\/2026\/03\/camper-vw-california-beach-211x300.png 211w, https:\/\/www.vanbreak.com\/wp-content\/uploads\/2026\/03\/camper-vw-california-beach-720x1024.png 720w, https:\/\/www.vanbreak.com\/wp-content\/uploads\/2026\/03\/camper-vw-california-beach-768x1092.png 768w, https:\/\/www.vanbreak.com\/wp-content\/uploads\/2026\/03\/camper-vw-california-beach-1080x1536.png 1080w, https:\/\/www.vanbreak.com\/wp-content\/uploads\/2026\/03\/camper-vw-california-beach-500x711.png 500w, https:\/\/www.vanbreak.com\/wp-content\/uploads\/2026\/03\/camper-vw-california-beach-800x1138.png 800w\" sizes=\"(max-width: 1148px) 100vw, 1148px\" \/><\/a>   <\/div><\/div><div class=\"grve-element grve-image grve-align-center\" style=\"\">  <div class=\"grve-image-wrapper\"><a href=\"https:\/\/www.vanbreak.com\/es\/alquiler-vw-caddy-california-malaga\/\" title=\"Furgoneta VW California BEACH\"><img decoding=\"async\" width=\"1148\" height=\"1633\" src=\"https:\/\/www.vanbreak.com\/wp-content\/uploads\/2026\/03\/camper-vw-caddy-california-.png\" class=\"attachment-full size-full\" alt=\"\" srcset=\"https:\/\/www.vanbreak.com\/wp-content\/uploads\/2026\/03\/camper-vw-caddy-california-.png 1148w, https:\/\/www.vanbreak.com\/wp-content\/uploads\/2026\/03\/camper-vw-caddy-california--211x300.png 211w, https:\/\/www.vanbreak.com\/wp-content\/uploads\/2026\/03\/camper-vw-caddy-california--720x1024.png 720w, https:\/\/www.vanbreak.com\/wp-content\/uploads\/2026\/03\/camper-vw-caddy-california--768x1092.png 768w, https:\/\/www.vanbreak.com\/wp-content\/uploads\/2026\/03\/camper-vw-caddy-california--1080x1536.png 1080w, https:\/\/www.vanbreak.com\/wp-content\/uploads\/2026\/03\/camper-vw-caddy-california--500x711.png 500w, https:\/\/www.vanbreak.com\/wp-content\/uploads\/2026\/03\/camper-vw-caddy-california--800x1138.png 800w\" sizes=\"(max-width: 1148px) 100vw, 1148px\" \/><\/a>   <\/div><\/div>\t<\/div>  <\/div><\/div>[\/vc_column_inner][\/vc_row_inner][\/vc_column][\/vc_row][vc_row section_type=\u00bbfullwidth\u00bb bg_type=\u00bbcolor\u00bb columns_gap=\u00bbnone\u00bb bg_color=\u00bb#ebecf0&#8243;][vc_column css=\u00bb.vc_custom_1610990103781{margin-right: 5% !important;margin-left: 5% !important;}\u00bb]<h3 class=\"grve-element grve-title grve-align-center grve-h3\" style=\"\"><span><br>\n<p style=\"text-align: center;\">Nuestras furgonetas y autocaravanas transformadas<br>\n<\/span><\/h3>[vc_row_inner][vc_column_inner]<div class=\"grve-element grve-flexible-carousel grve-carousel grve-layout-1 grve-with-gap\" style=\"\"><div class=\"grve-carousel-wrapper\"><div class=\"grve-carousel-navigation grve-dark grve-navigation-1 grve-navigation-carousel\">\t<div class=\"grve-carousel-buttons\">\t\t<div class=\"grve-carousel-prev\">\t\t\t<i class=\"grve-icon-nav-left-small\"><\/i>\t\t<\/div>\t\t<div class=\"grve-carousel-next\">\t\t\t<i class=\"grve-icon-nav-right-small\"><\/i>\t\t<\/div>\t<\/div><\/div>\t<div class=\"grve-flexible-carousel-element \" data-items=\"3\" data-items-tablet-landscape=\"2\" data-items-tablet-portrait=\"1\" data-items-mobile=\"1\" data-slider-autoplay=\"yes\" data-slider-speed=\"3000\" data-slider-pause=\"yes\" data-pagination-speed=\"3000\" data-pagination=\"no\" data-slider-autoheight=\"yes\"><div class=\"grve-element grve-image grve-align-center grve-full-image grve-image-space-100\" style=\"\">  <div class=\"grve-image-wrapper\"><a href=\"https:\/\/www.vanbreak.com\/es\/alquiler-furgoneta-camper-campeo\/\" title=\"Campeo alquiler de furgonetas\"><img decoding=\"async\" width=\"1148\" height=\"1633\" src=\"https:\/\/www.vanbreak.com\/wp-content\/uploads\/2026\/03\/furgoneta-camper-busrtner-campeo-1.png\" class=\"attachment-full size-full\" alt=\"Alquiler furgoneta camper Burstner campeo Malaga\" srcset=\"https:\/\/www.vanbreak.com\/wp-content\/uploads\/2026\/03\/furgoneta-camper-busrtner-campeo-1.png 1148w, https:\/\/www.vanbreak.com\/wp-content\/uploads\/2026\/03\/furgoneta-camper-busrtner-campeo-1-211x300.png 211w, https:\/\/www.vanbreak.com\/wp-content\/uploads\/2026\/03\/furgoneta-camper-busrtner-campeo-1-720x1024.png 720w, https:\/\/www.vanbreak.com\/wp-content\/uploads\/2026\/03\/furgoneta-camper-busrtner-campeo-1-768x1092.png 768w, https:\/\/www.vanbreak.com\/wp-content\/uploads\/2026\/03\/furgoneta-camper-busrtner-campeo-1-1080x1536.png 1080w, https:\/\/www.vanbreak.com\/wp-content\/uploads\/2026\/03\/furgoneta-camper-busrtner-campeo-1-500x711.png 500w, https:\/\/www.vanbreak.com\/wp-content\/uploads\/2026\/03\/furgoneta-camper-busrtner-campeo-1-800x1138.png 800w\" sizes=\"(max-width: 1148px) 100vw, 1148px\" \/><\/a>   <\/div><\/div><div class=\"grve-element grve-image grve-align-center\" style=\"\">  <div class=\"grve-image-wrapper\"><a href=\"https:\/\/www.vanbreak.com\/es\/alquiler-furgoneta-camper-en-malaga\/\" title=\"Alquiler de furgonetas Sunlight naranja\"><img decoding=\"async\" width=\"1148\" height=\"1633\" src=\"https:\/\/www.vanbreak.com\/wp-content\/uploads\/2026\/03\/furgoneta-cliff-sunlight-1.png\" class=\"attachment-full size-full\" alt=\"Alquiler furgoneta camper Sunlight cliff Malaga\" srcset=\"https:\/\/www.vanbreak.com\/wp-content\/uploads\/2026\/03\/furgoneta-cliff-sunlight-1.png 1148w, https:\/\/www.vanbreak.com\/wp-content\/uploads\/2026\/03\/furgoneta-cliff-sunlight-1-211x300.png 211w, https:\/\/www.vanbreak.com\/wp-content\/uploads\/2026\/03\/furgoneta-cliff-sunlight-1-720x1024.png 720w, https:\/\/www.vanbreak.com\/wp-content\/uploads\/2026\/03\/furgoneta-cliff-sunlight-1-768x1092.png 768w, https:\/\/www.vanbreak.com\/wp-content\/uploads\/2026\/03\/furgoneta-cliff-sunlight-1-1080x1536.png 1080w, https:\/\/www.vanbreak.com\/wp-content\/uploads\/2026\/03\/furgoneta-cliff-sunlight-1-500x711.png 500w, https:\/\/www.vanbreak.com\/wp-content\/uploads\/2026\/03\/furgoneta-cliff-sunlight-1-800x1138.png 800w\" sizes=\"(max-width: 1148px) 100vw, 1148px\" \/><\/a>   <\/div><\/div><div class=\"grve-element grve-image grve-align-center\" style=\"\">  <div class=\"grve-image-wrapper\"><a href=\"https:\/\/www.vanbreak.com\/es\/alquiler-de-autocaravanas\/\" title=\"Autocaravana BENIMAR\"><img decoding=\"async\" width=\"1148\" height=\"1633\" src=\"https:\/\/www.vanbreak.com\/wp-content\/uploads\/2026\/03\/autocaravana-benimar-1.png\" class=\"attachment-full size-full\" alt=\"Alquiler autocaravana Benimar en Malaga\" srcset=\"https:\/\/www.vanbreak.com\/wp-content\/uploads\/2026\/03\/autocaravana-benimar-1.png 1148w, https:\/\/www.vanbreak.com\/wp-content\/uploads\/2026\/03\/autocaravana-benimar-1-211x300.png 211w, https:\/\/www.vanbreak.com\/wp-content\/uploads\/2026\/03\/autocaravana-benimar-1-720x1024.png 720w, https:\/\/www.vanbreak.com\/wp-content\/uploads\/2026\/03\/autocaravana-benimar-1-768x1092.png 768w, https:\/\/www.vanbreak.com\/wp-content\/uploads\/2026\/03\/autocaravana-benimar-1-1080x1536.png 1080w, https:\/\/www.vanbreak.com\/wp-content\/uploads\/2026\/03\/autocaravana-benimar-1-500x711.png 500w, https:\/\/www.vanbreak.com\/wp-content\/uploads\/2026\/03\/autocaravana-benimar-1-800x1138.png 800w\" sizes=\"(max-width: 1148px) 100vw, 1148px\" \/><\/a>   <\/div><\/div><div class=\"grve-element grve-image grve-align-center grve-full-image grve-image-space-100\" style=\"\">  <div class=\"grve-image-wrapper\"><a href=\"https:\/\/www.vanbreak.com\/es\/alquilar-autocaravana-vw-grand-california-en-malaga\/\" title=\"Alquilar VW Grand California\"><img decoding=\"async\" width=\"1148\" height=\"1633\" src=\"https:\/\/www.vanbreak.com\/wp-content\/uploads\/2026\/03\/autocaravna-vw-grand-california-1.png\" class=\"attachment-full size-full\" alt=\"Alquiler furgoneta camper VW Grand California en Malaga\" srcset=\"https:\/\/www.vanbreak.com\/wp-content\/uploads\/2026\/03\/autocaravna-vw-grand-california-1.png 1148w, https:\/\/www.vanbreak.com\/wp-content\/uploads\/2026\/03\/autocaravna-vw-grand-california-1-211x300.png 211w, https:\/\/www.vanbreak.com\/wp-content\/uploads\/2026\/03\/autocaravna-vw-grand-california-1-720x1024.png 720w, https:\/\/www.vanbreak.com\/wp-content\/uploads\/2026\/03\/autocaravna-vw-grand-california-1-768x1092.png 768w, https:\/\/www.vanbreak.com\/wp-content\/uploads\/2026\/03\/autocaravna-vw-grand-california-1-1080x1536.png 1080w, https:\/\/www.vanbreak.com\/wp-content\/uploads\/2026\/03\/autocaravna-vw-grand-california-1-500x711.png 500w, https:\/\/www.vanbreak.com\/wp-content\/uploads\/2026\/03\/autocaravna-vw-grand-california-1-800x1138.png 800w\" sizes=\"(max-width: 1148px) 100vw, 1148px\" \/><\/a>   <\/div><\/div>\t<\/div>  <\/div><\/div>[\/vc_column_inner][\/vc_row_inner][\/vc_column][\/vc_row][vc_row section_type=\u00bbfullwidth\u00bb bg_type=\u00bbcolor\u00bb padding_top_multiplier=\u00bb\u00bb padding_bottom_multiplier=\u00bb\u00bb columns_gap=\u00bbnone\u00bb bg_color=\u00bb#ebecf0&#8243;][vc_column css=\u00bb.vc_custom_1610990103781{margin-right: 5% !important;margin-left: 5% !important;}\u00bb][vc_row_inner][vc_column_inner width=\u00bb1\/6&#8243;][\/vc_column_inner][vc_column_inner width=\u00bb2\/3&#8243;]<div class=\"grve-empty-space grve-height-1x\" style=\"\"><\/div>[vc_column_text]<\/p>\n<p data-start=\"236\" data-end=\"637\"><span style=\"color: #343e83;\">Descubra nuestra gama de <strong data-start=\"261\" data-end=\"390\"><a href=\"https:\/\/www.vanbreak.com\/es\/modeles-van-amenage\/\">furgonetas y autocaravanas transformadas<\/a> disponibles para alquilar desde <span class=\"hover:entity-accent entity-underline inline cursor-pointer align-baseline\"><span class=\"whitespace-normal\">M\u00e1laga<\/span><\/span><\/strong>, en el coraz\u00f3n de Andaluc\u00eda. Tanto si quieres hacer un <strong data-start=\"452\" data-end=\"486\">viaje por carretera a la Costa del Sol<\/strong>, explorar los pueblos blancos o viajar libremente por Espa\u00f1a, nuestros veh\u00edculos est\u00e1n totalmente equipados para ofrecerte comodidad e independencia. <\/span><\/p>\n<p data-start=\"639\" data-end=\"1032\"><span style=\"color: #343e83;\">Ofrecemos varios <a href=\"https:\/\/www.vanbreak.com\/es\/modeles-van-amenage\/\"><strong data-start=\"664\" data-end=\"709\">modelos de furgonetas transformadas para alquilar en M\u00e1laga<\/strong>,<\/a> adecuadas para todo tipo de viajeros: parejas, familias o grupos de amigos. Cada veh\u00edculo est\u00e1 dise\u00f1ado para que experimentes <strong data-start=\"859\" data-end=\"884\">la vida en furgoneta en Andaluc\u00eda<\/strong>, con modernas instalaciones que incluyen c\u00f3modos dormitorios, una cocina totalmente equipada, almacenamiento optimizado y, a veces, incluso una ducha y un aseo, dependiendo del modelo. <\/span><\/p>\n<p>[\/vc_column_text]<div class=\"grve-empty-space grve-height-1x\" style=\"\"><\/div><div class=\"grve-element grve-align-center\"><a href=\"https:\/\/www.vanbreak.com\/es\/modelos-furgoneta-camper\/\" title=\"Modelos de furgonetas camper\" class=\"grve-btn grve-btn-medium grve-extra-round grve-bg-primary-3 grve-bg-hover-primary-6 buttonpad10\"><span>TODOS NUESTROS MODELOS<\/span><\/a><\/div><div class=\"grve-empty-space grve-height-1x\" style=\"\"><\/div>[vc_column_text]<\/p>\n<p data-start=\"1034\" data-end=\"1451\"><span style=\"color: #343e83;\">Salida desde <span class=\"hover:entity-accent entity-underline inline cursor-pointer align-baseline\"><span class=\"whitespace-normal\">M\u00e1laga<\/span><\/span>se puede llegar f\u00e1cilmente a destinos emblem\u00e1ticos como <span class=\"hover:entity-accent entity-underline inline cursor-pointer align-baseline\"><span class=\"whitespace-normal\">Granada<\/span><\/span>, <span class=\"hover:entity-accent entity-underline inline cursor-pointer align-baseline\"><span class=\"whitespace-normal\">Sevilla<\/span><\/span> o los espectaculares paisajes del <span class=\"hover:entity-accent entity-underline inline cursor-pointer align-baseline\"><span class=\"whitespace-normal\">Caminito del Rey<\/span><\/span>. Alquilar una furgoneta transformada en M\u00e1laga es la forma ideal de viajar a tu ritmo y descubrir los paisajes m\u00e1s bellos del sur de Espa\u00f1a. <\/span><\/p>\n<p data-start=\"1453\" data-end=\"1750\"><span style=\"color: #343e83;\">Nuestro <a href=\"https:\/\/www.vanbreak.com\/es\/modeles-van-amenage\/\"><strong data-start=\"1457\" data-end=\"1514\">autocaravanas y furgonetas camper de M\u00e1laga<\/strong><\/a> se revisan regularmente y est\u00e1n totalmente equipadas para garantizar un viaje seguro y c\u00f3modo. Si est\u00e1 planeando una escapada de fin de semana o un largo <a href=\"https:\/\/www.vanbreak.com\/es\/viajes-en-andalucia\/\"><strong data-start=\"1673\" data-end=\"1697\">viaje por carretera en Espa\u00f1a<\/strong><\/a>encontrar\u00e1 el veh\u00edculo adecuado para su aventura. <\/span><\/p>\n<p>[\/vc_column_text]<div class=\"grve-empty-space grve-height-1x\" style=\"\"><\/div>[\/vc_column_inner][vc_column_inner width=\u00bb1\/6&#8243;][\/vc_column_inner][\/vc_row_inner][\/vc_column][\/vc_row][vc_row section_type=\u00bbfullwidth\u00bb bg_type=\u00bbcolor\u00bb columns_gap=\u00bb20&#8243; bg_color=\u00bb#ebecf0&#8243;][vc_column]<h2 class=\"grve-element grve-title grve-align-center grve-h2 grve-increase-heading grve-heading-140\" style=\"\"><span><br>\n<p style=\"text-align: center;\">EQUIPAMIENTO<br \/>\nVAN CAMPER ESPA\u00d1A (M\u00c1LAGA)<br>\n<\/span><\/h2><div class=\"grve-empty-space grve-height-1x\" style=\"\"><\/div><div class=\"grve-element grve-align-center\"><a href=\"https:\/\/www.vanbreak.com\/es\/equipamiento-y-accesorios\/\" title=\"el equipamiento de nuestras furgonetas transformadas\" class=\"grve-btn grve-btn-medium grve-extra-round grve-bg-primary-3 grve-bg-hover-primary-6 buttonpad10\"><span>TODO EL EQUIPO<\/span><\/a><\/div><div class=\"grve-empty-space grve-height-1x\" style=\"\"><\/div>[vc_row_inner][vc_column_inner width=\u00bb1\/6&#8243;][\/vc_column_inner][vc_column_inner width=\u00bb2\/3&#8243;][vc_column_text]<\/p>\n<p data-start=\"291\" data-end=\"724\">Nuestros veh\u00edculos de <strong>alquiler de furgonetas transformadas en Espa\u00f1a<\/strong> est\u00e1n totalmente equipados para que pueda viajar c\u00f3modamente en su viaje por carretera desde M\u00e1laga. Cada furgoneta cuenta con una <strong>c\u00f3moda zona de descanso<\/strong>, una <strong>cocina totalmente equipada<\/strong> con nevera y fogones, y mucho <strong>espacio de almacenamiento<\/strong> para transportar tus pertenencias con facilidad. Dependiendo del modelo que elijas, tambi\u00e9n podr\u00e1s disfrutar de <strong>techo elevable<\/strong>, ducha exterior, calefaccin estacionaria y bater\u00eda auxiliar para una mayor autonom\u00eda. Gracias a todas estas prestaciones, podr\u00e1 <strong>alquilar una furgoneta transformada en<\/strong> M\u00e1laga y descubrir Andaluc\u00eda con total libertad, sin renunciar a la comodidad que necesita para viajar durante varios d\u00edas.<\/p>\n<p>[\/vc_column_text][\/vc_column_inner][vc_column_inner width=\u00bb1\/6&#8243;][\/vc_column_inner][\/vc_row_inner]<div class=\"grve-empty-space grve-height-1x\" style=\"\"><\/div>[vc_row_inner css=\u00bb.vc_custom_1580161408255{padding-right: 20px !important;padding-left: 20px !important;}\u00bb][vc_column_inner width=\u00bb1\/6&#8243;][\/vc_column_inner][vc_column_inner width=\u00bb1\/6&#8243; tablet_sm_width=\u00bb1-2&#8243; mobile_width=\u00bb1-2&#8243;]<div class=\"grve-element grve-image grve-align-center\" style=\"\">  <div class=\"grve-image-wrapper\"><img decoding=\"async\" width=\"300\" height=\"300\" src=\"https:\/\/www.vanbreak.com\/wp-content\/uploads\/2026\/03\/van-logo-vanbreak-300x300-1.png\" class=\"attachment-full size-full\" alt=\"\" srcset=\"https:\/\/www.vanbreak.com\/wp-content\/uploads\/2026\/03\/van-logo-vanbreak-300x300-1.png 300w, https:\/\/www.vanbreak.com\/wp-content\/uploads\/2026\/03\/van-logo-vanbreak-300x300-1-150x150.png 150w\" sizes=\"(max-width: 300px) 100vw, 300px\" \/>   <\/div><\/div><div class=\"grve-empty-space grve-height-1x\" style=\"\"><\/div><h3 class=\"grve-element grve-title grve-align-center grve-h3\" style=\"\"><span>Furgoneta nueva<\/span><\/h3><div class=\"grve-empty-space grve-height-1x\" style=\"\"><\/div>[\/vc_column_inner][vc_column_inner width=\u00bb1\/6&#8243; tablet_sm_width=\u00bb1-2&#8243; mobile_width=\u00bb1-2&#8243;]<div class=\"grve-element grve-image grve-align-center\" style=\"\">  <div class=\"grve-image-wrapper\"><img decoding=\"async\" width=\"150\" height=\"150\" src=\"https:\/\/www.vanbreak.com\/wp-content\/uploads\/2026\/03\/km-illimites-300x300-1-150x150.png\" class=\"attachment-thumbnail size-thumbnail\" alt=\"Bomba de combustible en c\u00edrculo\" srcset=\"https:\/\/www.vanbreak.com\/wp-content\/uploads\/2026\/03\/km-illimites-300x300-1-150x150.png 150w, https:\/\/www.vanbreak.com\/wp-content\/uploads\/2026\/03\/km-illimites-300x300-1-100x100.png 100w, https:\/\/www.vanbreak.com\/wp-content\/uploads\/2026\/03\/km-illimites-300x300-1.png 300w\" sizes=\"(max-width: 150px) 100vw, 150px\" \/>   <\/div><\/div><div class=\"grve-empty-space grve-height-1x\" style=\"\"><\/div><h3 class=\"grve-element grve-title grve-align-center grve-h3\" style=\"\"><span>Kil\u00f3metros ilimitados<\/span><\/h3><div class=\"grve-empty-space grve-height-1x\" style=\"\"><\/div>[\/vc_column_inner][vc_column_inner width=\u00bb1\/6&#8243; tablet_sm_width=\u00bb1-2&#8243; mobile_width=\u00bb1-2&#8243;]<div class=\"grve-element grve-image grve-align-center\" style=\"\">  <div class=\"grve-image-wrapper\"><img decoding=\"async\" width=\"150\" height=\"150\" src=\"https:\/\/www.vanbreak.com\/wp-content\/uploads\/2020\/01\/kit-de-cuisine-150x150.png\" class=\"attachment-thumbnail size-thumbnail\" alt=\"kit de cocina incluido en el alquiler de vanbreak\" srcset=\"https:\/\/www.vanbreak.com\/wp-content\/uploads\/2020\/01\/kit-de-cuisine-150x150.png 150w, https:\/\/www.vanbreak.com\/wp-content\/uploads\/2020\/01\/kit-de-cuisine-300x300.png 300w, https:\/\/www.vanbreak.com\/wp-content\/uploads\/2020\/01\/kit-de-cuisine-1024x1024.png 1024w, https:\/\/www.vanbreak.com\/wp-content\/uploads\/2020\/01\/kit-de-cuisine-768x768.png 768w, https:\/\/www.vanbreak.com\/wp-content\/uploads\/2020\/01\/kit-de-cuisine-560x560.png 560w, https:\/\/www.vanbreak.com\/wp-content\/uploads\/2020\/01\/kit-de-cuisine-900x900.png 900w, https:\/\/www.vanbreak.com\/wp-content\/uploads\/2020\/01\/kit-de-cuisine-500x500.png 500w, https:\/\/www.vanbreak.com\/wp-content\/uploads\/2020\/01\/kit-de-cuisine-800x800.png 800w, https:\/\/www.vanbreak.com\/wp-content\/uploads\/2020\/01\/kit-de-cuisine-100x100.png 100w, https:\/\/www.vanbreak.com\/wp-content\/uploads\/2020\/01\/kit-de-cuisine.png 1280w\" sizes=\"(max-width: 150px) 100vw, 150px\" \/>   <\/div><\/div><div class=\"grve-empty-space grve-height-1x\" style=\"\"><\/div><h3 class=\"grve-element grve-title grve-align-center grve-h3\" style=\"\"><span>Kit de cocina incl.<\/span><\/h3><div class=\"grve-empty-space grve-height-1x\" style=\"\"><\/div>[\/vc_column_inner][vc_column_inner width=\u00bb1\/6&#8243; tablet_sm_width=\u00bb1-2&#8243; mobile_width=\u00bb1-2&#8243;]<div class=\"grve-element grve-image grve-align-center\" style=\"\">  <div class=\"grve-image-wrapper\"><img decoding=\"async\" width=\"150\" height=\"150\" src=\"https:\/\/www.vanbreak.com\/wp-content\/uploads\/2020\/01\/draps-150x150.png\" class=\"attachment-thumbnail size-thumbnail\" alt=\"s\u00e1banas y almohadas incluidas en el alquiler de furgonetas y autocaravanas\" srcset=\"https:\/\/www.vanbreak.com\/wp-content\/uploads\/2020\/01\/draps-150x150.png 150w, https:\/\/www.vanbreak.com\/wp-content\/uploads\/2020\/01\/draps-300x300.png 300w, https:\/\/www.vanbreak.com\/wp-content\/uploads\/2020\/01\/draps-1024x1024.png 1024w, https:\/\/www.vanbreak.com\/wp-content\/uploads\/2020\/01\/draps-768x768.png 768w, https:\/\/www.vanbreak.com\/wp-content\/uploads\/2020\/01\/draps-560x560.png 560w, https:\/\/www.vanbreak.com\/wp-content\/uploads\/2020\/01\/draps-900x900.png 900w, https:\/\/www.vanbreak.com\/wp-content\/uploads\/2020\/01\/draps-500x500.png 500w, https:\/\/www.vanbreak.com\/wp-content\/uploads\/2020\/01\/draps-800x800.png 800w, https:\/\/www.vanbreak.com\/wp-content\/uploads\/2020\/01\/draps-100x100.png 100w, https:\/\/www.vanbreak.com\/wp-content\/uploads\/2020\/01\/draps.png 1280w\" sizes=\"(max-width: 150px) 100vw, 150px\" \/>   <\/div><\/div><div class=\"grve-empty-space grve-height-1x\" style=\"\"><\/div><h3 class=\"grve-element grve-title grve-align-center grve-h3\" style=\"\"><span>Kit de ropa de cama incl.<\/span><\/h3><div class=\"grve-empty-space grve-height-1x\" style=\"\"><\/div>[\/vc_column_inner][vc_column_inner width=\u00bb1\/6&#8243;][\/vc_column_inner][\/vc_row_inner][vc_row_inner css=\u00bb.vc_custom_1580161408255{padding-right: 20px !important;padding-left: 20px !important;}\u00bb][vc_column_inner width=\u00bb1\/4&#8243;][\/vc_column_inner][vc_column_inner width=\u00bb1\/4&#8243; tablet_sm_width=\u00bb1-2&#8243; mobile_width=\u00bb1-2&#8243;]<div class=\"grve-element grve-image grve-align-center\" style=\"\">  <div class=\"grve-image-wrapper\"><img decoding=\"async\" width=\"150\" height=\"150\" src=\"https:\/\/www.vanbreak.com\/wp-content\/uploads\/2021\/01\/cadena-150x150.png\" class=\"attachment-thumbnail size-thumbnail\" alt=\"\" srcset=\"https:\/\/www.vanbreak.com\/wp-content\/uploads\/2021\/01\/cadena-150x150.png 150w, https:\/\/www.vanbreak.com\/wp-content\/uploads\/2021\/01\/cadena-300x300.png 300w, https:\/\/www.vanbreak.com\/wp-content\/uploads\/2021\/01\/cadena-1024x1024.png 1024w, https:\/\/www.vanbreak.com\/wp-content\/uploads\/2021\/01\/cadena-768x768.png 768w, https:\/\/www.vanbreak.com\/wp-content\/uploads\/2021\/01\/cadena-560x560.png 560w, https:\/\/www.vanbreak.com\/wp-content\/uploads\/2021\/01\/cadena-900x900.png 900w, https:\/\/www.vanbreak.com\/wp-content\/uploads\/2021\/01\/cadena-500x500.png 500w, https:\/\/www.vanbreak.com\/wp-content\/uploads\/2021\/01\/cadena-800x800.png 800w, https:\/\/www.vanbreak.com\/wp-content\/uploads\/2021\/01\/cadena-100x100.png 100w, https:\/\/www.vanbreak.com\/wp-content\/uploads\/2021\/01\/cadena.png 1280w\" sizes=\"(max-width: 150px) 100vw, 150px\" \/>   <\/div><\/div><div class=\"grve-empty-space grve-height-1x\" style=\"\"><\/div><h3 class=\"grve-element grve-title grve-align-center grve-h3\" style=\"\"><span>Seguro a todo riesgo<\/span><\/h3><div class=\"grve-empty-space grve-height-1x\" style=\"\"><\/div>[\/vc_column_inner][vc_column_inner width=\u00bb1\/4&#8243; tablet_sm_width=\u00bb1-2&#8243; mobile_width=\u00bb1-2&#8243;]<div class=\"grve-element grve-image grve-align-center\" style=\"\">  <div class=\"grve-image-wrapper\"><img decoding=\"async\" width=\"150\" height=\"150\" src=\"https:\/\/www.vanbreak.com\/wp-content\/uploads\/2020\/05\/menage-150x150.png\" class=\"attachment-thumbnail size-thumbnail\" alt=\"\" srcset=\"https:\/\/www.vanbreak.com\/wp-content\/uploads\/2020\/05\/menage-150x150.png 150w, https:\/\/www.vanbreak.com\/wp-content\/uploads\/2020\/05\/menage-500x500.png 500w, https:\/\/www.vanbreak.com\/wp-content\/uploads\/2020\/05\/menage-100x100.png 100w, https:\/\/www.vanbreak.com\/wp-content\/uploads\/2020\/05\/menage-800x800.png 800w, https:\/\/www.vanbreak.com\/wp-content\/uploads\/2020\/05\/menage-300x300.png 300w, https:\/\/www.vanbreak.com\/wp-content\/uploads\/2020\/05\/menage-1024x1024.png 1024w, https:\/\/www.vanbreak.com\/wp-content\/uploads\/2020\/05\/menage-768x768.png 768w, https:\/\/www.vanbreak.com\/wp-content\/uploads\/2020\/05\/menage-560x560.png 560w, https:\/\/www.vanbreak.com\/wp-content\/uploads\/2020\/05\/menage-900x900.png 900w, https:\/\/www.vanbreak.com\/wp-content\/uploads\/2020\/05\/menage.png 1280w\" sizes=\"(max-width: 150px) 100vw, 150px\" \/>   <\/div><\/div><div class=\"grve-empty-space grve-height-1x\" style=\"\"><\/div><h3 class=\"grve-element grve-title grve-align-center grve-h3\" style=\"\"><span>Limpieza incl.<\/span><\/h3><div class=\"grve-empty-space grve-height-1x\" style=\"\"><\/div>[\/vc_column_inner][vc_column_inner width=\u00bb1\/4&#8243; tablet_sm_width=\u00bb1-2&#8243; mobile_width=\u00bb1-2&#8243;][\/vc_column_inner][\/vc_row_inner][vc_row_inner][vc_column_inner width=\u00bb1\/6&#8243;][\/vc_column_inner][vc_column_inner width=\u00bb2\/3&#8243;]<div class=\"grve-empty-space grve-height-1x\" style=\"\"><\/div>[\/vc_column_inner][vc_column_inner width=\u00bb1\/6&#8243;][\/vc_column_inner][\/vc_row_inner][\/vc_column][\/vc_row][vc_row bg_type=\u00bbimage\u00bb bg_image=\u00bb24355&#8243; padding_top_multiplier=\u00bb\u00bb padding_bottom_multiplier=\u00bb\u00bb columns_gap=\u00bbnone\u00bb][vc_column text_align=\u00bbcenter\u00bb][vc_row_inner][vc_column_inner]<h2 class=\"grve-element grve-title grve-align-center grve-h2 grve-increase-heading grve-heading-140\" style=\"\"><span><br>\n<p style=\"text-align: center;\">NUESTRA AGENCIA: M\u00c1LAGA (ANDALUC\u00cdA)<br>\n<\/span><\/h2><h3 class=\"grve-element grve-title grve-align-center grve-h3\" style=\"\"><span><br>\n<p style=\"text-align: center;\"><span style=\"color: #343e83;\">M\u00e1laga: el lugar ideal para comenzar su road trip en camper por Espa\u00f1a<\/span><br>\n<\/span><\/h3><div class=\"grve-empty-space grve-height-2x\" style=\"\"><\/div><div class=\"grve-element grve-align-center\"><a href=\"https:\/\/g.page\/Vanbreak-malaga?share\" title=\"Agencia vanbreak m\u00e1laga\" target=\"_blank\" rel=\"noopener noreferrer\" class=\"grve-btn grve-btn-medium grve-extra-round grve-bg-primary-3 grve-bg-hover-primary-6 buttonpad10\"><span>VANBREAK M\u00c1LAGA (GOOGLEMAP)<\/span><\/a><\/div><div class=\"grve-empty-space grve-height-2x\" style=\"\"><\/div>[vc_column_text]<\/p>\n<p data-start=\"291\" data-end=\"724\">Vanbreak, nuestra agencia especializada en <strong data-start=\"334\" data-end=\"402\">alquiler de furgonetas, autocaravanas y furgonetas camper en M\u00e1laga<\/strong>, se encuentra en <span class=\"hover:entity-accent entity-underline inline cursor-pointer align-baseline\"><span class=\"whitespace-normal\">Alhaur\u00edn de la Torre<\/span><\/span>a s\u00f3lo 10 minutos del centro de <span class=\"hover:entity-accent entity-underline inline cursor-pointer align-baseline\"><span class=\"whitespace-normal\">M\u00e1laga<\/span><\/span> y a 10 minutos de<span class=\"hover:entity-accent entity-underline inline cursor-pointer align-baseline\"><span class=\"whitespace-normal\">Aeropuerto de M\u00e1laga-Costa del Sol<\/span><\/span>. Esta ubicaci\u00f3n ideal hace que sea f\u00e1cil de recoger y dejar su veh\u00edculo y obtener su aventura a un comienzo de vuelo.<\/p>\n<p data-start=\"726\" data-end=\"1099\">Elegir <strong data-start=\"734\" data-end=\"811\">M\u00e1laga como punto de partida para el alquiler de furgonetas en Espa\u00f1a<\/strong> es una excelente opci\u00f3n para explorar Andaluc\u00eda con total libertad. Nuestra agencia Vanbreak te facilita la recogida de tu <strong data-start=\"964\" data-end=\"1007\">furgoneta transformada en M\u00e1laga<\/strong>, para que puedas iniciar tu <strong data-start=\"1033\" data-end=\"1067\">road trip en camper por<\/strong> Andaluc\u00eda en las mejores condiciones.<\/p>\n<p>[\/vc_column_text]<div class=\"grve-empty-space grve-height-2x\" style=\"\"><\/div><div class=\"grve-element grve-image grve-align-center\" style=\"\">  <div class=\"grve-image-wrapper\"><a href=\"https:\/\/visita.malaga.eu\/es\/que-hacer\/oficina-municipal-de-informacion-turistica-p103309\" title=\"Oficina de Turismo de M\u00e1laga\" target=\"_blank\" rel=\"noopener noreferrer\"><img decoding=\"async\" width=\"1536\" height=\"1024\" src=\"https:\/\/www.vanbreak.com\/wp-content\/uploads\/2026\/03\/chatgpt-image-19-mars-2026-18-04-31.png\" class=\"attachment-full size-full\" alt=\"\" srcset=\"https:\/\/www.vanbreak.com\/wp-content\/uploads\/2026\/03\/chatgpt-image-19-mars-2026-18-04-31.png 1536w, https:\/\/www.vanbreak.com\/wp-content\/uploads\/2026\/03\/chatgpt-image-19-mars-2026-18-04-31-300x200.png 300w, https:\/\/www.vanbreak.com\/wp-content\/uploads\/2026\/03\/chatgpt-image-19-mars-2026-18-04-31-1024x683.png 1024w, https:\/\/www.vanbreak.com\/wp-content\/uploads\/2026\/03\/chatgpt-image-19-mars-2026-18-04-31-768x512.png 768w, https:\/\/www.vanbreak.com\/wp-content\/uploads\/2026\/03\/chatgpt-image-19-mars-2026-18-04-31-500x333.png 500w, https:\/\/www.vanbreak.com\/wp-content\/uploads\/2026\/03\/chatgpt-image-19-mars-2026-18-04-31-800x533.png 800w\" sizes=\"(max-width: 1536px) 100vw, 1536px\" \/><\/a>   <\/div><\/div><div class=\"grve-empty-space grve-height-2x\" style=\"\"><\/div>[vc_column_text]<\/p>\n<p data-start=\"1101\" data-end=\"1456\">Una ciudad din\u00e1mica y culturalmente rica, <span class=\"hover:entity-accent entity-underline inline cursor-pointer align-baseline\"><span class=\"whitespace-normal\">M\u00e1laga<\/span><\/span> est\u00e1 abierta al mar Mediterr\u00e1neo y es una puerta de entrada ideal a los paisajes m\u00e1s bellos del sur de Espa\u00f1a. Gracias a su aeropuerto internacional y a su extensa red de autopistas, podr\u00e1s llegar en poco tiempo a muchos de los destinos imprescindibles.<\/p>\n<p data-start=\"1458\" data-end=\"2139\">Desde M\u00e1laga, explore los famosos pueblos blancos andaluces de <span class=\"hover:entity-accent entity-underline inline cursor-pointer align-baseline\"><span class=\"whitespace-normal\">Ronda<\/span><\/span> o <span class=\"hover:entity-accent entity-underline inline cursor-pointer align-baseline\"><span class=\"whitespace-normal\">Mijas<\/span><\/span>o descubra <span class=\"hover:entity-accent entity-underline inline cursor-pointer align-baseline\"><span class=\"whitespace-normal\">Granada<\/span><\/span> y la famosa <span class=\"hover:entity-accent entity-underline inline cursor-pointer align-baseline\"><span class=\"whitespace-normal\">Alhambra<\/span><\/span>o admirar los paisajes de <span class=\"hover:entity-accent entity-underline inline cursor-pointer align-baseline\"><span class=\"whitespace-normal\">Sierra Nevada<\/span><\/span>. Su viaje tambi\u00e9n puede llevarle a <span class=\"hover:entity-accent entity-underline inline cursor-pointer align-baseline\"><span class=\"whitespace-normal\">Sevilla<\/span><\/span>la capital hist\u00f3rica de Andaluc\u00eda, a la ciudad portuaria de <span class=\"hover:entity-accent entity-underline inline cursor-pointer align-baseline\"><span class=\"whitespace-normal\">C\u00e1diz<\/span><\/span> o a <span class=\"hover:entity-accent entity-underline inline cursor-pointer align-baseline\"><span class=\"whitespace-normal\">Tarifa<\/span><\/span>famosa por sus playas salvajes y su ambiente \u00fanico entre el Mediterr\u00e1neo y el Atl\u00e1ntico.<\/p>\n<p data-start=\"2141\" data-end=\"2348\">Con un <strong data-start=\"2152\" data-end=\"2199\">alquiler camper Espaa desde Mlaga<\/strong>, podrs explorar Andaluca a tu propio ritmo, disfrutando de paisajes espectaculares y viviendo una autntica experiencia <strong data-start=\"2325\" data-end=\"2347\">vanlife en Espaa<\/strong>.<\/p>\n<p>[\/vc_column_text]<div class=\"grve-empty-space grve-height-2x\" style=\"\"><\/div>[\/vc_column_inner][\/vc_row_inner][\/vc_column][\/vc_row][vc_row section_type=\u00bbfullwidth\u00bb bg_type=\u00bbcolor\u00bb columns_gap=\u00bbnone\u00bb bg_color=\u00bb#ebecf0&#8243;][vc_column][vc_row_inner css=\u00bb.vc_custom_1580161408255{padding-right: 20px !important;padding-left: 20px !important;}\u00bb][vc_column_inner width=\u00bb1\/6&#8243;][\/vc_column_inner][vc_column_inner width=\u00bb2\/3&#8243;]<h2 class=\"grve-element grve-title grve-align-center grve-h2 grve-increase-heading grve-heading-140\" style=\"\"><span><br>\nVANBREAK: ALQUILER DE FURGONETAS TRANSFORMADAS EN ESPA\u00d1A (M\u00c1LAGA)<br>\n<\/span><\/h2><h3 class=\"grve-element grve-title grve-align-center grve-h3\" style=\"\"><span><br>\n<p style=\"text-align: center;\"><span style=\"color: #343e83;\">Sencillo, digital y seguro<\/span><br>\n<\/span><\/h3><div class=\"grve-empty-space grve-height-1x\" style=\"\"><\/div><div class=\"grve-element grve-align-center\"><a href=\"https:\/\/www.vanbreak.com\/location-van-amenage-a-malaga-espagne\/\" title=\"Alquila una furgoneta camper\" class=\"grve-btn grve-btn-medium grve-extra-round grve-bg-primary-3 grve-bg-hover-primary-6 buttonpad10\"><span>ALQUILA UNA FURGONETA CAMPER<\/span><\/a><\/div><div class=\"grve-empty-space grve-height-1x\" style=\"\"><\/div><div class=\"grve-element grve-video\" style=\"\"><iframe title=\"VanBreak - Campervan hire in Spain (Malaga)\" width=\"1080\" height=\"608\" src=\"https:\/\/www.youtube.com\/embed\/HQi8_zMwYa4?feature=oembed\" frameborder=\"0\" allow=\"accelerometer; autoplay; clipboard-write; encrypted-media; gyroscope; picture-in-picture\" allowfullscreen><\/iframe><\/div><div class=\"grve-empty-space grve-height-1x\" style=\"\"><\/div>[vc_column_text]<\/p>\n<p style=\"text-align: center;\"><span style=\"color: #343e83;\">Vanbreak es una agencia de alquiler de furgonetas transformadas en Espa\u00f1a, furgonetas transformadas y autocaravanas.<\/span><\/p>\n<p>[\/vc_column_text][vc_column_text]<\/p>\n<p style=\"text-align: center;\"><span style=\"color: #343e83;\"><strong>Vanbreak<\/strong> es una <strong>agencia de alquiler de furgonetas transformadas<\/strong>, <strong>furgonetas convertidas<\/strong> y <strong>autocaravanas en Espa\u00f1a (Andaluc\u00eda &#8211; M\u00e1laga).<\/strong><\/span><\/p>\n<p style=\"text-align: center;\"><span style=\"color: #343e83;\"><span style=\"color: #343e83;\">Prestamos especial atenci\u00f3n a la seguridad y la comodidad de nuestros pasajeros. <\/span><a style=\"color: #343e83;\" href=\"https:\/\/www.vanbreak.com\/es\/modelos-furgoneta-camper\/\"><strong>nuestras furgonetas camper<\/strong><\/a><span style=\"color: #343e83;\"> est\u00e1n equipados para poder dormir c\u00f3modamente (de 2 a 5 personas) y mantenerse calientes (calefacci\u00f3n durante la noche), cocinar y comer, y lavarse (ducha). Todas nuestras camper y furgonetas camper son <\/span><b style=\"color: #343e83;\">nuevo y <\/b><span style=\"color: #343e83;\"><b>lujoso<\/b><\/span><b style=\"color: #343e83;\"> <\/b><span style=\"color: #343e83;\">le garantizan un <b>road trip en camper <\/b>de alta calidad y total autonom\u00eda <b>en Espa\u00f1a <\/b>.<\/span><\/span><\/p>\n<p style=\"text-align: center;\"><span style=\"color: #343e83;\">Nuestro <strong>precio<\/strong> incluye <strong>seguro a todo riesgo<\/strong>, <strong>kilometraje ilimitado<\/strong>, utensilios <strong>y equipo de acampada<\/strong>, <strong>limpieza<\/strong> de tu veh\u00edculo y <strong>s\u00e1banas y almohadas<\/strong>, as\u00ed como <strong>asesoramiento de viaje<\/strong> y una <strong>l\u00ednea telef\u00f3nica<\/strong> personal <strong>de ayuda<\/strong>.<br \/>\n<\/span><\/p>\n<p>[\/vc_column_text]<div class=\"grve-empty-space grve-height-1x\" style=\"\"><\/div>[\/vc_column_inner][vc_column_inner width=\u00bb1\/6&#8243;][\/vc_column_inner][\/vc_row_inner][\/vc_column][\/vc_row][vc_row section_type=\u00bbfullwidth\u00bb bg_type=\u00bbcolor\u00bb padding_top_multiplier=\u00bb\u00bb padding_bottom_multiplier=\u00bb\u00bb columns_gap=\u00bbnone\u00bb bg_color=\u00bb#ebecf0&#8243;][vc_column]<div class=\"grve-empty-space grve-height-2x\" style=\"\"><\/div>[vc_row_inner][vc_column_inner]<div class=\"grve-element grve-flexible-carousel grve-carousel grve-layout-1 grve-with-gap\" style=\"\"><div class=\"grve-carousel-wrapper\"><div class=\"grve-carousel-navigation grve-dark grve-navigation-1 grve-navigation-carousel\">\t<div class=\"grve-carousel-buttons\">\t\t<div class=\"grve-carousel-prev\">\t\t\t<i class=\"grve-icon-nav-left-small\"><\/i>\t\t<\/div>\t\t<div class=\"grve-carousel-next\">\t\t\t<i class=\"grve-icon-nav-right-small\"><\/i>\t\t<\/div>\t<\/div><\/div>\t<div class=\"grve-flexible-carousel-element \" data-items=\"4\" data-items-tablet-landscape=\"3\" data-items-tablet-portrait=\"2\" data-items-mobile=\"1\" data-slider-autoplay=\"yes\" data-slider-speed=\"3000\" data-slider-pause=\"no\" data-pagination-speed=\"400\" data-pagination=\"no\" data-slider-autoheight=\"no\"><div class=\"grve-element grve-image grve-align-center\" style=\"\">  <div class=\"grve-image-wrapper\"><img decoding=\"async\" width=\"1365\" height=\"2048\" src=\"https:\/\/www.vanbreak.com\/wp-content\/uploads\/2022\/11\/DSC0844-scaled.jpg\" class=\"attachment-full size-full\" alt=\"\" srcset=\"https:\/\/www.vanbreak.com\/wp-content\/uploads\/2022\/11\/DSC0844-scaled.jpg 1365w, https:\/\/www.vanbreak.com\/wp-content\/uploads\/2022\/11\/DSC0844-200x300.jpg 200w, https:\/\/www.vanbreak.com\/wp-content\/uploads\/2022\/11\/DSC0844-683x1024.jpg 683w, https:\/\/www.vanbreak.com\/wp-content\/uploads\/2022\/11\/DSC0844-768x1152.jpg 768w, https:\/\/www.vanbreak.com\/wp-content\/uploads\/2022\/11\/DSC0844-1024x1536.jpg 1024w, https:\/\/www.vanbreak.com\/wp-content\/uploads\/2022\/11\/DSC0844-1280x1920.jpg 1280w, https:\/\/www.vanbreak.com\/wp-content\/uploads\/2022\/11\/DSC0844-500x750.jpg 500w, https:\/\/www.vanbreak.com\/wp-content\/uploads\/2022\/11\/DSC0844-800x1200.jpg 800w\" sizes=\"(max-width: 1365px) 100vw, 1365px\" \/>   <\/div><\/div><div class=\"grve-element grve-image grve-align-center\" style=\"\">  <div class=\"grve-image-wrapper\"><img decoding=\"async\" width=\"1365\" height=\"2048\" src=\"https:\/\/www.vanbreak.com\/wp-content\/uploads\/2022\/11\/DSC0490-scaled.jpg\" class=\"attachment-full size-full\" alt=\"\" srcset=\"https:\/\/www.vanbreak.com\/wp-content\/uploads\/2022\/11\/DSC0490-scaled.jpg 1365w, https:\/\/www.vanbreak.com\/wp-content\/uploads\/2022\/11\/DSC0490-200x300.jpg 200w, https:\/\/www.vanbreak.com\/wp-content\/uploads\/2022\/11\/DSC0490-683x1024.jpg 683w, https:\/\/www.vanbreak.com\/wp-content\/uploads\/2022\/11\/DSC0490-768x1152.jpg 768w, https:\/\/www.vanbreak.com\/wp-content\/uploads\/2022\/11\/DSC0490-1024x1536.jpg 1024w, https:\/\/www.vanbreak.com\/wp-content\/uploads\/2022\/11\/DSC0490-1280x1920.jpg 1280w, https:\/\/www.vanbreak.com\/wp-content\/uploads\/2022\/11\/DSC0490-500x750.jpg 500w, https:\/\/www.vanbreak.com\/wp-content\/uploads\/2022\/11\/DSC0490-800x1200.jpg 800w\" sizes=\"(max-width: 1365px) 100vw, 1365px\" \/>   <\/div><\/div><div class=\"grve-element grve-image grve-align-center\" style=\"\">  <div class=\"grve-image-wrapper\"><img decoding=\"async\" width=\"1365\" height=\"2048\" src=\"https:\/\/www.vanbreak.com\/wp-content\/uploads\/2022\/11\/DSC8441-scaled.jpg\" class=\"attachment-full size-full\" alt=\"\" srcset=\"https:\/\/www.vanbreak.com\/wp-content\/uploads\/2022\/11\/DSC8441-scaled.jpg 1365w, https:\/\/www.vanbreak.com\/wp-content\/uploads\/2022\/11\/DSC8441-200x300.jpg 200w, https:\/\/www.vanbreak.com\/wp-content\/uploads\/2022\/11\/DSC8441-683x1024.jpg 683w, https:\/\/www.vanbreak.com\/wp-content\/uploads\/2022\/11\/DSC8441-768x1152.jpg 768w, https:\/\/www.vanbreak.com\/wp-content\/uploads\/2022\/11\/DSC8441-1024x1536.jpg 1024w, https:\/\/www.vanbreak.com\/wp-content\/uploads\/2022\/11\/DSC8441-1280x1920.jpg 1280w, https:\/\/www.vanbreak.com\/wp-content\/uploads\/2022\/11\/DSC8441-500x750.jpg 500w, https:\/\/www.vanbreak.com\/wp-content\/uploads\/2022\/11\/DSC8441-800x1200.jpg 800w\" sizes=\"(max-width: 1365px) 100vw, 1365px\" \/>   <\/div><\/div><div class=\"grve-element grve-image grve-align-center\" style=\"\">  <div class=\"grve-image-wrapper\"><img decoding=\"async\" width=\"1365\" height=\"2048\" src=\"https:\/\/www.vanbreak.com\/wp-content\/uploads\/2022\/11\/DSC8674-scaled.jpg\" class=\"attachment-full size-full\" alt=\"alquiler mercedes marco polo malaga - vanbreak\" srcset=\"https:\/\/www.vanbreak.com\/wp-content\/uploads\/2022\/11\/DSC8674-scaled.jpg 1365w, https:\/\/www.vanbreak.com\/wp-content\/uploads\/2022\/11\/DSC8674-200x300.jpg 200w, https:\/\/www.vanbreak.com\/wp-content\/uploads\/2022\/11\/DSC8674-683x1024.jpg 683w, https:\/\/www.vanbreak.com\/wp-content\/uploads\/2022\/11\/DSC8674-768x1152.jpg 768w, https:\/\/www.vanbreak.com\/wp-content\/uploads\/2022\/11\/DSC8674-1024x1536.jpg 1024w, https:\/\/www.vanbreak.com\/wp-content\/uploads\/2022\/11\/DSC8674-1280x1920.jpg 1280w, https:\/\/www.vanbreak.com\/wp-content\/uploads\/2022\/11\/DSC8674-500x750.jpg 500w, https:\/\/www.vanbreak.com\/wp-content\/uploads\/2022\/11\/DSC8674-800x1200.jpg 800w\" sizes=\"(max-width: 1365px) 100vw, 1365px\" \/>   <\/div><\/div><div class=\"grve-element grve-image grve-align-center\" style=\"\">  <div class=\"grve-image-wrapper\"><img decoding=\"async\" width=\"1365\" height=\"2048\" src=\"https:\/\/www.vanbreak.com\/wp-content\/uploads\/2022\/11\/DSC8514-scaled.jpg\" class=\"attachment-full size-full\" alt=\"\" srcset=\"https:\/\/www.vanbreak.com\/wp-content\/uploads\/2022\/11\/DSC8514-scaled.jpg 1365w, https:\/\/www.vanbreak.com\/wp-content\/uploads\/2022\/11\/DSC8514-200x300.jpg 200w, https:\/\/www.vanbreak.com\/wp-content\/uploads\/2022\/11\/DSC8514-683x1024.jpg 683w, https:\/\/www.vanbreak.com\/wp-content\/uploads\/2022\/11\/DSC8514-768x1152.jpg 768w, https:\/\/www.vanbreak.com\/wp-content\/uploads\/2022\/11\/DSC8514-1024x1536.jpg 1024w, https:\/\/www.vanbreak.com\/wp-content\/uploads\/2022\/11\/DSC8514-1280x1920.jpg 1280w, https:\/\/www.vanbreak.com\/wp-content\/uploads\/2022\/11\/DSC8514-500x750.jpg 500w, https:\/\/www.vanbreak.com\/wp-content\/uploads\/2022\/11\/DSC8514-800x1200.jpg 800w\" sizes=\"(max-width: 1365px) 100vw, 1365px\" \/>   <\/div><\/div><div class=\"grve-element grve-image grve-align-center\" style=\"\">  <div class=\"grve-image-wrapper\"><img decoding=\"async\" width=\"1365\" height=\"2048\" src=\"https:\/\/www.vanbreak.com\/wp-content\/uploads\/2022\/11\/DSC8605-scaled.jpg\" class=\"attachment-full size-full\" alt=\"Alquiler camper Espaa (Andalucia) - Vanbreak\" srcset=\"https:\/\/www.vanbreak.com\/wp-content\/uploads\/2022\/11\/DSC8605-scaled.jpg 1365w, https:\/\/www.vanbreak.com\/wp-content\/uploads\/2022\/11\/DSC8605-200x300.jpg 200w, https:\/\/www.vanbreak.com\/wp-content\/uploads\/2022\/11\/DSC8605-683x1024.jpg 683w, https:\/\/www.vanbreak.com\/wp-content\/uploads\/2022\/11\/DSC8605-768x1152.jpg 768w, https:\/\/www.vanbreak.com\/wp-content\/uploads\/2022\/11\/DSC8605-1024x1536.jpg 1024w, https:\/\/www.vanbreak.com\/wp-content\/uploads\/2022\/11\/DSC8605-1280x1920.jpg 1280w, https:\/\/www.vanbreak.com\/wp-content\/uploads\/2022\/11\/DSC8605-500x750.jpg 500w, https:\/\/www.vanbreak.com\/wp-content\/uploads\/2022\/11\/DSC8605-800x1200.jpg 800w\" sizes=\"(max-width: 1365px) 100vw, 1365px\" \/>   <\/div><\/div><div class=\"grve-element grve-image grve-align-center\" style=\"\">  <div class=\"grve-image-wrapper\"><img decoding=\"async\" width=\"1365\" height=\"2048\" src=\"https:\/\/www.vanbreak.com\/wp-content\/uploads\/2022\/11\/DSC1096-scaled.jpg\" class=\"attachment-full size-full\" alt=\"\" srcset=\"https:\/\/www.vanbreak.com\/wp-content\/uploads\/2022\/11\/DSC1096-scaled.jpg 1365w, https:\/\/www.vanbreak.com\/wp-content\/uploads\/2022\/11\/DSC1096-200x300.jpg 200w, https:\/\/www.vanbreak.com\/wp-content\/uploads\/2022\/11\/DSC1096-683x1024.jpg 683w, https:\/\/www.vanbreak.com\/wp-content\/uploads\/2022\/11\/DSC1096-768x1152.jpg 768w, https:\/\/www.vanbreak.com\/wp-content\/uploads\/2022\/11\/DSC1096-1024x1536.jpg 1024w, https:\/\/www.vanbreak.com\/wp-content\/uploads\/2022\/11\/DSC1096-1280x1920.jpg 1280w, https:\/\/www.vanbreak.com\/wp-content\/uploads\/2022\/11\/DSC1096-500x750.jpg 500w, https:\/\/www.vanbreak.com\/wp-content\/uploads\/2022\/11\/DSC1096-800x1200.jpg 800w\" sizes=\"(max-width: 1365px) 100vw, 1365px\" \/>   <\/div><\/div><div class=\"grve-element grve-image grve-align-center\" style=\"\">  <div class=\"grve-image-wrapper\"><img decoding=\"async\" width=\"1365\" height=\"2048\" src=\"https:\/\/www.vanbreak.com\/wp-content\/uploads\/2022\/11\/DSC8559-scaled.jpg\" class=\"attachment-full size-full\" alt=\"Alquiler camper Espaa (Andalucia) - Vanbreak\" srcset=\"https:\/\/www.vanbreak.com\/wp-content\/uploads\/2022\/11\/DSC8559-scaled.jpg 1365w, https:\/\/www.vanbreak.com\/wp-content\/uploads\/2022\/11\/DSC8559-200x300.jpg 200w, https:\/\/www.vanbreak.com\/wp-content\/uploads\/2022\/11\/DSC8559-683x1024.jpg 683w, https:\/\/www.vanbreak.com\/wp-content\/uploads\/2022\/11\/DSC8559-768x1152.jpg 768w, https:\/\/www.vanbreak.com\/wp-content\/uploads\/2022\/11\/DSC8559-1024x1536.jpg 1024w, https:\/\/www.vanbreak.com\/wp-content\/uploads\/2022\/11\/DSC8559-1280x1920.jpg 1280w, https:\/\/www.vanbreak.com\/wp-content\/uploads\/2022\/11\/DSC8559-500x750.jpg 500w, https:\/\/www.vanbreak.com\/wp-content\/uploads\/2022\/11\/DSC8559-800x1200.jpg 800w\" sizes=\"(max-width: 1365px) 100vw, 1365px\" \/>   <\/div><\/div><div class=\"grve-element grve-image grve-align-center\" style=\"\">  <div class=\"grve-image-wrapper\"><img decoding=\"async\" width=\"1365\" height=\"2048\" src=\"https:\/\/www.vanbreak.com\/wp-content\/uploads\/2022\/11\/DSC8547-scaled.jpg\" class=\"attachment-full size-full\" alt=\"Alquiler camper Espaa (Andalucia) - Vanbreak\" srcset=\"https:\/\/www.vanbreak.com\/wp-content\/uploads\/2022\/11\/DSC8547-scaled.jpg 1365w, https:\/\/www.vanbreak.com\/wp-content\/uploads\/2022\/11\/DSC8547-200x300.jpg 200w, https:\/\/www.vanbreak.com\/wp-content\/uploads\/2022\/11\/DSC8547-683x1024.jpg 683w, https:\/\/www.vanbreak.com\/wp-content\/uploads\/2022\/11\/DSC8547-768x1152.jpg 768w, https:\/\/www.vanbreak.com\/wp-content\/uploads\/2022\/11\/DSC8547-1024x1536.jpg 1024w, https:\/\/www.vanbreak.com\/wp-content\/uploads\/2022\/11\/DSC8547-1280x1920.jpg 1280w, https:\/\/www.vanbreak.com\/wp-content\/uploads\/2022\/11\/DSC8547-500x750.jpg 500w, https:\/\/www.vanbreak.com\/wp-content\/uploads\/2022\/11\/DSC8547-800x1200.jpg 800w\" sizes=\"(max-width: 1365px) 100vw, 1365px\" \/>   <\/div><\/div><div class=\"grve-element grve-image grve-align-center\" style=\"\">  <div class=\"grve-image-wrapper\"><img decoding=\"async\" width=\"1365\" height=\"2048\" src=\"https:\/\/www.vanbreak.com\/wp-content\/uploads\/2022\/11\/DSC8344-scaled.jpg\" class=\"attachment-full size-full\" alt=\"Alquiler camper Espaa (Andalucia) - Vanbreak\" srcset=\"https:\/\/www.vanbreak.com\/wp-content\/uploads\/2022\/11\/DSC8344-scaled.jpg 1365w, https:\/\/www.vanbreak.com\/wp-content\/uploads\/2022\/11\/DSC8344-200x300.jpg 200w, https:\/\/www.vanbreak.com\/wp-content\/uploads\/2022\/11\/DSC8344-683x1024.jpg 683w, https:\/\/www.vanbreak.com\/wp-content\/uploads\/2022\/11\/DSC8344-768x1152.jpg 768w, https:\/\/www.vanbreak.com\/wp-content\/uploads\/2022\/11\/DSC8344-1024x1536.jpg 1024w, https:\/\/www.vanbreak.com\/wp-content\/uploads\/2022\/11\/DSC8344-1280x1920.jpg 1280w, https:\/\/www.vanbreak.com\/wp-content\/uploads\/2022\/11\/DSC8344-500x750.jpg 500w, https:\/\/www.vanbreak.com\/wp-content\/uploads\/2022\/11\/DSC8344-800x1200.jpg 800w\" sizes=\"(max-width: 1365px) 100vw, 1365px\" \/>   <\/div><\/div><div class=\"grve-element grve-image grve-align-center\" style=\"\">  <div class=\"grve-image-wrapper\"><img decoding=\"async\" width=\"1365\" height=\"2048\" src=\"https:\/\/www.vanbreak.com\/wp-content\/uploads\/2022\/11\/DSC8364-scaled.jpg\" class=\"attachment-full size-full\" alt=\"Alquiler camper Espa\u00f1a (Andalucia) - Vanbreak\" srcset=\"https:\/\/www.vanbreak.com\/wp-content\/uploads\/2022\/11\/DSC8364-scaled.jpg 1365w, https:\/\/www.vanbreak.com\/wp-content\/uploads\/2022\/11\/DSC8364-200x300.jpg 200w, https:\/\/www.vanbreak.com\/wp-content\/uploads\/2022\/11\/DSC8364-683x1024.jpg 683w, https:\/\/www.vanbreak.com\/wp-content\/uploads\/2022\/11\/DSC8364-768x1152.jpg 768w, https:\/\/www.vanbreak.com\/wp-content\/uploads\/2022\/11\/DSC8364-1024x1536.jpg 1024w, https:\/\/www.vanbreak.com\/wp-content\/uploads\/2022\/11\/DSC8364-1280x1920.jpg 1280w, https:\/\/www.vanbreak.com\/wp-content\/uploads\/2022\/11\/DSC8364-500x750.jpg 500w, https:\/\/www.vanbreak.com\/wp-content\/uploads\/2022\/11\/DSC8364-800x1200.jpg 800w\" sizes=\"(max-width: 1365px) 100vw, 1365px\" \/>   <\/div><\/div><div class=\"grve-element grve-image grve-align-center\" style=\"\">  <div class=\"grve-image-wrapper\"><img decoding=\"async\" width=\"1365\" height=\"2048\" src=\"https:\/\/www.vanbreak.com\/wp-content\/uploads\/2022\/11\/DSC8532-scaled.jpg\" class=\"attachment-full size-full\" alt=\"Alquiler camper Espa\u00f1a (Andalucia) - Vanbreak\" srcset=\"https:\/\/www.vanbreak.com\/wp-content\/uploads\/2022\/11\/DSC8532-scaled.jpg 1365w, https:\/\/www.vanbreak.com\/wp-content\/uploads\/2022\/11\/DSC8532-200x300.jpg 200w, https:\/\/www.vanbreak.com\/wp-content\/uploads\/2022\/11\/DSC8532-683x1024.jpg 683w, https:\/\/www.vanbreak.com\/wp-content\/uploads\/2022\/11\/DSC8532-768x1152.jpg 768w, https:\/\/www.vanbreak.com\/wp-content\/uploads\/2022\/11\/DSC8532-1024x1536.jpg 1024w, https:\/\/www.vanbreak.com\/wp-content\/uploads\/2022\/11\/DSC8532-1280x1920.jpg 1280w, https:\/\/www.vanbreak.com\/wp-content\/uploads\/2022\/11\/DSC8532-500x750.jpg 500w, https:\/\/www.vanbreak.com\/wp-content\/uploads\/2022\/11\/DSC8532-800x1200.jpg 800w\" sizes=\"(max-width: 1365px) 100vw, 1365px\" \/>   <\/div><\/div><div class=\"grve-element grve-image grve-align-center\" style=\"\">  <div class=\"grve-image-wrapper\"><img decoding=\"async\" width=\"1365\" height=\"2048\" src=\"https:\/\/www.vanbreak.com\/wp-content\/uploads\/2022\/11\/DSC8291-scaled.jpg\" class=\"attachment-full size-full\" alt=\"Alquiler camper Espa\u00f1a (Andalucia) - Vanbreak\" srcset=\"https:\/\/www.vanbreak.com\/wp-content\/uploads\/2022\/11\/DSC8291-scaled.jpg 1365w, https:\/\/www.vanbreak.com\/wp-content\/uploads\/2022\/11\/DSC8291-200x300.jpg 200w, https:\/\/www.vanbreak.com\/wp-content\/uploads\/2022\/11\/DSC8291-683x1024.jpg 683w, https:\/\/www.vanbreak.com\/wp-content\/uploads\/2022\/11\/DSC8291-768x1152.jpg 768w, https:\/\/www.vanbreak.com\/wp-content\/uploads\/2022\/11\/DSC8291-1024x1536.jpg 1024w, https:\/\/www.vanbreak.com\/wp-content\/uploads\/2022\/11\/DSC8291-1280x1920.jpg 1280w, https:\/\/www.vanbreak.com\/wp-content\/uploads\/2022\/11\/DSC8291-500x750.jpg 500w, https:\/\/www.vanbreak.com\/wp-content\/uploads\/2022\/11\/DSC8291-800x1200.jpg 800w\" sizes=\"(max-width: 1365px) 100vw, 1365px\" \/>   <\/div><\/div>\t<\/div>  <\/div><\/div>[\/vc_column_inner][\/vc_row_inner][\/vc_column][\/vc_row][vc_row bg_type=\u00bbimage\u00bb bg_image=\u00bb24355&#8243; padding_top_multiplier=\u00bb\u00bb padding_bottom_multiplier=\u00bb\u00bb columns_gap=\u00bbnone\u00bb][vc_column][vc_row_inner][vc_column_inner css=\u00bb.vc_custom_1580242064590{padding-right: 20px !important;padding-left: 20px !important;}\u00bb]<div class=\"grve-empty-space grve-height-2x\" style=\"\"><\/div><h2 class=\"grve-element grve-title grve-align-center grve-h2 grve-increase-heading grve-heading-140\" style=\"\"><span>VIAJAR EN FURGONETA TRANSFORMADA POR ESPA\u00d1A (ANDALUC\u00cdA)<\/span><\/h2><h3 class=\"grve-element grve-title grve-align-center grve-h3\" style=\"\"><span><br>\n<p style=\"text-align: center;\"><span style=\"color: #343e83;\">Nuestros itinerarios de road trip en camper por Espa\u00f1a (Andaluc\u00eda)<\/span><br>\n<\/span><\/h3><div class=\"grve-empty-space grve-height-2x\" style=\"\"><\/div><div class=\"grve-element grve-align-center\"><a href=\"https:\/\/www.vanbreak.com\/es\/viajes-en-andalucia\/\" title=\"roadtrip en Espa\u00f1a\" class=\"grve-btn grve-btn-medium grve-extra-round grve-bg-primary-3 grve-bg-hover-primary-6 buttonpad10\"><span>ITINERARIOS EN FURGONETA<\/span><\/a><\/div><div class=\"grve-empty-space grve-height-2x\" style=\"\"><\/div>[vc_column_text]Si buscas un destino de ensue\u00f1o para tu <strong>road trip en camper por Espa\u00f1a<\/strong>, tanto si tienes experiencia como si no, <strong>Andaluc\u00eda<\/strong> es el destino ideal en Europa para viajar en una <strong>furgoneta transformada.<\/strong> Encontrar\u00e1s varios <strong><a href=\"https:\/\/www.vanbreak.com\/es\/viajes-en-andalucia\/\">itinerarios<\/a><\/strong> para descubrir la riqueza de la costa andaluza y sus maravillas (pueblos blancos &#8211; Ronda, Granada, Sevilla, C\u00e1diz, Tarifa, y mucho m\u00e1s&#8230;.[\/vc_column_text]<div class=\"grve-empty-space grve-height-3x\" style=\"\"><\/div>\t\t<div class=\"grve-element grve-blog-leader grve-layout-1 grve-blog-items-5\" style=\"\">\r\n<div class=\"grve-post-leader\">\r\n\t\t\t\t<article class=\"grve-blog-item post-24554 post type-post status-publish format-standard has-post-thumbnail hentry category-roadtrip-es\" itemscope itemType=\"http:\/\/schema.org\/BlogPosting\">\r\n\t\t\t\t\t<div class=\"grve-blog-item-inner grve-animated-item grve-zoom-in\">\r\n\r\n\t\t\t\t\t\t\t\t\t<div class=\"grve-media clearfix\">\r\n\t\t\t<a href=\"https:\/\/www.vanbreak.com\/es\/goofy-coconut-ha-alquilado-su-furgoneta-transformada-a-vanbreak-averigua-por-que\/\"><img decoding=\"async\" width=\"560\" height=\"420\" src=\"https:\/\/www.vanbreak.com\/wp-content\/uploads\/2017\/10\/Goofycoconut-vanbreak-560x420.jpg\" class=\"attachment-movedo-grve-small-rect-horizontal size-movedo-grve-small-rect-horizontal wp-post-image\" alt=\"Alquiler camper Espaa\" \/><\/a>\r\n\t\t<\/div>\r\n\t\t\t\t\t\t\t<div class=\"grve-post-content\">\r\n\t\t\t\t\t\t\t\t<div class=\"grve-post-header\">\r\n\t\t\t\t\t\t\t\t\t\t\t\t\t\t\t\t\t\t\t<a href=\"https:\/\/www.vanbreak.com\/es\/goofy-coconut-ha-alquilado-su-furgoneta-transformada-a-vanbreak-averigua-por-que\/\" rel=\"bookmark\"><h4 class=\"grve-post-title grve-post-title-hover grve-h2\" itemprop=\"headline\">Goofy Coconut ha alquilado su furgoneta transformada a VanBreak, averigua por qu\u00e9&#8230;<\/h4><\/a>\t\t\t\t\t\t\t\t\t\t\t\t<span class=\"grve-hidden\">\r\n\t\t\t<span class=\"grve-structured-data entry-title\">Goofy Coconut ha alquilado su furgoneta transformada a VanBreak, averigua por qu\u00e9&#8230;<\/span>\r\n\t\t\t<span class=\"grve-structured-data\" itemprop=\"image\" itemscope itemtype=\"http:\/\/schema.org\/ImageObject\">\r\n\t\t\t   <span itemprop='url' >https:\/\/www.vanbreak.com\/wp-content\/uploads\/2017\/10\/Goofycoconut-vanbreak.jpg<\/span>\r\n\t\t\t   <span itemprop='height' >672<\/span>\r\n\t\t\t   <span itemprop='width' >450<\/span>\r\n\t\t\t<\/span>\r\n\t\t\t\t\t\t<span class=\"grve-structured-data vcard author\" itemprop=\"author\" itemscope itemtype=\"http:\/\/schema.org\/Person\">\r\n\t\t\t\t<span itemprop=\"name\" class=\"fn\">VanBreak - Alquiler de autocaravana y furgoneta camper, Espa\u00f1a<\/span>\r\n\t\t\t<\/span>\r\n\t\t\t<span class=\"grve-structured-data\" itemprop=\"publisher\" itemscope itemtype=\"http:\/\/schema.org\/Organization\">\r\n\t\t\t\t<span itemprop='name'>VanBreak - Alquiler de autocaravana y furgoneta camper, Espa\u00f1a<\/span>\r\n\t\t\t\t<span itemprop='logo' itemscope itemtype='http:\/\/schema.org\/ImageObject'>\r\n\t\t\t\t\t<span itemprop='url'>\/\/www.vanbreak.com\/wp-content\/uploads\/2022\/01\/VANBREAK-MAST_LOGO_VERT-GRAD-CMYK-copie.png<\/span>\r\n\t\t\t\t<\/span>\r\n\t\t\t<\/span>\r\n\t\t\t\t\t\t<time class=\"grve-structured-data date published\" itemprop=\"datePublished\" datetime=\"2026-03-10T20:23:26+00:00\">10 de marzo de 2026<\/time>\r\n\t\t\t<time class=\"grve-structured-data date updated\" itemprop=\"dateModified\"  datetime=\"2026-03-24T12:17:15+00:00\">24 de marzo de 2026<\/time>\r\n\t\t\t<span class=\"grve-structured-data\" itemprop=\"mainEntityOfPage\" itemscope itemtype=\"http:\/\/schema.org\/WebPage\" itemid=\"https:\/\/www.vanbreak.com\/es\/goofy-coconut-ha-alquilado-su-furgoneta-transformada-a-vanbreak-averigua-por-que\/\"><\/span>\r\n\t\t<\/span>\r\n\t\t\t\t\t\t\t\t\t\t\t\t\t\t\t\t\t\t\t\t\r\n\t\t\t\t\t\t\t\t<\/div>\r\n\t\t\t\t\t\t\t\t<div itemprop=\"articleBody\"><p>La idea de vivir con total autonom\u00eda, dormir directamente in situ y ser el primero en llegar al agua por la ma\u00f1ana: \u00a1en el mejor lugar y en el mejor momento! Es un sue\u00f1o hecho realidad con Vanbreak, que ofrece furgonetas transformadas de alquiler en Espa\u00f1a (M\u00e1laga). He probado&#8230;    <\/p>\n<\/div>\t\t\t\t\t\t\t<\/div>\r\n\r\n\t\t\t\t\t<\/div>\r\n\t\t\t\t<\/article>\r\n\r\n<\/div><div class=\"grve-post-list\">\r\n\t\t\t\t<article class=\"grve-blog-item post-24070 post type-post status-publish format-standard has-post-thumbnail hentry category-roadtrip-es\" itemscope itemType=\"http:\/\/schema.org\/BlogPosting\">\r\n\t\t\t\t\t<div class=\"grve-blog-item-inner grve-animated-item grve-zoom-in\">\r\n\r\n\t\t\t\t\t\t\t\t\t<div class=\"grve-media clearfix\">\r\n\t\t\t<a href=\"https:\/\/www.vanbreak.com\/es\/senderismo-en-andalucia-los-10-senderos-mas-bonitos-entre-mar-montana-y-gargantas\/\"><img decoding=\"async\" width=\"560\" height=\"420\" src=\"https:\/\/www.vanbreak.com\/wp-content\/uploads\/2024\/12\/dall\u00b7e-2024-12-17-13.36.21-a-stunning-landscape-of-the-cabo-de-trafalgar-lighthouse-in-andalusia-spain-at-sunset.-the-image-features-golden-light-illuminating-the-lighthouse--560x420.webp\" class=\"attachment-movedo-grve-small-rect-horizontal size-movedo-grve-small-rect-horizontal wp-post-image\" alt=\"\" srcset=\"https:\/\/www.vanbreak.com\/wp-content\/uploads\/2024\/12\/dall\u00b7e-2024-12-17-13.36.21-a-stunning-landscape-of-the-cabo-de-trafalgar-lighthouse-in-andalusia-spain-at-sunset.-the-image-features-golden-light-illuminating-the-lighthouse--560x420.webp 560w, https:\/\/www.vanbreak.com\/wp-content\/uploads\/2024\/12\/dall\u00b7e-2024-12-17-13.36.21-a-stunning-landscape-of-the-cabo-de-trafalgar-lighthouse-in-andalusia-spain-at-sunset.-the-image-features-golden-light-illuminating-the-lighthouse--900x675.webp 900w\" sizes=\"(max-width: 560px) 100vw, 560px\" \/><\/a>\r\n\t\t<\/div>\r\n\t\t\t\t\t\t\t<div class=\"grve-post-content\">\r\n\t\t\t\t\t\t\t\t<div class=\"grve-post-header\">\r\n\t\t\t\t\t\t\t\t\t\t\t\t\t\t\t\t\t\t\t<a href=\"https:\/\/www.vanbreak.com\/es\/senderismo-en-andalucia-los-10-senderos-mas-bonitos-entre-mar-montana-y-gargantas\/\" rel=\"bookmark\"><h4 class=\"grve-post-title grve-post-title-hover grve-h5\" itemprop=\"headline\">Senderismo en Andaluc\u00eda: los 10 senderos m\u00e1s bonitos entre mar, monta\u00f1a y gargantas<\/h4><\/a>\t\t\t\t\t\t\t\t\t\t\t\t<span class=\"grve-hidden\">\r\n\t\t\t<span class=\"grve-structured-data entry-title\">Senderismo en Andaluc\u00eda: los 10 senderos m\u00e1s bonitos entre mar, monta\u00f1a y gargantas<\/span>\r\n\t\t\t<span class=\"grve-structured-data\" itemprop=\"image\" itemscope itemtype=\"http:\/\/schema.org\/ImageObject\">\r\n\t\t\t   <span itemprop='url' >https:\/\/www.vanbreak.com\/wp-content\/uploads\/2024\/12\/dall\u00b7e-2024-12-17-13.36.21-a-stunning-landscape-of-the-cabo-de-trafalgar-lighthouse-in-andalusia-spain-at-sunset.-the-image-features-golden-light-illuminating-the-lighthouse-.webp<\/span>\r\n\t\t\t   <span itemprop='height' >1792<\/span>\r\n\t\t\t   <span itemprop='width' >1024<\/span>\r\n\t\t\t<\/span>\r\n\t\t\t\t\t\t<span class=\"grve-structured-data vcard author\" itemprop=\"author\" itemscope itemtype=\"http:\/\/schema.org\/Person\">\r\n\t\t\t\t<span itemprop=\"name\" class=\"fn\">VanBreak - Alquiler de autocaravana y furgoneta camper, Espa\u00f1a<\/span>\r\n\t\t\t<\/span>\r\n\t\t\t<span class=\"grve-structured-data\" itemprop=\"publisher\" itemscope itemtype=\"http:\/\/schema.org\/Organization\">\r\n\t\t\t\t<span itemprop='name'>VanBreak - Alquiler de autocaravana y furgoneta camper, Espa\u00f1a<\/span>\r\n\t\t\t\t<span itemprop='logo' itemscope itemtype='http:\/\/schema.org\/ImageObject'>\r\n\t\t\t\t\t<span itemprop='url'>\/\/www.vanbreak.com\/wp-content\/uploads\/2022\/01\/VANBREAK-MAST_LOGO_VERT-GRAD-CMYK-copie.png<\/span>\r\n\t\t\t\t<\/span>\r\n\t\t\t<\/span>\r\n\t\t\t\t\t\t<time class=\"grve-structured-data date published\" itemprop=\"datePublished\" datetime=\"2026-02-17T08:30:26+00:00\">17 de febrero de 2026<\/time>\r\n\t\t\t<time class=\"grve-structured-data date updated\" itemprop=\"dateModified\"  datetime=\"2026-03-17T12:17:56+00:00\">17 de marzo de 2026<\/time>\r\n\t\t\t<span class=\"grve-structured-data\" itemprop=\"mainEntityOfPage\" itemscope itemtype=\"http:\/\/schema.org\/WebPage\" itemid=\"https:\/\/www.vanbreak.com\/es\/senderismo-en-andalucia-los-10-senderos-mas-bonitos-entre-mar-montana-y-gargantas\/\"><\/span>\r\n\t\t<\/span>\r\n\t\t\t\t\t\t\t\t\t\t\t\t\t\t\t\t\t\t\t\t\r\n\t\t\t\t\t\t\t\t<\/div>\r\n\t\t\t\t\t\t\t\t<div itemprop=\"articleBody\"><p>[vc_row][vc_column][vc_column_text] Randonn\u00e9e en Andalousie : les 10 plus beaux sentiers entre mer, montagne et gorges Vous cherchez une randonn\u00e9e en Andalousie \u00e0 couper le souffle ? Entre montagnes spectaculaires, gorges&hellip;<\/p><\/div>\t\t\t\t\t\t\t<\/div>\r\n\r\n\t\t\t\t\t<\/div>\r\n\t\t\t\t<\/article>\r\n\r\n\r\n\t\t\t\t<article class=\"grve-blog-item post-21670 post type-post status-publish format-standard has-post-thumbnail hentry category-roadtrip-es tag-licencia tag-marruecos\" itemscope itemType=\"http:\/\/schema.org\/BlogPosting\">\r\n\t\t\t\t\t<div class=\"grve-blog-item-inner grve-animated-item grve-zoom-in\">\r\n\r\n\t\t\t\t\t\t\t\t\t<div class=\"grve-media clearfix\">\r\n\t\t\t<a href=\"https:\/\/www.vanbreak.com\/es\/viaje-por-carretera-en-una-furgoneta-transformada-por-la-costa-atlantica-de-marruecos\/\"><img decoding=\"async\" width=\"560\" height=\"420\" src=\"https:\/\/www.vanbreak.com\/wp-content\/uploads\/2025\/01\/vanbreak-location-de-van-ameange-sidi-kaouki-dromadaires-560x420.jpeg\" class=\"attachment-movedo-grve-small-rect-horizontal size-movedo-grve-small-rect-horizontal wp-post-image\" alt=\"\" srcset=\"https:\/\/www.vanbreak.com\/wp-content\/uploads\/2025\/01\/vanbreak-location-de-van-ameange-sidi-kaouki-dromadaires-560x420.jpeg 560w, https:\/\/www.vanbreak.com\/wp-content\/uploads\/2025\/01\/vanbreak-location-de-van-ameange-sidi-kaouki-dromadaires-900x675.jpeg 900w\" sizes=\"(max-width: 560px) 100vw, 560px\" \/><\/a>\r\n\t\t<\/div>\r\n\t\t\t\t\t\t\t<div class=\"grve-post-content\">\r\n\t\t\t\t\t\t\t\t<div class=\"grve-post-header\">\r\n\t\t\t\t\t\t\t\t\t\t\t\t\t\t\t\t\t\t\t<a href=\"https:\/\/www.vanbreak.com\/es\/viaje-por-carretera-en-una-furgoneta-transformada-por-la-costa-atlantica-de-marruecos\/\" rel=\"bookmark\"><h4 class=\"grve-post-title grve-post-title-hover grve-h5\" itemprop=\"headline\">Viaje por carretera en una furgoneta transformada por la costa atl\u00e1ntica de Marruecos<\/h4><\/a>\t\t\t\t\t\t\t\t\t\t\t\t<span class=\"grve-hidden\">\r\n\t\t\t<span class=\"grve-structured-data entry-title\">Viaje por carretera en una furgoneta transformada por la costa atl\u00e1ntica de Marruecos<\/span>\r\n\t\t\t<span class=\"grve-structured-data\" itemprop=\"image\" itemscope itemtype=\"http:\/\/schema.org\/ImageObject\">\r\n\t\t\t   <span itemprop='url' >https:\/\/www.vanbreak.com\/wp-content\/uploads\/2025\/01\/vanbreak-location-de-van-ameange-sidi-kaouki-dromadaires.jpeg<\/span>\r\n\t\t\t   <span itemprop='height' >900<\/span>\r\n\t\t\t   <span itemprop='width' >1600<\/span>\r\n\t\t\t<\/span>\r\n\t\t\t\t\t\t<span class=\"grve-structured-data vcard author\" itemprop=\"author\" itemscope itemtype=\"http:\/\/schema.org\/Person\">\r\n\t\t\t\t<span itemprop=\"name\" class=\"fn\">VanBreak - Alquiler de autocaravana y furgoneta camper, Espa\u00f1a<\/span>\r\n\t\t\t<\/span>\r\n\t\t\t<span class=\"grve-structured-data\" itemprop=\"publisher\" itemscope itemtype=\"http:\/\/schema.org\/Organization\">\r\n\t\t\t\t<span itemprop='name'>VanBreak - Alquiler de autocaravana y furgoneta camper, Espa\u00f1a<\/span>\r\n\t\t\t\t<span itemprop='logo' itemscope itemtype='http:\/\/schema.org\/ImageObject'>\r\n\t\t\t\t\t<span itemprop='url'>\/\/www.vanbreak.com\/wp-content\/uploads\/2022\/01\/VANBREAK-MAST_LOGO_VERT-GRAD-CMYK-copie.png<\/span>\r\n\t\t\t\t<\/span>\r\n\t\t\t<\/span>\r\n\t\t\t\t\t\t<time class=\"grve-structured-data date published\" itemprop=\"datePublished\" datetime=\"2025-02-04T11:53:56+00:00\">4 de febrero de 2025<\/time>\r\n\t\t\t<time class=\"grve-structured-data date updated\" itemprop=\"dateModified\"  datetime=\"2025-02-04T11:54:28+00:00\">4 de febrero de 2025<\/time>\r\n\t\t\t<span class=\"grve-structured-data\" itemprop=\"mainEntityOfPage\" itemscope itemtype=\"http:\/\/schema.org\/WebPage\" itemid=\"https:\/\/www.vanbreak.com\/es\/viaje-por-carretera-en-una-furgoneta-transformada-por-la-costa-atlantica-de-marruecos\/\"><\/span>\r\n\t\t<\/span>\r\n\t\t\t\t\t\t\t\t\t\t\t\t\t\t\t\t\t\t\t\t\r\n\t\t\t\t\t\t\t\t<\/div>\r\n\t\t\t\t\t\t\t\t<div itemprop=\"articleBody\"><p>Para este primer viaje en furgoneta de 2025, hemos optado por Marruecos para aprovechar su clima soleado en invierno con temperaturas agradables (15-20 grados), su comida deliciosa y barata, el descubrimiento de sus peque\u00f1os pueblos costeros y, por \u00faltimo, la cultura marroqu\u00ed. Este viaje entre ciudad y naturaleza, oc\u00e9ano y lagunas, ser\u00e1 una oportunidad para probar la vida en furgoneta en Marruecos, los campings, la acampada \u00absalvaje\u00bb, la gesti\u00f3n del agua y los aseos, la seguridad en el pa\u00eds, los buenos consejos, la cocina marroqu\u00ed, etc. <\/p>\n<\/div>\t\t\t\t\t\t\t<\/div>\r\n\r\n\t\t\t\t\t<\/div>\r\n\t\t\t\t<\/article>\r\n\r\n\r\n\t\t\t\t<article class=\"grve-blog-item post-17766 post type-post status-publish format-standard has-post-thumbnail hentry category-roadtrip-es\" itemscope itemType=\"http:\/\/schema.org\/BlogPosting\">\r\n\t\t\t\t\t<div class=\"grve-blog-item-inner grve-animated-item grve-zoom-in\">\r\n\r\n\t\t\t\t\t\t\t\t\t<div class=\"grve-media clearfix\">\r\n\t\t\t<a href=\"https:\/\/www.vanbreak.com\/es\/un-viaje-por-carretera-de-7-dias-a-espana-marie-y-erika-partieron-en-una-furgoneta\/\"><img decoding=\"async\" width=\"560\" height=\"420\" src=\"https:\/\/www.vanbreak.com\/wp-content\/uploads\/2017\/08\/IMG-20170726-WA0015-1-560x420.jpg\" class=\"attachment-movedo-grve-small-rect-horizontal size-movedo-grve-small-rect-horizontal wp-post-image\" alt=\"vanlife roadtrip furgoneta am\u00e9nag\u00e9 campervan\" srcset=\"https:\/\/www.vanbreak.com\/wp-content\/uploads\/2017\/08\/IMG-20170726-WA0015-1-560x420.jpg 560w, https:\/\/www.vanbreak.com\/wp-content\/uploads\/2017\/08\/IMG-20170726-WA0015-1-900x675.jpg 900w\" sizes=\"(max-width: 560px) 100vw, 560px\" \/><\/a>\r\n\t\t<\/div>\r\n\t\t\t\t\t\t\t<div class=\"grve-post-content\">\r\n\t\t\t\t\t\t\t\t<div class=\"grve-post-header\">\r\n\t\t\t\t\t\t\t\t\t\t\t\t\t\t\t\t\t\t\t<a href=\"https:\/\/www.vanbreak.com\/es\/un-viaje-por-carretera-de-7-dias-a-espana-marie-y-erika-partieron-en-una-furgoneta\/\" rel=\"bookmark\"><h4 class=\"grve-post-title grve-post-title-hover grve-h5\" itemprop=\"headline\">\u00bfUn viaje por carretera de 7 d\u00edas a Espa\u00f1a? Marie y Erika partieron en una furgoneta&#8230;<\/h4><\/a>\t\t\t\t\t\t\t\t\t\t\t\t<span class=\"grve-hidden\">\r\n\t\t\t<span class=\"grve-structured-data entry-title\">\u00bfUn viaje por carretera de 7 d\u00edas a Espa\u00f1a? Marie y Erika partieron en una furgoneta&#8230;<\/span>\r\n\t\t\t<span class=\"grve-structured-data\" itemprop=\"image\" itemscope itemtype=\"http:\/\/schema.org\/ImageObject\">\r\n\t\t\t   <span itemprop='url' >https:\/\/www.vanbreak.com\/wp-content\/uploads\/2017\/08\/IMG-20170726-WA0015-1.jpg<\/span>\r\n\t\t\t   <span itemprop='height' >1600<\/span>\r\n\t\t\t   <span itemprop='width' >1066<\/span>\r\n\t\t\t<\/span>\r\n\t\t\t\t\t\t<span class=\"grve-structured-data vcard author\" itemprop=\"author\" itemscope itemtype=\"http:\/\/schema.org\/Person\">\r\n\t\t\t\t<span itemprop=\"name\" class=\"fn\">VanBreak - Alquiler de autocaravana y furgoneta camper, Espa\u00f1a<\/span>\r\n\t\t\t<\/span>\r\n\t\t\t<span class=\"grve-structured-data\" itemprop=\"publisher\" itemscope itemtype=\"http:\/\/schema.org\/Organization\">\r\n\t\t\t\t<span itemprop='name'>VanBreak - Alquiler de autocaravana y furgoneta camper, Espa\u00f1a<\/span>\r\n\t\t\t\t<span itemprop='logo' itemscope itemtype='http:\/\/schema.org\/ImageObject'>\r\n\t\t\t\t\t<span itemprop='url'>\/\/www.vanbreak.com\/wp-content\/uploads\/2022\/01\/VANBREAK-MAST_LOGO_VERT-GRAD-CMYK-copie.png<\/span>\r\n\t\t\t\t<\/span>\r\n\t\t\t<\/span>\r\n\t\t\t\t\t\t<time class=\"grve-structured-data date published\" itemprop=\"datePublished\" datetime=\"2024-04-18T12:58:55+00:00\">18 de abril de 2024<\/time>\r\n\t\t\t<time class=\"grve-structured-data date updated\" itemprop=\"dateModified\"  datetime=\"2026-03-24T12:17:20+00:00\">24 de marzo de 2026<\/time>\r\n\t\t\t<span class=\"grve-structured-data\" itemprop=\"mainEntityOfPage\" itemscope itemtype=\"http:\/\/schema.org\/WebPage\" itemid=\"https:\/\/www.vanbreak.com\/es\/un-viaje-por-carretera-de-7-dias-a-espana-marie-y-erika-partieron-en-una-furgoneta\/\"><\/span>\r\n\t\t<\/span>\r\n\t\t\t\t\t\t\t\t\t\t\t\t\t\t\t\t\t\t\t\t\r\n\t\t\t\t\t\t\t\t<\/div>\r\n\t\t\t\t\t\t\t\t<div itemprop=\"articleBody\"><p>Erika y yo somos parisinos de nacimiento y adopci\u00f3n. Nos gusta vagar. Cada uno de nosotros ha viajado por varios continentes. Ya hemos viajado juntos por Francia, Breta\u00f1a y C\u00f3rcega. Esta vez nuestro viaje nos lleva un poco m\u00e1s lejos, al extremo sur de Europa, a pocos kil\u00f3metros de \u00c1frica, a Tarifa y Gibraltar.<\/p>\n<\/div>\t\t\t\t\t\t\t<\/div>\r\n\r\n\t\t\t\t\t<\/div>\r\n\t\t\t\t<\/article>\r\n\r\n\r\n\t\t\t\t<article class=\"grve-blog-item post-17683 post type-post status-publish format-standard has-post-thumbnail hentry category-roadtrip-es tag-licencia tag-marruecos\" itemscope itemType=\"http:\/\/schema.org\/BlogPosting\">\r\n\t\t\t\t\t<div class=\"grve-blog-item-inner grve-animated-item grve-zoom-in\">\r\n\r\n\t\t\t\t\t\t\t\t\t<div class=\"grve-media clearfix\">\r\n\t\t\t<a href=\"https:\/\/www.vanbreak.com\/es\/viaje-a-marruecos-en-una-furgoneta-transformada\/\"><img decoding=\"async\" width=\"560\" height=\"420\" src=\"https:\/\/www.vanbreak.com\/wp-content\/uploads\/2023\/02\/belle-vue-kasbah-ait-ben-haddou-ait-maroc-560x420.jpg\" class=\"attachment-movedo-grve-small-rect-horizontal size-movedo-grve-small-rect-horizontal wp-post-image\" alt=\"\" srcset=\"https:\/\/www.vanbreak.com\/wp-content\/uploads\/2023\/02\/belle-vue-kasbah-ait-ben-haddou-ait-maroc-560x420.jpg 560w, https:\/\/www.vanbreak.com\/wp-content\/uploads\/2023\/02\/belle-vue-kasbah-ait-ben-haddou-ait-maroc-900x675.jpg 900w\" sizes=\"(max-width: 560px) 100vw, 560px\" \/><\/a>\r\n\t\t<\/div>\r\n\t\t\t\t\t\t\t<div class=\"grve-post-content\">\r\n\t\t\t\t\t\t\t\t<div class=\"grve-post-header\">\r\n\t\t\t\t\t\t\t\t\t\t\t\t\t\t\t\t\t\t\t<a href=\"https:\/\/www.vanbreak.com\/es\/viaje-a-marruecos-en-una-furgoneta-transformada\/\" rel=\"bookmark\"><h4 class=\"grve-post-title grve-post-title-hover grve-h5\" itemprop=\"headline\">Viaje a Marruecos en una furgoneta transformada<\/h4><\/a>\t\t\t\t\t\t\t\t\t\t\t\t<span class=\"grve-hidden\">\r\n\t\t\t<span class=\"grve-structured-data entry-title\">Viaje a Marruecos en una furgoneta transformada<\/span>\r\n\t\t\t<span class=\"grve-structured-data\" itemprop=\"image\" itemscope itemtype=\"http:\/\/schema.org\/ImageObject\">\r\n\t\t\t   <span itemprop='url' >https:\/\/www.vanbreak.com\/wp-content\/uploads\/2023\/02\/belle-vue-kasbah-ait-ben-haddou-ait-maroc-scaled.jpg<\/span>\r\n\t\t\t   <span itemprop='height' >2048<\/span>\r\n\t\t\t   <span itemprop='width' >1365<\/span>\r\n\t\t\t<\/span>\r\n\t\t\t\t\t\t<span class=\"grve-structured-data vcard author\" itemprop=\"author\" itemscope itemtype=\"http:\/\/schema.org\/Person\">\r\n\t\t\t\t<span itemprop=\"name\" class=\"fn\">VanBreak - Alquiler de autocaravana y furgoneta camper, Espa\u00f1a<\/span>\r\n\t\t\t<\/span>\r\n\t\t\t<span class=\"grve-structured-data\" itemprop=\"publisher\" itemscope itemtype=\"http:\/\/schema.org\/Organization\">\r\n\t\t\t\t<span itemprop='name'>VanBreak - Alquiler de autocaravana y furgoneta camper, Espa\u00f1a<\/span>\r\n\t\t\t\t<span itemprop='logo' itemscope itemtype='http:\/\/schema.org\/ImageObject'>\r\n\t\t\t\t\t<span itemprop='url'>\/\/www.vanbreak.com\/wp-content\/uploads\/2022\/01\/VANBREAK-MAST_LOGO_VERT-GRAD-CMYK-copie.png<\/span>\r\n\t\t\t\t<\/span>\r\n\t\t\t<\/span>\r\n\t\t\t\t\t\t<time class=\"grve-structured-data date published\" itemprop=\"datePublished\" datetime=\"2024-04-18T12:56:02+00:00\">18 de abril de 2024<\/time>\r\n\t\t\t<time class=\"grve-structured-data date updated\" itemprop=\"dateModified\"  datetime=\"2025-11-28T10:16:52+00:00\">28 de noviembre de 2025<\/time>\r\n\t\t\t<span class=\"grve-structured-data\" itemprop=\"mainEntityOfPage\" itemscope itemtype=\"http:\/\/schema.org\/WebPage\" itemid=\"https:\/\/www.vanbreak.com\/es\/viaje-a-marruecos-en-una-furgoneta-transformada\/\"><\/span>\r\n\t\t<\/span>\r\n\t\t\t\t\t\t\t\t\t\t\t\t\t\t\t\t\t\t\t\t\r\n\t\t\t\t\t\t\t\t<\/div>\r\n\t\t\t\t\t\t\t\t<div itemprop=\"articleBody\"><p>Marruecos es un pa\u00eds estupendo para visitar en invierno en una furgoneta transformada. Descubre todos nuestros consejos para un viaje por carretera con \u00e9xito en Marruecos.<\/p>\n<\/div>\t\t\t\t\t\t\t<\/div>\r\n\r\n\t\t\t\t\t<\/div>\r\n\t\t\t\t<\/article>\r\n\r\n<\/div>\t\t<\/div>\r\n<div class=\"grve-empty-space grve-height-2x\" style=\"\"><\/div>[\/vc_column_inner][\/vc_row_inner][vc_row_inner][vc_column_inner css=\u00bb.vc_custom_1580242064590{padding-right: 20px !important;padding-left: 20px !important;}\u00bb][vc_column_text]<\/p>\n<p style=\"text-align: center;\">\u00bfSigues dudando sobre tu pr\u00f3ximo alquiler de vacaciones, entre campings, la costa y grandes espacios? Le recomendamos los <strong>mejores destinos de Andaluc\u00eda<\/strong> y lugares t\u00edpicos para visitar.<a href=\"https:\/\/www.vanbreak.com\/es\/alquiler-furgoneta-camper-y-autocaravana\/\"> <strong>Alquile su furgoneta transformada en Espa\u00f1a<\/strong><\/a> y siga nuestra gu\u00eda para <strong>visitar Andaluc\u00eda<\/strong> y descubrir las ciudades m\u00e1s bonitas de la regi\u00f3n. Sum\u00e9rjase en la cultura espa\u00f1ola y haga un viaje en una de nuestras <strong>furgonetas<\/strong> y <strong>autocaravanas<\/strong> <strong>transformadas<\/strong>. En funci\u00f3n de su estancia y de sus aficiones, encuentre el itinerario perfecto para unas <strong>vacaciones de<\/strong> \u00e9xito <strong>en una furgoneta transformada en Espa\u00f1a (Andaluc\u00eda)<\/strong>. VanBreak te apoya al 100%.<\/p>\n<p style=\"text-align: center;\">Destino popular por su clima, Andaluc\u00eda es una fuente infinita de riquezas por explorar. Su historia, en la que han confluido distintos pueblos y culturas (\u00e1rabes, gitanos, cat\u00f3licos&#8230;), ha dado lugar a un <strong>rico patrimonio arquitect\u00f3nico, cultural y gastron\u00f3mico<\/strong>. <strong>Visita la Alhambra de Granada<\/strong>, la <strong>Mezquita Catedral de C\u00f3rdoba<\/strong> o la <strong>Escalinata Espa\u00f1ola de<\/strong> Sevilla para apreciar las maravillas de la arquitectura andaluza.<\/p>\n<p style=\"text-align: center;\">Pasea por los parques naturales y las costas salvajes para recargar las pilas. Ad\u00e9ntrate en los pueblos de monta\u00f1a y pasea por los famosos <strong>\u00abpueblos blancos<\/strong> \u00ab, rebosantes de callejuelas y artesan\u00eda ins\u00f3litas. Sum\u00e9rgete en las templadas noches de verano y prueba las especialidades locales.<\/p>\n<p style=\"text-align: center;\">Del\u00e9itate con tapas, pescado y marisco, vino y fruta ba\u00f1ada por el sol. Si te gusta el arte, visita los museos y galer\u00edas de la regi\u00f3n. Det\u00e9ngase a escuchar y admirar a los m\u00fasicos y bailaores flamencos&#8230; Para una escapada deportiva, cultural, gastron\u00f3mica o de relax, opte por <a href=\"https:\/\/www.vanbreak.com\/es\/alquiler-furgoneta-camper-y-autocaravana\/\"><strong>alquiler camper Espaa<\/strong><\/a>&#8230; \u00a1No le decepcionar\u00e1!<\/p>\n<p>[\/vc_column_text]<div class=\"grve-empty-space grve-height-2x\" style=\"\"><\/div>[\/vc_column_inner][\/vc_row_inner][\/vc_column][\/vc_row][vc_row bg_type=\u00bbcolor\u00bb padding_top_multiplier=\u00bb\u00bb padding_bottom_multiplier=\u00bb\u00bb columns_gap=\u00bbnone\u00bb bg_color=\u00bb#ebecf0&#8243;][vc_column][vc_row_inner][vc_column_inner css=\u00bb.vc_custom_1580242064590{padding-right: 20px !important;padding-left: 20px !important;}\u00bb]<div class=\"grve-empty-space grve-height-2x\" style=\"\"><\/div><h2 class=\"grve-element grve-title grve-align-center grve-h2 grve-increase-heading grve-heading-140\" style=\"\"><span>REVISTA DE PRENSA<\/span><\/h2><div class=\"grve-empty-space grve-height-2x\" style=\"\"><\/div>\t\t\t<div class=\"grve-element grve-with-gap grve-portfolio grve-isotope\" style=\"\" data-spinner=\"no\" data-columns=\"2\" data-columns-large-screen=\"3\" data-columns-tablet-landscape=\"2\" data-columns-tablet-portrait=\"2\" data-columns-mobile=\"1\" data-layout=\"masonry\" data-gutter-size=\"30\">\r\n\t\t\r\n\t\t\t<div class=\"grve-isotope-container\">\r\n\t\t\t\t\t\t\t<article id=\"portfolio-21850-69f014d21c155\" class=\"grve-isotope-item grve-portfolio-item grve-image-square post-21850 portfolio type-portfolio status-publish has-post-thumbnail hentry portfolio_category-prensa\">\r\n\t\t\t\t\t\t<div class=\"grve-isotope-item-inner grve-hover-item grve-zoom-in grve-hover-style-1\">\t\t\t\t\t\t\t\t\t<figure class=\"grve-image-hover grve-media grve-zoom-in\">\r\n\t\t\t\t\t\t\t\t\t\t<a class=\"grve-item-url \" aria-label=\"Revista Camping-car 2024 &#8211; Vanbreak\" href=\"https:\/\/www.camping-car.com\/nos-actus\/29728-vanbreak-decouvrez-landalousie-en-van\" target=\"_blank\" rel=\"noopener\"><\/a>\t\t\t\t\t\t\t\t\t\t<div class=\"grve-bg-light grve-hover-overlay grve-opacity-90\"><\/div>\r\n\t\t\t\t\t\t\t\t\t\t<img decoding=\"async\" width=\"183\" height=\"300\" src=\"https:\/\/www.vanbreak.com\/wp-content\/uploads\/2025\/02\/capture-decran-2025-02-10-a-16.52.55-183x300.png\" class=\"attachment-medium size-medium\" alt=\"Camping-car magazine - Vanbreak - D\u00e9couvre l&#039;andalouise\" srcset=\"https:\/\/www.vanbreak.com\/wp-content\/uploads\/2025\/02\/capture-decran-2025-02-10-a-16.52.55-183x300.png 183w, https:\/\/www.vanbreak.com\/wp-content\/uploads\/2025\/02\/capture-decran-2025-02-10-a-16.52.55-623x1024.png 623w, https:\/\/www.vanbreak.com\/wp-content\/uploads\/2025\/02\/capture-decran-2025-02-10-a-16.52.55-768x1262.png 768w, https:\/\/www.vanbreak.com\/wp-content\/uploads\/2025\/02\/capture-decran-2025-02-10-a-16.52.55-935x1536.png 935w, https:\/\/www.vanbreak.com\/wp-content\/uploads\/2025\/02\/capture-decran-2025-02-10-a-16.52.55-500x821.png 500w, https:\/\/www.vanbreak.com\/wp-content\/uploads\/2025\/02\/capture-decran-2025-02-10-a-16.52.55-800x1314.png 800w, https:\/\/www.vanbreak.com\/wp-content\/uploads\/2025\/02\/capture-decran-2025-02-10-a-16.52.55.png 1114w\" sizes=\"(max-width: 183px) 100vw, 183px\" \/>\t\t\t\t\t\t\t\t\t\t<figcaption><\/figcaption>\r\n\t\t\t\t\t\t\t\t\t<\/figure>\r\n\t\t\t\t\t\t\t\t\t\t\t\t\t\t\t\t\t\t<div class=\"grve-content grve-align-center\">\r\n\t\t\t\t\t\t\t\t\t\t\t\t\t\t\t\t\t\t\t\t\t\t\t\t\t\t\t\t\t\t\t\t\t\t\t\t\t\t\t\t\t\t\t\t\t\t\t\t\t<\/div>\r\n\t\t\t\t\t\t\t\t\t\t\t\t\t\t\t\t\t\t\t\t\t\t<\/div>\r\n\t\t\t\t\t<\/article>\r\n\t\t\t\t\t<article id=\"portfolio-21851-69f014d21c9b8\" class=\"grve-isotope-item grve-portfolio-item grve-image-square post-21851 portfolio type-portfolio status-publish has-post-thumbnail hentry portfolio_category-prensa\">\r\n\t\t\t\t\t\t<div class=\"grve-isotope-item-inner grve-hover-item grve-zoom-in grve-hover-style-1\">\t\t\t\t\t\t\t\t\t<figure class=\"grve-image-hover grve-media grve-zoom-in\">\r\n\t\t\t\t\t\t\t\t\t\t<a class=\"grve-item-url \" aria-label=\"Autocaravana Mgazine 2024\" href=\"https:\/\/www.camping-car.com\/nos-actus\/29987-interview-lespagne-est-le-pays-ou-le-camping-car-va-exploser-dans-les-annees-a-venir-aurelien-noele-prevot-co-fondateur-de-vanbreak\" target=\"_blank\" rel=\"noopener\"><\/a>\t\t\t\t\t\t\t\t\t\t<div class=\"grve-bg-light grve-hover-overlay grve-opacity-90\"><\/div>\r\n\t\t\t\t\t\t\t\t\t\t<img decoding=\"async\" width=\"191\" height=\"300\" src=\"https:\/\/www.vanbreak.com\/wp-content\/uploads\/2025\/02\/capture-decran-2025-02-10-a-165151-191x300.png\" class=\"attachment-medium size-medium\" alt=\"Camping car Magazine - Andalouise van am\u00e9nag\u00e9 Vanbreak\" srcset=\"https:\/\/www.vanbreak.com\/wp-content\/uploads\/2025\/02\/capture-decran-2025-02-10-a-165151-191x300.png 191w, https:\/\/www.vanbreak.com\/wp-content\/uploads\/2025\/02\/capture-decran-2025-02-10-a-165151-653x1024.png 653w, https:\/\/www.vanbreak.com\/wp-content\/uploads\/2025\/02\/capture-decran-2025-02-10-a-165151-768x1204.png 768w, https:\/\/www.vanbreak.com\/wp-content\/uploads\/2025\/02\/capture-decran-2025-02-10-a-165151-980x1536.png 980w, https:\/\/www.vanbreak.com\/wp-content\/uploads\/2025\/02\/capture-decran-2025-02-10-a-165151-500x784.png 500w, https:\/\/www.vanbreak.com\/wp-content\/uploads\/2025\/02\/capture-decran-2025-02-10-a-165151-800x1254.png 800w, https:\/\/www.vanbreak.com\/wp-content\/uploads\/2025\/02\/capture-decran-2025-02-10-a-165151.png 1142w\" sizes=\"(max-width: 191px) 100vw, 191px\" \/>\t\t\t\t\t\t\t\t\t\t<figcaption><\/figcaption>\r\n\t\t\t\t\t\t\t\t\t<\/figure>\r\n\t\t\t\t\t\t\t\t\t\t\t\t\t\t\t\t\t\t<div class=\"grve-content grve-align-center\">\r\n\t\t\t\t\t\t\t\t\t\t\t\t\t\t\t\t\t\t\t\t\t\t\t\t\t\t\t\t\t\t\t\t\t\t\t\t\t\t\t\t\t\t\t\t\t\t\t\t\t<\/div>\r\n\t\t\t\t\t\t\t\t\t\t\t\t\t\t\t\t\t\t\t\t\t\t<\/div>\r\n\t\t\t\t\t<\/article>\r\n\t\t\t\t\t<article id=\"portfolio-21228-69f014d21d14d\" class=\"grve-isotope-item grve-portfolio-item grve-image-square post-21228 portfolio type-portfolio status-publish has-post-thumbnail hentry portfolio_category-prensa\">\r\n\t\t\t\t\t\t<div class=\"grve-isotope-item-inner grve-hover-item grve-zoom-in grve-hover-style-1\">\t\t\t\t\t\t\t\t\t<figure class=\"grve-image-hover grve-media grve-zoom-in\">\r\n\t\t\t\t\t\t\t\t\t\t<a class=\"grve-item-url \" aria-label=\"Respira Magine\" href=\"https:\/\/www.vanbreak.com\/wp-content\/uploads\/2024\/01\/magazine-respire-van-et-kitesurf-4p-bd.pdf\" target=\"_blank\"><\/a>\t\t\t\t\t\t\t\t\t\t<div class=\"grve-bg-light grve-hover-overlay grve-opacity-90\"><\/div>\r\n\t\t\t\t\t\t\t\t\t\t<img decoding=\"async\" width=\"252\" height=\"300\" src=\"https:\/\/www.vanbreak.com\/wp-content\/uploads\/2024\/01\/magazine-respire-van-et-kitesurf-4p-bd-pdf-252x300.jpg\" class=\"attachment-medium size-medium\" alt=\"\" \/>\t\t\t\t\t\t\t\t\t\t<figcaption><\/figcaption>\r\n\t\t\t\t\t\t\t\t\t<\/figure>\r\n\t\t\t\t\t\t\t\t\t\t\t\t\t\t\t\t\t\t<div class=\"grve-content grve-align-center\">\r\n\t\t\t\t\t\t\t\t\t\t\t\t\t\t\t\t\t\t\t\t\t\t\t\t\t\t\t\t\t\t\t\t\t\t\t\t\t\t\t\t\t\t\t\t\t\t\t\t\t<\/div>\r\n\t\t\t\t\t\t\t\t\t\t\t\t\t\t\t\t\t\t\t\t\t\t<\/div>\r\n\t\t\t\t\t<\/article>\r\n\t\t\t\t\t<article id=\"portfolio-21222-69f014d21da0c\" class=\"grve-isotope-item grve-portfolio-item grve-image-square post-21222 portfolio type-portfolio status-publish has-post-thumbnail hentry portfolio_category-prensa\">\r\n\t\t\t\t\t\t<div class=\"grve-isotope-item-inner grve-hover-item grve-zoom-in grve-hover-style-1\">\t\t\t\t\t\t\t\t\t<figure class=\"grve-image-hover grve-media grve-zoom-in\">\r\n\t\t\t\t\t\t\t\t\t\t<a class=\"grve-item-url \" aria-label=\"20 minutos\" href=\"https:\/\/www.20minutes.fr\/tempo\/escapade\/4055238-20231002-andalousie-route-chefs-uvre-hispano-mauresques-van-amenage\" target=\"_blank\" rel=\"noopener\"><\/a>\t\t\t\t\t\t\t\t\t\t<div class=\"grve-bg-light grve-hover-overlay grve-opacity-90\"><\/div>\r\n\t\t\t\t\t\t\t\t\t\t<img decoding=\"async\" width=\"171\" height=\"300\" src=\"https:\/\/www.vanbreak.com\/wp-content\/uploads\/2024\/01\/20-minutes-screen-shot-mobile-171x300.jpg\" class=\"attachment-medium size-medium\" alt=\"\" srcset=\"https:\/\/www.vanbreak.com\/wp-content\/uploads\/2024\/01\/20-minutes-screen-shot-mobile-171x300.jpg 171w, https:\/\/www.vanbreak.com\/wp-content\/uploads\/2024\/01\/20-minutes-screen-shot-mobile-585x1024.jpg 585w, https:\/\/www.vanbreak.com\/wp-content\/uploads\/2024\/01\/20-minutes-screen-shot-mobile-768x1345.jpg 768w, https:\/\/www.vanbreak.com\/wp-content\/uploads\/2024\/01\/20-minutes-screen-shot-mobile-877x1536.jpg 877w, https:\/\/www.vanbreak.com\/wp-content\/uploads\/2024\/01\/20-minutes-screen-shot-mobile-500x875.jpg 500w, https:\/\/www.vanbreak.com\/wp-content\/uploads\/2024\/01\/20-minutes-screen-shot-mobile-800x1401.jpg 800w, https:\/\/www.vanbreak.com\/wp-content\/uploads\/2024\/01\/20-minutes-screen-shot-mobile.jpg 1080w\" sizes=\"(max-width: 171px) 100vw, 171px\" \/>\t\t\t\t\t\t\t\t\t\t<figcaption><\/figcaption>\r\n\t\t\t\t\t\t\t\t\t<\/figure>\r\n\t\t\t\t\t\t\t\t\t\t\t\t\t\t\t\t\t\t<div class=\"grve-content grve-align-center\">\r\n\t\t\t\t\t\t\t\t\t\t\t\t\t\t\t\t\t\t\t\t\t\t\t\t\t\t\t\t\t\t\t\t\t\t\t\t\t\t\t\t\t\t\t\t\t\t\t\t\t<\/div>\r\n\t\t\t\t\t\t\t\t\t\t\t\t\t\t\t\t\t\t\t\t\t\t<\/div>\r\n\t\t\t\t\t<\/article>\r\n\t\t\t\t\t<article id=\"portfolio-21223-69f014d21e075\" class=\"grve-isotope-item grve-portfolio-item grve-image-square post-21223 portfolio type-portfolio status-publish has-post-thumbnail hentry portfolio_category-prensa\">\r\n\t\t\t\t\t\t<div class=\"grve-isotope-item-inner grve-hover-item grve-zoom-in grve-hover-style-1\">\t\t\t\t\t\t\t\t\t<figure class=\"grve-image-hover grve-media grve-zoom-in\">\r\n\t\t\t\t\t\t\t\t\t\t<a class=\"grve-item-url \" aria-label=\"El Peque\u00f1o Fut\u00e9 2024\" href=\"https:\/\/www.petitfute.com\/v38419-malaga\/c1122-voyage-transports\/c1083-location-de-vehicules\/c1349-camping-car\/1639287-vanbreak-campervan.html\" target=\"_blank\" rel=\"noopener\"><\/a>\t\t\t\t\t\t\t\t\t\t<div class=\"grve-bg-light grve-hover-overlay grve-opacity-90\"><\/div>\r\n\t\t\t\t\t\t\t\t\t\t<img decoding=\"async\" width=\"219\" height=\"300\" src=\"https:\/\/www.vanbreak.com\/wp-content\/uploads\/2024\/01\/le-petit-fute-219x300.jpg\" class=\"attachment-medium size-medium\" alt=\"\" srcset=\"https:\/\/www.vanbreak.com\/wp-content\/uploads\/2024\/01\/le-petit-fute-219x300.jpg 219w, https:\/\/www.vanbreak.com\/wp-content\/uploads\/2024\/01\/le-petit-fute-746x1024.jpg 746w, https:\/\/www.vanbreak.com\/wp-content\/uploads\/2024\/01\/le-petit-fute-768x1054.jpg 768w, https:\/\/www.vanbreak.com\/wp-content\/uploads\/2024\/01\/le-petit-fute-500x686.jpg 500w, https:\/\/www.vanbreak.com\/wp-content\/uploads\/2024\/01\/le-petit-fute-800x1098.jpg 800w, https:\/\/www.vanbreak.com\/wp-content\/uploads\/2024\/01\/le-petit-fute.jpg 1080w\" sizes=\"(max-width: 219px) 100vw, 219px\" \/>\t\t\t\t\t\t\t\t\t\t<figcaption><\/figcaption>\r\n\t\t\t\t\t\t\t\t\t<\/figure>\r\n\t\t\t\t\t\t\t\t\t\t\t\t\t\t\t\t\t\t<div class=\"grve-content grve-align-center\">\r\n\t\t\t\t\t\t\t\t\t\t\t\t\t\t\t\t\t\t\t\t\t\t\t\t\t\t\t\t\t\t\t\t\t\t\t\t\t\t\t\t\t\t\t\t\t\t\t\t\t<\/div>\r\n\t\t\t\t\t\t\t\t\t\t\t\t\t\t\t\t\t\t\t\t\t\t<\/div>\r\n\t\t\t\t\t<\/article>\r\n\t\t\t\t\t<article id=\"portfolio-21224-69f014d21e76a\" class=\"grve-isotope-item grve-portfolio-item grve-image-square post-21224 portfolio type-portfolio status-publish has-post-thumbnail hentry portfolio_category-prensa\">\r\n\t\t\t\t\t\t<div class=\"grve-isotope-item-inner grve-hover-item grve-zoom-in grve-hover-style-1\">\t\t\t\t\t\t\t\t\t<figure class=\"grve-image-hover grve-media grve-zoom-in\">\r\n\t\t\t\t\t\t\t\t\t\t<a class=\"grve-item-url \" aria-label=\"Revista Plan\u00e8te van et fourgon\" href=\"https:\/\/www.planetvanmag.fr\/actualite\/des-road-trips-en-andalousie-avec-vanbreak\/\" target=\"_blank\" rel=\"noopener\"><\/a>\t\t\t\t\t\t\t\t\t\t<div class=\"grve-bg-light grve-hover-overlay grve-opacity-90\"><\/div>\r\n\t\t\t\t\t\t\t\t\t\t<img decoding=\"async\" width=\"242\" height=\"300\" src=\"https:\/\/www.vanbreak.com\/wp-content\/uploads\/2024\/01\/planet-van-et-fourgons-screen-shot-mobile-242x300.jpg\" class=\"attachment-medium size-medium\" alt=\"\" srcset=\"https:\/\/www.vanbreak.com\/wp-content\/uploads\/2024\/01\/planet-van-et-fourgons-screen-shot-mobile-242x300.jpg 242w, https:\/\/www.vanbreak.com\/wp-content\/uploads\/2024\/01\/planet-van-et-fourgons-screen-shot-mobile-826x1024.jpg 826w, https:\/\/www.vanbreak.com\/wp-content\/uploads\/2024\/01\/planet-van-et-fourgons-screen-shot-mobile-768x952.jpg 768w, https:\/\/www.vanbreak.com\/wp-content\/uploads\/2024\/01\/planet-van-et-fourgons-screen-shot-mobile-500x620.jpg 500w, https:\/\/www.vanbreak.com\/wp-content\/uploads\/2024\/01\/planet-van-et-fourgons-screen-shot-mobile-800x992.jpg 800w, https:\/\/www.vanbreak.com\/wp-content\/uploads\/2024\/01\/planet-van-et-fourgons-screen-shot-mobile.jpg 1079w\" sizes=\"(max-width: 242px) 100vw, 242px\" \/>\t\t\t\t\t\t\t\t\t\t<figcaption><\/figcaption>\r\n\t\t\t\t\t\t\t\t\t<\/figure>\r\n\t\t\t\t\t\t\t\t\t\t\t\t\t\t\t\t\t\t<div class=\"grve-content grve-align-center\">\r\n\t\t\t\t\t\t\t\t\t\t\t\t\t\t\t\t\t\t\t\t\t\t\t\t\t\t\t\t\t\t\t\t\t\t\t\t\t\t\t\t\t\t\t\t\t\t\t\t\t<\/div>\r\n\t\t\t\t\t\t\t\t\t\t\t\t\t\t\t\t\t\t\t\t\t\t<\/div>\r\n\t\t\t\t\t<\/article>\r\n\t\t\t\t\t<article id=\"portfolio-21225-69f014d21ee0f\" class=\"grve-isotope-item grve-portfolio-item grve-image-square post-21225 portfolio type-portfolio status-publish has-post-thumbnail hentry portfolio_category-prensa\">\r\n\t\t\t\t\t\t<div class=\"grve-isotope-item-inner grve-hover-item grve-zoom-in grve-hover-style-1\">\t\t\t\t\t\t\t\t\t<figure class=\"grve-image-hover grve-media grve-zoom-in\">\r\n\t\t\t\t\t\t\t\t\t\t<a class=\"grve-item-url \" aria-label=\"Revista Van\" href=\"https:\/\/www.van-magazine.fr\/landalousie-avec-vanbreak\" target=\"_blank\" rel=\"noopener\"><\/a>\t\t\t\t\t\t\t\t\t\t<div class=\"grve-bg-light grve-hover-overlay grve-opacity-90\"><\/div>\r\n\t\t\t\t\t\t\t\t\t\t<img decoding=\"async\" width=\"163\" height=\"300\" src=\"https:\/\/www.vanbreak.com\/wp-content\/uploads\/2024\/01\/screenshot-mobile-van-mag-163x300.jpg\" class=\"attachment-medium size-medium\" alt=\"\" srcset=\"https:\/\/www.vanbreak.com\/wp-content\/uploads\/2024\/01\/screenshot-mobile-van-mag-163x300.jpg 163w, https:\/\/www.vanbreak.com\/wp-content\/uploads\/2024\/01\/screenshot-mobile-van-mag-556x1024.jpg 556w, https:\/\/www.vanbreak.com\/wp-content\/uploads\/2024\/01\/screenshot-mobile-van-mag-768x1415.jpg 768w, https:\/\/www.vanbreak.com\/wp-content\/uploads\/2024\/01\/screenshot-mobile-van-mag-834x1536.jpg 834w, https:\/\/www.vanbreak.com\/wp-content\/uploads\/2024\/01\/screenshot-mobile-van-mag-1042x1920.jpg 1042w, https:\/\/www.vanbreak.com\/wp-content\/uploads\/2024\/01\/screenshot-mobile-van-mag-500x921.jpg 500w, https:\/\/www.vanbreak.com\/wp-content\/uploads\/2024\/01\/screenshot-mobile-van-mag-800x1474.jpg 800w, https:\/\/www.vanbreak.com\/wp-content\/uploads\/2024\/01\/screenshot-mobile-van-mag.jpg 1080w\" sizes=\"(max-width: 163px) 100vw, 163px\" \/>\t\t\t\t\t\t\t\t\t\t<figcaption><\/figcaption>\r\n\t\t\t\t\t\t\t\t\t<\/figure>\r\n\t\t\t\t\t\t\t\t\t\t\t\t\t\t\t\t\t\t<div class=\"grve-content grve-align-center\">\r\n\t\t\t\t\t\t\t\t\t\t\t\t\t\t\t\t\t\t\t\t\t\t\t\t\t\t\t\t\t\t\t\t\t\t\t\t\t\t\t\t\t\t\t\t\t\t\t\t\t<\/div>\r\n\t\t\t\t\t\t\t\t\t\t\t\t\t\t\t\t\t\t\t\t\t\t<\/div>\r\n\t\t\t\t\t<\/article>\r\n\t\t\t\t\t<article id=\"portfolio-21226-69f014d21f52f\" class=\"grve-isotope-item grve-portfolio-item grve-image-square post-21226 portfolio type-portfolio status-publish has-post-thumbnail hentry portfolio_category-prensa\">\r\n\t\t\t\t\t\t<div class=\"grve-isotope-item-inner grve-hover-item grve-zoom-in grve-hover-style-1\">\t\t\t\t\t\t\t\t\t<figure class=\"grve-image-hover grve-media grve-zoom-in\">\r\n\t\t\t\t\t\t\t\t\t\t<a class=\"grve-item-url \" aria-label=\"Revista Direcci\u00f3n Espa\u00f1a\" href=\"https:\/\/www.vanbreak.com\/wp-content\/uploads\/2024\/01\/article-vanbreak-mag-direction-espagne-s.jpg\" target=\"_blank\"><\/a>\t\t\t\t\t\t\t\t\t\t<div class=\"grve-bg-light grve-hover-overlay grve-opacity-90\"><\/div>\r\n\t\t\t\t\t\t\t\t\t\t<img decoding=\"async\" width=\"233\" height=\"300\" src=\"https:\/\/www.vanbreak.com\/wp-content\/uploads\/2024\/01\/mag-direction-espagne-couverture-233x300.jpg\" class=\"attachment-medium size-medium\" alt=\"Destination Espagne magazine - Vanbreak location de van am\u00e9nag\u00e9\" srcset=\"https:\/\/www.vanbreak.com\/wp-content\/uploads\/2024\/01\/mag-direction-espagne-couverture-233x300.jpg 233w, https:\/\/www.vanbreak.com\/wp-content\/uploads\/2024\/01\/mag-direction-espagne-couverture-794x1024.jpg 794w, https:\/\/www.vanbreak.com\/wp-content\/uploads\/2024\/01\/mag-direction-espagne-couverture-768x991.jpg 768w, https:\/\/www.vanbreak.com\/wp-content\/uploads\/2024\/01\/mag-direction-espagne-couverture-500x645.jpg 500w, https:\/\/www.vanbreak.com\/wp-content\/uploads\/2024\/01\/mag-direction-espagne-couverture-800x1032.jpg 800w, https:\/\/www.vanbreak.com\/wp-content\/uploads\/2024\/01\/mag-direction-espagne-couverture.jpg 1080w\" sizes=\"(max-width: 233px) 100vw, 233px\" \/>\t\t\t\t\t\t\t\t\t\t<figcaption><\/figcaption>\r\n\t\t\t\t\t\t\t\t\t<\/figure>\r\n\t\t\t\t\t\t\t\t\t\t\t\t\t\t\t\t\t\t<div class=\"grve-content grve-align-center\">\r\n\t\t\t\t\t\t\t\t\t\t\t\t\t\t\t\t\t\t\t\t\t\t\t\t\t\t\t\t\t\t\t\t\t\t\t\t\t\t\t\t\t\t\t\t\t\t\t\t\t<\/div>\r\n\t\t\t\t\t\t\t\t\t\t\t\t\t\t\t\t\t\t\t\t\t\t<\/div>\r\n\t\t\t\t\t<\/article>\r\n\t\t\t\t<\/div>\r\n\t\t\t<\/div>\r\n\r\n\t\t<div class=\"grve-empty-space grve-height-2x\" style=\"\"><\/div>[\/vc_column_inner][\/vc_row_inner][\/vc_column][\/vc_row][vc_row section_type=\u00bbfullwidth\u00bb bg_type=\u00bbcolor\u00bb columns_gap=\u00bbnone\u00bb bg_color=\u00bb#2ddcc8&#8243;][vc_column][vc_row_inner][vc_column_inner width=\u00bb1\/6&#8243;][\/vc_column_inner][vc_column_inner width=\u00bb2\/3&#8243;]<div class=\"grve-empty-space grve-height-1x\" style=\"\"><\/div><h2 class=\"grve-element grve-title grve-align-center grve-h2 grve-increase-heading grve-heading-140\" style=\"\"><span><span style=\"color: #ffffff;\">SOCIOS<\/span><\/span><\/h2>[vc_column_text]<\/p>\n<p style=\"text-align: center;\">\u00bfQuieres alquilar una bicicleta el\u00e9ctrica, una tabla de surf, etc.? \u00bfTomar clases de KiteSurf, tomar una copa? Aprovecha nuestra red de colaboradores en M\u00e1laga, Tarifa, El Palmar y C\u00e1diz para un viaje por carretera inolvidable.<\/p>\n<p>[\/vc_column_text]<div class=\"grve-empty-space grve-height-2x\" style=\"\"><\/div><div class=\"grve-element grve-carousel grve-layout-1 grve-with-gap\" style=\"\">  <div class=\"grve-carousel-wrapper\"><div class=\"grve-carousel-navigation grve-dark grve-navigation-1 grve-navigation-carousel\">\t<div class=\"grve-carousel-buttons\">\t\t<div class=\"grve-carousel-prev\">\t\t\t<i class=\"grve-icon-nav-left-small\"><\/i>\t\t<\/div>\t\t<div class=\"grve-carousel-next\">\t\t\t<i class=\"grve-icon-nav-right-small\"><\/i>\t\t<\/div>\t<\/div><\/div>    <div class=\"grve-carousel-element \" data-items=\"3\" data-items-tablet-landscape=\"3\" data-items-tablet-portrait=\"2\" data-items-mobile=\"1\" data-slider-autoplay=\"no\" data-slider-speed=\"3000\" data-slider-pause=\"no\" data-pagination-speed=\"400\" data-pagination=\"no\" data-slider-loop=\"yes\" data-gutter-size=\"40\"><div class=\"grve-carousel-item grve-hover-item grve-hover-style-none\">  <figure class=\"grve-image-hover\">    <a class=\"grve-item-url\" href=\"https:\/\/freeridetarifa.com\/\" target=\"_blank\" rel=\"noopener\"><\/a>    <div class=\"grve-hover-overlay grve-bg-light grve-opacity-0\"><\/div><div class=\"grve-media\"><img decoding=\"async\" width=\"300\" height=\"300\" src=\"https:\/\/www.vanbreak.com\/wp-content\/uploads\/2017\/02\/FreerideTarifa-RVB-copie-300x300.png\" class=\"attachment-medium size-medium\" alt=\"\" srcset=\"https:\/\/www.vanbreak.com\/wp-content\/uploads\/2017\/02\/FreerideTarifa-RVB-copie-300x300.png 300w, https:\/\/www.vanbreak.com\/wp-content\/uploads\/2017\/02\/FreerideTarifa-RVB-copie-150x150.png 150w, https:\/\/www.vanbreak.com\/wp-content\/uploads\/2017\/02\/FreerideTarifa-RVB-copie-768x768.png 768w, https:\/\/www.vanbreak.com\/wp-content\/uploads\/2017\/02\/FreerideTarifa-RVB-copie-560x560.png 560w, https:\/\/www.vanbreak.com\/wp-content\/uploads\/2017\/02\/FreerideTarifa-RVB-copie-500x500.png 500w, https:\/\/www.vanbreak.com\/wp-content\/uploads\/2017\/02\/FreerideTarifa-RVB-copie-800x800.png 800w, https:\/\/www.vanbreak.com\/wp-content\/uploads\/2017\/02\/FreerideTarifa-RVB-copie-100x100.png 100w, https:\/\/www.vanbreak.com\/wp-content\/uploads\/2017\/02\/FreerideTarifa-RVB-copie.png 900w\" sizes=\"(max-width: 300px) 100vw, 300px\" \/><\/div>  <\/figure><\/div><div class=\"grve-carousel-item grve-hover-item grve-hover-style-none\">  <figure class=\"grve-image-hover\">    <a class=\"grve-item-url\" href=\"https:\/\/matos-tarifa.com\/\" target=\"_blank\" rel=\"noopener\"><\/a>    <div class=\"grve-hover-overlay grve-bg-light grve-opacity-0\"><\/div><div class=\"grve-media\"><img decoding=\"async\" width=\"200\" height=\"200\" src=\"https:\/\/www.vanbreak.com\/wp-content\/uploads\/2025\/02\/logo-mat-kite-2.png\" class=\"attachment-medium size-medium\" alt=\"Escuela de kitesurf en Tarifa\" srcset=\"https:\/\/www.vanbreak.com\/wp-content\/uploads\/2025\/02\/logo-mat-kite-2.png 200w, https:\/\/www.vanbreak.com\/wp-content\/uploads\/2025\/02\/logo-mat-kite-2-150x150.png 150w, https:\/\/www.vanbreak.com\/wp-content\/uploads\/2025\/02\/logo-mat-kite-2-100x100.png 100w\" sizes=\"(max-width: 200px) 100vw, 200px\" \/><\/div>  <\/figure><\/div><div class=\"grve-carousel-item grve-hover-item grve-hover-style-none\">  <figure class=\"grve-image-hover\">    <a class=\"grve-item-url\" href=\"https:\/\/herve-boure.com\/\" target=\"_blank\" rel=\"noopener\"><\/a>    <div class=\"grve-hover-overlay grve-bg-light grve-opacity-0\"><\/div><div class=\"grve-media\"><img decoding=\"async\" width=\"296\" height=\"300\" src=\"https:\/\/www.vanbreak.com\/wp-content\/uploads\/2023\/06\/logo-hb-surf-2023-blue-296x300.png\" class=\"attachment-medium size-medium\" alt=\"Herve bourre - logotipo de kitesurf\" srcset=\"https:\/\/www.vanbreak.com\/wp-content\/uploads\/2023\/06\/logo-hb-surf-2023-blue-296x300.png 296w, https:\/\/www.vanbreak.com\/wp-content\/uploads\/2023\/06\/logo-hb-surf-2023-blue-1009x1024.png 1009w, https:\/\/www.vanbreak.com\/wp-content\/uploads\/2023\/06\/logo-hb-surf-2023-blue-768x779.png 768w, https:\/\/www.vanbreak.com\/wp-content\/uploads\/2023\/06\/logo-hb-surf-2023-blue-500x507.png 500w, https:\/\/www.vanbreak.com\/wp-content\/uploads\/2023\/06\/logo-hb-surf-2023-blue-800x812.png 800w, https:\/\/www.vanbreak.com\/wp-content\/uploads\/2023\/06\/logo-hb-surf-2023-blue-100x100.png 100w, https:\/\/www.vanbreak.com\/wp-content\/uploads\/2023\/06\/logo-hb-surf-2023-blue.png 1167w\" sizes=\"(max-width: 296px) 100vw, 296px\" \/><\/div>  <\/figure><\/div><div class=\"grve-carousel-item grve-hover-item grve-hover-style-none\">  <figure class=\"grve-image-hover\">    <a class=\"grve-item-url\" href=\"https:\/\/amoureux-andalousie.com\/\" target=\"_blank\" rel=\"noopener\"><\/a>    <div class=\"grve-hover-overlay grve-bg-light grve-opacity-0\"><\/div><div class=\"grve-media\"><img decoding=\"async\" width=\"300\" height=\"300\" src=\"https:\/\/www.vanbreak.com\/wp-content\/uploads\/2022\/04\/Logo-amoureux-GRAND-carre\u0301-300x300.png\" class=\"attachment-medium size-medium\" alt=\"\" srcset=\"https:\/\/www.vanbreak.com\/wp-content\/uploads\/2022\/04\/Logo-amoureux-GRAND-carre\u0301-300x300.png 300w, https:\/\/www.vanbreak.com\/wp-content\/uploads\/2022\/04\/Logo-amoureux-GRAND-carre\u0301-150x150.png 150w, https:\/\/www.vanbreak.com\/wp-content\/uploads\/2022\/04\/Logo-amoureux-GRAND-carre\u0301-500x500.png 500w, https:\/\/www.vanbreak.com\/wp-content\/uploads\/2022\/04\/Logo-amoureux-GRAND-carre\u0301-100x100.png 100w, https:\/\/www.vanbreak.com\/wp-content\/uploads\/2022\/04\/Logo-amoureux-GRAND-carre\u0301.png 560w\" sizes=\"(max-width: 300px) 100vw, 300px\" \/><\/div>  <\/figure><\/div><div class=\"grve-carousel-item grve-hover-item grve-hover-style-none\">  <figure class=\"grve-image-hover\">    <a class=\"grve-item-url\" href=\"https:\/\/coolsports.es\/en\/\" target=\"_blank\" rel=\"noopener\"><\/a>    <div class=\"grve-hover-overlay grve-bg-light grve-opacity-0\"><\/div><div class=\"grve-media\"><img decoding=\"async\" width=\"300\" height=\"300\" src=\"https:\/\/www.vanbreak.com\/wp-content\/uploads\/2024\/08\/coolsports-logo-malaga-300x300.png\" class=\"attachment-medium size-medium\" alt=\"Coolsports - Escuela de Kitesurf y Wing en M\u00e1laga\" srcset=\"https:\/\/www.vanbreak.com\/wp-content\/uploads\/2024\/08\/coolsports-logo-malaga-300x300.png 300w, https:\/\/www.vanbreak.com\/wp-content\/uploads\/2024\/08\/coolsports-logo-malaga-150x150.png 150w, https:\/\/www.vanbreak.com\/wp-content\/uploads\/2024\/08\/coolsports-logo-malaga-100x100.png 100w, https:\/\/www.vanbreak.com\/wp-content\/uploads\/2024\/08\/coolsports-logo-malaga.png 500w\" sizes=\"(max-width: 300px) 100vw, 300px\" \/><\/div>  <\/figure><\/div><div class=\"grve-carousel-item grve-hover-item grve-hover-style-none\">  <figure class=\"grve-image-hover\">    <a class=\"grve-item-url\" href=\"https:\/\/www.zzpub.es\/\" target=\"_blank\" rel=\"noopener\"><\/a>    <div class=\"grve-hover-overlay grve-bg-light grve-opacity-0\"><\/div><div class=\"grve-media\"><img decoding=\"async\" width=\"300\" height=\"300\" src=\"https:\/\/www.vanbreak.com\/wp-content\/uploads\/2017\/02\/ZZ-PUB--300x300.png\" class=\"attachment-medium size-medium\" alt=\"Escuela de Kite Freeride Tarifa\" srcset=\"https:\/\/www.vanbreak.com\/wp-content\/uploads\/2017\/02\/ZZ-PUB--300x300.png 300w, https:\/\/www.vanbreak.com\/wp-content\/uploads\/2017\/02\/ZZ-PUB--150x150.png 150w, https:\/\/www.vanbreak.com\/wp-content\/uploads\/2017\/02\/ZZ-PUB--768x768.png 768w, https:\/\/www.vanbreak.com\/wp-content\/uploads\/2017\/02\/ZZ-PUB--560x560.png 560w, https:\/\/www.vanbreak.com\/wp-content\/uploads\/2017\/02\/ZZ-PUB--500x500.png 500w, https:\/\/www.vanbreak.com\/wp-content\/uploads\/2017\/02\/ZZ-PUB--800x800.png 800w, https:\/\/www.vanbreak.com\/wp-content\/uploads\/2017\/02\/ZZ-PUB--100x100.png 100w, https:\/\/www.vanbreak.com\/wp-content\/uploads\/2017\/02\/ZZ-PUB-.png 900w\" sizes=\"(max-width: 300px) 100vw, 300px\" \/><\/div>  <\/figure><\/div><div class=\"grve-carousel-item grve-hover-item grve-hover-style-none\">  <figure class=\"grve-image-hover\">    <a class=\"grve-item-url\" href=\"https:\/\/www.escueladesurf9pies.com\/es\" target=\"_blank\" rel=\"noopener\"><\/a>    <div class=\"grve-hover-overlay grve-bg-light grve-opacity-0\"><\/div><div class=\"grve-media\"><img decoding=\"async\" width=\"170\" height=\"170\" src=\"https:\/\/www.vanbreak.com\/wp-content\/uploads\/2017\/02\/pies-surf-el-palmar.png\" class=\"attachment-medium size-medium\" alt=\"VanBreak y Normandy Campers\" srcset=\"https:\/\/www.vanbreak.com\/wp-content\/uploads\/2017\/02\/pies-surf-el-palmar.png 170w, https:\/\/www.vanbreak.com\/wp-content\/uploads\/2017\/02\/pies-surf-el-palmar-150x150.png 150w, https:\/\/www.vanbreak.com\/wp-content\/uploads\/2017\/02\/pies-surf-el-palmar-100x100.png 100w\" sizes=\"(max-width: 170px) 100vw, 170px\" \/><\/div>  <\/figure><\/div><div class=\"grve-carousel-item grve-hover-item grve-hover-style-none\">  <figure class=\"grve-image-hover\">    <a class=\"grve-item-url\" href=\"https:\/\/www.kitelife-watersports.com\/\" target=\"_blank\" rel=\"noopener\"><\/a>    <div class=\"grve-hover-overlay grve-bg-light grve-opacity-0\"><\/div><div class=\"grve-media\"><img decoding=\"async\" width=\"300\" height=\"248\" src=\"https:\/\/www.vanbreak.com\/wp-content\/uploads\/2024\/04\/kitelife-watersport-300x248.png\" class=\"attachment-medium size-medium\" alt=\"Kitelife watersport ) escuela de kitesurf en MOrroco\" srcset=\"https:\/\/www.vanbreak.com\/wp-content\/uploads\/2024\/04\/kitelife-watersport-300x248.png 300w, https:\/\/www.vanbreak.com\/wp-content\/uploads\/2024\/04\/kitelife-watersport-1024x846.png 1024w, https:\/\/www.vanbreak.com\/wp-content\/uploads\/2024\/04\/kitelife-watersport-768x635.png 768w, https:\/\/www.vanbreak.com\/wp-content\/uploads\/2024\/04\/kitelife-watersport-1536x1270.png 1536w, https:\/\/www.vanbreak.com\/wp-content\/uploads\/2024\/04\/kitelife-watersport-1920x1587.png 1920w, https:\/\/www.vanbreak.com\/wp-content\/uploads\/2024\/04\/kitelife-watersport-500x413.png 500w, https:\/\/www.vanbreak.com\/wp-content\/uploads\/2024\/04\/kitelife-watersport-800x661.png 800w\" sizes=\"(max-width: 300px) 100vw, 300px\" \/><\/div>  <\/figure><\/div>\t  <\/div>\t<\/div><\/div>[\/vc_column_inner][vc_column_inner width=\u00bb1\/6&#8243;][\/vc_column_inner][\/vc_row_inner]<div class=\"grve-empty-space grve-height-2x\" style=\"\"><\/div>[\/vc_column][\/vc_row]<\/p>\n","protected":false},"excerpt":{"rendered":"<p>Alquile una furgoneta transformada en Espa\u00f1a (M\u00e1laga) y haga un road trip por Andaluc\u00eda. Autocaravanas totalmente equipadas para 2 a 5 personas con seguro y kilometraje ilimitado. <\/p>\n","protected":false},"author":2,"featured_media":11103,"parent":0,"menu_order":0,"comment_status":"closed","ping_status":"closed","template":"","meta":{"footnotes":""},"class_list":["post-5990","page","type-page","status-publish","has-post-thumbnail","hentry"],"_links":{"self":[{"href":"https:\/\/www.vanbreak.com\/es\/wp-json\/wp\/v2\/pages\/5990","targetHints":{"allow":["GET"]}}],"collection":[{"href":"https:\/\/www.vanbreak.com\/es\/wp-json\/wp\/v2\/pages"}],"about":[{"href":"https:\/\/www.vanbreak.com\/es\/wp-json\/wp\/v2\/types\/page"}],"author":[{"embeddable":true,"href":"https:\/\/www.vanbreak.com\/es\/wp-json\/wp\/v2\/users\/2"}],"replies":[{"embeddable":true,"href":"https:\/\/www.vanbreak.com\/es\/wp-json\/wp\/v2\/comments?post=5990"}],"version-history":[{"count":0,"href":"https:\/\/www.vanbreak.com\/es\/wp-json\/wp\/v2\/pages\/5990\/revisions"}],"wp:featuredmedia":[{"embeddable":true,"href":"https:\/\/www.vanbreak.com\/es\/wp-json\/wp\/v2\/media\/11103"}],"wp:attachment":[{"href":"https:\/\/www.vanbreak.com\/es\/wp-json\/wp\/v2\/media?parent=5990"}],"curies":[{"name":"wp","href":"https:\/\/api.w.org\/{rel}","templated":true}]}}