{"id":21780,"date":"2025-02-06T15:12:28","date_gmt":"2025-02-06T15:12:28","guid":{"rendered":"https:\/\/www.vanbreak.com\/?page_id=21780"},"modified":"2026-03-28T17:26:07","modified_gmt":"2026-03-28T17:26:07","slug":"alquiler-de-autocaravanas","status":"publish","type":"page","link":"https:\/\/www.vanbreak.com\/es\/alquiler-de-autocaravanas\/","title":{"rendered":"Alquiler de autocaravanas en M\u00e1laga"},"content":{"rendered":"<p>[vc_row bg_type=\u00bbcolor\u00bb padding_top_multiplier=\u00bb\u00bb desktop_visibility=\u00bbhide\u00bb tablet_visibility=\u00bbhide\u00bb bg_color=\u00bb#ebecf0&#8243;][vc_column][\/vc_column][\/vc_row][vc_row bg_type=\u00bbcolor\u00bb padding_top_multiplier=\u00bb\u00bb desktop_visibility=\u00bbhide\u00bb tablet_visibility=\u00bbhide\u00bb bg_color=\u00bb#ebecf0&#8243;][vc_column][\/vc_column][\/vc_row][vc_row section_type=\u00bbfullwidth\u00bb bg_type=\u00bbcolor\u00bb columns_gap=\u00bbnone\u00bb bg_color=\u00bb#ebecf0&#8243;][vc_column width=\u00bb2\/3&#8243;]<div class=\"grve-element grve-slider grve-layout-1 grve-gallery-popup\"  style=\" \">  <div class=\"grve-carousel-wrapper\"><div class=\"grve-carousel-navigation grve-dark grve-navigation-1 grve-navigation-default\">\t<div class=\"grve-carousel-buttons\">\t\t<div class=\"grve-carousel-prev\">\t\t\t<i class=\"grve-icon-nav-left-small\"><\/i>\t\t<\/div>\t\t<div class=\"grve-carousel-next\">\t\t\t<i class=\"grve-icon-nav-right-small\"><\/i>\t\t<\/div>\t<\/div><\/div><div class=\"grve-slider-element owl-carousel grve-theme\" data-slider-speed=\"3500\" data-slider-pause=\"no\" data-slider-autoplay=\"no\" data-slider-loop=\"yes\" data-slider-transition=\"slide\" data-slider-autoheight=\"no\" data-pagination=\"yes\"><div class=\"grve-slider-item grve-hover-item grve-hover-style-none\">  <figure class=\"grve-image-hover grve-zoom-none\"><div class=\"grve-media\"><img decoding=\"async\" width=\"1920\" height=\"1280\" src=\"https:\/\/www.vanbreak.com\/wp-content\/uploads\/2025\/08\/benimar-camping-car-tesoro-463up-vanbreak-1-1.png\" class=\"attachment-movedo-grve-fullscreen size-movedo-grve-fullscreen\" alt=\"Una autocaravana moderna y elegante.\" srcset=\"https:\/\/www.vanbreak.com\/wp-content\/uploads\/2025\/08\/benimar-camping-car-tesoro-463up-vanbreak-1-1.png 1920w, https:\/\/www.vanbreak.com\/wp-content\/uploads\/2025\/08\/benimar-camping-car-tesoro-463up-vanbreak-1-1-300x200.png 300w, https:\/\/www.vanbreak.com\/wp-content\/uploads\/2025\/08\/benimar-camping-car-tesoro-463up-vanbreak-1-1-1024x683.png 1024w, https:\/\/www.vanbreak.com\/wp-content\/uploads\/2025\/08\/benimar-camping-car-tesoro-463up-vanbreak-1-1-768x512.png 768w, https:\/\/www.vanbreak.com\/wp-content\/uploads\/2025\/08\/benimar-camping-car-tesoro-463up-vanbreak-1-1-1536x1024.png 1536w, https:\/\/www.vanbreak.com\/wp-content\/uploads\/2025\/08\/benimar-camping-car-tesoro-463up-vanbreak-1-1-500x333.png 500w, https:\/\/www.vanbreak.com\/wp-content\/uploads\/2025\/08\/benimar-camping-car-tesoro-463up-vanbreak-1-1-800x533.png 800w\" sizes=\"(max-width: 1920px) 100vw, 1920px\" \/><\/div>  <\/figure><\/div><div class=\"grve-slider-item grve-hover-item grve-hover-style-none\">  <figure class=\"grve-image-hover grve-zoom-none\"><div class=\"grve-media\"><img decoding=\"async\" width=\"1920\" height=\"1280\" src=\"https:\/\/www.vanbreak.com\/wp-content\/uploads\/2025\/02\/l5a1636-1920x1280.jpg\" class=\"attachment-movedo-grve-fullscreen size-movedo-grve-fullscreen\" alt=\"Autocaravana Benimar Tessoro 463up - Vanbreak\" srcset=\"https:\/\/www.vanbreak.com\/wp-content\/uploads\/2025\/02\/l5a1636-1920x1280.jpg 1920w, https:\/\/www.vanbreak.com\/wp-content\/uploads\/2025\/02\/l5a1636-300x200.jpg 300w, https:\/\/www.vanbreak.com\/wp-content\/uploads\/2025\/02\/l5a1636-1024x682.jpg 1024w, https:\/\/www.vanbreak.com\/wp-content\/uploads\/2025\/02\/l5a1636-768x512.jpg 768w, https:\/\/www.vanbreak.com\/wp-content\/uploads\/2025\/02\/l5a1636-1536x1024.jpg 1536w, https:\/\/www.vanbreak.com\/wp-content\/uploads\/2025\/02\/l5a1636-500x333.jpg 500w, https:\/\/www.vanbreak.com\/wp-content\/uploads\/2025\/02\/l5a1636-800x533.jpg 800w\" sizes=\"(max-width: 1920px) 100vw, 1920px\" \/><\/div>  <\/figure><\/div><div class=\"grve-slider-item grve-hover-item grve-hover-style-none\">  <figure class=\"grve-image-hover grve-zoom-none\"><div class=\"grve-media\"><img decoding=\"async\" width=\"1920\" height=\"1280\" src=\"https:\/\/www.vanbreak.com\/wp-content\/uploads\/2025\/08\/camping-car-benimar-5-pers-vanbreak62-1-1920x1280.jpg\" class=\"attachment-movedo-grve-fullscreen size-movedo-grve-fullscreen\" alt=\"Autocaravana Benimar Tessoro 463up\" srcset=\"https:\/\/www.vanbreak.com\/wp-content\/uploads\/2025\/08\/camping-car-benimar-5-pers-vanbreak62-1-1920x1280.jpg 1920w, https:\/\/www.vanbreak.com\/wp-content\/uploads\/2025\/08\/camping-car-benimar-5-pers-vanbreak62-1-300x200.jpg 300w, https:\/\/www.vanbreak.com\/wp-content\/uploads\/2025\/08\/camping-car-benimar-5-pers-vanbreak62-1-1024x682.jpg 1024w, https:\/\/www.vanbreak.com\/wp-content\/uploads\/2025\/08\/camping-car-benimar-5-pers-vanbreak62-1-768x512.jpg 768w, https:\/\/www.vanbreak.com\/wp-content\/uploads\/2025\/08\/camping-car-benimar-5-pers-vanbreak62-1-1536x1024.jpg 1536w, https:\/\/www.vanbreak.com\/wp-content\/uploads\/2025\/08\/camping-car-benimar-5-pers-vanbreak62-1-500x333.jpg 500w, https:\/\/www.vanbreak.com\/wp-content\/uploads\/2025\/08\/camping-car-benimar-5-pers-vanbreak62-1-800x533.jpg 800w\" sizes=\"(max-width: 1920px) 100vw, 1920px\" \/><\/div>  <\/figure><\/div><div class=\"grve-slider-item grve-hover-item grve-hover-style-none\">  <figure class=\"grve-image-hover grve-zoom-none\"><div class=\"grve-media\"><img decoding=\"async\" width=\"1920\" height=\"1280\" src=\"https:\/\/www.vanbreak.com\/wp-content\/uploads\/2025\/02\/l5a1619-1920x1280.jpg\" class=\"attachment-movedo-grve-fullscreen size-movedo-grve-fullscreen\" alt=\"Autocaravana Benimar Tessoro 463up - Vanbreak\" srcset=\"https:\/\/www.vanbreak.com\/wp-content\/uploads\/2025\/02\/l5a1619-1920x1280.jpg 1920w, https:\/\/www.vanbreak.com\/wp-content\/uploads\/2025\/02\/l5a1619-300x200.jpg 300w, https:\/\/www.vanbreak.com\/wp-content\/uploads\/2025\/02\/l5a1619-1024x682.jpg 1024w, https:\/\/www.vanbreak.com\/wp-content\/uploads\/2025\/02\/l5a1619-768x512.jpg 768w, https:\/\/www.vanbreak.com\/wp-content\/uploads\/2025\/02\/l5a1619-1536x1024.jpg 1536w, https:\/\/www.vanbreak.com\/wp-content\/uploads\/2025\/02\/l5a1619-500x333.jpg 500w, https:\/\/www.vanbreak.com\/wp-content\/uploads\/2025\/02\/l5a1619-800x533.jpg 800w\" sizes=\"(max-width: 1920px) 100vw, 1920px\" \/><\/div>  <\/figure><\/div><div class=\"grve-slider-item grve-hover-item grve-hover-style-none\">  <figure class=\"grve-image-hover grve-zoom-none\"><div class=\"grve-media\"><img decoding=\"async\" width=\"1920\" height=\"1280\" src=\"https:\/\/www.vanbreak.com\/wp-content\/uploads\/2025\/02\/l5a1628-1920x1280.jpg\" class=\"attachment-movedo-grve-fullscreen size-movedo-grve-fullscreen\" alt=\"Autocaravana Benimar Tessoro 463up - Vanbreak\" srcset=\"https:\/\/www.vanbreak.com\/wp-content\/uploads\/2025\/02\/l5a1628-1920x1280.jpg 1920w, https:\/\/www.vanbreak.com\/wp-content\/uploads\/2025\/02\/l5a1628-300x200.jpg 300w, https:\/\/www.vanbreak.com\/wp-content\/uploads\/2025\/02\/l5a1628-1024x682.jpg 1024w, https:\/\/www.vanbreak.com\/wp-content\/uploads\/2025\/02\/l5a1628-768x512.jpg 768w, https:\/\/www.vanbreak.com\/wp-content\/uploads\/2025\/02\/l5a1628-1536x1024.jpg 1536w, https:\/\/www.vanbreak.com\/wp-content\/uploads\/2025\/02\/l5a1628-500x333.jpg 500w, https:\/\/www.vanbreak.com\/wp-content\/uploads\/2025\/02\/l5a1628-800x533.jpg 800w\" sizes=\"(max-width: 1920px) 100vw, 1920px\" \/><\/div>  <\/figure><\/div><div class=\"grve-slider-item grve-hover-item grve-hover-style-none\">  <figure class=\"grve-image-hover grve-zoom-none\"><div class=\"grve-media\"><img decoding=\"async\" width=\"1920\" height=\"1280\" src=\"https:\/\/www.vanbreak.com\/wp-content\/uploads\/2025\/02\/l5a1647-1920x1280.jpg\" class=\"attachment-movedo-grve-fullscreen size-movedo-grve-fullscreen\" alt=\"Autocaravana Benimar Tessoro 463up - Vanbreak\" srcset=\"https:\/\/www.vanbreak.com\/wp-content\/uploads\/2025\/02\/l5a1647-1920x1280.jpg 1920w, https:\/\/www.vanbreak.com\/wp-content\/uploads\/2025\/02\/l5a1647-300x200.jpg 300w, https:\/\/www.vanbreak.com\/wp-content\/uploads\/2025\/02\/l5a1647-1024x682.jpg 1024w, https:\/\/www.vanbreak.com\/wp-content\/uploads\/2025\/02\/l5a1647-768x512.jpg 768w, https:\/\/www.vanbreak.com\/wp-content\/uploads\/2025\/02\/l5a1647-1536x1024.jpg 1536w, https:\/\/www.vanbreak.com\/wp-content\/uploads\/2025\/02\/l5a1647-500x333.jpg 500w, https:\/\/www.vanbreak.com\/wp-content\/uploads\/2025\/02\/l5a1647-800x533.jpg 800w\" sizes=\"(max-width: 1920px) 100vw, 1920px\" \/><\/div>  <\/figure><\/div><div class=\"grve-slider-item grve-hover-item grve-hover-style-none\">  <figure class=\"grve-image-hover grve-zoom-none\"><div class=\"grve-media\"><img decoding=\"async\" width=\"1920\" height=\"1280\" src=\"https:\/\/www.vanbreak.com\/wp-content\/uploads\/2025\/02\/l5a1603-1920x1280.jpg\" class=\"attachment-movedo-grve-fullscreen size-movedo-grve-fullscreen\" alt=\"Estanter\u00eda con tarros de comida\" srcset=\"https:\/\/www.vanbreak.com\/wp-content\/uploads\/2025\/02\/l5a1603-1920x1280.jpg 1920w, https:\/\/www.vanbreak.com\/wp-content\/uploads\/2025\/02\/l5a1603-300x200.jpg 300w, https:\/\/www.vanbreak.com\/wp-content\/uploads\/2025\/02\/l5a1603-1024x682.jpg 1024w, https:\/\/www.vanbreak.com\/wp-content\/uploads\/2025\/02\/l5a1603-768x512.jpg 768w, https:\/\/www.vanbreak.com\/wp-content\/uploads\/2025\/02\/l5a1603-1536x1024.jpg 1536w, https:\/\/www.vanbreak.com\/wp-content\/uploads\/2025\/02\/l5a1603-500x333.jpg 500w, https:\/\/www.vanbreak.com\/wp-content\/uploads\/2025\/02\/l5a1603-800x533.jpg 800w\" sizes=\"(max-width: 1920px) 100vw, 1920px\" \/><\/div>  <\/figure><\/div><div class=\"grve-slider-item grve-hover-item grve-hover-style-none\">  <figure class=\"grve-image-hover grve-zoom-none\"><div class=\"grve-media\"><img decoding=\"async\" width=\"1920\" height=\"1280\" src=\"https:\/\/www.vanbreak.com\/wp-content\/uploads\/2025\/08\/camping-car-benimar-5-pers-vanbreak91-1-1920x1280.jpg\" class=\"attachment-movedo-grve-fullscreen size-movedo-grve-fullscreen\" alt=\"Autocaravana Benimar Tessoro 463up\" srcset=\"https:\/\/www.vanbreak.com\/wp-content\/uploads\/2025\/08\/camping-car-benimar-5-pers-vanbreak91-1-1920x1280.jpg 1920w, https:\/\/www.vanbreak.com\/wp-content\/uploads\/2025\/08\/camping-car-benimar-5-pers-vanbreak91-1-300x200.jpg 300w, https:\/\/www.vanbreak.com\/wp-content\/uploads\/2025\/08\/camping-car-benimar-5-pers-vanbreak91-1-1024x682.jpg 1024w, https:\/\/www.vanbreak.com\/wp-content\/uploads\/2025\/08\/camping-car-benimar-5-pers-vanbreak91-1-768x512.jpg 768w, https:\/\/www.vanbreak.com\/wp-content\/uploads\/2025\/08\/camping-car-benimar-5-pers-vanbreak91-1-1536x1024.jpg 1536w, https:\/\/www.vanbreak.com\/wp-content\/uploads\/2025\/08\/camping-car-benimar-5-pers-vanbreak91-1-500x333.jpg 500w, https:\/\/www.vanbreak.com\/wp-content\/uploads\/2025\/08\/camping-car-benimar-5-pers-vanbreak91-1-800x533.jpg 800w\" sizes=\"(max-width: 1920px) 100vw, 1920px\" \/><\/div>  <\/figure><\/div><div class=\"grve-slider-item grve-hover-item grve-hover-style-none\">  <figure class=\"grve-image-hover grve-zoom-none\"><div class=\"grve-media\"><img decoding=\"async\" width=\"1920\" height=\"1280\" src=\"https:\/\/www.vanbreak.com\/wp-content\/uploads\/2025\/02\/l5a1599-1920x1280.jpg\" class=\"attachment-movedo-grve-fullscreen size-movedo-grve-fullscreen\" alt=\"Cama c\u00f3moda en un espacio compacto.\" srcset=\"https:\/\/www.vanbreak.com\/wp-content\/uploads\/2025\/02\/l5a1599-1920x1280.jpg 1920w, https:\/\/www.vanbreak.com\/wp-content\/uploads\/2025\/02\/l5a1599-300x200.jpg 300w, https:\/\/www.vanbreak.com\/wp-content\/uploads\/2025\/02\/l5a1599-1024x682.jpg 1024w, https:\/\/www.vanbreak.com\/wp-content\/uploads\/2025\/02\/l5a1599-768x512.jpg 768w, https:\/\/www.vanbreak.com\/wp-content\/uploads\/2025\/02\/l5a1599-1536x1024.jpg 1536w, https:\/\/www.vanbreak.com\/wp-content\/uploads\/2025\/02\/l5a1599-500x333.jpg 500w, https:\/\/www.vanbreak.com\/wp-content\/uploads\/2025\/02\/l5a1599-800x533.jpg 800w\" sizes=\"(max-width: 1920px) 100vw, 1920px\" \/><\/div>  <\/figure><\/div><div class=\"grve-slider-item grve-hover-item grve-hover-style-none\">  <figure class=\"grve-image-hover grve-zoom-none\"><div class=\"grve-media\"><img decoding=\"async\" width=\"1920\" height=\"1280\" src=\"https:\/\/www.vanbreak.com\/wp-content\/uploads\/2025\/08\/camping-car-benimar-5-pers-vanbreak40-1-1920x1280.jpg\" class=\"attachment-movedo-grve-fullscreen size-movedo-grve-fullscreen\" alt=\"Autocaravana Benimar Tessoro 463up\" srcset=\"https:\/\/www.vanbreak.com\/wp-content\/uploads\/2025\/08\/camping-car-benimar-5-pers-vanbreak40-1-1920x1280.jpg 1920w, https:\/\/www.vanbreak.com\/wp-content\/uploads\/2025\/08\/camping-car-benimar-5-pers-vanbreak40-1-300x200.jpg 300w, https:\/\/www.vanbreak.com\/wp-content\/uploads\/2025\/08\/camping-car-benimar-5-pers-vanbreak40-1-1024x682.jpg 1024w, https:\/\/www.vanbreak.com\/wp-content\/uploads\/2025\/08\/camping-car-benimar-5-pers-vanbreak40-1-768x512.jpg 768w, https:\/\/www.vanbreak.com\/wp-content\/uploads\/2025\/08\/camping-car-benimar-5-pers-vanbreak40-1-1536x1024.jpg 1536w, https:\/\/www.vanbreak.com\/wp-content\/uploads\/2025\/08\/camping-car-benimar-5-pers-vanbreak40-1-500x333.jpg 500w, https:\/\/www.vanbreak.com\/wp-content\/uploads\/2025\/08\/camping-car-benimar-5-pers-vanbreak40-1-800x533.jpg 800w\" sizes=\"(max-width: 1920px) 100vw, 1920px\" \/><\/div>  <\/figure><\/div><div class=\"grve-slider-item grve-hover-item grve-hover-style-none\">  <figure class=\"grve-image-hover grve-zoom-none\"><div class=\"grve-media\"><img decoding=\"async\" width=\"1920\" height=\"1280\" src=\"https:\/\/www.vanbreak.com\/wp-content\/uploads\/2025\/08\/camping-car-benimar-5-pers-vanbreak42-1-1920x1280.jpg\" class=\"attachment-movedo-grve-fullscreen size-movedo-grve-fullscreen\" alt=\"Autocaravana Benimar Tessoro 463up\" srcset=\"https:\/\/www.vanbreak.com\/wp-content\/uploads\/2025\/08\/camping-car-benimar-5-pers-vanbreak42-1-1920x1280.jpg 1920w, https:\/\/www.vanbreak.com\/wp-content\/uploads\/2025\/08\/camping-car-benimar-5-pers-vanbreak42-1-300x200.jpg 300w, https:\/\/www.vanbreak.com\/wp-content\/uploads\/2025\/08\/camping-car-benimar-5-pers-vanbreak42-1-1024x682.jpg 1024w, https:\/\/www.vanbreak.com\/wp-content\/uploads\/2025\/08\/camping-car-benimar-5-pers-vanbreak42-1-768x512.jpg 768w, https:\/\/www.vanbreak.com\/wp-content\/uploads\/2025\/08\/camping-car-benimar-5-pers-vanbreak42-1-1536x1024.jpg 1536w, https:\/\/www.vanbreak.com\/wp-content\/uploads\/2025\/08\/camping-car-benimar-5-pers-vanbreak42-1-500x333.jpg 500w, https:\/\/www.vanbreak.com\/wp-content\/uploads\/2025\/08\/camping-car-benimar-5-pers-vanbreak42-1-800x533.jpg 800w\" sizes=\"(max-width: 1920px) 100vw, 1920px\" \/><\/div>  <\/figure><\/div><div class=\"grve-slider-item grve-hover-item grve-hover-style-none\">  <figure class=\"grve-image-hover grve-zoom-none\"><div class=\"grve-media\"><img decoding=\"async\" width=\"1920\" height=\"1280\" src=\"https:\/\/www.vanbreak.com\/wp-content\/uploads\/2025\/08\/camping-car-benimar-5-pers-vanbreak47-1920x1280.jpg\" class=\"attachment-movedo-grve-fullscreen size-movedo-grve-fullscreen\" alt=\"Autocaravana Benimar Tessoro 463up\" srcset=\"https:\/\/www.vanbreak.com\/wp-content\/uploads\/2025\/08\/camping-car-benimar-5-pers-vanbreak47-1920x1280.jpg 1920w, https:\/\/www.vanbreak.com\/wp-content\/uploads\/2025\/08\/camping-car-benimar-5-pers-vanbreak47-300x200.jpg 300w, https:\/\/www.vanbreak.com\/wp-content\/uploads\/2025\/08\/camping-car-benimar-5-pers-vanbreak47-1024x682.jpg 1024w, https:\/\/www.vanbreak.com\/wp-content\/uploads\/2025\/08\/camping-car-benimar-5-pers-vanbreak47-768x512.jpg 768w, https:\/\/www.vanbreak.com\/wp-content\/uploads\/2025\/08\/camping-car-benimar-5-pers-vanbreak47-1536x1024.jpg 1536w, https:\/\/www.vanbreak.com\/wp-content\/uploads\/2025\/08\/camping-car-benimar-5-pers-vanbreak47-500x333.jpg 500w, https:\/\/www.vanbreak.com\/wp-content\/uploads\/2025\/08\/camping-car-benimar-5-pers-vanbreak47-800x533.jpg 800w\" sizes=\"(max-width: 1920px) 100vw, 1920px\" \/><\/div>  <\/figure><\/div>\t<\/div>  <\/div><\/div>[\/vc_column][vc_column width=\u00bb1\/3&#8243; tablet_sm_width=\u00bbhide\u00bb mobile_width=\u00bbhide\u00bb]<div class=\"grve-element grve-image grve-align-center\" style=\"\">  <div class=\"grve-image-wrapper\"><img decoding=\"async\" width=\"2000\" height=\"1333\" src=\"https:\/\/www.vanbreak.com\/wp-content\/uploads\/2025\/02\/l5a1636-e1757327421205.jpg\" class=\"attachment-full size-full\" alt=\"Autocaravana Benimar Tessoro 463up - Vanbreak\" \/>   <\/div><\/div><div class=\"grve-element grve-image grve-align-center\" style=\"\">  <div class=\"grve-image-wrapper\"><img decoding=\"async\" width=\"1920\" height=\"1280\" src=\"https:\/\/www.vanbreak.com\/wp-content\/uploads\/2025\/09\/camping-car-benimar-5-pers-vanbreak91-pour-site-resize.jpg\" class=\"attachment-full size-full\" alt=\"Cama c\u00f3moda con s\u00e1banas y cojines.\" srcset=\"https:\/\/www.vanbreak.com\/wp-content\/uploads\/2025\/09\/camping-car-benimar-5-pers-vanbreak91-pour-site-resize.jpg 1920w, https:\/\/www.vanbreak.com\/wp-content\/uploads\/2025\/09\/camping-car-benimar-5-pers-vanbreak91-pour-site-resize-300x200.jpg 300w, https:\/\/www.vanbreak.com\/wp-content\/uploads\/2025\/09\/camping-car-benimar-5-pers-vanbreak91-pour-site-resize-1024x683.jpg 1024w, https:\/\/www.vanbreak.com\/wp-content\/uploads\/2025\/09\/camping-car-benimar-5-pers-vanbreak91-pour-site-resize-768x512.jpg 768w, https:\/\/www.vanbreak.com\/wp-content\/uploads\/2025\/09\/camping-car-benimar-5-pers-vanbreak91-pour-site-resize-1536x1024.jpg 1536w, https:\/\/www.vanbreak.com\/wp-content\/uploads\/2025\/09\/camping-car-benimar-5-pers-vanbreak91-pour-site-resize-500x333.jpg 500w, https:\/\/www.vanbreak.com\/wp-content\/uploads\/2025\/09\/camping-car-benimar-5-pers-vanbreak91-pour-site-resize-800x533.jpg 800w\" sizes=\"(max-width: 1920px) 100vw, 1920px\" \/>   <\/div><\/div>[\/vc_column][\/vc_row][vc_row bg_type=\u00bbcolor\u00bb padding_top_multiplier=\u00bb\u00bb tablet_sm_visibility=\u00bbhide\u00bb mobile_visibility=\u00bbhide\u00bb bg_color=\u00bb#ebecf0&#8243;][vc_column][vc_column_text]<a href=\"https:\/\/www.vanbreak.com\/es\/\">Inicio<\/a> &gt;<a href=\"https:\/\/www.vanbreak.com\/location-van-amenage-espagne\/\">Alquiler camper Espaa<\/a> &gt;<a href=\"https:\/\/www.vanbreak.com\/es\/modeles-van-amenage\/\">Modelos de autocaravanas<\/a> &gt; Alquiler camper Malaga[\/vc_column_text][\/vc_column][\/vc_row][vc_row bg_type=\u00bbcolor\u00bb bg_color=\u00bb#ebecf0&#8243;][vc_column]<h1 class=\"grve-element grve-title grve-align-left grve-h2 grve-increase-heading grve-heading-140\" style=\"\"><span>Alquiler de autocaravanas en M\u00e1laga &#8211; Benimar autocaravana familiar para viaje por carretera en Andaluc\u00eda<\/span><\/h1>[\/vc_column][\/vc_row][vc_row bg_type=\u00bbcolor\u00bb bg_color=\u00bb#ebecf0&#8243;][vc_column]<h2 class=\"grve-element grve-title grve-align-center grve-h2 grve-increase-heading grve-heading-120\" style=\"\"><span>PRESENTACI\u00d3N DE LA AUTOCARAVANA<\/span><\/h2><div class=\"grve-empty-space grve-height-1x\" style=\"\"><\/div>[vc_column_text]\u00bfBusca <b>alquilar una autocaravana en M\u00e1laga en Andaluc\u00eda<\/b> para salir de aventura? Descubre nuestra autocaravana <strong>BENIMAR de alta gama<\/strong>, ideal para un viaje por <strong>carretera en Espa\u00f1a<\/strong>.[\/vc_column_text]<div class=\"grve-empty-space grve-height-2x\" style=\"\"><\/div><div class=\"grve-element grve-align-center\"><a href=\"https:\/\/www.vanbreak.com\/es\/reserva-van\/\" title=\"Reserva una furgoneta\" class=\"grve-btn grve-btn-medium grve-extra-round grve-bg-primary-3 grve-bg-hover-primary-6 buttonpad10\"><span>RESERVA<\/span><\/a><\/div><div class=\"grve-empty-space grve-height-2x\" style=\"\"><\/div>[vc_column_text]Espaciosa, c\u00f3moda y totalmente equipada, esta <strong>autocaravana<\/strong> familiar permite viajar desde M\u00e1laga hasta <strong>5 personas<\/strong>. Disfrutar\u00e1s de todas las comodidades de una aut\u00e9ntica <strong>autocaravana moderna<\/strong>: cocina totalmente equipada, ba\u00f1o con ducha y WC, nevera grande y mucho espacio de almacenamiento.<\/p>\n<p>Cuando <strong>alquiles una autocaravana en M\u00e1laga<\/strong> con VanBreak, podr\u00e1s explorar los paisajes m\u00e1s bellos de Andaluc\u00eda: las playas de la Costa del Sol, los pueblos blancos, los parques naturales y las emblem\u00e1ticas ciudades de Sevilla, Granada y C\u00f3rdoba.[\/vc_column_text][\/vc_column][\/vc_row][vc_row bg_type=\u00bbcolor\u00bb padding_top_multiplier=\u00bb\u00bb bg_color=\u00bb#ebecf0&#8243;][vc_column][vc_row_inner][vc_column_inner width=\u00bb1\/4&#8243; tablet_sm_width=\u00bb1-2&#8243; mobile_width=\u00bb1-2&#8243;]<div class=\"grve-element grve-image grve-align-center\" style=\"\">  <div class=\"grve-image-wrapper\"><img decoding=\"async\" width=\"150\" height=\"150\" src=\"https:\/\/www.vanbreak.com\/wp-content\/uploads\/2020\/12\/ceinture-150x150.png\" class=\"attachment-thumbnail size-thumbnail\" alt=\"cintur\u00f3n de seguridad\" srcset=\"https:\/\/www.vanbreak.com\/wp-content\/uploads\/2020\/12\/ceinture-150x150.png 150w, https:\/\/www.vanbreak.com\/wp-content\/uploads\/2020\/12\/ceinture-300x300.png 300w, https:\/\/www.vanbreak.com\/wp-content\/uploads\/2020\/12\/ceinture-1024x1024.png 1024w, https:\/\/www.vanbreak.com\/wp-content\/uploads\/2020\/12\/ceinture-768x768.png 768w, https:\/\/www.vanbreak.com\/wp-content\/uploads\/2020\/12\/ceinture-560x560.png 560w, https:\/\/www.vanbreak.com\/wp-content\/uploads\/2020\/12\/ceinture-900x900.png 900w, https:\/\/www.vanbreak.com\/wp-content\/uploads\/2020\/12\/ceinture-500x500.png 500w, https:\/\/www.vanbreak.com\/wp-content\/uploads\/2020\/12\/ceinture-800x800.png 800w, https:\/\/www.vanbreak.com\/wp-content\/uploads\/2020\/12\/ceinture-100x100.png 100w, https:\/\/www.vanbreak.com\/wp-content\/uploads\/2020\/12\/ceinture.png 1280w\" sizes=\"(max-width: 150px) 100vw, 150px\" \/>   <\/div><\/div><div class=\"grve-empty-space grve-height-1x\" style=\"\"><\/div><h3 class=\"grve-element grve-title grve-align-center grve-h3\" style=\"\"><span><span class=\"s4\" style=\"color: #343e83;\"><b>5 plazas<\/b><\/span><\/span><\/h3><div class=\"grve-empty-space grve-height-1x\" style=\"\"><\/div>[\/vc_column_inner][vc_column_inner width=\u00bb1\/4&#8243; tablet_sm_width=\u00bb1-2&#8243; mobile_width=\u00bb1-2&#8243;]<div class=\"grve-element grve-image grve-align-center\" style=\"\">  <div class=\"grve-image-wrapper\"><img decoding=\"async\" width=\"150\" height=\"150\" src=\"https:\/\/www.vanbreak.com\/wp-content\/uploads\/2020\/12\/lit-150x150.png\" class=\"attachment-thumbnail size-thumbnail\" alt=\"n\u00famero de camas\" srcset=\"https:\/\/www.vanbreak.com\/wp-content\/uploads\/2020\/12\/lit-150x150.png 150w, https:\/\/www.vanbreak.com\/wp-content\/uploads\/2020\/12\/lit-300x300.png 300w, https:\/\/www.vanbreak.com\/wp-content\/uploads\/2020\/12\/lit-1024x1024.png 1024w, https:\/\/www.vanbreak.com\/wp-content\/uploads\/2020\/12\/lit-768x768.png 768w, https:\/\/www.vanbreak.com\/wp-content\/uploads\/2020\/12\/lit-560x560.png 560w, https:\/\/www.vanbreak.com\/wp-content\/uploads\/2020\/12\/lit-900x900.png 900w, https:\/\/www.vanbreak.com\/wp-content\/uploads\/2020\/12\/lit-500x500.png 500w, https:\/\/www.vanbreak.com\/wp-content\/uploads\/2020\/12\/lit-800x800.png 800w, https:\/\/www.vanbreak.com\/wp-content\/uploads\/2020\/12\/lit-100x100.png 100w, https:\/\/www.vanbreak.com\/wp-content\/uploads\/2020\/12\/lit.png 1280w\" sizes=\"(max-width: 150px) 100vw, 150px\" \/>   <\/div><\/div><div class=\"grve-empty-space grve-height-1x\" style=\"\"><\/div><h3 class=\"grve-element grve-title grve-align-center grve-h3\" style=\"\"><span><span class=\"s4\" style=\"color: #343e83;\">5 plazas (2 adultos y 3 ni\u00f1os)<\/span><\/span><\/h3><h4 class=\"grve-element grve-title grve-align-center grve-h3\" style=\"\"><span><span class=\"s5\" style=\"color: #343e83;\">S\u00e1banas y almohadas incl.<\/span><\/span><\/h4><div class=\"grve-empty-space grve-height-1x\" style=\"\"><\/div>[\/vc_column_inner][vc_column_inner width=\u00bb1\/4&#8243; tablet_sm_width=\u00bb1-2&#8243; mobile_width=\u00bb1-2&#8243;]<div class=\"grve-element grve-image grve-align-center\" style=\"\">  <div class=\"grve-image-wrapper\"><img decoding=\"async\" width=\"150\" height=\"150\" src=\"https:\/\/www.vanbreak.com\/wp-content\/uploads\/2020\/12\/transmision-manuelles-150x150.png\" class=\"attachment-thumbnail size-thumbnail\" alt=\"caja de cambio manual\" srcset=\"https:\/\/www.vanbreak.com\/wp-content\/uploads\/2020\/12\/transmision-manuelles-150x150.png 150w, https:\/\/www.vanbreak.com\/wp-content\/uploads\/2020\/12\/transmision-manuelles-300x300.png 300w, https:\/\/www.vanbreak.com\/wp-content\/uploads\/2020\/12\/transmision-manuelles-1024x1024.png 1024w, https:\/\/www.vanbreak.com\/wp-content\/uploads\/2020\/12\/transmision-manuelles-768x768.png 768w, https:\/\/www.vanbreak.com\/wp-content\/uploads\/2020\/12\/transmision-manuelles-560x560.png 560w, https:\/\/www.vanbreak.com\/wp-content\/uploads\/2020\/12\/transmision-manuelles-900x900.png 900w, https:\/\/www.vanbreak.com\/wp-content\/uploads\/2020\/12\/transmision-manuelles-500x500.png 500w, https:\/\/www.vanbreak.com\/wp-content\/uploads\/2020\/12\/transmision-manuelles-800x800.png 800w, https:\/\/www.vanbreak.com\/wp-content\/uploads\/2020\/12\/transmision-manuelles-100x100.png 100w, https:\/\/www.vanbreak.com\/wp-content\/uploads\/2020\/12\/transmision-manuelles.png 1280w\" sizes=\"(max-width: 150px) 100vw, 150px\" \/>   <\/div><\/div><div class=\"grve-empty-space grve-height-1x\" style=\"\"><\/div><h3 class=\"grve-element grve-title grve-align-center grve-h3\" style=\"\"><span><span style=\"color: #343e83;\"><span class=\"s4\">Caja de cambios manual<\/span><span class=\"s1\"><br \/>\n<\/span><span class=\"s4\">165 CV<\/span><\/span><\/span><\/h3><div class=\"grve-empty-space grve-height-1x\" style=\"\"><\/div>[\/vc_column_inner][vc_column_inner width=\u00bb1\/4&#8243; tablet_sm_width=\u00bb1-2&#8243; mobile_width=\u00bb1-2&#8243;]<div class=\"grve-element grve-image grve-align-center\" style=\"\">  <div class=\"grve-image-wrapper\"><img decoding=\"async\" width=\"150\" height=\"150\" src=\"https:\/\/www.vanbreak.com\/wp-content\/uploads\/2021\/01\/permis-b-150x150.png\" class=\"attachment-thumbnail size-thumbnail\" alt=\"\" srcset=\"https:\/\/www.vanbreak.com\/wp-content\/uploads\/2021\/01\/permis-b-150x150.png 150w, https:\/\/www.vanbreak.com\/wp-content\/uploads\/2021\/01\/permis-b-300x300.png 300w, https:\/\/www.vanbreak.com\/wp-content\/uploads\/2021\/01\/permis-b-1024x1024.png 1024w, https:\/\/www.vanbreak.com\/wp-content\/uploads\/2021\/01\/permis-b-768x768.png 768w, https:\/\/www.vanbreak.com\/wp-content\/uploads\/2021\/01\/permis-b-560x560.png 560w, https:\/\/www.vanbreak.com\/wp-content\/uploads\/2021\/01\/permis-b-900x900.png 900w, https:\/\/www.vanbreak.com\/wp-content\/uploads\/2021\/01\/permis-b-500x500.png 500w, https:\/\/www.vanbreak.com\/wp-content\/uploads\/2021\/01\/permis-b-800x800.png 800w, https:\/\/www.vanbreak.com\/wp-content\/uploads\/2021\/01\/permis-b-100x100.png 100w, https:\/\/www.vanbreak.com\/wp-content\/uploads\/2021\/01\/permis-b.png 1280w\" sizes=\"(max-width: 150px) 100vw, 150px\" \/>   <\/div><\/div><div class=\"grve-empty-space grve-height-1x\" style=\"\"><\/div><h3 class=\"grve-element grve-title grve-align-center grve-h3\" style=\"\"><span><span class=\"s4\" style=\"color: #343e83;\">Permiso de conducir B<\/span><\/span><\/h3><div class=\"grve-empty-space grve-height-1x\" style=\"\"><\/div>[\/vc_column_inner][\/vc_row_inner][\/vc_column][\/vc_row][vc_row bg_type=\u00bbcolor\u00bb bg_color=\u00bb#ebecf0&#8243;][vc_column]<h2 class=\"grve-element grve-title grve-align-center grve-h2 grve-increase-heading grve-heading-120\" style=\"\"><span>EQUIPAMIENTO AUTOCARAVANA<\/span><\/h2><div class=\"grve-empty-space grve-height-1x\" style=\"\"><\/div>[vc_column_text]Alquiler autocaravana M\u00e1laga: viaje por carretera en Andaluc\u00eda<\/p>\n<p><strong>Alquilar una autocaravana en M\u00e1laga<\/strong> es una de las mejores formas de descubrir Andaluc\u00eda con total libertad. Desde M\u00e1laga podr\u00e1 llegar f\u00e1cilmente a los paisajes m\u00e1s bellos del sur de Espa\u00f1a: las playas de la Costa del Sol, las monta\u00f1as de Sierra Nevada, los pueblos blancos y las grandes ciudades culturales de Sevilla, Granada y C\u00f3rdoba.<\/p>\n<p>Con nuestra <strong>autocaravana Benimar 463UP<\/strong>, disfrute de un veh\u00edculo espacioso y confortable perfectamente adaptado a un <a href=\"https:\/\/amoureux-andalousie.com\/\" target=\"_blank\" rel=\"noopener\"><strong>viaje por carretera en Espa\u00f1a<\/strong><\/a>. Esta moderna autocaravana tiene capacidad para cinco personas y dispone de todo el equipamiento necesario para viajar con tranquilidad: cocina totalmente equipada, cuarto de ba\u00f1o con ducha y WC, calefaccin estacionaria, nevera grande y mucho espacio de almacenamiento.[\/vc_column_text]<div class=\"grve-empty-space grve-height-1x\" style=\"\"><\/div><div class=\"grve-element grve-align-center\"><a href=\"https:\/\/www.vanbreak.com\/es\/equipamiento-y-accesorios\/\" title=\"Reserva una furgoneta\" class=\"grve-btn grve-btn-medium grve-extra-round grve-bg-primary-3 grve-bg-hover-primary-6 buttonpad10\"><span>TODO EL EQUIPO<\/span><\/a><\/div><div class=\"grve-empty-space grve-height-1x\" style=\"\"><\/div>[vc_column_text]Con nuestra <strong>autocaravana Benimar 463UP<\/strong>, disfrute de un veh\u00edculo espacioso y confortable perfectamente adaptado a un <a href=\"https:\/\/amoureux-andalousie.com\/\" target=\"_blank\" rel=\"noopener\"><strong>viaje por carretera en Espa\u00f1a<\/strong><\/a>. Esta moderna autocaravana tiene capacidad para cinco personas y dispone de todo el equipamiento necesario para viajar con tranquilidad: cocina totalmente equipada, cuarto de ba\u00f1o con ducha y WC, calefaccin estacionaria, nevera grande y mucho espacio de almacenamiento.<\/p>\n<p><strong>Alquilar una autocaravana en Andaluc\u00eda<\/strong> le permite viajar a su ritmo, dormir cerca de la naturaleza y descubrir lugares \u00fanicos alejados de las rutas tur\u00edsticas habituales.<\/p>\n<p>Desde M\u00e1laga, su <strong>viaje en autocaravana<\/strong> puede llevarle a las playas salvajes de Tarifa, a los espectaculares paisajes del parque natural de Cabo de Gata o a las carreteras panor\u00e1micas de la comarca de Ronda.[\/vc_column_text]<div class=\"grve-empty-space grve-height-1x\" style=\"\"><\/div>[\/vc_column][\/vc_row][vc_row bg_type=\u00bbcolor\u00bb padding_bottom_multiplier=\u00bb2x\u00bb columns_gap=\u00bb25&#8243; bg_color=\u00bb#ebecf0&#8243;][vc_column width=\u00bb1\/6&#8243;][\/vc_column][vc_column width=\u00bb1\/6&#8243; tablet_sm_width=\u00bb1-2&#8243; mobile_width=\u00bb1-2&#8243;]<div class=\"grve-element grve-image grve-align-center\" style=\"\">  <div class=\"grve-image-wrapper\"><img decoding=\"async\" width=\"150\" height=\"150\" src=\"https:\/\/www.vanbreak.com\/wp-content\/uploads\/2020\/12\/cuisine-150x150.png\" class=\"attachment-thumbnail size-thumbnail\" alt=\"cocina amueblada\" srcset=\"https:\/\/www.vanbreak.com\/wp-content\/uploads\/2020\/12\/cuisine-150x150.png 150w, https:\/\/www.vanbreak.com\/wp-content\/uploads\/2020\/12\/cuisine-300x300.png 300w, https:\/\/www.vanbreak.com\/wp-content\/uploads\/2020\/12\/cuisine-1024x1024.png 1024w, https:\/\/www.vanbreak.com\/wp-content\/uploads\/2020\/12\/cuisine-768x768.png 768w, https:\/\/www.vanbreak.com\/wp-content\/uploads\/2020\/12\/cuisine-560x560.png 560w, https:\/\/www.vanbreak.com\/wp-content\/uploads\/2020\/12\/cuisine-900x900.png 900w, https:\/\/www.vanbreak.com\/wp-content\/uploads\/2020\/12\/cuisine-500x500.png 500w, https:\/\/www.vanbreak.com\/wp-content\/uploads\/2020\/12\/cuisine-800x800.png 800w, https:\/\/www.vanbreak.com\/wp-content\/uploads\/2020\/12\/cuisine-100x100.png 100w, https:\/\/www.vanbreak.com\/wp-content\/uploads\/2020\/12\/cuisine.png 1280w\" sizes=\"(max-width: 150px) 100vw, 150px\" \/>   <\/div><\/div><div class=\"grve-empty-space grve-height-1x\" style=\"\"><\/div><h3 class=\"grve-element grve-title grve-align-center grve-h3\" style=\"\"><span><span style=\"color: #343e83;\"><span class=\"s4\">Cocina<\/span><span class=\"s1\"><br \/>\n<\/span><span class=\"s4\">interior<\/span><span class=\"s5\"><br \/>\n<\/span><\/span><\/span><\/h3><div class=\"grve-empty-space grve-height-1x\" style=\"\"><\/div>[\/vc_column][vc_column width=\u00bb1\/6&#8243; tablet_sm_width=\u00bb1-2&#8243; mobile_width=\u00bb1-2&#8243;]<div class=\"grve-element grve-image grve-align-center\" style=\"\">  <div class=\"grve-image-wrapper\"><img decoding=\"async\" width=\"150\" height=\"150\" src=\"https:\/\/www.vanbreak.com\/wp-content\/uploads\/2020\/12\/frigo-150x150.png\" class=\"attachment-thumbnail size-thumbnail\" alt=\"frigorfico\" srcset=\"https:\/\/www.vanbreak.com\/wp-content\/uploads\/2020\/12\/frigo-150x150.png 150w, https:\/\/www.vanbreak.com\/wp-content\/uploads\/2020\/12\/frigo-300x300.png 300w, https:\/\/www.vanbreak.com\/wp-content\/uploads\/2020\/12\/frigo-1024x1024.png 1024w, https:\/\/www.vanbreak.com\/wp-content\/uploads\/2020\/12\/frigo-768x768.png 768w, https:\/\/www.vanbreak.com\/wp-content\/uploads\/2020\/12\/frigo-560x560.png 560w, https:\/\/www.vanbreak.com\/wp-content\/uploads\/2020\/12\/frigo-900x900.png 900w, https:\/\/www.vanbreak.com\/wp-content\/uploads\/2020\/12\/frigo-500x500.png 500w, https:\/\/www.vanbreak.com\/wp-content\/uploads\/2020\/12\/frigo-800x800.png 800w, https:\/\/www.vanbreak.com\/wp-content\/uploads\/2020\/12\/frigo-100x100.png 100w, https:\/\/www.vanbreak.com\/wp-content\/uploads\/2020\/12\/frigo.png 1280w\" sizes=\"(max-width: 150px) 100vw, 150px\" \/>   <\/div><\/div><div class=\"grve-empty-space grve-height-1x\" style=\"\"><\/div><h3 class=\"grve-element grve-title grve-align-center grve-h3\" style=\"\"><span><span style=\"color: #343e83;\"><span class=\"s4\">Frigor\u00edfico<\/span><span class=\"s1\"><br \/>\n<\/span><span class=\"s4\">140L<\/span><\/span><\/span><\/h3><div class=\"grve-empty-space grve-height-1x\" style=\"\"><\/div>[\/vc_column][vc_column width=\u00bb1\/6&#8243; tablet_sm_width=\u00bb1-2&#8243; mobile_width=\u00bb1-2&#8243;]<div class=\"grve-element grve-image grve-align-center\" style=\"\">  <div class=\"grve-image-wrapper\"><img decoding=\"async\" width=\"150\" height=\"150\" src=\"https:\/\/www.vanbreak.com\/wp-content\/uploads\/2020\/12\/douche-eau-chaude-150x150.png\" class=\"attachment-thumbnail size-thumbnail\" alt=\"ducha con agua caliente\" srcset=\"https:\/\/www.vanbreak.com\/wp-content\/uploads\/2020\/12\/douche-eau-chaude-150x150.png 150w, https:\/\/www.vanbreak.com\/wp-content\/uploads\/2020\/12\/douche-eau-chaude-300x300.png 300w, https:\/\/www.vanbreak.com\/wp-content\/uploads\/2020\/12\/douche-eau-chaude-1024x1024.png 1024w, https:\/\/www.vanbreak.com\/wp-content\/uploads\/2020\/12\/douche-eau-chaude-768x768.png 768w, https:\/\/www.vanbreak.com\/wp-content\/uploads\/2020\/12\/douche-eau-chaude-560x560.png 560w, https:\/\/www.vanbreak.com\/wp-content\/uploads\/2020\/12\/douche-eau-chaude-900x900.png 900w, https:\/\/www.vanbreak.com\/wp-content\/uploads\/2020\/12\/douche-eau-chaude-500x500.png 500w, https:\/\/www.vanbreak.com\/wp-content\/uploads\/2020\/12\/douche-eau-chaude-800x800.png 800w, https:\/\/www.vanbreak.com\/wp-content\/uploads\/2020\/12\/douche-eau-chaude-100x100.png 100w, https:\/\/www.vanbreak.com\/wp-content\/uploads\/2020\/12\/douche-eau-chaude.png 1280w\" sizes=\"(max-width: 150px) 100vw, 150px\" \/>   <\/div><\/div><div class=\"grve-empty-space grve-height-1x\" style=\"\"><\/div><h3 class=\"grve-element grve-title grve-align-center grve-h3\" style=\"\"><span><span style=\"color: #343e83;\"><span class=\"s4\">Ducha interior<\/span><span class=\"s1\"><br \/>\n<\/span><span class=\"s5\">(agua caliente)<\/span><\/span><\/span><\/h3><div class=\"grve-empty-space grve-height-1x\" style=\"\"><\/div>[\/vc_column][vc_column width=\u00bb1\/6&#8243; tablet_sm_width=\u00bb1-2&#8243; mobile_width=\u00bb1-2&#8243;]<div class=\"grve-element grve-image grve-align-center\" style=\"\">  <div class=\"grve-image-wrapper\"><img decoding=\"async\" width=\"150\" height=\"150\" src=\"https:\/\/www.vanbreak.com\/wp-content\/uploads\/2020\/12\/wc-150x150.png\" class=\"attachment-thumbnail size-thumbnail\" alt=\"aseo\" srcset=\"https:\/\/www.vanbreak.com\/wp-content\/uploads\/2020\/12\/wc-150x150.png 150w, https:\/\/www.vanbreak.com\/wp-content\/uploads\/2020\/12\/wc-300x300.png 300w, https:\/\/www.vanbreak.com\/wp-content\/uploads\/2020\/12\/wc-1024x1024.png 1024w, https:\/\/www.vanbreak.com\/wp-content\/uploads\/2020\/12\/wc-768x768.png 768w, https:\/\/www.vanbreak.com\/wp-content\/uploads\/2020\/12\/wc-560x560.png 560w, https:\/\/www.vanbreak.com\/wp-content\/uploads\/2020\/12\/wc-900x900.png 900w, https:\/\/www.vanbreak.com\/wp-content\/uploads\/2020\/12\/wc-500x500.png 500w, https:\/\/www.vanbreak.com\/wp-content\/uploads\/2020\/12\/wc-800x800.png 800w, https:\/\/www.vanbreak.com\/wp-content\/uploads\/2020\/12\/wc-100x100.png 100w, https:\/\/www.vanbreak.com\/wp-content\/uploads\/2020\/12\/wc.png 1280w\" sizes=\"(max-width: 150px) 100vw, 150px\" \/>   <\/div><\/div><div class=\"grve-empty-space grve-height-1x\" style=\"\"><\/div><h3 class=\"grve-element grve-title grve-align-center grve-h3\" style=\"\"><span><span class=\"s4\"><span style=\"color: #343e83;\">Inodoros qu\u00edmicos<\/span><br \/>\n<\/span><\/span><\/h3><div class=\"grve-empty-space grve-height-1x\" style=\"\"><\/div>[\/vc_column][vc_column width=\u00bb1\/6&#8243;][\/vc_column][\/vc_row][vc_row bg_type=\u00bbcolor\u00bb padding_bottom_multiplier=\u00bb2x\u00bb columns_gap=\u00bb25&#8243; tablet_sm_visibility=\u00bbhide\u00bb mobile_visibility=\u00bbhide\u00bb bg_color=\u00bb#ebecf0&#8243;][vc_column width=\u00bb1\/6&#8243;][\/vc_column][vc_column width=\u00bb1\/6&#8243; tablet_sm_width=\u00bb1-2&#8243; mobile_width=\u00bb1-2&#8243;]<div class=\"grve-element grve-image grve-align-center\" style=\"\">  <div class=\"grve-image-wrapper\"><img decoding=\"async\" width=\"150\" height=\"150\" src=\"https:\/\/www.vanbreak.com\/wp-content\/uploads\/2021\/01\/panneau-solaire-150x150.png\" class=\"attachment-thumbnail size-thumbnail\" alt=\"\" srcset=\"https:\/\/www.vanbreak.com\/wp-content\/uploads\/2021\/01\/panneau-solaire-150x150.png 150w, https:\/\/www.vanbreak.com\/wp-content\/uploads\/2021\/01\/panneau-solaire-300x300.png 300w, https:\/\/www.vanbreak.com\/wp-content\/uploads\/2021\/01\/panneau-solaire-1024x1024.png 1024w, https:\/\/www.vanbreak.com\/wp-content\/uploads\/2021\/01\/panneau-solaire-768x768.png 768w, https:\/\/www.vanbreak.com\/wp-content\/uploads\/2021\/01\/panneau-solaire-560x560.png 560w, https:\/\/www.vanbreak.com\/wp-content\/uploads\/2021\/01\/panneau-solaire-900x900.png 900w, https:\/\/www.vanbreak.com\/wp-content\/uploads\/2021\/01\/panneau-solaire-500x500.png 500w, https:\/\/www.vanbreak.com\/wp-content\/uploads\/2021\/01\/panneau-solaire-800x800.png 800w, https:\/\/www.vanbreak.com\/wp-content\/uploads\/2021\/01\/panneau-solaire-100x100.png 100w, https:\/\/www.vanbreak.com\/wp-content\/uploads\/2021\/01\/panneau-solaire.png 1280w\" sizes=\"(max-width: 150px) 100vw, 150px\" \/>   <\/div><\/div><div class=\"grve-empty-space grve-height-1x\" style=\"\"><\/div><h3 class=\"grve-element grve-title grve-align-center grve-h3\" style=\"\"><span><span class=\"s4\" style=\"color: #343e83;\">Panel solar<\/span><\/span><\/h3><div class=\"grve-empty-space grve-height-1x\" style=\"\"><\/div>[\/vc_column][vc_column width=\u00bb1\/6&#8243; tablet_sm_width=\u00bb1-2&#8243; mobile_width=\u00bb1-2&#8243;]<div class=\"grve-element grve-image grve-align-center\" style=\"\">  <div class=\"grve-image-wrapper\"><img decoding=\"async\" width=\"150\" height=\"150\" src=\"https:\/\/www.vanbreak.com\/wp-content\/uploads\/2021\/01\/prise-230v-150x150.png\" class=\"attachment-thumbnail size-thumbnail\" alt=\"\" srcset=\"https:\/\/www.vanbreak.com\/wp-content\/uploads\/2021\/01\/prise-230v-150x150.png 150w, https:\/\/www.vanbreak.com\/wp-content\/uploads\/2021\/01\/prise-230v-300x300.png 300w, https:\/\/www.vanbreak.com\/wp-content\/uploads\/2021\/01\/prise-230v-1024x1024.png 1024w, https:\/\/www.vanbreak.com\/wp-content\/uploads\/2021\/01\/prise-230v-768x768.png 768w, https:\/\/www.vanbreak.com\/wp-content\/uploads\/2021\/01\/prise-230v-560x560.png 560w, https:\/\/www.vanbreak.com\/wp-content\/uploads\/2021\/01\/prise-230v-900x900.png 900w, https:\/\/www.vanbreak.com\/wp-content\/uploads\/2021\/01\/prise-230v-500x500.png 500w, https:\/\/www.vanbreak.com\/wp-content\/uploads\/2021\/01\/prise-230v-800x800.png 800w, https:\/\/www.vanbreak.com\/wp-content\/uploads\/2021\/01\/prise-230v-100x100.png 100w, https:\/\/www.vanbreak.com\/wp-content\/uploads\/2021\/01\/prise-230v.png 1280w\" sizes=\"(max-width: 150px) 100vw, 150px\" \/>   <\/div><\/div><div class=\"grve-empty-space grve-height-1x\" style=\"\"><\/div><h3 class=\"grve-element grve-title grve-align-center grve-h3\" style=\"\"><span><span class=\"s4\" style=\"color: #343e83;\">Tomas de 230 V<\/span><\/span><\/h3><div class=\"grve-empty-space grve-height-1x\" style=\"\"><\/div>[\/vc_column][vc_column width=\u00bb1\/6&#8243; tablet_sm_width=\u00bb1-2&#8243; mobile_width=\u00bb1-2&#8243;]<div class=\"grve-element grve-image grve-align-center\" style=\"\">  <div class=\"grve-image-wrapper\"><img decoding=\"async\" width=\"150\" height=\"150\" src=\"https:\/\/www.vanbreak.com\/wp-content\/uploads\/2020\/12\/reservoir-eau-150x150.png\" class=\"attachment-thumbnail size-thumbnail\" alt=\"tanke de ague limpia\" srcset=\"https:\/\/www.vanbreak.com\/wp-content\/uploads\/2020\/12\/reservoir-eau-150x150.png 150w, https:\/\/www.vanbreak.com\/wp-content\/uploads\/2020\/12\/reservoir-eau-300x300.png 300w, https:\/\/www.vanbreak.com\/wp-content\/uploads\/2020\/12\/reservoir-eau-1024x1024.png 1024w, https:\/\/www.vanbreak.com\/wp-content\/uploads\/2020\/12\/reservoir-eau-768x768.png 768w, https:\/\/www.vanbreak.com\/wp-content\/uploads\/2020\/12\/reservoir-eau-560x560.png 560w, https:\/\/www.vanbreak.com\/wp-content\/uploads\/2020\/12\/reservoir-eau-900x900.png 900w, https:\/\/www.vanbreak.com\/wp-content\/uploads\/2020\/12\/reservoir-eau-500x500.png 500w, https:\/\/www.vanbreak.com\/wp-content\/uploads\/2020\/12\/reservoir-eau-800x800.png 800w, https:\/\/www.vanbreak.com\/wp-content\/uploads\/2020\/12\/reservoir-eau-100x100.png 100w, https:\/\/www.vanbreak.com\/wp-content\/uploads\/2020\/12\/reservoir-eau.png 1280w\" sizes=\"(max-width: 150px) 100vw, 150px\" \/>   <\/div><\/div><div class=\"grve-empty-space grve-height-1x\" style=\"\"><\/div><h3 class=\"grve-element grve-title grve-align-center grve-h3\" style=\"\"><span><span class=\"s4\" style=\"color: #343e83;\">Dep\u00f3sito de agua<br \/>\n(105L)<\/span><\/span><\/h3><div class=\"grve-empty-space grve-height-1x\" style=\"\"><\/div>[\/vc_column][vc_column width=\u00bb1\/6&#8243; tablet_sm_width=\u00bb1-2&#8243; mobile_width=\u00bb1-2&#8243;]<div class=\"grve-element grve-image grve-align-center\" style=\"\">  <div class=\"grve-image-wrapper\"><img decoding=\"async\" width=\"150\" height=\"150\" src=\"https:\/\/www.vanbreak.com\/wp-content\/uploads\/2021\/01\/chauffage-rouge-150x150.png\" class=\"attachment-thumbnail size-thumbnail\" alt=\"\" srcset=\"https:\/\/www.vanbreak.com\/wp-content\/uploads\/2021\/01\/chauffage-rouge-150x150.png 150w, https:\/\/www.vanbreak.com\/wp-content\/uploads\/2021\/01\/chauffage-rouge-300x300.png 300w, https:\/\/www.vanbreak.com\/wp-content\/uploads\/2021\/01\/chauffage-rouge-1024x1024.png 1024w, https:\/\/www.vanbreak.com\/wp-content\/uploads\/2021\/01\/chauffage-rouge-768x768.png 768w, https:\/\/www.vanbreak.com\/wp-content\/uploads\/2021\/01\/chauffage-rouge-560x560.png 560w, https:\/\/www.vanbreak.com\/wp-content\/uploads\/2021\/01\/chauffage-rouge-900x900.png 900w, https:\/\/www.vanbreak.com\/wp-content\/uploads\/2021\/01\/chauffage-rouge-500x500.png 500w, https:\/\/www.vanbreak.com\/wp-content\/uploads\/2021\/01\/chauffage-rouge-800x800.png 800w, https:\/\/www.vanbreak.com\/wp-content\/uploads\/2021\/01\/chauffage-rouge-100x100.png 100w, https:\/\/www.vanbreak.com\/wp-content\/uploads\/2021\/01\/chauffage-rouge.png 1280w\" sizes=\"(max-width: 150px) 100vw, 150px\" \/>   <\/div><\/div><div class=\"grve-empty-space grve-height-1x\" style=\"\"><\/div><h3 class=\"grve-element grve-title grve-align-center grve-h3\" style=\"\"><span><span style=\"color: #343e83;\"><span class=\"s4\">Calefacci\u00f3n<\/span><span class=\"s1\"><br \/>\n<\/span><span class=\"s4\">por la noche<\/span><\/span><\/span><\/h3><div class=\"grve-empty-space grve-height-1x\" style=\"\"><\/div>[\/vc_column][vc_column width=\u00bb1\/6&#8243;][\/vc_column][\/vc_row][vc_row bg_type=\u00bbcolor\u00bb columns_gap=\u00bb40&#8243; bg_color=\u00bb#ebecf0&#8243;][vc_column]<h2 class=\"grve-element grve-title grve-align-center grve-h2 grve-increase-heading grve-heading-120\" style=\"\"><span>CARACTER\u00cdSTICAS DE LA AUTOCARAVANA<\/span><\/h2><div class=\"grve-empty-space grve-height-1x\" style=\"\"><\/div>[vc_tta_accordion active_section=\u00bb\u00bb][vc_tta_section i_icon_fontawesome=\u00bbfa fa-bed\u00bb add_icon=\u00bbtrue\u00bb title=\u00bbEQUIPO\u00bb tab_id=\u00bb1773781950107-4488d2ec-3b41&#8243;][vc_column_text]<\/p>\n<ul class=\"ul1\">\n<li class=\"li9\"><span class=\"s1\">Una cama king size de 200 cm \u00d7 200 cm<\/span><\/li>\n<li><span class=\"s1\">Cama secundaria 140cm x 195cm<\/span><\/li>\n<li class=\"li9\"><span class=\"s1\">Sal\u00f3n interior para 5 personas con asientos giratorios<\/span><\/li>\n<li class=\"li9\"><span class=\"s1\">Mesa de exterior + 2x sillas de camping de exterior<\/span><\/li>\n<li class=\"li9\"><span class=\"s1\">Mueble de cocina interior (2 quemadores de gas + fregadero)<\/span><\/li>\n<li class=\"li9\"><span class=\"s1\">Frigor\u00edfico XXL 140 L<\/span><\/li>\n<li class=\"li9\"><span class=\"s1\">Cuarto de ba\u00f1o<\/span>\n<ul class=\"ul2\">\n<li class=\"li9\"><span class=\"s1\">Ducha con agua caliente separada<\/span><\/li>\n<li class=\"li9\"><span class=\"s1\">WC<\/span><\/li>\n<li class=\"li9\"><span class=\"s1\">Lavabo<\/span><\/li>\n<\/ul>\n<\/li>\n<li class=\"li9\"><span class=\"s1\">Dep\u00f3sito de agua limpia 105L<\/span><\/li>\n<li class=\"li9\"><span class=\"s1\">Dep\u00f3sito de aguas residuales 105L<\/span><\/li>\n<li class=\"li9\"><span class=\"s1\">Armario<\/span><\/li>\n<li class=\"li9\"><span class=\"s1\">Panel solar<\/span><\/li>\n<li class=\"li9\"><span class=\"s1\">Cortinas (en cada ventana) y mosquiteras<\/span><\/li>\n<li class=\"li9\"><span class=\"s1\">Aire acondicionado de cabina<\/span><\/li>\n<li class=\"li9\"><span class=\"s1\">Calefacci\u00f3n nocturna estacionaria<\/span><\/li>\n<li class=\"li9\"><span class=\"s1\">Bater\u00eda secundaria (zona de estar)<\/span><\/li>\n<li class=\"li9\"><span class=\"s1\">Toldo<\/span><\/li>\n<li class=\"li9\"><span class=\"s1\">Lectores electr\u00f3nicos<\/span><\/li>\n<li class=\"li9\"><span class=\"s1\">Tomas de 12 V + 230 V<\/span><\/li>\n<li class=\"li9\"><span class=\"s1\">Kit de seguridad<\/span><\/li>\n<\/ul>\n<p>[\/vc_column_text][\/vc_tta_section][vc_tta_section i_icon_fontawesome=\u00bbfa fa-cutlery\u00bb add_icon=\u00bbtrue\u00bb title=\u00bbACCESORIOS\u00bb tab_id=\u00bb1773781950220-f1a761eb-2e40&#8243;][vc_column_text]<\/p>\n<ul class=\"ul1\">\n<li class=\"li9\"><b><\/b><span class=\"s1\"><b>Utensilios de cocina<\/b>: cacerola, sart\u00e9n, cuchillos, tenedores, cucharas, platos, abrebotellas, minicafetera, cuchara de madera, tabla de cortar, vasos, cuencos, escurridor, Tupperware, pelador de verduras, tr\u00e9bede, tijeras, cuchillo de cocina, escurridor, ensaladera, pa\u00f1o de cocina<\/span><\/li>\n<li class=\"li9\"><b><\/b><span class=\"s1\"><b>Juego de cama: <\/b>s\u00e1banas bajeras, s\u00e1banas, almohadas, fundas de almohada<\/span><\/li>\n<li class=\"li9\"><span class=\"s1\">Botella de gas<\/span><\/li>\n<li class=\"li9\"><span class=\"s1\">Barredora<\/span><\/li>\n<li class=\"li9\"><span class=\"s1\">Cu\u00f1as estabilizadoras<\/span><\/li>\n<li class=\"li9\"><span class=\"s1\">Botiqu\u00edn: chalecos reflectantes, tri\u00e1ngulo de se\u00f1alizaci\u00f3n<\/span><\/li>\n<li class=\"li9\"><span class=\"s1\">Botiqu\u00edn de primeros auxilios<\/span><\/li>\n<li class=\"li9\"><span class=\"s1\"> Alargador + adaptador de camping<\/span><\/li>\n<li class=\"li9\"><span class=\"s1\"> Cables de la bater\u00eda<\/span><\/li>\n<\/ul>\n<p class=\"p1\"><span class=\"s1\">[\/vc_column_text][\/vc_tta_section][vc_tta_section i_icon_fontawesome=\u00bbfa fa-car\u00bb add_icon=\u00bbtrue\u00bb title=\u00bbDATOS T\u00c9CNICOS\u00bb tab_id=\u00bb1773781950367-7f16aa3c-1a5f\u00bb][vc_column_text]<\/span><\/p>\n<ul class=\"ul1\">\n<li class=\"li9\"><b><\/b><span class=\"s1\"><b>Tama\u00f1o de la furgoneta<\/b>: 735 cm \/ 230 cm \/ 297 cm<\/span><\/li>\n<li class=\"li9\"><b><\/b><span class=\"s1\"><b>Motor de 165 CV, transmisiones manuales<\/b><\/span><\/li>\n<li class=\"li9\"><span class=\"s1\">C\u00e1mara de marcha atr\u00e1s<\/span><\/li>\n<li class=\"li9\"><span class=\"s1\">Control de crucero<\/span><\/li>\n<li class=\"li9\"><span class=\"s1\">Pantalla multimedia USB ( Bluetooth)<\/span><\/li>\n<li class=\"li9\"><span class=\"s1\">Kit manos libres<\/span><\/li>\n<li class=\"li9\"><span class=\"s1\">Encendedores<\/span><\/li>\n<li class=\"li9\"><span class=\"s1\">Airbags del conductor y del acompa\u00f1ante y desactivaci\u00f3n del airbag del acompa\u00f1ante<\/span><\/li>\n<li class=\"li9\"><span class=\"s1\">Programa Electr\u00f3nico de Estabilidad (ESP) y Asistencia a la Frenada de Emergencia (AFU), ABS, ASR, EDS y Asistencia al Arranque en Pendiente<\/span><\/li>\n<li class=\"li9\"><span class=\"s1\">Inmovilizador electr\u00f3nico<\/span><\/li>\n<li class=\"li9\"><span class=\"s1\">Regulaci\u00f3n autom\u00e1tica del alcance de los faros<\/span><\/li>\n<li class=\"li9\"><span class=\"s1\">Cierre centralizado<\/span><\/li>\n<\/ul>\n<p>[\/vc_column_text][\/vc_tta_section][\/vc_tta_accordion][\/vc_column][\/vc_row][vc_row bg_type=\u00bbcolor\u00bb columns_gap=\u00bb40&#8243; bg_color=\u00bb#ebecf0&#8243;][vc_column]<h2 class=\"grve-element grve-title grve-align-center grve-h2 grve-increase-heading grve-heading-140\" style=\"\"><span>RESERVA<\/span><\/h2><div class=\"grve-empty-space grve-height-1x\" style=\"\"><\/div>[vc_raw_js]JTVCd2hlZWxiYXNlJTIwcmVudGFsJTNEJTIyNDQwMzg3JTIyJTIwY29sb3IlM0QlMjIwMDAwMDAlMjIlMjBsb2NhbGUlM0QlMjJlcy1lcyUyMiU1RCUwQQ==[\/vc_raw_js][\/vc_column][\/vc_row][vc_row bg_type=\u00bbcolor\u00bb bg_color=\u00bb#ebecf0&#8243;][vc_column]<div class=\"grve-empty-space grve-height-1x\" style=\"\"><\/div><h2 class=\"grve-element grve-title grve-align-center grve-h2 grve-increase-heading grve-heading-140\" style=\"\"><span>V\u00cdDEO DE PRESENTACI\u00d3N<br \/>\nAUTOCARAVANA<\/span><\/h2><div class=\"grve-empty-space grve-height-1x\" style=\"\"><\/div><div class=\"grve-element grve-video\" style=\"\"><iframe title=\"Pr\u00e9sentation camping car BENIMAR 463 UP - Vanbreak\" width=\"1080\" height=\"608\" src=\"https:\/\/www.youtube.com\/embed\/_yEVrGk8fHI?feature=oembed\" frameborder=\"0\" allow=\"accelerometer; autoplay; clipboard-write; encrypted-media; gyroscope; picture-in-picture; web-share\" referrerpolicy=\"strict-origin-when-cross-origin\" allowfullscreen><\/iframe><\/div><div class=\"grve-empty-space grve-height-1x\" style=\"\"><\/div>[\/vc_column][\/vc_row][vc_row bg_type=\u00bbcolor\u00bb bg_color=\u00bb#ebecf0&#8243;][vc_column]<div class=\"grve-empty-space grve-height-1x\" style=\"\"><\/div><h2 class=\"grve-element grve-title grve-align-center grve-h2 grve-increase-heading grve-heading-140\" style=\"\"><span>DEMOSTRACI\u00d3N<br \/>\nAUTOCARAVANA<\/span><\/h2><div class=\"grve-empty-space grve-height-1x\" style=\"\"><\/div><div class=\"grve-element grve-video\" style=\"\"><iframe title=\"CHECK IN instructions Motorhome Benimar 463up - Vanbreak\" width=\"1080\" height=\"608\" src=\"https:\/\/www.youtube.com\/embed\/_TcQYX1fv-g?feature=oembed\" frameborder=\"0\" allow=\"accelerometer; autoplay; clipboard-write; encrypted-media; gyroscope; picture-in-picture; web-share\" referrerpolicy=\"strict-origin-when-cross-origin\" allowfullscreen><\/iframe><\/div><div class=\"grve-empty-space grve-height-2x\" style=\"\"><\/div>[\/vc_column][\/vc_row][vc_row bg_type=\u00bbcolor\u00bb bg_color=\u00bb#ebecf0&#8243;][vc_column]<div class=\"grve-element grve-align-center\"><a href=\"https:\/\/www.vanbreak.com\/es\/video-tutorial-campervan\/#benimar\" title=\"Video tutorial autocaravana BENIMAR 463up\" class=\"grve-btn grve-btn-medium grve-extra-round grve-bg-primary-3 grve-bg-hover-primary-6 buttonpad10\"><span>V\u00cdDEO TUTORIAL<\/span><\/a><\/div>[\/vc_column][\/vc_row][vc_row bg_type=\u00bbcolor\u00bb bg_color=\u00bb#ebecf0&#8243;][vc_column]<h2 class=\"grve-element grve-title grve-align-center grve-h2 grve-increase-heading grve-heading-140\" style=\"\"><span>ELIGE TUS OPCIONES<\/span><\/h2>[vc_column_text]<\/p>\n<p class=\"p10\" style=\"text-align: center;\"><span class=\"s1\">\u00a1Elige entre nuestras opciones complementarias para un viaje por carretera c\u00f3modo y a tu medida!<\/span><\/p>\n<p>[\/vc_column_text]<div class=\"grve-empty-space grve-height-2x\" style=\"\"><\/div><div class=\"grve-element grve-image grve-align-center\" style=\"\">  <div class=\"grve-image-wrapper\"><a href=\"https:\/\/www.vanbreak.com\/es\/equipamientos\/\"><img decoding=\"async\" width=\"2048\" height=\"377\" src=\"https:\/\/www.vanbreak.com\/wp-content\/uploads\/2021\/01\/icones-options.png\" class=\"attachment-full size-full\" alt=\"\" srcset=\"https:\/\/www.vanbreak.com\/wp-content\/uploads\/2021\/01\/icones-options.png 2048w, https:\/\/www.vanbreak.com\/wp-content\/uploads\/2021\/01\/icones-options-300x55.png 300w, https:\/\/www.vanbreak.com\/wp-content\/uploads\/2021\/01\/icones-options-1024x188.png 1024w, https:\/\/www.vanbreak.com\/wp-content\/uploads\/2021\/01\/icones-options-768x141.png 768w, https:\/\/www.vanbreak.com\/wp-content\/uploads\/2021\/01\/icones-options-1536x282.png 1536w, https:\/\/www.vanbreak.com\/wp-content\/uploads\/2021\/01\/icones-options-1920x353.png 1920w, https:\/\/www.vanbreak.com\/wp-content\/uploads\/2021\/01\/icones-options-500x92.png 500w, https:\/\/www.vanbreak.com\/wp-content\/uploads\/2021\/01\/icones-options-800x147.png 800w\" sizes=\"(max-width: 2048px) 100vw, 2048px\" \/><\/a>   <\/div><\/div><div class=\"grve-empty-space grve-height-2x\" style=\"\"><\/div><div class=\"grve-element grve-align-center grve-fluid-button\"><a href=\"https:\/\/www.vanbreak.com\/es\/equipamientos\/\" title=\"Ver opciones\" class=\"grve-btn grve-btn-medium grve-extra-round grve-bg-primary-3 grve-bg-hover-primary-6 buttonpad10\" style=\"max-width: 400px;\"><span>OPCIONES<\/span><\/a><\/div><div class=\"grve-empty-space grve-height-2x\" style=\"\"><\/div>[\/vc_column][\/vc_row][vc_row bg_type=\u00bbcolor\u00bb bg_color=\u00bb#ebecf0&#8243;][vc_column]<div class=\"grve-empty-space grve-height-2x\" style=\"\"><\/div><h2 class=\"grve-element grve-title grve-align-center grve-h2\" style=\"\"><span>M\u00c1S INFORMACI\u00d3N<\/span><\/h2>[\/vc_column][\/vc_row][vc_row bg_type=\u00bbcolor\u00bb bg_color=\u00bb#ebecf0&#8243;][vc_column width=\u00bb1\/2&#8243;]<h3 class=\"grve-element grve-title grve-align-left grve-h3\" style=\"\"><span>Gran maletero y mucho espacio de almacenamiento<\/span><\/h3>[vc_column_text][vc_column_text]<\/p>\n<p>La autocaravana dispone de un <strong>amplio maletero trasero<\/strong> con mucho espacio para guardar su equipaje, material deportivo o de viaje. En particular, este gran compartimento le permite <strong>cargar varias bicicletas en el maletero<\/strong>, ideal para explorar los carriles bici y los paisajes de Andaluc\u00eda durante su estancia.<\/p>\n<p>En el interior, el veh\u00edculo tambi\u00e9n cuenta con mucho <strong>espacio de almacenamiento pr\u00e1ctico<\/strong> para organizar sus pertenencias, alimentos y equipos. Todo est\u00e1 pensado para que tu <strong>viaje en autocaravana desde M\u00e1laga<\/strong> sea c\u00f3modo y est\u00e9 perfectamente organizado.<\/p>\n<p>[\/vc_column_text][\/vc_column][vc_column width=\u00bb1\/2&#8243;]<h3 class=\"grve-element grve-title grve-align-left grve-h3\" style=\"\"><span>Un cuarto de ba\u00f1o totalmente equipado e integrado en la autocaravana<\/span><\/h3>[vc_column_text][vc_column_text]<\/p>\n<p>Nuestra <strong>autocaravana BENIMAR<\/strong> puede alojar hasta <strong>5 personas<\/strong> con varias literas confortables.<\/p>\n<p>El veh\u00edculo cuenta con una <strong>cama king-size (200 \u00d7 200 cm)<\/strong> y una segunda cama doble. Los colchones de alta calidad proporcionan un excelente confort para una noche de sue\u00f1o reparador durante tu <strong>viaje por carretera en Andaluc\u00eda<\/strong>.<\/p>\n<p>El espacio interior es modular: la cama superior puede elevarse para crear un sal\u00f3n m\u00e1s espacioso cuando viajan dos personas juntas.[\/vc_column_text][\/vc_column][\/vc_row][vc_row bg_type=\u00bbcolor\u00bb bg_color=\u00bb#ebecf0&#8243;][vc_column width=\u00bb1\/2&#8243;]<h3 class=\"grve-element grve-title grve-align-left grve-h3\" style=\"\"><span>5 camas con c\u00f3modos colchones<\/span><\/h3>[vc_column_text][vc_column_text]<\/p>\n<p>Nuestra <strong>autocaravana BENIMAR<\/strong> puede alojar hasta <strong>5 personas<\/strong> con varias literas confortables.<\/p>\n<p>El veh\u00edculo cuenta con una <strong>cama king-size (200 \u00d7 200 cm)<\/strong> y una segunda cama doble. Los colchones de alta calidad proporcionan un excelente confort para una noche de sue\u00f1o reparador durante tu <strong>viaje por carretera en Andaluc\u00eda<\/strong>.<\/p>\n<p>El espacio interior es modular: la cama superior puede elevarse para crear un sal\u00f3n m\u00e1s espacioso cuando viajan dos personas juntas.<\/p>\n<p>[\/vc_column_text][\/vc_column][vc_column width=\u00bb1\/2&#8243;]<h3 class=\"grve-element grve-title grve-align-left grve-h3\" style=\"\"><span>Calefacci\u00f3n estacionaria para las noches frescas<\/span><\/h3>[vc_column_text][vc_column_text]<\/p>\n<p>El veh\u00edculo est\u00e1 equipado con una <strong>calefaccin estacionaria<\/strong> para viajar c\u00f3modamente en cualquier estaci\u00f3n.<\/p>\n<p>Tanto si viaja en verano como en invierno, puede ajustar la temperatura ideal para disfrutar de un sue\u00f1o c\u00e1lido y aprovechar al m\u00e1ximo sus <strong>vacaciones en autocaravana en Espa\u00f1a<\/strong>.<\/p>\n<p>[\/vc_column_text][\/vc_column][\/vc_row][vc_row bg_type=\u00bbcolor\u00bb padding_top_multiplier=\u00bb\u00bb bg_color=\u00bb#ebecf0&#8243;][vc_column width=\u00bb1\/6&#8243;][\/vc_column][vc_column width=\u00bb2\/3&#8243;]<h3 class=\"grve-element grve-title grve-align-center grve-h3\" style=\"\"><span><br>\n<p class=\"p1\"><span class=\"s1\">Una cocina totalmente equipada con mucho espacio de almacenamiento<\/span><br>\n<p class=\"p1\"><span class=\"s1\"><\/span><\/h3>[vc_column_text]La <strong>cocina, totalmente equipada<\/strong>, incluye dos fogones de gas, un fregadero y un <strong>gran frigor\u00edfico de 140 litros<\/strong>.<\/span><\/p>\n<p>El alquiler tambi\u00e9n incluye toda la <strong>vajilla y utensilios de cocina<\/strong>: platos, cubiertos, cacerolas, cafetera y accesorios.<\/p>\n<p>Su amplio <strong>espacio de almacenamiento<\/strong> facilita el transporte de alimentos, bolsas de viaje y equipamiento para su <strong>viaje en autocaravana por carretera<\/strong>.[\/vc_column_text][\/vc_column][vc_column width=\u00bb1\/6&#8243;][\/vc_column][\/vc_row][vc_row bg_type=\u00bbcolor\u00bb padding_top_multiplier=\u00bb\u00bb bg_color=\u00bb#ebecf0&#8243;][vc_column width=\u00bb1\/6&#8243;][\/vc_column][vc_column width=\u00bb2\/3&#8243;][vc_column_text]La <strong>autocaravana Benimar<\/strong> es un veh\u00edculo espacioso y totalmente equipado para los viajeros que buscan el m\u00e1ximo confort durante su estancia en Andaluc\u00eda. M\u00e1s grande que una furgoneta tradicional, dispone de un aut\u00e9ntico espacio habitable con cocina totalmente equipada, cuarto de ba\u00f1o con ducha y WC y varias camas confortables. Este tipo de veh\u00edculo es ideal para familias o viajeros que desean explorar Andaluc\u00eda durante varios d\u00edas sin renunciar a la comodidad de un hogar sobre ruedas. <strong>El alquiler de autocaravanas Benimar en M\u00e1laga<\/strong> le permite descubrir los paisajes m\u00e1s bellos del sur de Espa\u00f1a con total libertad, desde las playas de la Costa del Sol hasta las monta\u00f1as de Sierra Nevada.[\/vc_column_text][\/vc_column][vc_column width=\u00bb1\/6&#8243;][\/vc_column][\/vc_row][vc_row bg_type=\u00bbcolor\u00bb bg_color=\u00bb#ebecf0&#8243;][vc_column width=\u00bb2\/3&#8243;]<h2 class=\"grve-element grve-title grve-align-left grve-h2\" style=\"\"><span><span class=\"s8\">\u00bfPrefiere alquilar una furgoneta compacta?<\/span><\/span><\/h2>[vc_column_text]<span class=\"s8\">\u00bfBuscas una furgoneta compacta? Nuestra furgoneta <a href=\"https:\/\/www.vanbreak.com\/es\/alquiler-de-camper-vw-california-t6-ocean-en-malaga\/\">VW California OCEAN<\/a> es ideal para parejas o familias de viaje por Andaluc\u00eda, desde 70\u20ac, equipada con dos camas dobles, cocina equipada, frigorfico, ducha exterior, calefacci\u00f3n nocturna y techo elevable. Todo el equipamiento de una furgoneta montada en un coche. <\/span>[\/vc_column_text]<div class=\"grve-empty-space grve-height-1x\" style=\"\"><\/div>[\/vc_column][vc_column width=\u00bb1\/3&#8243;]<div class=\"grve-element grve-image grve-align-center\" style=\"\">  <div class=\"grve-image-wrapper\"><a href=\"https:\/\/www.vanbreak.com\/es\/alquiler-de-camper-vw-california-t6-ocean-en-malaga\/\" title=\"Alquiler Furgoneta VW California T6 - Ocean\"><img decoding=\"async\" width=\"1920\" height=\"1280\" src=\"https:\/\/www.vanbreak.com\/wp-content\/uploads\/2021\/01\/vanbreak-california-ocean.png\" class=\"attachment-full size-full\" alt=\"Volkswagen California T6 OCEAN - Vanbreak\" srcset=\"https:\/\/www.vanbreak.com\/wp-content\/uploads\/2021\/01\/vanbreak-california-ocean.png 1920w, https:\/\/www.vanbreak.com\/wp-content\/uploads\/2021\/01\/vanbreak-california-ocean-300x200.png 300w, https:\/\/www.vanbreak.com\/wp-content\/uploads\/2021\/01\/vanbreak-california-ocean-1024x683.png 1024w, https:\/\/www.vanbreak.com\/wp-content\/uploads\/2021\/01\/vanbreak-california-ocean-768x512.png 768w, https:\/\/www.vanbreak.com\/wp-content\/uploads\/2021\/01\/vanbreak-california-ocean-1536x1024.png 1536w, https:\/\/www.vanbreak.com\/wp-content\/uploads\/2021\/01\/vanbreak-california-ocean-500x333.png 500w, https:\/\/www.vanbreak.com\/wp-content\/uploads\/2021\/01\/vanbreak-california-ocean-800x533.png 800w\" sizes=\"(max-width: 1920px) 100vw, 1920px\" \/><\/a>   <\/div><\/div>[\/vc_column][\/vc_row][vc_row bg_type=\u00bbcolor\u00bb bg_color=\u00bb#ebecf0&#8243;][vc_column width=\u00bb2\/3&#8243;]<h2 class=\"grve-element grve-title grve-align-left grve-h2\" style=\"\"><span><span class=\"s8\">\u00bfPrefiere alquilar una furgoneta camperizada?<\/span><\/span><\/h2>[vc_column_text]\u00bfEl alquiler de autocaravanas no es adecuado para sus vacaciones? Descubra la<strong> furgoneta transformada <a href=\"https:\/\/www.vanbreak.com\/es\/alquiler-furgoneta-camper-y-autocaravana\/\">Cliff Sunlight<\/a>,<\/strong> m\u00e1s espaciosa y con cuarto de ba\u00f1o con agua caliente, ducha y WC. Puedes aprovechar un viaje m\u00e1s largo, o un viaje por carretera en invierno, para descubrir la naturaleza.[\/vc_column_text]<div class=\"grve-empty-space grve-height-1x\" style=\"\"><\/div>[\/vc_column][vc_column width=\u00bb1\/3&#8243;]<div class=\"grve-element grve-image grve-align-center\" style=\"\">  <div class=\"grve-image-wrapper\"><a href=\"https:\/\/www.vanbreak.com\/es\/alquiler-furgoneta-camper-en-malaga\/\" title=\"Furgoneta camper Sunlight\"><img decoding=\"async\" width=\"1920\" height=\"1280\" src=\"https:\/\/www.vanbreak.com\/wp-content\/uploads\/2021\/03\/vanbreak-sunlight.png\" class=\"attachment-full size-full\" alt=\"\" srcset=\"https:\/\/www.vanbreak.com\/wp-content\/uploads\/2021\/03\/vanbreak-sunlight.png 1920w, https:\/\/www.vanbreak.com\/wp-content\/uploads\/2021\/03\/vanbreak-sunlight-300x200.png 300w, https:\/\/www.vanbreak.com\/wp-content\/uploads\/2021\/03\/vanbreak-sunlight-1024x683.png 1024w, https:\/\/www.vanbreak.com\/wp-content\/uploads\/2021\/03\/vanbreak-sunlight-768x512.png 768w, https:\/\/www.vanbreak.com\/wp-content\/uploads\/2021\/03\/vanbreak-sunlight-1536x1024.png 1536w, https:\/\/www.vanbreak.com\/wp-content\/uploads\/2021\/03\/vanbreak-sunlight-500x333.png 500w, https:\/\/www.vanbreak.com\/wp-content\/uploads\/2021\/03\/vanbreak-sunlight-800x533.png 800w\" sizes=\"(max-width: 1920px) 100vw, 1920px\" \/><\/a>   <\/div><\/div>[\/vc_column][\/vc_row][vc_row bg_type=\u00bbcolor\u00bb bg_color=\u00bb#ebecf0&#8243;][vc_column width=\u00bb2\/3&#8243;]<h2 class=\"grve-element grve-title grve-align-left grve-h2\" style=\"\"><span><span class=\"s8\">\u00bfPrefiere alquilar una furgoneta transformada con techo elevable?<\/span><\/span><\/h2>[vc_column_text]\u00bfEl alquiler de autocaravanas no es adecuado para sus vacaciones? Descubra la<strong> furgoneta transformada <a href=\"https:\/\/www.vanbreak.com\/es\/alquiler-furgoneta-camper-campeo\/\">Burstner campeo<\/a>,<\/strong> m\u00e1s espaciosa y con cuarto de ba\u00f1o con agua caliente, ducha y WC. Puedes aprovechar un viaje m\u00e1s largo, o un viaje por carretera en invierno, para descubrir la naturaleza.[\/vc_column_text]<div class=\"grve-empty-space grve-height-1x\" style=\"\"><\/div>[\/vc_column][vc_column width=\u00bb1\/3&#8243;]<div class=\"grve-element grve-image grve-align-center\" style=\"\">  <div class=\"grve-image-wrapper\"><a href=\"https:\/\/www.vanbreak.com\/es\/ufaqs\/furgoneta-campeo\/\" title=\"Furgoneta camper Campeo\"><img decoding=\"async\" width=\"1920\" height=\"1280\" src=\"https:\/\/www.vanbreak.com\/wp-content\/uploads\/2024\/02\/photo-1-page-web.png\" class=\"attachment-full size-full\" alt=\"Alquiler de furgonetas Campeo en Malaga | VanBreak\" srcset=\"https:\/\/www.vanbreak.com\/wp-content\/uploads\/2024\/02\/photo-1-page-web.png 1920w, https:\/\/www.vanbreak.com\/wp-content\/uploads\/2024\/02\/photo-1-page-web-300x200.png 300w, https:\/\/www.vanbreak.com\/wp-content\/uploads\/2024\/02\/photo-1-page-web-1024x683.png 1024w, https:\/\/www.vanbreak.com\/wp-content\/uploads\/2024\/02\/photo-1-page-web-768x512.png 768w, https:\/\/www.vanbreak.com\/wp-content\/uploads\/2024\/02\/photo-1-page-web-1536x1024.png 1536w, https:\/\/www.vanbreak.com\/wp-content\/uploads\/2024\/02\/photo-1-page-web-500x333.png 500w, https:\/\/www.vanbreak.com\/wp-content\/uploads\/2024\/02\/photo-1-page-web-800x533.png 800w\" sizes=\"(max-width: 1920px) 100vw, 1920px\" \/><\/a>   <\/div><\/div>[\/vc_column][\/vc_row]<\/p>\n","protected":false},"excerpt":{"rendered":"<p>Alquiler de autocaravanas en M\u00e1laga: descubra la Benimar, un veh\u00edculo espacioso y totalmente equipado para explorar Andaluc\u00eda y Espa\u00f1a con total libertad.<\/p>\n","protected":false},"author":2,"featured_media":24414,"parent":0,"menu_order":0,"comment_status":"closed","ping_status":"closed","template":"","meta":{"footnotes":""},"class_list":["post-21780","page","type-page","status-publish","has-post-thumbnail","hentry"],"_links":{"self":[{"href":"https:\/\/www.vanbreak.com\/es\/wp-json\/wp\/v2\/pages\/21780","targetHints":{"allow":["GET"]}}],"collection":[{"href":"https:\/\/www.vanbreak.com\/es\/wp-json\/wp\/v2\/pages"}],"about":[{"href":"https:\/\/www.vanbreak.com\/es\/wp-json\/wp\/v2\/types\/page"}],"author":[{"embeddable":true,"href":"https:\/\/www.vanbreak.com\/es\/wp-json\/wp\/v2\/users\/2"}],"replies":[{"embeddable":true,"href":"https:\/\/www.vanbreak.com\/es\/wp-json\/wp\/v2\/comments?post=21780"}],"version-history":[{"count":0,"href":"https:\/\/www.vanbreak.com\/es\/wp-json\/wp\/v2\/pages\/21780\/revisions"}],"wp:featuredmedia":[{"embeddable":true,"href":"https:\/\/www.vanbreak.com\/es\/wp-json\/wp\/v2\/media\/24414"}],"wp:attachment":[{"href":"https:\/\/www.vanbreak.com\/es\/wp-json\/wp\/v2\/media?parent=21780"}],"curies":[{"name":"wp","href":"https:\/\/api.w.org\/{rel}","templated":true}]}}