{"id":5988,"date":"2020-02-13T16:16:45","date_gmt":"2020-02-13T16:16:45","guid":{"rendered":"https:\/\/www.vanbreak.com\/?page_id=5988"},"modified":"2026-03-29T18:26:58","modified_gmt":"2026-03-29T18:26:58","slug":"devvolivier-location-de-van-amenage-fourgon-amenage-et-camping-car-en-andalousie-malaga","status":"publish","type":"page","link":"https:\/\/www.vanbreak.com\/en\/","title":{"rendered":"Campervan &amp; Motorhome rental in Spain Malaga &#8211; Vanbreak"},"content":{"rendered":"<p>[vc_row heading_color=&#8221;primary-5&#8243; bg_type=&#8221;image&#8221; bg_image=&#8221;24368&#8243; padding_top_multiplier=&#8221;&#8221; padding_bottom_multiplier=&#8221;&#8221; columns_gap=&#8221;none&#8221; font_color=&#8221;#ffffff&#8221;][vc_column][vc_row_inner][vc_column_inner]<div class=\"grve-empty-space grve-height-2x\" style=\"\"><\/div><h1 class=\"grve-element grve-title grve-align-center grve-h2 grve-increase-heading grve-heading-200\" style=\"\"><span><br>\n<p style=\"text-align: center;\"><span style=\"color: #ffffff;\">CAMPERVAN RENTAL<\/span><br \/>\n<span style=\"color: #ffffff;\">IN SPAIN (MALAGA)<\/span><br>\n<\/span><\/h1>[vc_column_text]<\/p>\n<p style=\"text-align: center;\"><span style=\"color: #ffffff; font-size: 8pt;\">Discover our van rental Spain service to go on a road trip and explore Andalusia in total freedom.<\/span><\/p>\n<p>[\/vc_column_text]<div class=\"grve-empty-space\" style=\"height: 350px;\"><\/div><div class=\"grve-element grve-align-center\"><a href=\"https:\/\/www.vanbreak.com\/en\/campervan-models\/\" title=\"Campervan models\" class=\"grve-btn grve-btn-medium grve-extra-round grve-bg-primary-3 grve-bg-hover-primary-6 buttonpad10\"><span>OUR MODELS<\/span><\/a><\/div><div class=\"grve-empty-space grve-height-1x\" style=\"\"><\/div><div class=\"grve-element grve-align-center\"><a href=\"https:\/\/www.vanbreak.com\/en\/booking\/\" title=\"Campervan booking\" class=\"grve-btn grve-btn-medium grve-extra-round grve-bg-primary-3 grve-bg-hover-primary-6 buttonpad10\"><span>BOOKING<\/span><\/a><\/div>[\/vc_column_inner][\/vc_row_inner][vc_row_inner][vc_column_inner]<div class=\"grve-empty-space grve-height-2x\" style=\"\"><\/div>[\/vc_column_inner][\/vc_row_inner][\/vc_column][\/vc_row][vc_row bg_type=&#8221;color&#8221; padding_top_multiplier=&#8221;&#8221; padding_bottom_multiplier=&#8221;&#8221; bg_color=&#8221;#343e83&#8243;][vc_column]<div class=\"grve-empty-space grve-height-1x\" style=\"\"><\/div><h2 class=\"grve-element grve-title grve-align-center grve-h2 grve-increase-heading grve-heading-140\" style=\"\"><span><span style=\"color: #ffffff;\">RESERVE YOUR VAN<\/span><\/span><\/h2>[vc_column_text]<\/p>\n<p style=\"text-align: center;\"><span style=\"color: #ffffff;\"><span style=\"font-size: 14pt;\"><strong>#Minimum rental days<\/strong>:<br \/>\n<\/span><span style=\"font-size: 14pt;\">3 days<\/span><span style=\"font-size: 14pt;\"><br \/>\n<\/span><\/span><\/p>\n<p>[\/vc_column_text]<div class=\"grve-empty-space grve-height-1x\" style=\"\"><\/div>[vc_column_text]<style type=\"text\/css\">\n    #datepick-div .datepick-header {\n           width: 172px !important;\n    }\n    #datepick-div {\n        -border-radius: 3px;\n        -box-shadow: 0 0 2px #888888;\n        -webkit-border-radius: 3px;\n        -webkit-box-shadow: 0 0 2px #888888;\n        -moz-border-radius: 3px;\n        -moz-box-shadow: 0 0 2px #888888;\n        width: 172px !important;\n        z-index: 2147483647;\n    }\n    #datepick-div .datepick .datepick-days-cell a{\n        font-size: 12px;\n    }\n    #datepick-div table.datepick tr td {\n        border-top: 0 none !important;\n        line-height: 24px;\n        padding: 0 !important;\n        width: 24px;\n    }\n    #datepick-div .datepick-control {\n        font-size: 10px;\n        text-align: center;\n    }\n\n<\/style>\n<script type=\"text\/javascript\" >\nvar search_emty_days_warning = 'Please select check-in and check-out days!';\n\/\/FixIn: 8.6.1.21\nwpbc_search_form_dates_format = 'dd\/mm\/yy';\n\njQuery(document).ready( function(){\n\n    jQuery('#booking_search_check_in').datepick(\n        {   onSelect: wpbc_search_check_in_selected,\t\t\t\t\t\t\t\t\t\t\t\t\t\t\t\t\t\/* FixIn: 8.6.1.21 \t\tselectCheckInDay, *\/\n            beforeShowDay: wpbc_search_apply_css_before_show_check_in,\t\t\t\t\t\t\t\t\t\t\t\t\t\/* FixIn: 8.6.1.21 \t\tapplyCSStoDays4CheckInOut, *\/\n            showOn: 'focus',\n            multiSelect: 0,\n            numberOfMonths: 1,\n            stepMonths: 1,\n            prevText: '&laquo;',\n            nextText: '&raquo;',\n            dateFormat: 'dd\/mm\/yy',\t\t\t\t\t\t\t\/* FixIn: 8.6.1.21 \t'dd\/mm\/yy' *\/\n            changeMonth: false,\n            changeYear: false,\n            minDate: 0, maxDate: booking_max_monthes_in_calendar, \/\/'1Y',\n\t\t\t\/\/ minDate: new Date(2020, 2, 1), maxDate: new Date(2020, 9, 31),             \/\/ Ability to set any  start and end date in calendar\n            showStatus: false,\n            multiSeparator: ', ',\n            closeAtTop: false,\n            firstDay:1,\n            gotoCurrent: false,\n            hideIfNoPrevNext:true,\n            useThemeRoller :false,\n            mandatory: true\/**\/,\n            _mainDivId:  ['datepick-div', 'ui-datepicker-div','widget_wpdev_booking']\n                    }\n    );\n    jQuery('#booking_search_check_out').datepick(\n        {   beforeShowDay: wpbc_search_apply_css_before_show_check_out, \t\t\t\t\t\t\t\t\t\t\t\t\t\t\t\t\/* FixIn: 8.6.1.21 \tsetDaysForCheckOut,\t*\/\n            showOn: 'focus',\n            multiSelect: 0,\n            numberOfMonths: 1,\n            stepMonths: 1,\n            prevText: '&laquo;',\n            nextText: '&raquo;',\n            dateFormat: 'dd\/mm\/yy',\t\t\t\t\t\t\t\/* FixIn: 8.6.1.21 \t'dd\/mm\/yy'\t*\/\n            changeMonth: false,\n            changeYear: false,\n            minDate: 0, maxDate: booking_max_monthes_in_calendar, \/\/'1Y',\n\t\t\t\/\/ minDate: new Date(2020, 2, 1), maxDate: new Date(2020, 9, 31),             \/\/ Ability to set any  start and end date in calendar\n            showStatus: false,\n            multiSeparator: ', ',\n            closeAtTop: false,\n            firstDay:1,\n            gotoCurrent: false,\n            hideIfNoPrevNext:true,\n            useThemeRoller :false,\n            mandatory: true\n                    }\n    );\n});\n<\/script>\n            <div  id=\"booking_search_form\" class=\"booking_form_div0 booking_search_form\">\n                    <form name=\"booking_search_form\" autocomplete=\"off\" action=\"https:\/\/www.vanbreak.com\/en\/search-reservation\" method=\"get\"><div class=\"row\">\r\n  <div class=\"column\">\r\n    <select style=\"width:97%;\" name=\"agency\">\r\n \u00a0 \u00a0 \u00a0<option value=\"malaga\">M\u00e1laga<\/option>\r\n    <\/select>\r\n  <\/div>\r\n  <div class=\"column\">\r\n    <input type=\"text\" size=\"10\" value=\"\" name=\"check_in\" id=\"booking_search_check_in\" placeholder=\"01\/05\/2026\">\r\n  <\/div>\r\n  <div class=\"column\">\r\n    <input type=\"text\" size=\"10\" value=\"\"  name=\"check_out\"  id=\"booking_search_check_out\" placeholder=\"02\/05\/2026\">\r\n  <\/div>\r\n  <div class=\"column\">\r\n    <input type=\"submit\" onclick=\"javascript:return wpbc_search_form_click_new_page( this );\" \" value=\"Search\" class=\"search_booking btn\"> \r\n  <\/div>\r\n\t\r\n<\/div><input type=\"hidden\" value=\"Pas de r\u00e9sultat\"   name=\"bk_no_results_title\"  id=\"bk_no_results_title\"><input type=\"hidden\"  value=\"#{searchresults} R\u00e9sultat(s)\"   name=\"bk_search_results_title\"  id=\"bk_search_results_title\"><div style=\"clear:both;\"><\/div>\n                    <\/form>\n                <\/div>[\/vc_column_text]<div class=\"grve-empty-space grve-height-1x\" style=\"\"><\/div>[\/vc_column][\/vc_row][vc_row heading_color=&#8221;primary-3&#8243; bg_type=&#8221;color&#8221; padding_top_multiplier=&#8221;&#8221; padding_bottom_multiplier=&#8221;&#8221; columns_gap=&#8221;none&#8221; font_color=&#8221;#ffffff&#8221; bg_color=&#8221;#ebecf0&#8243;][vc_column][vc_row_inner][vc_column_inner]<div class=\"grve-empty-space grve-height-2x\" style=\"\"><\/div>[vc_column_text]<pre class=\"ti-widget\" style=\"display: none\"><template id=\"trustindex-google-widget-html\"><div class=\" ti-widget  ti-goog ti-disable-font ti-show-rating-text ti-review-text-mode-readmore ti-text-align-left\" data-no-translation=\"true\" data-plugin-version=\"13.2.9\" data-layout-id=\"5\" data-layout-category=\"slider\" data-set-id=\"ligth-border\" data-pid=\"\" data-language=\"en\" data-close-locale=\"Close\" data-review-target-width=\"275\" data-css-version=\"2\" data-reply-by-locale=\"Owner's reply\" data-only-rating-locale=\"This user only left a rating.\" data-pager-autoplay-timeout=\"6\"> <div class=\"ti-widget-container ti-col-4\"> <div class=\"ti-footer ti-footer-grid source-Google\"> <div class=\"ti-fade-container\"> <div class=\"ti-rating-text\"> <strong class=\"ti-rating ti-rating-large\"> EXCELLENT <\/strong> <\/div> <span class=\"ti-stars star-lg\"><trustindex-image class=\"ti-star\" data-imgurl=\"https:\/\/cdn.trustindex.io\/assets\/platform\/Google\/star\/f.svg\" alt=\"Google star 1\" width=\"17\" height=\"17\" loading=\"lazy\"><\/trustindex-image><trustindex-image class=\"ti-star\" data-imgurl=\"https:\/\/cdn.trustindex.io\/assets\/platform\/Google\/star\/f.svg\" alt=\"Google star 2\" width=\"17\" height=\"17\" loading=\"lazy\"><\/trustindex-image><trustindex-image class=\"ti-star\" data-imgurl=\"https:\/\/cdn.trustindex.io\/assets\/platform\/Google\/star\/f.svg\" alt=\"Google star 3\" width=\"17\" height=\"17\" loading=\"lazy\"><\/trustindex-image><trustindex-image class=\"ti-star\" data-imgurl=\"https:\/\/cdn.trustindex.io\/assets\/platform\/Google\/star\/f.svg\" alt=\"Google star 4\" width=\"17\" height=\"17\" loading=\"lazy\"><\/trustindex-image><trustindex-image class=\"ti-star\" data-imgurl=\"https:\/\/cdn.trustindex.io\/assets\/platform\/Google\/star\/f.svg\" alt=\"Google star 5\" width=\"17\" height=\"17\" loading=\"lazy\"><\/trustindex-image><\/span> <div class=\"ti-rating-text\"> <span class=\"nowrap\">Based on <strong>412 reviews<\/strong><\/span> <\/div> <div class=\"ti-large-logo\"> <div class=\"ti-v-center\"> <trustindex-image class=\"ti-logo-fb\" data-imgurl=\"https:\/\/cdn.trustindex.io\/assets\/platform\/Google\/logo.svg\" width=\"150\" height=\"25\" loading=\"lazy\" alt=\"Google\"><\/trustindex-image> <\/div> <\/div> <\/div> <\/div> <div class=\"ti-reviews-container\"> <div class=\"ti-controls\"> <div class=\"ti-next\" aria-label=\"Next review\" role=\"button\" tabindex=\"0\"><\/div> <div class=\"ti-prev\" aria-label=\"Previous review\" role=\"button\" tabindex=\"0\"><\/div> <\/div> <div class=\"ti-reviews-container-wrapper\">  <div data-empty=\"0\" class=\"ti-review-item source-Google ti-image-layout-thumbnail\" data-id=\"cfcd208495d565ef66e7dff9f98764da\"> <div class=\"ti-inner\"> <div class=\"ti-review-header\"> <div class=\"ti-platform-icon ti-with-tooltip\"> <span class=\"ti-tooltip\">Posted on <\/span> <trustindex-image data-imgurl=\"https:\/\/cdn.trustindex.io\/assets\/platform\/Google\/icon.svg\" alt=\"\" width=\"20\" height=\"20\" loading=\"lazy\"><\/trustindex-image> <\/div> <div class=\"ti-profile-img\"> <trustindex-image data-imgurl=\"https:\/\/lh3.googleusercontent.com\/a-\/ALV-UjUJnqHfDmzrlWfCfg90CEGz6FRCd8RNrjZzx-7DS0_FfStAHWjkdg=w40-h40-c-rp-mo-ba4-br100\" alt=\"Petr Matal\u00edk profile picture\" loading=\"lazy\"><\/trustindex-image> <\/div> <div class=\"ti-profile-details\"> <div class=\"ti-name\"> Petr Matal\u00edk <\/div> <div class=\"ti-date\">09\/03\/2026<\/div> <\/div> <\/div> <span class=\"ti-stars\"><trustindex-image class=\"ti-star\" data-imgurl=\"https:\/\/cdn.trustindex.io\/assets\/platform\/Google\/star\/f.svg\" alt=\"Google star 1\" width=\"17\" height=\"17\" loading=\"lazy\"><\/trustindex-image><trustindex-image class=\"ti-star\" data-imgurl=\"https:\/\/cdn.trustindex.io\/assets\/platform\/Google\/star\/f.svg\" alt=\"Google star 2\" width=\"17\" height=\"17\" loading=\"lazy\"><\/trustindex-image><trustindex-image class=\"ti-star\" data-imgurl=\"https:\/\/cdn.trustindex.io\/assets\/platform\/Google\/star\/f.svg\" alt=\"Google star 3\" width=\"17\" height=\"17\" loading=\"lazy\"><\/trustindex-image><trustindex-image class=\"ti-star\" data-imgurl=\"https:\/\/cdn.trustindex.io\/assets\/platform\/Google\/star\/f.svg\" alt=\"Google star 4\" width=\"17\" height=\"17\" loading=\"lazy\"><\/trustindex-image><trustindex-image class=\"ti-star\" data-imgurl=\"https:\/\/cdn.trustindex.io\/assets\/platform\/Google\/star\/f.svg\" alt=\"Google star 5\" width=\"17\" height=\"17\" loading=\"lazy\"><\/trustindex-image><span class=\"ti-verified-review ti-verified-platform\"><span class=\"ti-verified-tooltip\">Trustindex verifies that the original source of the review is Google.<\/span><\/span><\/span> <div class=\"ti-review-text-container ti-review-content\"><!-- R-CONTENT -->Everything was setup over their website and emails. Almost new campervan - I can only recommend this rental company.<!-- R-CONTENT --><\/div> <span class=\"ti-read-more\" data-container=\".ti-review-content\" data-collapse-text=\"Hide\" data-open-text=\"Read more\"><\/span> <\/div> <\/div>  <div data-empty=\"0\" class=\"ti-review-item source-Google ti-image-layout-thumbnail\" data-id=\"cfcd208495d565ef66e7dff9f98764da\"> <div class=\"ti-inner\"> <div class=\"ti-review-header\"> <div class=\"ti-platform-icon ti-with-tooltip\"> <span class=\"ti-tooltip\">Posted on <\/span> <trustindex-image data-imgurl=\"https:\/\/cdn.trustindex.io\/assets\/platform\/Google\/icon.svg\" alt=\"\" width=\"20\" height=\"20\" loading=\"lazy\"><\/trustindex-image> <\/div> <div class=\"ti-profile-img\"> <trustindex-image data-imgurl=\"https:\/\/lh3.googleusercontent.com\/a-\/ALV-UjUymgWK2q2GWAEpeUNGbMDr-EA-poo1mY8UVLM3cQtR6L97qS4i=w40-h40-c-rp-mo-ba4-br100\" alt=\"Laco Lukac profile picture\" loading=\"lazy\"><\/trustindex-image> <\/div> <div class=\"ti-profile-details\"> <div class=\"ti-name\"> Laco Lukac <\/div> <div class=\"ti-date\">03\/03\/2026<\/div> <\/div> <\/div> <span class=\"ti-stars\"><trustindex-image class=\"ti-star\" data-imgurl=\"https:\/\/cdn.trustindex.io\/assets\/platform\/Google\/star\/f.svg\" alt=\"Google star 1\" width=\"17\" height=\"17\" loading=\"lazy\"><\/trustindex-image><trustindex-image class=\"ti-star\" data-imgurl=\"https:\/\/cdn.trustindex.io\/assets\/platform\/Google\/star\/f.svg\" alt=\"Google star 2\" width=\"17\" height=\"17\" loading=\"lazy\"><\/trustindex-image><trustindex-image class=\"ti-star\" data-imgurl=\"https:\/\/cdn.trustindex.io\/assets\/platform\/Google\/star\/f.svg\" alt=\"Google star 3\" width=\"17\" height=\"17\" loading=\"lazy\"><\/trustindex-image><trustindex-image class=\"ti-star\" data-imgurl=\"https:\/\/cdn.trustindex.io\/assets\/platform\/Google\/star\/f.svg\" alt=\"Google star 4\" width=\"17\" height=\"17\" loading=\"lazy\"><\/trustindex-image><trustindex-image class=\"ti-star\" data-imgurl=\"https:\/\/cdn.trustindex.io\/assets\/platform\/Google\/star\/f.svg\" alt=\"Google star 5\" width=\"17\" height=\"17\" loading=\"lazy\"><\/trustindex-image><span class=\"ti-verified-review ti-verified-platform\"><span class=\"ti-verified-tooltip\">Trustindex verifies that the original source of the review is Google.<\/span><\/span><\/span> <div class=\"ti-review-text-container ti-review-content\"><!-- R-CONTENT -->I can highly recommend Van break. Perfect and fast communication, friendly approach. Aurelien showed us everything and explained how it all works. The van was 100% ready\u2014everything was brand new and clean. We will definitely use their services again in the future!<!-- R-CONTENT --><\/div> <span class=\"ti-read-more\" data-container=\".ti-review-content\" data-collapse-text=\"Hide\" data-open-text=\"Read more\"><\/span> <\/div> <\/div>  <div data-empty=\"0\" class=\"ti-review-item source-Google ti-image-layout-thumbnail\" data-id=\"cfcd208495d565ef66e7dff9f98764da\"> <div class=\"ti-inner\"> <div class=\"ti-review-header\"> <div class=\"ti-platform-icon ti-with-tooltip\"> <span class=\"ti-tooltip\">Posted on <\/span> <trustindex-image data-imgurl=\"https:\/\/cdn.trustindex.io\/assets\/platform\/Google\/icon.svg\" alt=\"\" width=\"20\" height=\"20\" loading=\"lazy\"><\/trustindex-image> <\/div> <div class=\"ti-profile-img\"> <trustindex-image data-imgurl=\"https:\/\/lh3.googleusercontent.com\/a-\/ALV-UjW9dpLSONhDohHOKkFKaLYKe3f44iQqaHgNwudavH_5iWsrO7CU=w40-h40-c-rp-mo-br100\" alt=\"Juan F. Due\u00f1as profile picture\" loading=\"lazy\"><\/trustindex-image> <\/div> <div class=\"ti-profile-details\"> <div class=\"ti-name\"> Juan F. Due\u00f1as <\/div> <div class=\"ti-date\">22\/02\/2026<\/div> <\/div> <\/div> <span class=\"ti-stars\"><trustindex-image class=\"ti-star\" data-imgurl=\"https:\/\/cdn.trustindex.io\/assets\/platform\/Google\/star\/f.svg\" alt=\"Google star 1\" width=\"17\" height=\"17\" loading=\"lazy\"><\/trustindex-image><trustindex-image class=\"ti-star\" data-imgurl=\"https:\/\/cdn.trustindex.io\/assets\/platform\/Google\/star\/f.svg\" alt=\"Google star 2\" width=\"17\" height=\"17\" loading=\"lazy\"><\/trustindex-image><trustindex-image class=\"ti-star\" data-imgurl=\"https:\/\/cdn.trustindex.io\/assets\/platform\/Google\/star\/f.svg\" alt=\"Google star 3\" width=\"17\" height=\"17\" loading=\"lazy\"><\/trustindex-image><trustindex-image class=\"ti-star\" data-imgurl=\"https:\/\/cdn.trustindex.io\/assets\/platform\/Google\/star\/f.svg\" alt=\"Google star 4\" width=\"17\" height=\"17\" loading=\"lazy\"><\/trustindex-image><trustindex-image class=\"ti-star\" data-imgurl=\"https:\/\/cdn.trustindex.io\/assets\/platform\/Google\/star\/f.svg\" alt=\"Google star 5\" width=\"17\" height=\"17\" loading=\"lazy\"><\/trustindex-image><span class=\"ti-verified-review ti-verified-platform\"><span class=\"ti-verified-tooltip\">Trustindex verifies that the original source of the review is Google.<\/span><\/span><\/span> <div class=\"ti-review-text-container ti-review-content\"><!-- R-CONTENT -->Caravanas en excelente estado mec\u00e1nico y con todo lo necesario para tu aventura en Andaluc\u00eda, o m\u00e1s all\u00e1. Olivier y Aurelian fueron muy amables y me ofrecieron una alternativa muy generosa cuando la Van que alquil\u00e9 no estuvo lista. Muy recomendable si estas considerando comprar o equipar una caravana. Yo estoy convencido que vale la pena, gracias a este viaje.<!-- R-CONTENT --><\/div> <span class=\"ti-read-more\" data-container=\".ti-review-content\" data-collapse-text=\"Hide\" data-open-text=\"Read more\"><\/span> <\/div> <\/div>  <div data-empty=\"0\" class=\"ti-review-item source-Google ti-image-layout-thumbnail\" data-id=\"cfcd208495d565ef66e7dff9f98764da\"> <div class=\"ti-inner\"> <div class=\"ti-review-header\"> <div class=\"ti-platform-icon ti-with-tooltip\"> <span class=\"ti-tooltip\">Posted on <\/span> <trustindex-image data-imgurl=\"https:\/\/cdn.trustindex.io\/assets\/platform\/Google\/icon.svg\" alt=\"\" width=\"20\" height=\"20\" loading=\"lazy\"><\/trustindex-image> <\/div> <div class=\"ti-profile-img\"> <trustindex-image data-imgurl=\"https:\/\/lh3.googleusercontent.com\/a\/ACg8ocLHXluTgBLYmTWnqI804aDhuWtmrRLn0-hs0-frzuNUm_gRYw=w40-h40-c-rp-mo-br100\" alt=\"Dupuy Nathalie profile picture\" loading=\"lazy\"><\/trustindex-image> <\/div> <div class=\"ti-profile-details\"> <div class=\"ti-name\"> Dupuy Nathalie <\/div> <div class=\"ti-date\">12\/02\/2026<\/div> <\/div> <\/div> <span class=\"ti-stars\"><trustindex-image class=\"ti-star\" data-imgurl=\"https:\/\/cdn.trustindex.io\/assets\/platform\/Google\/star\/f.svg\" alt=\"Google star 1\" width=\"17\" height=\"17\" loading=\"lazy\"><\/trustindex-image><trustindex-image class=\"ti-star\" data-imgurl=\"https:\/\/cdn.trustindex.io\/assets\/platform\/Google\/star\/f.svg\" alt=\"Google star 2\" width=\"17\" height=\"17\" loading=\"lazy\"><\/trustindex-image><trustindex-image class=\"ti-star\" data-imgurl=\"https:\/\/cdn.trustindex.io\/assets\/platform\/Google\/star\/f.svg\" alt=\"Google star 3\" width=\"17\" height=\"17\" loading=\"lazy\"><\/trustindex-image><trustindex-image class=\"ti-star\" data-imgurl=\"https:\/\/cdn.trustindex.io\/assets\/platform\/Google\/star\/f.svg\" alt=\"Google star 4\" width=\"17\" height=\"17\" loading=\"lazy\"><\/trustindex-image><trustindex-image class=\"ti-star\" data-imgurl=\"https:\/\/cdn.trustindex.io\/assets\/platform\/Google\/star\/e.svg\" alt=\"Google star 5\" width=\"17\" height=\"17\" loading=\"lazy\"><\/trustindex-image><span class=\"ti-verified-review ti-verified-platform\"><span class=\"ti-verified-tooltip\">Trustindex verifies that the original source of the review is Google.<\/span><\/span><\/span> <div class=\"ti-review-text-container ti-review-content\"><!-- R-CONTENT -->Tr\u00e8s belle exp\u00e9rience lors d un road trip de 15 jours en Andalousie pr les f\u00eates de fins d ann\u00e9e.\n\u00c9quipement impeccable et fonctionnel.\n\u00c9changes faciles avc Aur\u00e9lien lors de la r\u00e9sa et une fois sur place. Accueil au top et tr\u00e8s pro.\nJe recommande vivement, car cela permet de visiter des lieux extraordinaires et magnifiques et pr les visites de villes aucun soucis pr se garer.\nMerci et a bient\u00f4t pour de nouvelles aventures.... \u27a1\ufe0f Maroc \ud83d\ude09<!-- R-CONTENT --><\/div> <span class=\"ti-read-more\" data-container=\".ti-review-content\" data-collapse-text=\"Hide\" data-open-text=\"Read more\"><\/span> <\/div> <\/div>  <div data-empty=\"0\" class=\"ti-review-item source-Google ti-image-layout-thumbnail\" data-id=\"cfcd208495d565ef66e7dff9f98764da\"> <div class=\"ti-inner\"> <div class=\"ti-review-header\"> <div class=\"ti-platform-icon ti-with-tooltip\"> <span class=\"ti-tooltip\">Posted on <\/span> <trustindex-image data-imgurl=\"https:\/\/cdn.trustindex.io\/assets\/platform\/Google\/icon.svg\" alt=\"\" width=\"20\" height=\"20\" loading=\"lazy\"><\/trustindex-image> <\/div> <div class=\"ti-profile-img\"> <trustindex-image data-imgurl=\"https:\/\/lh3.googleusercontent.com\/a-\/ALV-UjVtn2VHroa-UlLjp3DP4GxkQcljleqHt_ywm0FzkTCLQAhmy_E=w40-h40-c-rp-mo-br100\" alt=\"Ken Queff profile picture\" loading=\"lazy\"><\/trustindex-image> <\/div> <div class=\"ti-profile-details\"> <div class=\"ti-name\"> Ken Queff <\/div> <div class=\"ti-date\">19\/01\/2026<\/div> <\/div> <\/div> <span class=\"ti-stars\"><trustindex-image class=\"ti-star\" data-imgurl=\"https:\/\/cdn.trustindex.io\/assets\/platform\/Google\/star\/f.svg\" alt=\"Google star 1\" width=\"17\" height=\"17\" loading=\"lazy\"><\/trustindex-image><trustindex-image class=\"ti-star\" data-imgurl=\"https:\/\/cdn.trustindex.io\/assets\/platform\/Google\/star\/f.svg\" alt=\"Google star 2\" width=\"17\" height=\"17\" loading=\"lazy\"><\/trustindex-image><trustindex-image class=\"ti-star\" data-imgurl=\"https:\/\/cdn.trustindex.io\/assets\/platform\/Google\/star\/f.svg\" alt=\"Google star 3\" width=\"17\" height=\"17\" loading=\"lazy\"><\/trustindex-image><trustindex-image class=\"ti-star\" data-imgurl=\"https:\/\/cdn.trustindex.io\/assets\/platform\/Google\/star\/f.svg\" alt=\"Google star 4\" width=\"17\" height=\"17\" loading=\"lazy\"><\/trustindex-image><trustindex-image class=\"ti-star\" data-imgurl=\"https:\/\/cdn.trustindex.io\/assets\/platform\/Google\/star\/f.svg\" alt=\"Google star 5\" width=\"17\" height=\"17\" loading=\"lazy\"><\/trustindex-image><span class=\"ti-verified-review ti-verified-platform\"><span class=\"ti-verified-tooltip\">Trustindex verifies that the original source of the review is Google.<\/span><\/span><\/span> <div class=\"ti-review-text-container ti-review-content\"><!-- R-CONTENT -->1 \u00e8re exp\u00e9rience en van \u00e0 3 entre copines, c\u2019\u00e9tait parfait pour faire un petit Road-Trip en Andalousie!\n\nUn tr\u00e8s bon contact avec Aur\u00e9lie, disponible pour r\u00e9pondre \u00e0 nos questions en cas de besoin, et qui nous a bien expliqu\u00e9 le fonctionnement de l\u2019ensemble.\n\nLe van \u00e9tait en tr\u00e8s bon \u00e9tat, propre, assez petit pour \u00eatre facile \u00e0 conduire et se garer mais tout de m\u00eame assez spacieux pour dormir.\n\nExp\u00e9rience qu\u2019on recommande \u00e0 100% pour ceux qui veulent d\u00e9couvrir les road trios en van! \ud83d\ude90<!-- R-CONTENT --><\/div> <span class=\"ti-read-more\" data-container=\".ti-review-content\" data-collapse-text=\"Hide\" data-open-text=\"Read more\"><\/span> <\/div> <\/div>  <div data-empty=\"0\" class=\"ti-review-item source-Google ti-image-layout-thumbnail\" data-id=\"cfcd208495d565ef66e7dff9f98764da\"> <div class=\"ti-inner\"> <div class=\"ti-review-header\"> <div class=\"ti-platform-icon ti-with-tooltip\"> <span class=\"ti-tooltip\">Posted on <\/span> <trustindex-image data-imgurl=\"https:\/\/cdn.trustindex.io\/assets\/platform\/Google\/icon.svg\" alt=\"\" width=\"20\" height=\"20\" loading=\"lazy\"><\/trustindex-image> <\/div> <div class=\"ti-profile-img\"> <trustindex-image data-imgurl=\"https:\/\/lh3.googleusercontent.com\/a-\/ALV-UjXrxGMhsobxlROrh5e1OmUKQoirG7w-_mRbK6cYSnG18E9tUGkQgg=w40-h40-c-rp-mo-ba5-br100\" alt=\"Jay Alex profile picture\" loading=\"lazy\"><\/trustindex-image> <\/div> <div class=\"ti-profile-details\"> <div class=\"ti-name\"> Jay Alex <\/div> <div class=\"ti-date\">23\/12\/2025<\/div> <\/div> <\/div> <span class=\"ti-stars\"><trustindex-image class=\"ti-star\" data-imgurl=\"https:\/\/cdn.trustindex.io\/assets\/platform\/Google\/star\/f.svg\" alt=\"Google star 1\" width=\"17\" height=\"17\" loading=\"lazy\"><\/trustindex-image><trustindex-image class=\"ti-star\" data-imgurl=\"https:\/\/cdn.trustindex.io\/assets\/platform\/Google\/star\/f.svg\" alt=\"Google star 2\" width=\"17\" height=\"17\" loading=\"lazy\"><\/trustindex-image><trustindex-image class=\"ti-star\" data-imgurl=\"https:\/\/cdn.trustindex.io\/assets\/platform\/Google\/star\/f.svg\" alt=\"Google star 3\" width=\"17\" height=\"17\" loading=\"lazy\"><\/trustindex-image><trustindex-image class=\"ti-star\" data-imgurl=\"https:\/\/cdn.trustindex.io\/assets\/platform\/Google\/star\/f.svg\" alt=\"Google star 4\" width=\"17\" height=\"17\" loading=\"lazy\"><\/trustindex-image><trustindex-image class=\"ti-star\" data-imgurl=\"https:\/\/cdn.trustindex.io\/assets\/platform\/Google\/star\/f.svg\" alt=\"Google star 5\" width=\"17\" height=\"17\" loading=\"lazy\"><\/trustindex-image><span class=\"ti-verified-review ti-verified-platform\"><span class=\"ti-verified-tooltip\">Trustindex verifies that the original source of the review is Google.<\/span><\/span><\/span> <div class=\"ti-review-text-container ti-review-content\"><!-- R-CONTENT -->The guys were so easy to deal with and prompt and efficient. The van itself was perfect. It was so nice having a bed with me no matter where I went. The van was well equipped, and modern with every convenience that I would want. It was clean and comfortable.  I will rent from them again in the future.<!-- R-CONTENT --><\/div> <span class=\"ti-read-more\" data-container=\".ti-review-content\" data-collapse-text=\"Hide\" data-open-text=\"Read more\"><\/span> <\/div> <\/div>  <div data-empty=\"0\" class=\"ti-review-item source-Google ti-image-layout-thumbnail\" data-id=\"cfcd208495d565ef66e7dff9f98764da\"> <div class=\"ti-inner\"> <div class=\"ti-review-header\"> <div class=\"ti-platform-icon ti-with-tooltip\"> <span class=\"ti-tooltip\">Posted on <\/span> <trustindex-image data-imgurl=\"https:\/\/cdn.trustindex.io\/assets\/platform\/Google\/icon.svg\" alt=\"\" width=\"20\" height=\"20\" loading=\"lazy\"><\/trustindex-image> <\/div> <div class=\"ti-profile-img\"> <trustindex-image data-imgurl=\"https:\/\/lh3.googleusercontent.com\/a-\/ALV-UjXJI9b3DSQctaS0A9NYPNRAh4YHExX911Atvg9Ay9LZA3E-GGpwhw=w40-h40-c-rp-mo-ba2-br100\" alt=\"Andris LA profile picture\" loading=\"lazy\"><\/trustindex-image> <\/div> <div class=\"ti-profile-details\"> <div class=\"ti-name\"> Andris LA <\/div> <div class=\"ti-date\">21\/12\/2025<\/div> <\/div> <\/div> <span class=\"ti-stars\"><trustindex-image class=\"ti-star\" data-imgurl=\"https:\/\/cdn.trustindex.io\/assets\/platform\/Google\/star\/f.svg\" alt=\"Google star 1\" width=\"17\" height=\"17\" loading=\"lazy\"><\/trustindex-image><trustindex-image class=\"ti-star\" data-imgurl=\"https:\/\/cdn.trustindex.io\/assets\/platform\/Google\/star\/f.svg\" alt=\"Google star 2\" width=\"17\" height=\"17\" loading=\"lazy\"><\/trustindex-image><trustindex-image class=\"ti-star\" data-imgurl=\"https:\/\/cdn.trustindex.io\/assets\/platform\/Google\/star\/f.svg\" alt=\"Google star 3\" width=\"17\" height=\"17\" loading=\"lazy\"><\/trustindex-image><trustindex-image class=\"ti-star\" data-imgurl=\"https:\/\/cdn.trustindex.io\/assets\/platform\/Google\/star\/f.svg\" alt=\"Google star 4\" width=\"17\" height=\"17\" loading=\"lazy\"><\/trustindex-image><trustindex-image class=\"ti-star\" data-imgurl=\"https:\/\/cdn.trustindex.io\/assets\/platform\/Google\/star\/f.svg\" alt=\"Google star 5\" width=\"17\" height=\"17\" loading=\"lazy\"><\/trustindex-image><span class=\"ti-verified-review ti-verified-platform\"><span class=\"ti-verified-tooltip\">Trustindex verifies that the original source of the review is Google.<\/span><\/span><\/span> <div class=\"ti-review-text-container ti-review-content\"><!-- R-CONTENT -->We traveled in Andalucia for 2 weeks the two of us with a 6 month old baby and had a really good experience with the van. I definitely recommend.<!-- R-CONTENT --><\/div> <span class=\"ti-read-more\" data-container=\".ti-review-content\" data-collapse-text=\"Hide\" data-open-text=\"Read more\"><\/span> <\/div> <\/div>  <div data-empty=\"0\" class=\"ti-review-item source-Google ti-image-layout-thumbnail\" data-id=\"cfcd208495d565ef66e7dff9f98764da\"> <div class=\"ti-inner\"> <div class=\"ti-review-header\"> <div class=\"ti-platform-icon ti-with-tooltip\"> <span class=\"ti-tooltip\">Posted on <\/span> <trustindex-image data-imgurl=\"https:\/\/cdn.trustindex.io\/assets\/platform\/Google\/icon.svg\" alt=\"\" width=\"20\" height=\"20\" loading=\"lazy\"><\/trustindex-image> <\/div> <div class=\"ti-profile-img\"> <trustindex-image data-imgurl=\"https:\/\/lh3.googleusercontent.com\/a\/ACg8ocKsRGd4mr-g1JgJ9m_X2Uav-nS7wNgox1iY4gx-jjVys5Z6qN4=w40-h40-c-rp-mo-ba2-br100\" alt=\"Ruben G. profile picture\" loading=\"lazy\"><\/trustindex-image> <\/div> <div class=\"ti-profile-details\"> <div class=\"ti-name\"> Ruben G. <\/div> <div class=\"ti-date\">14\/12\/2025<\/div> <\/div> <\/div> <span class=\"ti-stars\"><trustindex-image class=\"ti-star\" data-imgurl=\"https:\/\/cdn.trustindex.io\/assets\/platform\/Google\/star\/f.svg\" alt=\"Google star 1\" width=\"17\" height=\"17\" loading=\"lazy\"><\/trustindex-image><trustindex-image class=\"ti-star\" data-imgurl=\"https:\/\/cdn.trustindex.io\/assets\/platform\/Google\/star\/f.svg\" alt=\"Google star 2\" width=\"17\" height=\"17\" loading=\"lazy\"><\/trustindex-image><trustindex-image class=\"ti-star\" data-imgurl=\"https:\/\/cdn.trustindex.io\/assets\/platform\/Google\/star\/f.svg\" alt=\"Google star 3\" width=\"17\" height=\"17\" loading=\"lazy\"><\/trustindex-image><trustindex-image class=\"ti-star\" data-imgurl=\"https:\/\/cdn.trustindex.io\/assets\/platform\/Google\/star\/f.svg\" alt=\"Google star 4\" width=\"17\" height=\"17\" loading=\"lazy\"><\/trustindex-image><trustindex-image class=\"ti-star\" data-imgurl=\"https:\/\/cdn.trustindex.io\/assets\/platform\/Google\/star\/f.svg\" alt=\"Google star 5\" width=\"17\" height=\"17\" loading=\"lazy\"><\/trustindex-image><span class=\"ti-verified-review ti-verified-platform\"><span class=\"ti-verified-tooltip\">Trustindex verifies that the original source of the review is Google.<\/span><\/span><\/span> <div class=\"ti-review-text-container ti-review-content\"><!-- R-CONTENT -->Wij hebben met vanBreak in M\u00e1laga een fantastische ervaring gehad. Met ons gezin, inclusief twee jonge kinderen (3 jaar en bijna 1 jaar), hebben we een onvergetelijke rondreis door Andalusi\u00eb gemaakt.\n\nDe camper was een recent omgebouwde, eenjarige bestelbus met slechts 20.000 km op de teller. Alles voelde nieuw en goed onderhouden. Het dubbele bed was ideaal met jonge kinderen en zorgde voor comfortabele nachten voor het hele gezin. Alle voorzieningen werkten perfect; we hebben onderweg geen enkel technisch probleem gehad.\n\nOok de communicatie en het inleveren verliepen erg prettig en zonder gedoe. De bestaande schade was vooraf duidelijk vastgelegd met foto\u2019s en deze waren ook met ons gedeeld, wat veel vertrouwen gaf en zorgde voor een zorgeloze afsluiting van de huur.\n\nKortom: betrouwbaar, transparant en zeer geschikt voor gezinnen met jonge kinderen. Wij zouden vanBreak zonder twijfel opnieuw kiezen en raden hen van harte aan! Het was een reis om nooit te vergeten, gelukkig hebben we de foto's nog!<!-- R-CONTENT --><\/div> <span class=\"ti-read-more\" data-container=\".ti-review-content\" data-collapse-text=\"Hide\" data-open-text=\"Read more\"><\/span> <\/div> <\/div>  <div data-empty=\"0\" class=\"ti-review-item source-Google ti-image-layout-thumbnail\" data-id=\"cfcd208495d565ef66e7dff9f98764da\"> <div class=\"ti-inner\"> <div class=\"ti-review-header\"> <div class=\"ti-platform-icon ti-with-tooltip\"> <span class=\"ti-tooltip\">Posted on <\/span> <trustindex-image data-imgurl=\"https:\/\/cdn.trustindex.io\/assets\/platform\/Google\/icon.svg\" alt=\"\" width=\"20\" height=\"20\" loading=\"lazy\"><\/trustindex-image> <\/div> <div class=\"ti-profile-img\"> <trustindex-image data-imgurl=\"https:\/\/lh3.googleusercontent.com\/a\/ACg8ocJ4MHKghH-87DvfJVz747M4g9CzBmGHeMIofii8S_D3lkbvIw=w40-h40-c-rp-mo-br100\" alt=\"Jeremy Coueron profile picture\" loading=\"lazy\"><\/trustindex-image> <\/div> <div class=\"ti-profile-details\"> <div class=\"ti-name\"> Jeremy Coueron <\/div> <div class=\"ti-date\">30\/11\/2025<\/div> <\/div> <\/div> <span class=\"ti-stars\"><trustindex-image class=\"ti-star\" data-imgurl=\"https:\/\/cdn.trustindex.io\/assets\/platform\/Google\/star\/f.svg\" alt=\"Google star 1\" width=\"17\" height=\"17\" loading=\"lazy\"><\/trustindex-image><trustindex-image class=\"ti-star\" data-imgurl=\"https:\/\/cdn.trustindex.io\/assets\/platform\/Google\/star\/f.svg\" alt=\"Google star 2\" width=\"17\" height=\"17\" loading=\"lazy\"><\/trustindex-image><trustindex-image class=\"ti-star\" data-imgurl=\"https:\/\/cdn.trustindex.io\/assets\/platform\/Google\/star\/f.svg\" alt=\"Google star 3\" width=\"17\" height=\"17\" loading=\"lazy\"><\/trustindex-image><trustindex-image class=\"ti-star\" data-imgurl=\"https:\/\/cdn.trustindex.io\/assets\/platform\/Google\/star\/f.svg\" alt=\"Google star 4\" width=\"17\" height=\"17\" loading=\"lazy\"><\/trustindex-image><trustindex-image class=\"ti-star\" data-imgurl=\"https:\/\/cdn.trustindex.io\/assets\/platform\/Google\/star\/f.svg\" alt=\"Google star 5\" width=\"17\" height=\"17\" loading=\"lazy\"><\/trustindex-image><span class=\"ti-verified-review ti-verified-platform\"><span class=\"ti-verified-tooltip\">Trustindex verifies that the original source of the review is Google.<\/span><\/span><\/span> <div class=\"ti-review-text-container ti-review-content\"><!-- R-CONTENT -->1 superbe semaine de van life en famille \u00e0 travers l'Andalousie , gr\u00e2ce \u00e0 Aurelien et  VanBreak Campervan. Tout \u00e9tait Super : l'accueil, les conseils, la gestion des transports... Un vrai accompagnement personnalis\u00e9, aucune mauvaise surprise. Vous pouvez y aller les yeux ferm\u00e9s!<!-- R-CONTENT --><\/div> <span class=\"ti-read-more\" data-container=\".ti-review-content\" data-collapse-text=\"Hide\" data-open-text=\"Read more\"><\/span> <\/div> <\/div>  <\/div> <div class=\"ti-controls-line\"> <div class=\"dot\"><\/div> <\/div>   <\/div> <\/div> <\/div> <\/template><\/pre><div data-src=\"https:\/\/cdn.trustindex.io\/loader.js?wp-widget\" data-template-id=\"trustindex-google-widget-html\" data-css-url=\"https:\/\/www.vanbreak.com\/wp-content\/uploads\/trustindex-google-widget.css?1774533498\"><\/div>[\/vc_column_text][\/vc_column_inner][\/vc_row_inner][\/vc_column][\/vc_row][vc_row section_type=&#8221;fullwidth&#8221; bg_type=&#8221;image&#8221; bg_image=&#8221;24355&#8243; columns_gap=&#8221;20&#8243;][vc_column][vc_row_inner][vc_column_inner]<div class=\"grve-empty-space grve-height-1x\" style=\"\"><\/div><h2 class=\"grve-element grve-title grve-align-center grve-h2 grve-increase-heading grve-heading-140\" style=\"\"><span>A French team<\/span><\/h2><div class=\"grve-empty-space grve-height-2x\" style=\"\"><\/div>[\/vc_column_inner][\/vc_row_inner][vc_row_inner][vc_column_inner width=&#8221;1\/2&#8243;]<div class=\"grve-element grve-image grve-align-center\" style=\"\">  <div class=\"grve-image-wrapper\"><img decoding=\"async\" width=\"560\" height=\"747\" src=\"https:\/\/www.vanbreak.com\/wp-content\/uploads\/2026\/03\/chatgpt-image-10-mars-2026-16-31-35-e1773942358698-560x747.png\" class=\"grve-extra-round attachment-movedo-grve-small-rect-vertical size-movedo-grve-small-rect-vertical\" alt=\"Two men with dialogue bubbles.\" srcset=\"https:\/\/www.vanbreak.com\/wp-content\/uploads\/2026\/03\/chatgpt-image-10-mars-2026-16-31-35-e1773942358698-560x747.png 560w, https:\/\/www.vanbreak.com\/wp-content\/uploads\/2026\/03\/chatgpt-image-10-mars-2026-16-31-35-e1773942358698-225x300.png 225w, https:\/\/www.vanbreak.com\/wp-content\/uploads\/2026\/03\/chatgpt-image-10-mars-2026-16-31-35-e1773942358698-767x1024.png 767w, https:\/\/www.vanbreak.com\/wp-content\/uploads\/2026\/03\/chatgpt-image-10-mars-2026-16-31-35-e1773942358698-768x1025.png 768w, https:\/\/www.vanbreak.com\/wp-content\/uploads\/2026\/03\/chatgpt-image-10-mars-2026-16-31-35-e1773942358698-840x1120.png 840w, https:\/\/www.vanbreak.com\/wp-content\/uploads\/2026\/03\/chatgpt-image-10-mars-2026-16-31-35-e1773942358698-500x667.png 500w, https:\/\/www.vanbreak.com\/wp-content\/uploads\/2026\/03\/chatgpt-image-10-mars-2026-16-31-35-e1773942358698-800x1068.png 800w, https:\/\/www.vanbreak.com\/wp-content\/uploads\/2026\/03\/chatgpt-image-10-mars-2026-16-31-35-e1773942358698.png 1024w\" sizes=\"(max-width: 560px) 100vw, 560px\" \/>   <\/div><\/div>[\/vc_column_inner][vc_column_inner width=&#8221;1\/2&#8243;]<h3 class=\"grve-element grve-title grve-align-left grve-h3\" style=\"\"><span><br>\n<p style=\"text-align: center;\">Two French expatriate friends in Malaga<br>\n<\/span><\/h3>[vc_column_text]Scanning the bay of Tarifa, at the southern tip of Andalusia, where the Mediterranean Sea meets the Atlantic Ocean, an idea was born&#8230; A simple concept: free travel! To always have a campervan or motorhome as a home, to be free and independent. Stop where and when you like, take the time you want to live your own story. Vanbreak was born here![\/vc_column_text]<div class=\"grve-empty-space grve-height-1x\" style=\"\"><\/div><div class=\"grve-element grve-align-center\"><a href=\"https:\/\/www.vanbreak.com\/en\/about\/\" title=\"About Vanbreak\" class=\"grve-btn grve-btn-medium grve-extra-round grve-bg-primary-3 grve-bg-hover-primary-6 buttonpad10\"><span>ABOUT US<\/span><\/a><\/div><div class=\"grve-empty-space grve-height-1x\" style=\"\"><\/div><h3 class=\"grve-element grve-title grve-align-left grve-h3\" style=\"\"><span><br>\n<p style=\"text-align: center;\">Fitted vans for hire by enthusiasts<br>\n<\/span><\/h3>[vc_column_text]<\/p>\n<p style=\"text-align: left;\">Olivier and Aur\u00e9lien set to work. The <a href=\"https:\/\/vanbreak.com\/vw-california\/\" target=\"_blank\" rel=\"noopener\">Volkswagen combi<\/a> became their symbol, and then, guided by the ideology of the &#8220;ride&#8221;, everything accelerated! Since 2016, the Malaga-based Vanbreak team has gone from strength to strength, and now offers several <a href=\"https:\/\/vanbreak.com\/modeles-van-amenage\/\" target=\"_blank\" rel=\"noopener\">models of converted vans and converted vans<\/a>, available for van rental esapagne to suit all desires.<\/p>\n<p>[\/vc_column_text][\/vc_column_inner][\/vc_row_inner][\/vc_column][\/vc_row][vc_row section_type=&#8221;fullwidth&#8221; bg_type=&#8221;color&#8221; padding_top_multiplier=&#8221;&#8221; padding_bottom_multiplier=&#8221;&#8221; columns_gap=&#8221;none&#8221; bg_color=&#8221;#ebecf0&#8243;][vc_column css=&#8221;.vc_custom_1610990103781{margin-right: 5% !important;margin-left: 5% !important;}&#8221;][vc_row_inner][vc_column_inner width=&#8221;1\/6&#8243;][\/vc_column_inner][vc_column_inner width=&#8221;2\/3&#8243;]<h2 class=\"grve-element grve-title grve-align-center grve-h2 grve-increase-heading grve-heading-140\" style=\"\"><span><br>\n<p style=\"text-align: center;\">Our fleet OF CAMPERVANS<br \/>\nSPAIN (MALAGA)<br>\n<\/span><\/h2><div class=\"grve-empty-space grve-height-1x\" style=\"\"><\/div><div class=\"grve-element grve-align-center\"><a href=\"https:\/\/www.vanbreak.com\/en\/campervan-models\/\" title=\"Campervan models\" class=\"grve-btn grve-btn-medium grve-extra-round grve-bg-primary-3 grve-bg-hover-primary-6 buttonpad10\"><span>ALL OUR MODELS<\/span><\/a><\/div><div class=\"grve-empty-space grve-height-1x\" style=\"\"><\/div>[\/vc_column_inner][vc_column_inner width=&#8221;1\/6&#8243;][\/vc_column_inner][\/vc_row_inner][\/vc_column][\/vc_row][vc_row section_type=&#8221;fullwidth&#8221; bg_type=&#8221;color&#8221; columns_gap=&#8221;none&#8221; bg_color=&#8221;#ebecf0&#8243;][vc_column css=&#8221;.vc_custom_1610990103781{margin-right: 5% !important;margin-left: 5% !important;}&#8221;]<h3 class=\"grve-element grve-title grve-align-center grve-h3\" style=\"\"><span><br>\n<p style=\"text-align: center;\">Our campervan<br>\n<\/span><\/h3>[vc_row_inner][vc_column_inner]<div class=\"grve-element grve-flexible-carousel grve-carousel grve-layout-1 grve-with-gap\" style=\"\"><div class=\"grve-carousel-wrapper\"><div class=\"grve-carousel-navigation grve-dark grve-navigation-1 grve-navigation-carousel\">\t<div class=\"grve-carousel-buttons\">\t\t<div class=\"grve-carousel-prev\">\t\t\t<i class=\"grve-icon-nav-left-small\"><\/i>\t\t<\/div>\t\t<div class=\"grve-carousel-next\">\t\t\t<i class=\"grve-icon-nav-right-small\"><\/i>\t\t<\/div>\t<\/div><\/div>\t<div class=\"grve-flexible-carousel-element \" data-items=\"3\" data-items-tablet-landscape=\"2\" data-items-tablet-portrait=\"1\" data-items-mobile=\"1\" data-slider-autoplay=\"yes\" data-slider-speed=\"3000\" data-slider-pause=\"yes\" data-pagination-speed=\"3000\" data-pagination=\"no\" data-slider-autoheight=\"yes\"><div class=\"grve-element grve-image grve-align-center grve-full-image grve-image-space-100\" style=\"\">  <div class=\"grve-image-wrapper\"><a href=\"https:\/\/www.vanbreak.com\/en\/campervan-vw-california-ocean-hire-in-malaga\/\" title=\"VW California OCEAN campervan\"><img decoding=\"async\" width=\"1148\" height=\"1633\" src=\"https:\/\/www.vanbreak.com\/wp-content\/uploads\/2026\/03\/vw-california-ocean-1.png\" class=\"attachment-full size-full\" alt=\"Camper rental Malaga Vw California Ocean\" srcset=\"https:\/\/www.vanbreak.com\/wp-content\/uploads\/2026\/03\/vw-california-ocean-1.png 1148w, https:\/\/www.vanbreak.com\/wp-content\/uploads\/2026\/03\/vw-california-ocean-1-211x300.png 211w, https:\/\/www.vanbreak.com\/wp-content\/uploads\/2026\/03\/vw-california-ocean-1-720x1024.png 720w, https:\/\/www.vanbreak.com\/wp-content\/uploads\/2026\/03\/vw-california-ocean-1-768x1092.png 768w, https:\/\/www.vanbreak.com\/wp-content\/uploads\/2026\/03\/vw-california-ocean-1-1080x1536.png 1080w, https:\/\/www.vanbreak.com\/wp-content\/uploads\/2026\/03\/vw-california-ocean-1-500x711.png 500w, https:\/\/www.vanbreak.com\/wp-content\/uploads\/2026\/03\/vw-california-ocean-1-800x1138.png 800w\" sizes=\"(max-width: 1148px) 100vw, 1148px\" \/><\/a>   <\/div><\/div><div class=\"grve-element grve-image grve-align-center\" style=\"\">  <div class=\"grve-image-wrapper\"><a href=\"https:\/\/www.vanbreak.com\/en\/5-person-renault-trafic-handroad-van-rental\/\" title=\"5 person campervan rental Renault Trafic Handroad\"><img decoding=\"async\" width=\"1148\" height=\"1633\" src=\"https:\/\/www.vanbreak.com\/wp-content\/uploads\/2026\/03\/renault-trafic-handorad-1.png\" class=\"attachment-full size-full\" alt=\"\" srcset=\"https:\/\/www.vanbreak.com\/wp-content\/uploads\/2026\/03\/renault-trafic-handorad-1.png 1148w, https:\/\/www.vanbreak.com\/wp-content\/uploads\/2026\/03\/renault-trafic-handorad-1-211x300.png 211w, https:\/\/www.vanbreak.com\/wp-content\/uploads\/2026\/03\/renault-trafic-handorad-1-720x1024.png 720w, https:\/\/www.vanbreak.com\/wp-content\/uploads\/2026\/03\/renault-trafic-handorad-1-768x1092.png 768w, https:\/\/www.vanbreak.com\/wp-content\/uploads\/2026\/03\/renault-trafic-handorad-1-1080x1536.png 1080w, https:\/\/www.vanbreak.com\/wp-content\/uploads\/2026\/03\/renault-trafic-handorad-1-500x711.png 500w, https:\/\/www.vanbreak.com\/wp-content\/uploads\/2026\/03\/renault-trafic-handorad-1-800x1138.png 800w\" sizes=\"(max-width: 1148px) 100vw, 1148px\" \/><\/a>   <\/div><\/div><div class=\"grve-element grve-image grve-align-center\" style=\"\">  <div class=\"grve-image-wrapper\"><a href=\"https:\/\/www.vanbreak.com\/en\/campervan-mercedes-marco-polo-hire-in-malaga\/\" title=\"Mercedes Marco Polo campervan rental\"><img decoding=\"async\" width=\"1148\" height=\"1633\" src=\"https:\/\/www.vanbreak.com\/wp-content\/uploads\/2026\/03\/mercedes-marco-polo-2.png\" class=\"attachment-full size-full\" alt=\"Campervan rental Malaga Mercedes Marco Polo\" srcset=\"https:\/\/www.vanbreak.com\/wp-content\/uploads\/2026\/03\/mercedes-marco-polo-2.png 1148w, https:\/\/www.vanbreak.com\/wp-content\/uploads\/2026\/03\/mercedes-marco-polo-2-211x300.png 211w, https:\/\/www.vanbreak.com\/wp-content\/uploads\/2026\/03\/mercedes-marco-polo-2-720x1024.png 720w, https:\/\/www.vanbreak.com\/wp-content\/uploads\/2026\/03\/mercedes-marco-polo-2-768x1092.png 768w, https:\/\/www.vanbreak.com\/wp-content\/uploads\/2026\/03\/mercedes-marco-polo-2-1080x1536.png 1080w, https:\/\/www.vanbreak.com\/wp-content\/uploads\/2026\/03\/mercedes-marco-polo-2-500x711.png 500w, https:\/\/www.vanbreak.com\/wp-content\/uploads\/2026\/03\/mercedes-marco-polo-2-800x1138.png 800w\" sizes=\"(max-width: 1148px) 100vw, 1148px\" \/><\/a>   <\/div><\/div><div class=\"grve-element grve-image grve-align-center\" style=\"\">  <div class=\"grve-image-wrapper\"><a href=\"https:\/\/www.vanbreak.com\/en\/campervan-vw-california-beach-hire-in-malaga\/\" title=\"Rental campervan VW California T6 - Beach\"><img decoding=\"async\" width=\"1148\" height=\"1633\" src=\"https:\/\/www.vanbreak.com\/wp-content\/uploads\/2026\/03\/vw-california-beach-2.png\" class=\"attachment-full size-full\" alt=\"Campervan rental Malaga VW California Beach\" srcset=\"https:\/\/www.vanbreak.com\/wp-content\/uploads\/2026\/03\/vw-california-beach-2.png 1148w, https:\/\/www.vanbreak.com\/wp-content\/uploads\/2026\/03\/vw-california-beach-2-211x300.png 211w, https:\/\/www.vanbreak.com\/wp-content\/uploads\/2026\/03\/vw-california-beach-2-720x1024.png 720w, https:\/\/www.vanbreak.com\/wp-content\/uploads\/2026\/03\/vw-california-beach-2-768x1092.png 768w, https:\/\/www.vanbreak.com\/wp-content\/uploads\/2026\/03\/vw-california-beach-2-1080x1536.png 1080w, https:\/\/www.vanbreak.com\/wp-content\/uploads\/2026\/03\/vw-california-beach-2-500x711.png 500w, https:\/\/www.vanbreak.com\/wp-content\/uploads\/2026\/03\/vw-california-beach-2-800x1138.png 800w\" sizes=\"(max-width: 1148px) 100vw, 1148px\" \/><\/a>   <\/div><\/div><div class=\"grve-element grve-image grve-align-center\" style=\"\">  <div class=\"grve-image-wrapper\"><a href=\"https:\/\/www.vanbreak.com\/en\/rental-vw-caddy-california-malaga\/\" title=\"VW California BEACH Van\"><img decoding=\"async\" width=\"1148\" height=\"1633\" src=\"https:\/\/www.vanbreak.com\/wp-content\/uploads\/2026\/03\/vw-caddy-california-2.png\" class=\"attachment-full size-full\" alt=\"Campervan rental Malaga cheaper VW Caddy California\" srcset=\"https:\/\/www.vanbreak.com\/wp-content\/uploads\/2026\/03\/vw-caddy-california-2.png 1148w, https:\/\/www.vanbreak.com\/wp-content\/uploads\/2026\/03\/vw-caddy-california-2-211x300.png 211w, https:\/\/www.vanbreak.com\/wp-content\/uploads\/2026\/03\/vw-caddy-california-2-720x1024.png 720w, https:\/\/www.vanbreak.com\/wp-content\/uploads\/2026\/03\/vw-caddy-california-2-768x1092.png 768w, https:\/\/www.vanbreak.com\/wp-content\/uploads\/2026\/03\/vw-caddy-california-2-1080x1536.png 1080w, https:\/\/www.vanbreak.com\/wp-content\/uploads\/2026\/03\/vw-caddy-california-2-500x711.png 500w, https:\/\/www.vanbreak.com\/wp-content\/uploads\/2026\/03\/vw-caddy-california-2-800x1138.png 800w\" sizes=\"(max-width: 1148px) 100vw, 1148px\" \/><\/a>   <\/div><\/div>\t<\/div>  <\/div><\/div>[\/vc_column_inner][\/vc_row_inner][\/vc_column][\/vc_row][vc_row section_type=&#8221;fullwidth&#8221; bg_type=&#8221;color&#8221; columns_gap=&#8221;none&#8221; bg_color=&#8221;#ebecf0&#8243;][vc_column css=&#8221;.vc_custom_1610990103781{margin-right: 5% !important;margin-left: 5% !important;}&#8221;]<h3 class=\"grve-element grve-title grve-align-center grve-h3\" style=\"\"><span><br>\n<p style=\"text-align: center;\">Our converted vans and motorhomes<br>\n<\/span><\/h3>[vc_row_inner][vc_column_inner]<div class=\"grve-element grve-flexible-carousel grve-carousel grve-layout-1 grve-with-gap\" style=\"\"><div class=\"grve-carousel-wrapper\"><div class=\"grve-carousel-navigation grve-dark grve-navigation-1 grve-navigation-carousel\">\t<div class=\"grve-carousel-buttons\">\t\t<div class=\"grve-carousel-prev\">\t\t\t<i class=\"grve-icon-nav-left-small\"><\/i>\t\t<\/div>\t\t<div class=\"grve-carousel-next\">\t\t\t<i class=\"grve-icon-nav-right-small\"><\/i>\t\t<\/div>\t<\/div><\/div>\t<div class=\"grve-flexible-carousel-element \" data-items=\"3\" data-items-tablet-landscape=\"2\" data-items-tablet-portrait=\"1\" data-items-mobile=\"1\" data-slider-autoplay=\"yes\" data-slider-speed=\"3000\" data-slider-pause=\"yes\" data-pagination-speed=\"3000\" data-pagination=\"no\" data-slider-autoheight=\"yes\"><div class=\"grve-element grve-image grve-align-center grve-full-image grve-image-space-100\" style=\"\">  <div class=\"grve-image-wrapper\"><a href=\"https:\/\/www.vanbreak.com\/en\/motorhome-campeo-hire\/\" title=\"Campeo van rental\"><img decoding=\"async\" width=\"1148\" height=\"1633\" src=\"https:\/\/www.vanbreak.com\/wp-content\/uploads\/2026\/03\/burstner-campeo-2.png\" class=\"attachment-full size-full\" alt=\"RV rental malaga Burstner campeo\" srcset=\"https:\/\/www.vanbreak.com\/wp-content\/uploads\/2026\/03\/burstner-campeo-2.png 1148w, https:\/\/www.vanbreak.com\/wp-content\/uploads\/2026\/03\/burstner-campeo-2-211x300.png 211w, https:\/\/www.vanbreak.com\/wp-content\/uploads\/2026\/03\/burstner-campeo-2-720x1024.png 720w, https:\/\/www.vanbreak.com\/wp-content\/uploads\/2026\/03\/burstner-campeo-2-768x1092.png 768w, https:\/\/www.vanbreak.com\/wp-content\/uploads\/2026\/03\/burstner-campeo-2-1080x1536.png 1080w, https:\/\/www.vanbreak.com\/wp-content\/uploads\/2026\/03\/burstner-campeo-2-500x711.png 500w, https:\/\/www.vanbreak.com\/wp-content\/uploads\/2026\/03\/burstner-campeo-2-800x1138.png 800w\" sizes=\"(max-width: 1148px) 100vw, 1148px\" \/><\/a>   <\/div><\/div><div class=\"grve-element grve-image grve-align-center\" style=\"\">  <div class=\"grve-image-wrapper\"><a href=\"https:\/\/www.vanbreak.com\/en\/motorhome-hire-in-malaga\/\" title=\"SUNLIGHT orange van rental\"><img decoding=\"async\" width=\"1148\" height=\"1633\" src=\"https:\/\/www.vanbreak.com\/wp-content\/uploads\/2026\/03\/sunlight-cliff-1.png\" class=\"attachment-full size-full\" alt=\"Camper rental Malaga Sunlight Cliff\" srcset=\"https:\/\/www.vanbreak.com\/wp-content\/uploads\/2026\/03\/sunlight-cliff-1.png 1148w, https:\/\/www.vanbreak.com\/wp-content\/uploads\/2026\/03\/sunlight-cliff-1-211x300.png 211w, https:\/\/www.vanbreak.com\/wp-content\/uploads\/2026\/03\/sunlight-cliff-1-720x1024.png 720w, https:\/\/www.vanbreak.com\/wp-content\/uploads\/2026\/03\/sunlight-cliff-1-768x1092.png 768w, https:\/\/www.vanbreak.com\/wp-content\/uploads\/2026\/03\/sunlight-cliff-1-1080x1536.png 1080w, https:\/\/www.vanbreak.com\/wp-content\/uploads\/2026\/03\/sunlight-cliff-1-500x711.png 500w, https:\/\/www.vanbreak.com\/wp-content\/uploads\/2026\/03\/sunlight-cliff-1-800x1138.png 800w\" sizes=\"(max-width: 1148px) 100vw, 1148px\" \/><\/a>   <\/div><\/div><div class=\"grve-element grve-image grve-align-center\" style=\"\">  <div class=\"grve-image-wrapper\"><a href=\"https:\/\/www.vanbreak.com\/en\/motorhome-rental\/\" title=\"Motorhome BENIMAR\"><img decoding=\"async\" width=\"1148\" height=\"1633\" src=\"https:\/\/www.vanbreak.com\/wp-content\/uploads\/2026\/03\/motorhome-benimar-463-up-1.png\" class=\"attachment-full size-full\" alt=\"Motorhome rental Malaga Benimar\" srcset=\"https:\/\/www.vanbreak.com\/wp-content\/uploads\/2026\/03\/motorhome-benimar-463-up-1.png 1148w, https:\/\/www.vanbreak.com\/wp-content\/uploads\/2026\/03\/motorhome-benimar-463-up-1-211x300.png 211w, https:\/\/www.vanbreak.com\/wp-content\/uploads\/2026\/03\/motorhome-benimar-463-up-1-720x1024.png 720w, https:\/\/www.vanbreak.com\/wp-content\/uploads\/2026\/03\/motorhome-benimar-463-up-1-768x1092.png 768w, https:\/\/www.vanbreak.com\/wp-content\/uploads\/2026\/03\/motorhome-benimar-463-up-1-1080x1536.png 1080w, https:\/\/www.vanbreak.com\/wp-content\/uploads\/2026\/03\/motorhome-benimar-463-up-1-500x711.png 500w, https:\/\/www.vanbreak.com\/wp-content\/uploads\/2026\/03\/motorhome-benimar-463-up-1-800x1138.png 800w\" sizes=\"(max-width: 1148px) 100vw, 1148px\" \/><\/a>   <\/div><\/div><div class=\"grve-element grve-image grve-align-center grve-full-image grve-image-space-100\" style=\"\">  <div class=\"grve-image-wrapper\"><a href=\"https:\/\/www.vanbreak.com\/en\/hire-vw-grand-california\/\" title=\"Rent VW Grand California\"><img decoding=\"async\" width=\"1148\" height=\"1633\" src=\"https:\/\/www.vanbreak.com\/wp-content\/uploads\/2026\/03\/vw-grand-california-2.png\" class=\"attachment-full size-full\" alt=\"Campervan rental airport Malaga VW Grand California\" srcset=\"https:\/\/www.vanbreak.com\/wp-content\/uploads\/2026\/03\/vw-grand-california-2.png 1148w, https:\/\/www.vanbreak.com\/wp-content\/uploads\/2026\/03\/vw-grand-california-2-211x300.png 211w, https:\/\/www.vanbreak.com\/wp-content\/uploads\/2026\/03\/vw-grand-california-2-720x1024.png 720w, https:\/\/www.vanbreak.com\/wp-content\/uploads\/2026\/03\/vw-grand-california-2-768x1092.png 768w, https:\/\/www.vanbreak.com\/wp-content\/uploads\/2026\/03\/vw-grand-california-2-1080x1536.png 1080w, https:\/\/www.vanbreak.com\/wp-content\/uploads\/2026\/03\/vw-grand-california-2-500x711.png 500w, https:\/\/www.vanbreak.com\/wp-content\/uploads\/2026\/03\/vw-grand-california-2-800x1138.png 800w\" sizes=\"(max-width: 1148px) 100vw, 1148px\" \/><\/a>   <\/div><\/div>\t<\/div>  <\/div><\/div>[\/vc_column_inner][\/vc_row_inner][\/vc_column][\/vc_row][vc_row section_type=&#8221;fullwidth&#8221; bg_type=&#8221;color&#8221; padding_top_multiplier=&#8221;&#8221; padding_bottom_multiplier=&#8221;&#8221; columns_gap=&#8221;none&#8221; bg_color=&#8221;#ebecf0&#8243;][vc_column css=&#8221;.vc_custom_1610990103781{margin-right: 5% !important;margin-left: 5% !important;}&#8221;][vc_row_inner][vc_column_inner width=&#8221;1\/6&#8243;][\/vc_column_inner][vc_column_inner width=&#8221;2\/3&#8243;]<div class=\"grve-empty-space grve-height-1x\" style=\"\"><\/div>[vc_column_text]<\/p>\n<p data-start=\"236\" data-end=\"637\"><span style=\"color: #343e83;\">Discover our range of <strong data-start=\"261\" data-end=\"390\"><a href=\"https:\/\/www.vanbreak.com\/en\/modeles-van-amenage\/\">converted vans, converted vans and motorhomes<\/a> available for rental from <span class=\"hover:entity-accent entity-underline inline cursor-pointer align-baseline\"><span class=\"whitespace-normal\">M\u00e1laga<\/span><\/span><\/strong>, in the heart of Andalusia. Whether you want to take a <strong data-start=\"452\" data-end=\"486\">road trip to the Costa del Sol<\/strong>, explore the white villages or travel freely across Spain, our vehicles are perfectly equipped to offer you comfort and autonomy. <\/span><\/p>\n<p data-start=\"639\" data-end=\"1032\"><span style=\"color: #343e83;\">We offer several <a href=\"https:\/\/www.vanbreak.com\/en\/modeles-van-amenage\/\"><strong data-start=\"664\" data-end=\"709\">models of converted vans for rent in M\u00e1laga<\/strong>,<\/a> suitable for all types of travelers: couples, families or groups of friends. Each vehicle is designed to let you live the <strong data-start=\"859\" data-end=\"884\">vanlife<\/strong> experience <strong data-start=\"859\" data-end=\"884\">in Andalusia<\/strong>, with modern equipment: comfortable sleeping, fully equipped kitchen, optimized storage and sometimes even a shower and toilet, depending on the model. <\/span><\/p>\n<p>[\/vc_column_text]<div class=\"grve-empty-space grve-height-1x\" style=\"\"><\/div><div class=\"grve-element grve-align-center\"><a href=\"https:\/\/www.vanbreak.com\/en\/campervan-models\/\" title=\"Campervan models\" class=\"grve-btn grve-btn-medium grve-extra-round grve-bg-primary-3 grve-bg-hover-primary-6 buttonpad10\"><span>ALL OUR MODELS<\/span><\/a><\/div><div class=\"grve-empty-space grve-height-1x\" style=\"\"><\/div>[vc_column_text]<\/p>\n<p data-start=\"1034\" data-end=\"1451\"><span style=\"color: #343e83;\">Departure from <span class=\"hover:entity-accent entity-underline inline cursor-pointer align-baseline\"><span class=\"whitespace-normal\">M\u00e1laga<\/span><\/span>you can easily reach emblematic destinations such as <span class=\"hover:entity-accent entity-underline inline cursor-pointer align-baseline\"><span class=\"whitespace-normal\">Granada<\/span><\/span>, <span class=\"hover:entity-accent entity-underline inline cursor-pointer align-baseline\"><span class=\"whitespace-normal\">Seville<\/span><\/span> or the spectacular landscapes of <span class=\"hover:entity-accent entity-underline inline cursor-pointer align-baseline\"><span class=\"whitespace-normal\">Caminito del Rey<\/span><\/span>. Renting a van in M\u00e1laga is the ideal way to travel at your own pace and discover the most beautiful landscapes in southern Spain. <\/span><\/p>\n<p data-start=\"1453\" data-end=\"1750\"><span style=\"color: #343e83;\">Our <a href=\"https:\/\/www.vanbreak.com\/en\/modeles-van-amenage\/\"><strong data-start=\"1457\" data-end=\"1514\">camper vans and motorhomes departing from M\u00e1laga<\/strong><\/a> are regularly serviced and fully equipped to ensure a safe and comfortable journey. Whether you&#8217;re planning a weekend getaway or a long <a href=\"https:\/\/www.vanbreak.com\/en\/roadtrip-spain-campervan-motorhome\/\"><strong data-start=\"1673\" data-end=\"1697\">road trip in Spain<\/strong><\/a>you&#8217;ll find the right vehicle for your adventure. <\/span><\/p>\n<p>[\/vc_column_text]<div class=\"grve-empty-space grve-height-1x\" style=\"\"><\/div>[\/vc_column_inner][vc_column_inner width=&#8221;1\/6&#8243;][\/vc_column_inner][\/vc_row_inner][\/vc_column][\/vc_row][vc_row section_type=&#8221;fullwidth&#8221; bg_type=&#8221;color&#8221; columns_gap=&#8221;20&#8243; bg_color=&#8221;#ebecf0&#8243;][vc_column]<h2 class=\"grve-element grve-title grve-align-center grve-h2 grve-increase-heading grve-heading-140\" style=\"\"><span><br>\n<p style=\"text-align: center;\">EQUIPMENT<br \/>\nVAN AMENAGE SPAIN (MALAGA)<br>\n<\/span><\/h2><div class=\"grve-empty-space grve-height-1x\" style=\"\"><\/div><div class=\"grve-element grve-align-center\"><a href=\"https:\/\/www.vanbreak.com\/en\/equipment-and-accessories\/\" title=\"our van equipment\" class=\"grve-btn grve-btn-medium grve-extra-round grve-bg-primary-3 grve-bg-hover-primary-6 buttonpad10\"><span>ALL EQUIPMENT<\/span><\/a><\/div><div class=\"grve-empty-space grve-height-1x\" style=\"\"><\/div>[vc_row_inner][vc_column_inner width=&#8221;1\/6&#8243;][\/vc_column_inner][vc_column_inner width=&#8221;2\/3&#8243;][vc_column_text]<\/p>\n<p data-start=\"291\" data-end=\"724\">Our <strong>converted van rentals in Spain<\/strong> are fully equipped for comfortable travel on your road trip from Malaga. Each van has a <strong>comfortable sleeping area<\/strong>, a <strong>fully-equipped kitchen<\/strong> with fridge and hob, and plenty of <strong>storage space<\/strong> for your belongings. Depending on the model you choose, you&#8217;ll also benefit from a <strong>pop-top roof<\/strong>, outdoor shower, diesel heater and auxiliary battery for greater autonomy. With all these features, a <strong>van rental in Malaga<\/strong> allows you to discover Andalusia in complete freedom, while retaining the comfort you need to travel for several days.<\/p>\n<p>[\/vc_column_text][\/vc_column_inner][vc_column_inner width=&#8221;1\/6&#8243;][\/vc_column_inner][\/vc_row_inner]<div class=\"grve-empty-space grve-height-1x\" style=\"\"><\/div>[vc_row_inner css=&#8221;.vc_custom_1580161408255{padding-right: 20px !important;padding-left: 20px !important;}&#8221;][vc_column_inner width=&#8221;1\/6&#8243;][\/vc_column_inner][vc_column_inner width=&#8221;1\/6&#8243; tablet_sm_width=&#8221;1-2&#8243; mobile_width=&#8221;1-2&#8243;]<div class=\"grve-element grve-image grve-align-center\" style=\"\">  <div class=\"grve-image-wrapper\"><img decoding=\"async\" width=\"150\" height=\"150\" src=\"https:\/\/www.vanbreak.com\/wp-content\/uploads\/2026\/03\/van-logo-vanbreak-300x300-2-150x150.png\" class=\"attachment-thumbnail size-thumbnail\" alt=\"\" srcset=\"https:\/\/www.vanbreak.com\/wp-content\/uploads\/2026\/03\/van-logo-vanbreak-300x300-2-150x150.png 150w, https:\/\/www.vanbreak.com\/wp-content\/uploads\/2026\/03\/van-logo-vanbreak-300x300-2.png 300w\" sizes=\"(max-width: 150px) 100vw, 150px\" \/>   <\/div><\/div><div class=\"grve-empty-space grve-height-1x\" style=\"\"><\/div><h3 class=\"grve-element grve-title grve-align-center grve-h3\" style=\"\"><span>New van<\/span><\/h3><div class=\"grve-empty-space grve-height-1x\" style=\"\"><\/div>[\/vc_column_inner][vc_column_inner width=&#8221;1\/6&#8243; tablet_sm_width=&#8221;1-2&#8243; mobile_width=&#8221;1-2&#8243;]<div class=\"grve-element grve-image grve-align-center\" style=\"\">  <div class=\"grve-image-wrapper\"><img decoding=\"async\" width=\"150\" height=\"150\" src=\"https:\/\/www.vanbreak.com\/wp-content\/uploads\/2026\/03\/km-illimites-300x300-1-150x150.png\" class=\"attachment-thumbnail size-thumbnail\" alt=\"Fuel pump in a circle\" srcset=\"https:\/\/www.vanbreak.com\/wp-content\/uploads\/2026\/03\/km-illimites-300x300-1-150x150.png 150w, https:\/\/www.vanbreak.com\/wp-content\/uploads\/2026\/03\/km-illimites-300x300-1-100x100.png 100w, https:\/\/www.vanbreak.com\/wp-content\/uploads\/2026\/03\/km-illimites-300x300-1.png 300w\" sizes=\"(max-width: 150px) 100vw, 150px\" \/>   <\/div><\/div><div class=\"grve-empty-space grve-height-1x\" style=\"\"><\/div><h3 class=\"grve-element grve-title grve-align-center grve-h3\" style=\"\"><span>Unlimited kilometers<\/span><\/h3><div class=\"grve-empty-space grve-height-1x\" style=\"\"><\/div>[\/vc_column_inner][vc_column_inner width=&#8221;1\/6&#8243; tablet_sm_width=&#8221;1-2&#8243; mobile_width=&#8221;1-2&#8243;]<div class=\"grve-element grve-image grve-align-center\" style=\"\">  <div class=\"grve-image-wrapper\"><img decoding=\"async\" width=\"150\" height=\"150\" src=\"https:\/\/www.vanbreak.com\/wp-content\/uploads\/2020\/01\/kit-de-cuisine-150x150.png\" class=\"attachment-thumbnail size-thumbnail\" alt=\"kitchen kit included in vanbreak rental\" srcset=\"https:\/\/www.vanbreak.com\/wp-content\/uploads\/2020\/01\/kit-de-cuisine-150x150.png 150w, https:\/\/www.vanbreak.com\/wp-content\/uploads\/2020\/01\/kit-de-cuisine-500x500.png 500w, https:\/\/www.vanbreak.com\/wp-content\/uploads\/2020\/01\/kit-de-cuisine-100x100.png 100w, https:\/\/www.vanbreak.com\/wp-content\/uploads\/2020\/01\/kit-de-cuisine-800x800.png 800w, https:\/\/www.vanbreak.com\/wp-content\/uploads\/2020\/01\/kit-de-cuisine-300x300.png 300w, https:\/\/www.vanbreak.com\/wp-content\/uploads\/2020\/01\/kit-de-cuisine-768x768.png 768w, https:\/\/www.vanbreak.com\/wp-content\/uploads\/2020\/01\/kit-de-cuisine-1024x1024.png 1024w, https:\/\/www.vanbreak.com\/wp-content\/uploads\/2020\/01\/kit-de-cuisine-560x560.png 560w, https:\/\/www.vanbreak.com\/wp-content\/uploads\/2020\/01\/kit-de-cuisine-900x900.png 900w, https:\/\/www.vanbreak.com\/wp-content\/uploads\/2020\/01\/kit-de-cuisine.png 1280w\" sizes=\"(max-width: 150px) 100vw, 150px\" \/>   <\/div><\/div><div class=\"grve-empty-space grve-height-1x\" style=\"\"><\/div><h3 class=\"grve-element grve-title grve-align-center grve-h3\" style=\"\"><span>Kitchen kit incl.<\/span><\/h3><div class=\"grve-empty-space grve-height-1x\" style=\"\"><\/div>[\/vc_column_inner][vc_column_inner width=&#8221;1\/6&#8243; tablet_sm_width=&#8221;1-2&#8243; mobile_width=&#8221;1-2&#8243;]<div class=\"grve-element grve-image grve-align-center\" style=\"\">  <div class=\"grve-image-wrapper\"><img decoding=\"async\" width=\"150\" height=\"150\" src=\"https:\/\/www.vanbreak.com\/wp-content\/uploads\/2020\/01\/draps-150x150.png\" class=\"attachment-thumbnail size-thumbnail\" alt=\"sheets and pillows included in van and motorhome rentals\" srcset=\"https:\/\/www.vanbreak.com\/wp-content\/uploads\/2020\/01\/draps-150x150.png 150w, https:\/\/www.vanbreak.com\/wp-content\/uploads\/2020\/01\/draps-500x500.png 500w, https:\/\/www.vanbreak.com\/wp-content\/uploads\/2020\/01\/draps-100x100.png 100w, https:\/\/www.vanbreak.com\/wp-content\/uploads\/2020\/01\/draps-800x800.png 800w, https:\/\/www.vanbreak.com\/wp-content\/uploads\/2020\/01\/draps-300x300.png 300w, https:\/\/www.vanbreak.com\/wp-content\/uploads\/2020\/01\/draps-768x768.png 768w, https:\/\/www.vanbreak.com\/wp-content\/uploads\/2020\/01\/draps-1024x1024.png 1024w, https:\/\/www.vanbreak.com\/wp-content\/uploads\/2020\/01\/draps-560x560.png 560w, https:\/\/www.vanbreak.com\/wp-content\/uploads\/2020\/01\/draps-900x900.png 900w, https:\/\/www.vanbreak.com\/wp-content\/uploads\/2020\/01\/draps.png 1280w\" sizes=\"(max-width: 150px) 100vw, 150px\" \/>   <\/div><\/div><div class=\"grve-empty-space grve-height-1x\" style=\"\"><\/div><h3 class=\"grve-element grve-title grve-align-center grve-h3\" style=\"\"><span>Bedding kit incl.<\/span><\/h3><div class=\"grve-empty-space grve-height-1x\" style=\"\"><\/div>[\/vc_column_inner][vc_column_inner width=&#8221;1\/6&#8243;][\/vc_column_inner][\/vc_row_inner][vc_row_inner css=&#8221;.vc_custom_1580161408255{padding-right: 20px !important;padding-left: 20px !important;}&#8221;][vc_column_inner width=&#8221;1\/4&#8243;][\/vc_column_inner][vc_column_inner width=&#8221;1\/4&#8243; tablet_sm_width=&#8221;1-2&#8243; mobile_width=&#8221;1-2&#8243;]<div class=\"grve-element grve-image grve-align-center\" style=\"\">  <div class=\"grve-image-wrapper\"><img decoding=\"async\" width=\"150\" height=\"150\" src=\"https:\/\/www.vanbreak.com\/wp-content\/uploads\/2021\/01\/cadena-150x150.png\" class=\"attachment-thumbnail size-thumbnail\" alt=\"\" srcset=\"https:\/\/www.vanbreak.com\/wp-content\/uploads\/2021\/01\/cadena-150x150.png 150w, https:\/\/www.vanbreak.com\/wp-content\/uploads\/2021\/01\/cadena-300x300.png 300w, https:\/\/www.vanbreak.com\/wp-content\/uploads\/2021\/01\/cadena-1024x1024.png 1024w, https:\/\/www.vanbreak.com\/wp-content\/uploads\/2021\/01\/cadena-768x768.png 768w, https:\/\/www.vanbreak.com\/wp-content\/uploads\/2021\/01\/cadena-560x560.png 560w, https:\/\/www.vanbreak.com\/wp-content\/uploads\/2021\/01\/cadena-900x900.png 900w, https:\/\/www.vanbreak.com\/wp-content\/uploads\/2021\/01\/cadena-500x500.png 500w, https:\/\/www.vanbreak.com\/wp-content\/uploads\/2021\/01\/cadena-800x800.png 800w, https:\/\/www.vanbreak.com\/wp-content\/uploads\/2021\/01\/cadena-100x100.png 100w, https:\/\/www.vanbreak.com\/wp-content\/uploads\/2021\/01\/cadena.png 1280w\" sizes=\"(max-width: 150px) 100vw, 150px\" \/>   <\/div><\/div><div class=\"grve-empty-space grve-height-1x\" style=\"\"><\/div><h3 class=\"grve-element grve-title grve-align-center grve-h3\" style=\"\"><span>All-risk insurance<\/span><\/h3><div class=\"grve-empty-space grve-height-1x\" style=\"\"><\/div>[\/vc_column_inner][vc_column_inner width=&#8221;1\/4&#8243; tablet_sm_width=&#8221;1-2&#8243; mobile_width=&#8221;1-2&#8243;]<div class=\"grve-element grve-image grve-align-center\" style=\"\">  <div class=\"grve-image-wrapper\"><img decoding=\"async\" width=\"150\" height=\"150\" src=\"https:\/\/www.vanbreak.com\/wp-content\/uploads\/2020\/05\/menage-150x150.png\" class=\"attachment-thumbnail size-thumbnail\" alt=\"\" srcset=\"https:\/\/www.vanbreak.com\/wp-content\/uploads\/2020\/05\/menage-150x150.png 150w, https:\/\/www.vanbreak.com\/wp-content\/uploads\/2020\/05\/menage-500x500.png 500w, https:\/\/www.vanbreak.com\/wp-content\/uploads\/2020\/05\/menage-100x100.png 100w, https:\/\/www.vanbreak.com\/wp-content\/uploads\/2020\/05\/menage-800x800.png 800w, https:\/\/www.vanbreak.com\/wp-content\/uploads\/2020\/05\/menage-300x300.png 300w, https:\/\/www.vanbreak.com\/wp-content\/uploads\/2020\/05\/menage-1024x1024.png 1024w, https:\/\/www.vanbreak.com\/wp-content\/uploads\/2020\/05\/menage-768x768.png 768w, https:\/\/www.vanbreak.com\/wp-content\/uploads\/2020\/05\/menage-560x560.png 560w, https:\/\/www.vanbreak.com\/wp-content\/uploads\/2020\/05\/menage-900x900.png 900w, https:\/\/www.vanbreak.com\/wp-content\/uploads\/2020\/05\/menage.png 1280w\" sizes=\"(max-width: 150px) 100vw, 150px\" \/>   <\/div><\/div><div class=\"grve-empty-space grve-height-1x\" style=\"\"><\/div><h3 class=\"grve-element grve-title grve-align-center grve-h3\" style=\"\"><span>Household incl.<\/span><\/h3><div class=\"grve-empty-space grve-height-1x\" style=\"\"><\/div>[\/vc_column_inner][vc_column_inner width=&#8221;1\/4&#8243; tablet_sm_width=&#8221;1-2&#8243; mobile_width=&#8221;1-2&#8243;][\/vc_column_inner][\/vc_row_inner][vc_row_inner][vc_column_inner width=&#8221;1\/6&#8243;][\/vc_column_inner][vc_column_inner width=&#8221;2\/3&#8243;]<div class=\"grve-empty-space grve-height-1x\" style=\"\"><\/div>[\/vc_column_inner][vc_column_inner width=&#8221;1\/6&#8243;][\/vc_column_inner][\/vc_row_inner][\/vc_column][\/vc_row][vc_row bg_type=&#8221;image&#8221; bg_image=&#8221;24355&#8243; padding_top_multiplier=&#8221;&#8221; padding_bottom_multiplier=&#8221;&#8221; columns_gap=&#8221;none&#8221;][vc_column text_align=&#8221;center&#8221;][vc_row_inner][vc_column_inner]<h2 class=\"grve-element grve-title grve-align-center grve-h2 grve-increase-heading grve-heading-140\" style=\"\"><span><br>\n<p style=\"text-align: center;\">OUR AGENCY:<br \/>\nMALAGA (ANDALUSIA)<br>\n<\/span><\/h2><h3 class=\"grve-element grve-title grve-align-center grve-h3\" style=\"\"><span><br>\n<p style=\"text-align: center;\"><span style=\"color: #343e83;\">Malaga: the ideal place to start your van road trip in Spain<\/span><br>\n<\/span><\/h3><div class=\"grve-empty-space grve-height-2x\" style=\"\"><\/div><div class=\"grve-element grve-align-center\"><a href=\"https:\/\/g.page\/Vanbreak-malaga?share\" title=\"Agence vanbreak malaga\" target=\"_blank\" rel=\"noopener noreferrer\" class=\"grve-btn grve-btn-medium grve-extra-round grve-bg-primary-3 grve-bg-hover-primary-6 buttonpad10\"><span>VANBREAK MALAGA (GOOGLEMAP)<\/span><\/a><\/div><div class=\"grve-empty-space grve-height-2x\" style=\"\"><\/div>[vc_column_text]<\/p>\n<p data-start=\"291\" data-end=\"724\">Vanbreak, our agency specialized in <strong data-start=\"334\" data-end=\"402\">van rental, camper van rental and motorhome rental in Malaga<\/strong>, is located in <span class=\"hover:entity-accent entity-underline inline cursor-pointer align-baseline\"><span class=\"whitespace-normal\">Alhaur\u00edn de la Torre<\/span><\/span>just 10 minutes from the center of <span class=\"hover:entity-accent entity-underline inline cursor-pointer align-baseline\"><span class=\"whitespace-normal\">M\u00e1laga<\/span><\/span> and 10 minutes from<span class=\"hover:entity-accent entity-underline inline cursor-pointer align-baseline\"><span class=\"whitespace-normal\">M\u00e1laga-Costa del Sol Airport<\/span><\/span>. This ideal location makes it easy to pick up and drop off your vehicle, so you can start your adventure with ease.<\/p>\n<p data-start=\"726\" data-end=\"1099\">Choosing <strong data-start=\"734\" data-end=\"811\">M\u00e1laga as your departure point for a van rental in Spain<\/strong> is an excellent option for exploring Andalusia in complete freedom. Our Vanbreak agency makes it easy for you to pick up your <strong data-start=\"964\" data-end=\"1007\">van in Malaga<\/strong>, so you can start your <strong data-start=\"1033\" data-end=\"1067\">van road trip in Andalusia<\/strong> in the best possible conditions.<\/p>\n<p>[\/vc_column_text]<div class=\"grve-empty-space grve-height-2x\" style=\"\"><\/div><div class=\"grve-element grve-image grve-align-center\" style=\"\">  <div class=\"grve-image-wrapper\"><a href=\"https:\/\/visita.malaga.eu\/en\/things-to-do\/municipal-tourist-information-office-head-office-p103309\" title=\"Malaga Tourist Office\" target=\"_blank\" rel=\"noopener noreferrer\"><img decoding=\"async\" width=\"1536\" height=\"1024\" src=\"https:\/\/www.vanbreak.com\/wp-content\/uploads\/2026\/03\/chatgpt-image-19-mars-2026-18-04-31.png\" class=\"attachment-full size-full\" alt=\"\" srcset=\"https:\/\/www.vanbreak.com\/wp-content\/uploads\/2026\/03\/chatgpt-image-19-mars-2026-18-04-31.png 1536w, https:\/\/www.vanbreak.com\/wp-content\/uploads\/2026\/03\/chatgpt-image-19-mars-2026-18-04-31-300x200.png 300w, https:\/\/www.vanbreak.com\/wp-content\/uploads\/2026\/03\/chatgpt-image-19-mars-2026-18-04-31-1024x683.png 1024w, https:\/\/www.vanbreak.com\/wp-content\/uploads\/2026\/03\/chatgpt-image-19-mars-2026-18-04-31-768x512.png 768w, https:\/\/www.vanbreak.com\/wp-content\/uploads\/2026\/03\/chatgpt-image-19-mars-2026-18-04-31-500x333.png 500w, https:\/\/www.vanbreak.com\/wp-content\/uploads\/2026\/03\/chatgpt-image-19-mars-2026-18-04-31-800x533.png 800w\" sizes=\"(max-width: 1536px) 100vw, 1536px\" \/><\/a>   <\/div><\/div><div class=\"grve-empty-space grve-height-2x\" style=\"\"><\/div>[vc_column_text]<\/p>\n<p data-start=\"1101\" data-end=\"1456\">A dynamic and culturally rich city, <span class=\"hover:entity-accent entity-underline inline cursor-pointer align-baseline\"><span class=\"whitespace-normal\">M\u00e1laga<\/span><\/span> is open to the Mediterranean Sea and is an ideal gateway to the most beautiful landscapes in southern Spain. Thanks to its international airport and extensive motorway network, you&#8217;ll be able to quickly reach many of Spain&#8217;s must-see destinations.<\/p>\n<p data-start=\"1458\" data-end=\"2139\">From M\u00e1laga, explore the famous white villages of Andalusia, such as <span class=\"hover:entity-accent entity-underline inline cursor-pointer align-baseline\"><span class=\"whitespace-normal\">Ronda<\/span><\/span> or <span class=\"hover:entity-accent entity-underline inline cursor-pointer align-baseline\"><span class=\"whitespace-normal\">Mijas<\/span><\/span>or discover <span class=\"hover:entity-accent entity-underline inline cursor-pointer align-baseline\"><span class=\"whitespace-normal\">Granada<\/span><\/span> and the famous <span class=\"hover:entity-accent entity-underline inline cursor-pointer align-baseline\"><span class=\"whitespace-normal\">Alhambra<\/span><\/span>or admire the landscapes of the <span class=\"hover:entity-accent entity-underline inline cursor-pointer align-baseline\"><span class=\"whitespace-normal\">Sierra Nevada<\/span><\/span>. Your trip can also take you to <span class=\"hover:entity-accent entity-underline inline cursor-pointer align-baseline\"><span class=\"whitespace-normal\">Seville<\/span><\/span>the historic capital of Andalusia, to the port city of <span class=\"hover:entity-accent entity-underline inline cursor-pointer align-baseline\"><span class=\"whitespace-normal\">Cadiz<\/span><\/span> or to <span class=\"hover:entity-accent entity-underline inline cursor-pointer align-baseline\"><span class=\"whitespace-normal\">Tarifa<\/span><\/span>famous for its wild beaches and unique atmosphere between the Mediterranean and the Atlantic.<\/p>\n<p data-start=\"2141\" data-end=\"2348\">With <strong data-start=\"2152\" data-end=\"2199\">van rental Spain from Malaga<\/strong>, you can explore Andalusia at your own pace, enjoy spectacular scenery and live a true <strong data-start=\"2325\" data-end=\"2347\">vanlife<\/strong> experience <strong data-start=\"2325\" data-end=\"2347\">in Spain<\/strong>.<\/p>\n<p>[\/vc_column_text]<div class=\"grve-empty-space grve-height-2x\" style=\"\"><\/div>[\/vc_column_inner][\/vc_row_inner][\/vc_column][\/vc_row][vc_row section_type=&#8221;fullwidth&#8221; bg_type=&#8221;color&#8221; columns_gap=&#8221;none&#8221; bg_color=&#8221;#ebecf0&#8243;][vc_column][vc_row_inner css=&#8221;.vc_custom_1580161408255{padding-right: 20px !important;padding-left: 20px !important;}&#8221;][vc_column_inner width=&#8221;1\/6&#8243;][\/vc_column_inner][vc_column_inner width=&#8221;2\/3&#8243;]<h2 class=\"grve-element grve-title grve-align-center grve-h2 grve-increase-heading grve-heading-140\" style=\"\"><span><br>\n<p style=\"text-align: center;\">VANBREAK:<br \/>\nRENTAL OF CONVERTED VANS<br \/>\nIN SPAIN (MALAGA)<br>\n<\/span><\/h2><h3 class=\"grve-element grve-title grve-align-center grve-h3\" style=\"\"><span><br>\n<p style=\"text-align: center;\"><span style=\"color: #343e83;\">Simple, digital and secure!<\/span><br>\n<\/span><\/h3><div class=\"grve-empty-space grve-height-1x\" style=\"\"><\/div><div class=\"grve-element grve-align-center\"><a href=\"https:\/\/www.vanbreak.com\/location-van-amenage-a-malaga-espagne\/\" title=\"Rent a campervan\" class=\"grve-btn grve-btn-medium grve-extra-round grve-bg-primary-3 grve-bg-hover-primary-6 buttonpad10\"><span>RENT A VAN<\/span><\/a><\/div><div class=\"grve-empty-space grve-height-1x\" style=\"\"><\/div><div class=\"grve-element grve-video\" style=\"\"><iframe title=\"VanBreak - Campervan hire in Spain (Malaga)\" width=\"1080\" height=\"608\" src=\"https:\/\/www.youtube.com\/embed\/HQi8_zMwYa4?feature=oembed\" frameborder=\"0\" allow=\"accelerometer; autoplay; clipboard-write; encrypted-media; gyroscope; picture-in-picture; web-share\" referrerpolicy=\"strict-origin-when-cross-origin\" allowfullscreen><\/iframe><\/div><div class=\"grve-empty-space grve-height-1x\" style=\"\"><\/div>[vc_column_text]<\/p>\n<p style=\"text-align: center;\"><span style=\"color: #343e83;\">Vanbreak is a rental agency for converted vans in Spain, converted vans and motorhomes.<\/span><\/p>\n<p>[\/vc_column_text][vc_column_text]<\/p>\n<p style=\"text-align: center;\"><span style=\"color: #343e83;\"><strong>Vanbreak<\/strong> is a <strong>rental agency for converted vans<\/strong>, <strong>converted vans<\/strong> and <strong>motorhomes in Spain (Andalusia &#8211; Malaga).<\/strong><\/span><\/p>\n<p style=\"text-align: center;\"><span style=\"color: #343e83;\"><span style=\"color: #343e83;\">We pay particular attention to the safety and comfort of our travellers.O<\/span><a style=\"color: #343e83;\" href=\"https:\/\/vanbreak.com\/modeles-van-amenage\/\" target=\"_blank\" rel=\"noopener\"><strong>ur campervan and motorhome<\/strong><\/a><span style=\"color: #343e83;\"> They are equipped to allow comfortable sleeping (for 2 to 5 people), keep warm (heating at night), cook and eat, and wash (shower). All our vans and panel vans are <\/span><b style=\"color: #343e83;\">new and <\/b><span style=\"color: #343e83;\"><b>luxurious<\/b><\/span><b style=\"color: #343e83;\"> <\/b><span style=\"color: #343e83;\">to guarantee you a high-quality, fully-autonomous <b>van road trip in Spain <\/b>.<\/span><\/span><\/p>\n<p style=\"text-align: center;\"><span style=\"color: #343e83;\">Our <strong>price<\/strong> includes <strong>all-risk insurance<\/strong>, <strong>unlimited mileage<\/strong>, <strong>camping<\/strong> utensils <strong>and equipment<\/strong>, <strong>cleaning<\/strong> of your vehicle and <strong>sheets and pillows<\/strong>, as well as <strong>travel advice<\/strong> and a personalized <strong>telephone hotline<\/strong>.<br \/>\n<\/span><\/p>\n<p>[\/vc_column_text]<div class=\"grve-empty-space grve-height-1x\" style=\"\"><\/div>[\/vc_column_inner][vc_column_inner width=&#8221;1\/6&#8243;][\/vc_column_inner][\/vc_row_inner][\/vc_column][\/vc_row][vc_row section_type=&#8221;fullwidth&#8221; bg_type=&#8221;color&#8221; padding_top_multiplier=&#8221;&#8221; padding_bottom_multiplier=&#8221;&#8221; columns_gap=&#8221;none&#8221; bg_color=&#8221;#ebecf0&#8243;][vc_column]<div class=\"grve-empty-space grve-height-2x\" style=\"\"><\/div>[vc_row_inner][vc_column_inner]<div class=\"grve-element grve-flexible-carousel grve-carousel grve-layout-1 grve-with-gap\" style=\"\"><div class=\"grve-carousel-wrapper\"><div class=\"grve-carousel-navigation grve-dark grve-navigation-1 grve-navigation-carousel\">\t<div class=\"grve-carousel-buttons\">\t\t<div class=\"grve-carousel-prev\">\t\t\t<i class=\"grve-icon-nav-left-small\"><\/i>\t\t<\/div>\t\t<div class=\"grve-carousel-next\">\t\t\t<i class=\"grve-icon-nav-right-small\"><\/i>\t\t<\/div>\t<\/div><\/div>\t<div class=\"grve-flexible-carousel-element \" data-items=\"4\" data-items-tablet-landscape=\"3\" data-items-tablet-portrait=\"2\" data-items-mobile=\"1\" data-slider-autoplay=\"yes\" data-slider-speed=\"3000\" data-slider-pause=\"no\" data-pagination-speed=\"400\" data-pagination=\"no\" data-slider-autoheight=\"no\"><div class=\"grve-element grve-image grve-align-center\" style=\"\">  <div class=\"grve-image-wrapper\"><img decoding=\"async\" width=\"1365\" height=\"2048\" src=\"https:\/\/www.vanbreak.com\/wp-content\/uploads\/2022\/11\/DSC0844-scaled.jpg\" class=\"attachment-full size-full\" alt=\"\" srcset=\"https:\/\/www.vanbreak.com\/wp-content\/uploads\/2022\/11\/DSC0844-scaled.jpg 1365w, https:\/\/www.vanbreak.com\/wp-content\/uploads\/2022\/11\/DSC0844-200x300.jpg 200w, https:\/\/www.vanbreak.com\/wp-content\/uploads\/2022\/11\/DSC0844-683x1024.jpg 683w, https:\/\/www.vanbreak.com\/wp-content\/uploads\/2022\/11\/DSC0844-768x1152.jpg 768w, https:\/\/www.vanbreak.com\/wp-content\/uploads\/2022\/11\/DSC0844-1024x1536.jpg 1024w, https:\/\/www.vanbreak.com\/wp-content\/uploads\/2022\/11\/DSC0844-1280x1920.jpg 1280w, https:\/\/www.vanbreak.com\/wp-content\/uploads\/2022\/11\/DSC0844-500x750.jpg 500w, https:\/\/www.vanbreak.com\/wp-content\/uploads\/2022\/11\/DSC0844-800x1200.jpg 800w\" sizes=\"(max-width: 1365px) 100vw, 1365px\" \/>   <\/div><\/div><div class=\"grve-element grve-image grve-align-center\" style=\"\">  <div class=\"grve-image-wrapper\"><img decoding=\"async\" width=\"1365\" height=\"2048\" src=\"https:\/\/www.vanbreak.com\/wp-content\/uploads\/2022\/11\/DSC0490-scaled.jpg\" class=\"attachment-full size-full\" alt=\"\" srcset=\"https:\/\/www.vanbreak.com\/wp-content\/uploads\/2022\/11\/DSC0490-scaled.jpg 1365w, https:\/\/www.vanbreak.com\/wp-content\/uploads\/2022\/11\/DSC0490-200x300.jpg 200w, https:\/\/www.vanbreak.com\/wp-content\/uploads\/2022\/11\/DSC0490-683x1024.jpg 683w, https:\/\/www.vanbreak.com\/wp-content\/uploads\/2022\/11\/DSC0490-768x1152.jpg 768w, https:\/\/www.vanbreak.com\/wp-content\/uploads\/2022\/11\/DSC0490-1024x1536.jpg 1024w, https:\/\/www.vanbreak.com\/wp-content\/uploads\/2022\/11\/DSC0490-1280x1920.jpg 1280w, https:\/\/www.vanbreak.com\/wp-content\/uploads\/2022\/11\/DSC0490-500x750.jpg 500w, https:\/\/www.vanbreak.com\/wp-content\/uploads\/2022\/11\/DSC0490-800x1200.jpg 800w\" sizes=\"(max-width: 1365px) 100vw, 1365px\" \/>   <\/div><\/div><div class=\"grve-element grve-image grve-align-center\" style=\"\">  <div class=\"grve-image-wrapper\"><img decoding=\"async\" width=\"1365\" height=\"2048\" src=\"https:\/\/www.vanbreak.com\/wp-content\/uploads\/2022\/11\/DSC8441-scaled.jpg\" class=\"attachment-full size-full\" alt=\"\" srcset=\"https:\/\/www.vanbreak.com\/wp-content\/uploads\/2022\/11\/DSC8441-scaled.jpg 1365w, https:\/\/www.vanbreak.com\/wp-content\/uploads\/2022\/11\/DSC8441-200x300.jpg 200w, https:\/\/www.vanbreak.com\/wp-content\/uploads\/2022\/11\/DSC8441-683x1024.jpg 683w, https:\/\/www.vanbreak.com\/wp-content\/uploads\/2022\/11\/DSC8441-768x1152.jpg 768w, https:\/\/www.vanbreak.com\/wp-content\/uploads\/2022\/11\/DSC8441-1024x1536.jpg 1024w, https:\/\/www.vanbreak.com\/wp-content\/uploads\/2022\/11\/DSC8441-1280x1920.jpg 1280w, https:\/\/www.vanbreak.com\/wp-content\/uploads\/2022\/11\/DSC8441-500x750.jpg 500w, https:\/\/www.vanbreak.com\/wp-content\/uploads\/2022\/11\/DSC8441-800x1200.jpg 800w\" sizes=\"(max-width: 1365px) 100vw, 1365px\" \/>   <\/div><\/div><div class=\"grve-element grve-image grve-align-center\" style=\"\">  <div class=\"grve-image-wrapper\"><img decoding=\"async\" width=\"1365\" height=\"2048\" src=\"https:\/\/www.vanbreak.com\/wp-content\/uploads\/2022\/11\/DSC8674-scaled.jpg\" class=\"attachment-full size-full\" alt=\"mercedes marco polo malaga rental - vanbreak\" srcset=\"https:\/\/www.vanbreak.com\/wp-content\/uploads\/2022\/11\/DSC8674-scaled.jpg 1365w, https:\/\/www.vanbreak.com\/wp-content\/uploads\/2022\/11\/DSC8674-200x300.jpg 200w, https:\/\/www.vanbreak.com\/wp-content\/uploads\/2022\/11\/DSC8674-683x1024.jpg 683w, https:\/\/www.vanbreak.com\/wp-content\/uploads\/2022\/11\/DSC8674-768x1152.jpg 768w, https:\/\/www.vanbreak.com\/wp-content\/uploads\/2022\/11\/DSC8674-1024x1536.jpg 1024w, https:\/\/www.vanbreak.com\/wp-content\/uploads\/2022\/11\/DSC8674-1280x1920.jpg 1280w, https:\/\/www.vanbreak.com\/wp-content\/uploads\/2022\/11\/DSC8674-500x750.jpg 500w, https:\/\/www.vanbreak.com\/wp-content\/uploads\/2022\/11\/DSC8674-800x1200.jpg 800w\" sizes=\"(max-width: 1365px) 100vw, 1365px\" \/>   <\/div><\/div><div class=\"grve-element grve-image grve-align-center\" style=\"\">  <div class=\"grve-image-wrapper\"><img decoding=\"async\" width=\"1365\" height=\"2048\" src=\"https:\/\/www.vanbreak.com\/wp-content\/uploads\/2022\/11\/DSC8514-scaled.jpg\" class=\"attachment-full size-full\" alt=\"\" srcset=\"https:\/\/www.vanbreak.com\/wp-content\/uploads\/2022\/11\/DSC8514-scaled.jpg 1365w, https:\/\/www.vanbreak.com\/wp-content\/uploads\/2022\/11\/DSC8514-200x300.jpg 200w, https:\/\/www.vanbreak.com\/wp-content\/uploads\/2022\/11\/DSC8514-683x1024.jpg 683w, https:\/\/www.vanbreak.com\/wp-content\/uploads\/2022\/11\/DSC8514-768x1152.jpg 768w, https:\/\/www.vanbreak.com\/wp-content\/uploads\/2022\/11\/DSC8514-1024x1536.jpg 1024w, https:\/\/www.vanbreak.com\/wp-content\/uploads\/2022\/11\/DSC8514-1280x1920.jpg 1280w, https:\/\/www.vanbreak.com\/wp-content\/uploads\/2022\/11\/DSC8514-500x750.jpg 500w, https:\/\/www.vanbreak.com\/wp-content\/uploads\/2022\/11\/DSC8514-800x1200.jpg 800w\" sizes=\"(max-width: 1365px) 100vw, 1365px\" \/>   <\/div><\/div><div class=\"grve-element grve-image grve-align-center\" style=\"\">  <div class=\"grve-image-wrapper\"><img decoding=\"async\" width=\"1365\" height=\"2048\" src=\"https:\/\/www.vanbreak.com\/wp-content\/uploads\/2022\/11\/DSC8605-scaled.jpg\" class=\"attachment-full size-full\" alt=\"Van rental Spain (Andalusia) - Vanbreak\" srcset=\"https:\/\/www.vanbreak.com\/wp-content\/uploads\/2022\/11\/DSC8605-scaled.jpg 1365w, https:\/\/www.vanbreak.com\/wp-content\/uploads\/2022\/11\/DSC8605-200x300.jpg 200w, https:\/\/www.vanbreak.com\/wp-content\/uploads\/2022\/11\/DSC8605-683x1024.jpg 683w, https:\/\/www.vanbreak.com\/wp-content\/uploads\/2022\/11\/DSC8605-768x1152.jpg 768w, https:\/\/www.vanbreak.com\/wp-content\/uploads\/2022\/11\/DSC8605-1024x1536.jpg 1024w, https:\/\/www.vanbreak.com\/wp-content\/uploads\/2022\/11\/DSC8605-1280x1920.jpg 1280w, https:\/\/www.vanbreak.com\/wp-content\/uploads\/2022\/11\/DSC8605-500x750.jpg 500w, https:\/\/www.vanbreak.com\/wp-content\/uploads\/2022\/11\/DSC8605-800x1200.jpg 800w\" sizes=\"(max-width: 1365px) 100vw, 1365px\" \/>   <\/div><\/div><div class=\"grve-element grve-image grve-align-center\" style=\"\">  <div class=\"grve-image-wrapper\"><img decoding=\"async\" width=\"1365\" height=\"2048\" src=\"https:\/\/www.vanbreak.com\/wp-content\/uploads\/2022\/11\/DSC1096-scaled.jpg\" class=\"attachment-full size-full\" alt=\"\" srcset=\"https:\/\/www.vanbreak.com\/wp-content\/uploads\/2022\/11\/DSC1096-scaled.jpg 1365w, https:\/\/www.vanbreak.com\/wp-content\/uploads\/2022\/11\/DSC1096-200x300.jpg 200w, https:\/\/www.vanbreak.com\/wp-content\/uploads\/2022\/11\/DSC1096-683x1024.jpg 683w, https:\/\/www.vanbreak.com\/wp-content\/uploads\/2022\/11\/DSC1096-768x1152.jpg 768w, https:\/\/www.vanbreak.com\/wp-content\/uploads\/2022\/11\/DSC1096-1024x1536.jpg 1024w, https:\/\/www.vanbreak.com\/wp-content\/uploads\/2022\/11\/DSC1096-1280x1920.jpg 1280w, https:\/\/www.vanbreak.com\/wp-content\/uploads\/2022\/11\/DSC1096-500x750.jpg 500w, https:\/\/www.vanbreak.com\/wp-content\/uploads\/2022\/11\/DSC1096-800x1200.jpg 800w\" sizes=\"(max-width: 1365px) 100vw, 1365px\" \/>   <\/div><\/div><div class=\"grve-element grve-image grve-align-center\" style=\"\">  <div class=\"grve-image-wrapper\"><img decoding=\"async\" width=\"1365\" height=\"2048\" src=\"https:\/\/www.vanbreak.com\/wp-content\/uploads\/2022\/11\/DSC8559-scaled.jpg\" class=\"attachment-full size-full\" alt=\"Van rental Spain (Andalusia) - Vanbreak\" srcset=\"https:\/\/www.vanbreak.com\/wp-content\/uploads\/2022\/11\/DSC8559-scaled.jpg 1365w, https:\/\/www.vanbreak.com\/wp-content\/uploads\/2022\/11\/DSC8559-200x300.jpg 200w, https:\/\/www.vanbreak.com\/wp-content\/uploads\/2022\/11\/DSC8559-683x1024.jpg 683w, https:\/\/www.vanbreak.com\/wp-content\/uploads\/2022\/11\/DSC8559-768x1152.jpg 768w, https:\/\/www.vanbreak.com\/wp-content\/uploads\/2022\/11\/DSC8559-1024x1536.jpg 1024w, https:\/\/www.vanbreak.com\/wp-content\/uploads\/2022\/11\/DSC8559-1280x1920.jpg 1280w, https:\/\/www.vanbreak.com\/wp-content\/uploads\/2022\/11\/DSC8559-500x750.jpg 500w, https:\/\/www.vanbreak.com\/wp-content\/uploads\/2022\/11\/DSC8559-800x1200.jpg 800w\" sizes=\"(max-width: 1365px) 100vw, 1365px\" \/>   <\/div><\/div><div class=\"grve-element grve-image grve-align-center\" style=\"\">  <div class=\"grve-image-wrapper\"><img decoding=\"async\" width=\"1365\" height=\"2048\" src=\"https:\/\/www.vanbreak.com\/wp-content\/uploads\/2022\/11\/DSC8547-scaled.jpg\" class=\"attachment-full size-full\" alt=\"Van rental Spain (Andalusia) - Vanbreak\" srcset=\"https:\/\/www.vanbreak.com\/wp-content\/uploads\/2022\/11\/DSC8547-scaled.jpg 1365w, https:\/\/www.vanbreak.com\/wp-content\/uploads\/2022\/11\/DSC8547-200x300.jpg 200w, https:\/\/www.vanbreak.com\/wp-content\/uploads\/2022\/11\/DSC8547-683x1024.jpg 683w, https:\/\/www.vanbreak.com\/wp-content\/uploads\/2022\/11\/DSC8547-768x1152.jpg 768w, https:\/\/www.vanbreak.com\/wp-content\/uploads\/2022\/11\/DSC8547-1024x1536.jpg 1024w, https:\/\/www.vanbreak.com\/wp-content\/uploads\/2022\/11\/DSC8547-1280x1920.jpg 1280w, https:\/\/www.vanbreak.com\/wp-content\/uploads\/2022\/11\/DSC8547-500x750.jpg 500w, https:\/\/www.vanbreak.com\/wp-content\/uploads\/2022\/11\/DSC8547-800x1200.jpg 800w\" sizes=\"(max-width: 1365px) 100vw, 1365px\" \/>   <\/div><\/div><div class=\"grve-element grve-image grve-align-center\" style=\"\">  <div class=\"grve-image-wrapper\"><img decoding=\"async\" width=\"1365\" height=\"2048\" src=\"https:\/\/www.vanbreak.com\/wp-content\/uploads\/2022\/11\/DSC8344-scaled.jpg\" class=\"attachment-full size-full\" alt=\"Van rental Spain (Andalusia) - Vanbreak\" srcset=\"https:\/\/www.vanbreak.com\/wp-content\/uploads\/2022\/11\/DSC8344-scaled.jpg 1365w, https:\/\/www.vanbreak.com\/wp-content\/uploads\/2022\/11\/DSC8344-200x300.jpg 200w, https:\/\/www.vanbreak.com\/wp-content\/uploads\/2022\/11\/DSC8344-683x1024.jpg 683w, https:\/\/www.vanbreak.com\/wp-content\/uploads\/2022\/11\/DSC8344-768x1152.jpg 768w, https:\/\/www.vanbreak.com\/wp-content\/uploads\/2022\/11\/DSC8344-1024x1536.jpg 1024w, https:\/\/www.vanbreak.com\/wp-content\/uploads\/2022\/11\/DSC8344-1280x1920.jpg 1280w, https:\/\/www.vanbreak.com\/wp-content\/uploads\/2022\/11\/DSC8344-500x750.jpg 500w, https:\/\/www.vanbreak.com\/wp-content\/uploads\/2022\/11\/DSC8344-800x1200.jpg 800w\" sizes=\"(max-width: 1365px) 100vw, 1365px\" \/>   <\/div><\/div><div class=\"grve-element grve-image grve-align-center\" style=\"\">  <div class=\"grve-image-wrapper\"><img decoding=\"async\" width=\"1365\" height=\"2048\" src=\"https:\/\/www.vanbreak.com\/wp-content\/uploads\/2022\/11\/DSC8364-scaled.jpg\" class=\"attachment-full size-full\" alt=\"Van rental Spain (Andalusia) - Vanbreak\" srcset=\"https:\/\/www.vanbreak.com\/wp-content\/uploads\/2022\/11\/DSC8364-scaled.jpg 1365w, https:\/\/www.vanbreak.com\/wp-content\/uploads\/2022\/11\/DSC8364-200x300.jpg 200w, https:\/\/www.vanbreak.com\/wp-content\/uploads\/2022\/11\/DSC8364-683x1024.jpg 683w, https:\/\/www.vanbreak.com\/wp-content\/uploads\/2022\/11\/DSC8364-768x1152.jpg 768w, https:\/\/www.vanbreak.com\/wp-content\/uploads\/2022\/11\/DSC8364-1024x1536.jpg 1024w, https:\/\/www.vanbreak.com\/wp-content\/uploads\/2022\/11\/DSC8364-1280x1920.jpg 1280w, https:\/\/www.vanbreak.com\/wp-content\/uploads\/2022\/11\/DSC8364-500x750.jpg 500w, https:\/\/www.vanbreak.com\/wp-content\/uploads\/2022\/11\/DSC8364-800x1200.jpg 800w\" sizes=\"(max-width: 1365px) 100vw, 1365px\" \/>   <\/div><\/div><div class=\"grve-element grve-image grve-align-center\" style=\"\">  <div class=\"grve-image-wrapper\"><img decoding=\"async\" width=\"1365\" height=\"2048\" src=\"https:\/\/www.vanbreak.com\/wp-content\/uploads\/2022\/11\/DSC8532-scaled.jpg\" class=\"attachment-full size-full\" alt=\"Van rental Spain (Andalusia) - Vanbreak\" srcset=\"https:\/\/www.vanbreak.com\/wp-content\/uploads\/2022\/11\/DSC8532-scaled.jpg 1365w, https:\/\/www.vanbreak.com\/wp-content\/uploads\/2022\/11\/DSC8532-200x300.jpg 200w, https:\/\/www.vanbreak.com\/wp-content\/uploads\/2022\/11\/DSC8532-683x1024.jpg 683w, https:\/\/www.vanbreak.com\/wp-content\/uploads\/2022\/11\/DSC8532-768x1152.jpg 768w, https:\/\/www.vanbreak.com\/wp-content\/uploads\/2022\/11\/DSC8532-1024x1536.jpg 1024w, https:\/\/www.vanbreak.com\/wp-content\/uploads\/2022\/11\/DSC8532-1280x1920.jpg 1280w, https:\/\/www.vanbreak.com\/wp-content\/uploads\/2022\/11\/DSC8532-500x750.jpg 500w, https:\/\/www.vanbreak.com\/wp-content\/uploads\/2022\/11\/DSC8532-800x1200.jpg 800w\" sizes=\"(max-width: 1365px) 100vw, 1365px\" \/>   <\/div><\/div><div class=\"grve-element grve-image grve-align-center\" style=\"\">  <div class=\"grve-image-wrapper\"><img decoding=\"async\" width=\"1365\" height=\"2048\" src=\"https:\/\/www.vanbreak.com\/wp-content\/uploads\/2022\/11\/DSC8291-scaled.jpg\" class=\"attachment-full size-full\" alt=\"Van rental Spain (Andalusia) - Vanbreak\" srcset=\"https:\/\/www.vanbreak.com\/wp-content\/uploads\/2022\/11\/DSC8291-scaled.jpg 1365w, https:\/\/www.vanbreak.com\/wp-content\/uploads\/2022\/11\/DSC8291-200x300.jpg 200w, https:\/\/www.vanbreak.com\/wp-content\/uploads\/2022\/11\/DSC8291-683x1024.jpg 683w, https:\/\/www.vanbreak.com\/wp-content\/uploads\/2022\/11\/DSC8291-768x1152.jpg 768w, https:\/\/www.vanbreak.com\/wp-content\/uploads\/2022\/11\/DSC8291-1024x1536.jpg 1024w, https:\/\/www.vanbreak.com\/wp-content\/uploads\/2022\/11\/DSC8291-1280x1920.jpg 1280w, https:\/\/www.vanbreak.com\/wp-content\/uploads\/2022\/11\/DSC8291-500x750.jpg 500w, https:\/\/www.vanbreak.com\/wp-content\/uploads\/2022\/11\/DSC8291-800x1200.jpg 800w\" sizes=\"(max-width: 1365px) 100vw, 1365px\" \/>   <\/div><\/div>\t<\/div>  <\/div><\/div>[\/vc_column_inner][\/vc_row_inner][\/vc_column][\/vc_row][vc_row bg_type=&#8221;image&#8221; bg_image=&#8221;24355&#8243; padding_top_multiplier=&#8221;&#8221; padding_bottom_multiplier=&#8221;&#8221; columns_gap=&#8221;none&#8221;][vc_column][vc_row_inner][vc_column_inner css=&#8221;.vc_custom_1580242064590{padding-right: 20px !important;padding-left: 20px !important;}&#8221;]<div class=\"grve-empty-space grve-height-2x\" style=\"\"><\/div><h2 class=\"grve-element grve-title grve-align-center grve-h2 grve-increase-heading grve-heading-140\" style=\"\"><span>TRAVEL IN A CONVERTED VAN<br \/>\nIN SPAIN (ANDALUSIA)<\/span><\/h2><h3 class=\"grve-element grve-title grve-align-center grve-h3\" style=\"\"><span><br>\n<p style=\"text-align: center;\"><span style=\"color: #343e83;\">Our van road trip itineraries in Spain (Andalusia)<\/span><br>\n<\/span><\/h3><div class=\"grve-empty-space grve-height-2x\" style=\"\"><\/div><div class=\"grve-element grve-align-center\"><a href=\"https:\/\/vanbreak.com\/road-trip-en-espagne\/\" title=\"roadtrip in Spain\" class=\"grve-btn grve-btn-medium grve-extra-round grve-bg-primary-3 grve-bg-hover-primary-6 buttonpad10\" target=\"_blank\" rel=\"noopener\"><span>VAN ITINERARIES<\/span><\/a><\/div><div class=\"grve-empty-space grve-height-2x\" style=\"\"><\/div>[vc_column_text]If you&#8217;re looking for a dream destination for your <strong>van road trip in Spain<\/strong>, whether you&#8217;re an experienced traveler or not, <strong>Andalusia<\/strong> is the ideal destination in Europe for <strong>van<\/strong> travel. You will find several <strong><a href=\"https:\/\/www.vanbreak.com\/en\/roadtrip-spain-campervan-motorhome\/\">itineraries<\/a><\/strong> to discover the richness of the Andalusian coast and its wonders (white villages &#8211; Ronda, Granada, Seville, Cadiz, Tarifa, and much more&#8230;.[\/vc_column_text]<div class=\"grve-empty-space grve-height-3x\" style=\"\"><\/div>\t\t<div class=\"grve-element grve-blog-leader grve-layout-1 grve-blog-items-5\" style=\"\">\r\n<div class=\"grve-post-leader\">\r\n\t\t\t\t<article class=\"grve-blog-item post-24561 post type-post status-publish format-standard has-post-thumbnail hentry category-roadtrip-en\" itemscope itemType=\"http:\/\/schema.org\/BlogPosting\">\r\n\t\t\t\t\t<div class=\"grve-blog-item-inner grve-animated-item grve-zoom-in\">\r\n\r\n\t\t\t\t\t\t\t\t\t<div class=\"grve-media clearfix\">\r\n\t\t\t<a href=\"https:\/\/www.vanbreak.com\/en\/goofy-coconut-has-rented-his-converted-van-from-vanbreak-find-out-why\/\"><img decoding=\"async\" width=\"560\" height=\"420\" src=\"https:\/\/www.vanbreak.com\/wp-content\/uploads\/2017\/10\/Goofycoconut-vanbreak-560x420.jpg\" class=\"attachment-movedo-grve-small-rect-horizontal size-movedo-grve-small-rect-horizontal wp-post-image\" alt=\"Fitted van rental roadtrip in spain\" \/><\/a>\r\n\t\t<\/div>\r\n\t\t\t\t\t\t\t<div class=\"grve-post-content\">\r\n\t\t\t\t\t\t\t\t<div class=\"grve-post-header\">\r\n\t\t\t\t\t\t\t\t\t\t\t\t\t\t\t\t\t\t\t<a href=\"https:\/\/www.vanbreak.com\/en\/goofy-coconut-has-rented-his-converted-van-from-vanbreak-find-out-why\/\" rel=\"bookmark\"><h4 class=\"grve-post-title grve-post-title-hover grve-h2\" itemprop=\"headline\">Goofy Coconut has rented his converted van from VanBreak, find out why?<\/h4><\/a>\t\t\t\t\t\t\t\t\t\t\t\t<span class=\"grve-hidden\">\r\n\t\t\t<span class=\"grve-structured-data entry-title\">Goofy Coconut has rented his converted van from VanBreak, find out why?<\/span>\r\n\t\t\t<span class=\"grve-structured-data\" itemprop=\"image\" itemscope itemtype=\"http:\/\/schema.org\/ImageObject\">\r\n\t\t\t   <span itemprop='url' >https:\/\/www.vanbreak.com\/wp-content\/uploads\/2017\/10\/Goofycoconut-vanbreak.jpg<\/span>\r\n\t\t\t   <span itemprop='height' >672<\/span>\r\n\t\t\t   <span itemprop='width' >450<\/span>\r\n\t\t\t<\/span>\r\n\t\t\t\t\t\t<span class=\"grve-structured-data vcard author\" itemprop=\"author\" itemscope itemtype=\"http:\/\/schema.org\/Person\">\r\n\t\t\t\t<span itemprop=\"name\" class=\"fn\">VanBreak - Campervan and MotorHome Hire in Spain<\/span>\r\n\t\t\t<\/span>\r\n\t\t\t<span class=\"grve-structured-data\" itemprop=\"publisher\" itemscope itemtype=\"http:\/\/schema.org\/Organization\">\r\n\t\t\t\t<span itemprop='name'>VanBreak - Campervan and MotorHome Hire in Spain<\/span>\r\n\t\t\t\t<span itemprop='logo' itemscope itemtype='http:\/\/schema.org\/ImageObject'>\r\n\t\t\t\t\t<span itemprop='url'>\/\/www.vanbreak.com\/wp-content\/uploads\/2022\/01\/VANBREAK-MAST_LOGO_VERT-GRAD-CMYK-copie.png<\/span>\r\n\t\t\t\t<\/span>\r\n\t\t\t<\/span>\r\n\t\t\t\t\t\t<time class=\"grve-structured-data date published\" itemprop=\"datePublished\" datetime=\"2026-03-10T20:23:33+00:00\">March 10, 2026<\/time>\r\n\t\t\t<time class=\"grve-structured-data date updated\" itemprop=\"dateModified\"  datetime=\"2026-03-24T12:16:46+00:00\">March 24, 2026<\/time>\r\n\t\t\t<span class=\"grve-structured-data\" itemprop=\"mainEntityOfPage\" itemscope itemtype=\"http:\/\/schema.org\/WebPage\" itemid=\"https:\/\/www.vanbreak.com\/en\/goofy-coconut-has-rented-his-converted-van-from-vanbreak-find-out-why\/\"><\/span>\r\n\t\t<\/span>\r\n\t\t\t\t\t\t\t\t\t\t\t\t\t\t\t\t\t\t\t\t\r\n\t\t\t\t\t\t\t\t<\/div>\r\n\t\t\t\t\t\t\t\t<div itemprop=\"articleBody\"><p>The idea of living in complete autonomy, sleeping directly on the spot and being the first on the water in the morning: in the best place at the best time! It&#8217;s a dream come true with Vanbreak, which rents out converted vans in Spain (Malaga). I&#8217;ve tested&#8230;    <\/p>\n<\/div>\t\t\t\t\t\t\t<\/div>\r\n\r\n\t\t\t\t\t<\/div>\r\n\t\t\t\t<\/article>\r\n\r\n<\/div><div class=\"grve-post-list\">\r\n\t\t\t\t<article class=\"grve-blog-item post-24073 post type-post status-publish format-standard has-post-thumbnail hentry category-roadtrip-en\" itemscope itemType=\"http:\/\/schema.org\/BlogPosting\">\r\n\t\t\t\t\t<div class=\"grve-blog-item-inner grve-animated-item grve-zoom-in\">\r\n\r\n\t\t\t\t\t\t\t\t\t<div class=\"grve-media clearfix\">\r\n\t\t\t<a href=\"https:\/\/www.vanbreak.com\/en\/hiking-in-andalusia-the-10-most-beautiful-trails-between-sea-mountains-and-gorges\/\"><img decoding=\"async\" width=\"560\" height=\"420\" src=\"https:\/\/www.vanbreak.com\/wp-content\/uploads\/2024\/12\/dall\u00b7e-2024-12-17-13.36.21-a-stunning-landscape-of-the-cabo-de-trafalgar-lighthouse-in-andalusia-spain-at-sunset.-the-image-features-golden-light-illuminating-the-lighthouse--560x420.webp\" class=\"attachment-movedo-grve-small-rect-horizontal size-movedo-grve-small-rect-horizontal wp-post-image\" alt=\"\" srcset=\"https:\/\/www.vanbreak.com\/wp-content\/uploads\/2024\/12\/dall\u00b7e-2024-12-17-13.36.21-a-stunning-landscape-of-the-cabo-de-trafalgar-lighthouse-in-andalusia-spain-at-sunset.-the-image-features-golden-light-illuminating-the-lighthouse--560x420.webp 560w, https:\/\/www.vanbreak.com\/wp-content\/uploads\/2024\/12\/dall\u00b7e-2024-12-17-13.36.21-a-stunning-landscape-of-the-cabo-de-trafalgar-lighthouse-in-andalusia-spain-at-sunset.-the-image-features-golden-light-illuminating-the-lighthouse--900x675.webp 900w\" sizes=\"(max-width: 560px) 100vw, 560px\" \/><\/a>\r\n\t\t<\/div>\r\n\t\t\t\t\t\t\t<div class=\"grve-post-content\">\r\n\t\t\t\t\t\t\t\t<div class=\"grve-post-header\">\r\n\t\t\t\t\t\t\t\t\t\t\t\t\t\t\t\t\t\t\t<a href=\"https:\/\/www.vanbreak.com\/en\/hiking-in-andalusia-the-10-most-beautiful-trails-between-sea-mountains-and-gorges\/\" rel=\"bookmark\"><h4 class=\"grve-post-title grve-post-title-hover grve-h5\" itemprop=\"headline\">Hiking in Andalusia: the 10 most beautiful trails between sea, mountains and gorges<\/h4><\/a>\t\t\t\t\t\t\t\t\t\t\t\t<span class=\"grve-hidden\">\r\n\t\t\t<span class=\"grve-structured-data entry-title\">Hiking in Andalusia: the 10 most beautiful trails between sea, mountains and gorges<\/span>\r\n\t\t\t<span class=\"grve-structured-data\" itemprop=\"image\" itemscope itemtype=\"http:\/\/schema.org\/ImageObject\">\r\n\t\t\t   <span itemprop='url' >https:\/\/www.vanbreak.com\/wp-content\/uploads\/2024\/12\/dall\u00b7e-2024-12-17-13.36.21-a-stunning-landscape-of-the-cabo-de-trafalgar-lighthouse-in-andalusia-spain-at-sunset.-the-image-features-golden-light-illuminating-the-lighthouse-.webp<\/span>\r\n\t\t\t   <span itemprop='height' >1792<\/span>\r\n\t\t\t   <span itemprop='width' >1024<\/span>\r\n\t\t\t<\/span>\r\n\t\t\t\t\t\t<span class=\"grve-structured-data vcard author\" itemprop=\"author\" itemscope itemtype=\"http:\/\/schema.org\/Person\">\r\n\t\t\t\t<span itemprop=\"name\" class=\"fn\">VanBreak - Campervan and MotorHome Hire in Spain<\/span>\r\n\t\t\t<\/span>\r\n\t\t\t<span class=\"grve-structured-data\" itemprop=\"publisher\" itemscope itemtype=\"http:\/\/schema.org\/Organization\">\r\n\t\t\t\t<span itemprop='name'>VanBreak - Campervan and MotorHome Hire in Spain<\/span>\r\n\t\t\t\t<span itemprop='logo' itemscope itemtype='http:\/\/schema.org\/ImageObject'>\r\n\t\t\t\t\t<span itemprop='url'>\/\/www.vanbreak.com\/wp-content\/uploads\/2022\/01\/VANBREAK-MAST_LOGO_VERT-GRAD-CMYK-copie.png<\/span>\r\n\t\t\t\t<\/span>\r\n\t\t\t<\/span>\r\n\t\t\t\t\t\t<time class=\"grve-structured-data date published\" itemprop=\"datePublished\" datetime=\"2026-02-17T08:30:34+00:00\">February 17, 2026<\/time>\r\n\t\t\t<time class=\"grve-structured-data date updated\" itemprop=\"dateModified\"  datetime=\"2026-03-17T12:17:53+00:00\">March 17, 2026<\/time>\r\n\t\t\t<span class=\"grve-structured-data\" itemprop=\"mainEntityOfPage\" itemscope itemtype=\"http:\/\/schema.org\/WebPage\" itemid=\"https:\/\/www.vanbreak.com\/en\/hiking-in-andalusia-the-10-most-beautiful-trails-between-sea-mountains-and-gorges\/\"><\/span>\r\n\t\t<\/span>\r\n\t\t\t\t\t\t\t\t\t\t\t\t\t\t\t\t\t\t\t\t\r\n\t\t\t\t\t\t\t\t<\/div>\r\n\t\t\t\t\t\t\t\t<div itemprop=\"articleBody\"><p>[vc_row][vc_column][vc_column_text] Randonn\u00e9e en Andalousie : les 10 plus beaux sentiers entre mer, montagne et gorges Vous cherchez une randonn\u00e9e en Andalousie \u00e0 couper le souffle ? Entre montagnes spectaculaires, gorges&hellip;<\/p><\/div>\t\t\t\t\t\t\t<\/div>\r\n\r\n\t\t\t\t\t<\/div>\r\n\t\t\t\t<\/article>\r\n\r\n\r\n\t\t\t\t<article class=\"grve-blog-item post-21673 post type-post status-publish format-standard has-post-thumbnail hentry category-roadtrip-en tag-maroc-en tag-permis-en\" itemscope itemType=\"http:\/\/schema.org\/BlogPosting\">\r\n\t\t\t\t\t<div class=\"grve-blog-item-inner grve-animated-item grve-zoom-in\">\r\n\r\n\t\t\t\t\t\t\t\t\t<div class=\"grve-media clearfix\">\r\n\t\t\t<a href=\"https:\/\/www.vanbreak.com\/en\/road-trip-in-a-converted-van-along-moroccos-atlantic-coast\/\"><img decoding=\"async\" width=\"560\" height=\"420\" src=\"https:\/\/www.vanbreak.com\/wp-content\/uploads\/2025\/01\/vanbreak-location-de-van-ameange-sidi-kaouki-dromadaires-560x420.jpeg\" class=\"attachment-movedo-grve-small-rect-horizontal size-movedo-grve-small-rect-horizontal wp-post-image\" alt=\"\" srcset=\"https:\/\/www.vanbreak.com\/wp-content\/uploads\/2025\/01\/vanbreak-location-de-van-ameange-sidi-kaouki-dromadaires-560x420.jpeg 560w, https:\/\/www.vanbreak.com\/wp-content\/uploads\/2025\/01\/vanbreak-location-de-van-ameange-sidi-kaouki-dromadaires-900x675.jpeg 900w\" sizes=\"(max-width: 560px) 100vw, 560px\" \/><\/a>\r\n\t\t<\/div>\r\n\t\t\t\t\t\t\t<div class=\"grve-post-content\">\r\n\t\t\t\t\t\t\t\t<div class=\"grve-post-header\">\r\n\t\t\t\t\t\t\t\t\t\t\t\t\t\t\t\t\t\t\t<a href=\"https:\/\/www.vanbreak.com\/en\/road-trip-in-a-converted-van-along-moroccos-atlantic-coast\/\" rel=\"bookmark\"><h4 class=\"grve-post-title grve-post-title-hover grve-h5\" itemprop=\"headline\">Road trip in a converted van along Morocco&#8217;s Atlantic coast<\/h4><\/a>\t\t\t\t\t\t\t\t\t\t\t\t<span class=\"grve-hidden\">\r\n\t\t\t<span class=\"grve-structured-data entry-title\">Road trip in a converted van along Morocco&#8217;s Atlantic coast<\/span>\r\n\t\t\t<span class=\"grve-structured-data\" itemprop=\"image\" itemscope itemtype=\"http:\/\/schema.org\/ImageObject\">\r\n\t\t\t   <span itemprop='url' >https:\/\/www.vanbreak.com\/wp-content\/uploads\/2025\/01\/vanbreak-location-de-van-ameange-sidi-kaouki-dromadaires.jpeg<\/span>\r\n\t\t\t   <span itemprop='height' >900<\/span>\r\n\t\t\t   <span itemprop='width' >1600<\/span>\r\n\t\t\t<\/span>\r\n\t\t\t\t\t\t<span class=\"grve-structured-data vcard author\" itemprop=\"author\" itemscope itemtype=\"http:\/\/schema.org\/Person\">\r\n\t\t\t\t<span itemprop=\"name\" class=\"fn\">VanBreak - Campervan and MotorHome Hire in Spain<\/span>\r\n\t\t\t<\/span>\r\n\t\t\t<span class=\"grve-structured-data\" itemprop=\"publisher\" itemscope itemtype=\"http:\/\/schema.org\/Organization\">\r\n\t\t\t\t<span itemprop='name'>VanBreak - Campervan and MotorHome Hire in Spain<\/span>\r\n\t\t\t\t<span itemprop='logo' itemscope itemtype='http:\/\/schema.org\/ImageObject'>\r\n\t\t\t\t\t<span itemprop='url'>\/\/www.vanbreak.com\/wp-content\/uploads\/2022\/01\/VANBREAK-MAST_LOGO_VERT-GRAD-CMYK-copie.png<\/span>\r\n\t\t\t\t<\/span>\r\n\t\t\t<\/span>\r\n\t\t\t\t\t\t<time class=\"grve-structured-data date published\" itemprop=\"datePublished\" datetime=\"2025-02-04T11:54:13+00:00\">February 4, 2025<\/time>\r\n\t\t\t<time class=\"grve-structured-data date updated\" itemprop=\"dateModified\"  datetime=\"2025-02-04T11:54:29+00:00\">February 4, 2025<\/time>\r\n\t\t\t<span class=\"grve-structured-data\" itemprop=\"mainEntityOfPage\" itemscope itemtype=\"http:\/\/schema.org\/WebPage\" itemid=\"https:\/\/www.vanbreak.com\/en\/road-trip-in-a-converted-van-along-moroccos-atlantic-coast\/\"><\/span>\r\n\t\t<\/span>\r\n\t\t\t\t\t\t\t\t\t\t\t\t\t\t\t\t\t\t\t\t\r\n\t\t\t\t\t\t\t\t<\/div>\r\n\t\t\t\t\t\t\t\t<div itemprop=\"articleBody\"><p>For this first van trip of 2025, we&#8217;ve opted for Morocco to take advantage of its sunny climate in winter with pleasant temperatures (15-20 degrees), its delicious and inexpensive food, the discovery of its small coastal villages and finally Moroccan culture. This trip between city and nature, ocean and lagoons, will be an opportunity to try out vanlife in Morocco, campsites, &#8220;wild&#8221; camping, water and toilet management, learn about safety in the country, good tips, Moroccan cuisine, etc&#8230; <\/p>\n<\/div>\t\t\t\t\t\t\t<\/div>\r\n\r\n\t\t\t\t\t<\/div>\r\n\t\t\t\t<\/article>\r\n\r\n\r\n\t\t\t\t<article class=\"grve-blog-item post-17746 post type-post status-publish format-standard has-post-thumbnail hentry category-roadtrip-en\" itemscope itemType=\"http:\/\/schema.org\/BlogPosting\">\r\n\t\t\t\t\t<div class=\"grve-blog-item-inner grve-animated-item grve-zoom-in\">\r\n\r\n\t\t\t\t\t\t\t\t\t<div class=\"grve-media clearfix\">\r\n\t\t\t<a href=\"https:\/\/www.vanbreak.com\/en\/7-day-road-trip-to-spain-marie-and-erika-set-off-in-a-van\/\"><img decoding=\"async\" width=\"560\" height=\"420\" src=\"https:\/\/www.vanbreak.com\/wp-content\/uploads\/2017\/08\/IMG-20170726-WA0015-1-560x420.jpg\" class=\"attachment-movedo-grve-small-rect-horizontal size-movedo-grve-small-rect-horizontal wp-post-image\" alt=\"vanlife roadtrip van am\u00e9nag\u00e9 campervan\" srcset=\"https:\/\/www.vanbreak.com\/wp-content\/uploads\/2017\/08\/IMG-20170726-WA0015-1-560x420.jpg 560w, https:\/\/www.vanbreak.com\/wp-content\/uploads\/2017\/08\/IMG-20170726-WA0015-1-900x675.jpg 900w\" sizes=\"(max-width: 560px) 100vw, 560px\" \/><\/a>\r\n\t\t<\/div>\r\n\t\t\t\t\t\t\t<div class=\"grve-post-content\">\r\n\t\t\t\t\t\t\t\t<div class=\"grve-post-header\">\r\n\t\t\t\t\t\t\t\t\t\t\t\t\t\t\t\t\t\t\t<a href=\"https:\/\/www.vanbreak.com\/en\/7-day-road-trip-to-spain-marie-and-erika-set-off-in-a-van\/\" rel=\"bookmark\"><h4 class=\"grve-post-title grve-post-title-hover grve-h5\" itemprop=\"headline\">7-day road trip to Spain? Marie and Erika set off in a van&#8230;<\/h4><\/a>\t\t\t\t\t\t\t\t\t\t\t\t<span class=\"grve-hidden\">\r\n\t\t\t<span class=\"grve-structured-data entry-title\">7-day road trip to Spain? Marie and Erika set off in a van&#8230;<\/span>\r\n\t\t\t<span class=\"grve-structured-data\" itemprop=\"image\" itemscope itemtype=\"http:\/\/schema.org\/ImageObject\">\r\n\t\t\t   <span itemprop='url' >https:\/\/www.vanbreak.com\/wp-content\/uploads\/2017\/08\/IMG-20170726-WA0015-1.jpg<\/span>\r\n\t\t\t   <span itemprop='height' >1600<\/span>\r\n\t\t\t   <span itemprop='width' >1066<\/span>\r\n\t\t\t<\/span>\r\n\t\t\t\t\t\t<span class=\"grve-structured-data vcard author\" itemprop=\"author\" itemscope itemtype=\"http:\/\/schema.org\/Person\">\r\n\t\t\t\t<span itemprop=\"name\" class=\"fn\">VanBreak - Campervan and MotorHome Hire in Spain<\/span>\r\n\t\t\t<\/span>\r\n\t\t\t<span class=\"grve-structured-data\" itemprop=\"publisher\" itemscope itemtype=\"http:\/\/schema.org\/Organization\">\r\n\t\t\t\t<span itemprop='name'>VanBreak - Campervan and MotorHome Hire in Spain<\/span>\r\n\t\t\t\t<span itemprop='logo' itemscope itemtype='http:\/\/schema.org\/ImageObject'>\r\n\t\t\t\t\t<span itemprop='url'>\/\/www.vanbreak.com\/wp-content\/uploads\/2022\/01\/VANBREAK-MAST_LOGO_VERT-GRAD-CMYK-copie.png<\/span>\r\n\t\t\t\t<\/span>\r\n\t\t\t<\/span>\r\n\t\t\t\t\t\t<time class=\"grve-structured-data date published\" itemprop=\"datePublished\" datetime=\"2024-04-18T12:58:34+00:00\">April 18, 2024<\/time>\r\n\t\t\t<time class=\"grve-structured-data date updated\" itemprop=\"dateModified\"  datetime=\"2026-03-24T12:16:49+00:00\">March 24, 2026<\/time>\r\n\t\t\t<span class=\"grve-structured-data\" itemprop=\"mainEntityOfPage\" itemscope itemtype=\"http:\/\/schema.org\/WebPage\" itemid=\"https:\/\/www.vanbreak.com\/en\/7-day-road-trip-to-spain-marie-and-erika-set-off-in-a-van\/\"><\/span>\r\n\t\t<\/span>\r\n\t\t\t\t\t\t\t\t\t\t\t\t\t\t\t\t\t\t\t\t\r\n\t\t\t\t\t\t\t\t<\/div>\r\n\t\t\t\t\t\t\t\t<div itemprop=\"articleBody\"><p>Erika and I are Parisians by birth and adoption. We love to roam. We&#8217;ve each traveled several continents. We&#8217;ve already traveled together, in France, Brittany and Corsica. This time, the trip takes us a little further afield, to the southern tip of Europe, a few kilometers from Africa, to Tarifa and Gibraltar.<\/p>\n<\/div>\t\t\t\t\t\t\t<\/div>\r\n\r\n\t\t\t\t\t<\/div>\r\n\t\t\t\t<\/article>\r\n\r\n\r\n\t\t\t\t<article class=\"grve-blog-item post-17584 post type-post status-publish format-standard has-post-thumbnail hentry category-roadtrip-en tag-mountain tag-sierra-nevada-en tag-ski-en tag-winter-en\" itemscope itemType=\"http:\/\/schema.org\/BlogPosting\">\r\n\t\t\t\t\t<div class=\"grve-blog-item-inner grve-animated-item grve-zoom-in\">\r\n\r\n\t\t\t\t\t\t\t\t\t<div class=\"grve-media clearfix\">\r\n\t\t\t<a href=\"https:\/\/www.vanbreak.com\/en\/skiing-in-a-converted-van-in-spain-sierra-nevada\/\"><img decoding=\"async\" width=\"560\" height=\"420\" src=\"https:\/\/www.vanbreak.com\/wp-content\/uploads\/2023\/02\/winter-ski-panorama-alps-560x420.jpg\" class=\"attachment-movedo-grve-small-rect-horizontal size-movedo-grve-small-rect-horizontal wp-post-image\" alt=\"\" srcset=\"https:\/\/www.vanbreak.com\/wp-content\/uploads\/2023\/02\/winter-ski-panorama-alps-560x420.jpg 560w, https:\/\/www.vanbreak.com\/wp-content\/uploads\/2023\/02\/winter-ski-panorama-alps-900x675.jpg 900w\" sizes=\"(max-width: 560px) 100vw, 560px\" \/><\/a>\r\n\t\t<\/div>\r\n\t\t\t\t\t\t\t<div class=\"grve-post-content\">\r\n\t\t\t\t\t\t\t\t<div class=\"grve-post-header\">\r\n\t\t\t\t\t\t\t\t\t\t\t\t\t\t\t\t\t\t\t<a href=\"https:\/\/www.vanbreak.com\/en\/skiing-in-a-converted-van-in-spain-sierra-nevada\/\" rel=\"bookmark\"><h4 class=\"grve-post-title grve-post-title-hover grve-h5\" itemprop=\"headline\">Skiing in a converted van in Spain (Sierra Nevada)<\/h4><\/a>\t\t\t\t\t\t\t\t\t\t\t\t<span class=\"grve-hidden\">\r\n\t\t\t<span class=\"grve-structured-data entry-title\">Skiing in a converted van in Spain (Sierra Nevada)<\/span>\r\n\t\t\t<span class=\"grve-structured-data\" itemprop=\"image\" itemscope itemtype=\"http:\/\/schema.org\/ImageObject\">\r\n\t\t\t   <span itemprop='url' >https:\/\/www.vanbreak.com\/wp-content\/uploads\/2023\/02\/winter-ski-panorama-alps-scaled.jpg<\/span>\r\n\t\t\t   <span itemprop='height' >2048<\/span>\r\n\t\t\t   <span itemprop='width' >856<\/span>\r\n\t\t\t<\/span>\r\n\t\t\t\t\t\t<span class=\"grve-structured-data vcard author\" itemprop=\"author\" itemscope itemtype=\"http:\/\/schema.org\/Person\">\r\n\t\t\t\t<span itemprop=\"name\" class=\"fn\">VanBreak - Campervan and MotorHome Hire in Spain<\/span>\r\n\t\t\t<\/span>\r\n\t\t\t<span class=\"grve-structured-data\" itemprop=\"publisher\" itemscope itemtype=\"http:\/\/schema.org\/Organization\">\r\n\t\t\t\t<span itemprop='name'>VanBreak - Campervan and MotorHome Hire in Spain<\/span>\r\n\t\t\t\t<span itemprop='logo' itemscope itemtype='http:\/\/schema.org\/ImageObject'>\r\n\t\t\t\t\t<span itemprop='url'>\/\/www.vanbreak.com\/wp-content\/uploads\/2022\/01\/VANBREAK-MAST_LOGO_VERT-GRAD-CMYK-copie.png<\/span>\r\n\t\t\t\t<\/span>\r\n\t\t\t<\/span>\r\n\t\t\t\t\t\t<time class=\"grve-structured-data date published\" itemprop=\"datePublished\" datetime=\"2024-04-18T12:55:35+00:00\">April 18, 2024<\/time>\r\n\t\t\t<time class=\"grve-structured-data date updated\" itemprop=\"dateModified\"  datetime=\"2024-04-18T12:56:06+00:00\">April 18, 2024<\/time>\r\n\t\t\t<span class=\"grve-structured-data\" itemprop=\"mainEntityOfPage\" itemscope itemtype=\"http:\/\/schema.org\/WebPage\" itemid=\"https:\/\/www.vanbreak.com\/en\/skiing-in-a-converted-van-in-spain-sierra-nevada\/\"><\/span>\r\n\t\t<\/span>\r\n\t\t\t\t\t\t\t\t\t\t\t\t\t\t\t\t\t\t\t\t\r\n\t\t\t\t\t\t\t\t<\/div>\r\n\t\t\t\t\t\t\t\t<div itemprop=\"articleBody\"><p>The Sierra Nevada is a Spanish ski resort just a 2-hour drive from Malaga, located high above the city of Granada in Andalusia. Its highest point is Mount Mulhac\u00e9n at 3,479m, the highest peak on the Iberian Peninsula.<\/p>\n<\/div>\t\t\t\t\t\t\t<\/div>\r\n\r\n\t\t\t\t\t<\/div>\r\n\t\t\t\t<\/article>\r\n\r\n<\/div>\t\t<\/div>\r\n<div class=\"grve-empty-space grve-height-2x\" style=\"\"><\/div>[\/vc_column_inner][\/vc_row_inner][vc_row_inner][vc_column_inner css=&#8221;.vc_custom_1580242064590{padding-right: 20px !important;padding-left: 20px !important;}&#8221;][vc_column_text]<\/p>\n<p style=\"text-align: center;\">Are you still hesitating about your next vacation rental, between campsites, the seaside and wide open spaces? We recommend the <strong>best destinations in Andalusia<\/strong> and typical places to visit.<a href=\"https:\/\/vanbreak.com\/location-van-amenage-espagne\/\" target=\"_blank\" rel=\"noopener\"> <strong>Rent your van in Spain<\/strong><\/a> and follow our guide <strong>to Andalusia&#8217;s<\/strong> most beautiful cities. Immerse yourself in the heart of Spanish culture aboard one of our <strong>converted vans<\/strong> and <strong>motorhomes<\/strong>. Find the perfect itinerary for a successful <strong>van vacation in Spain (Andalusia)<\/strong>, depending on your stay and your hobbies. VanBreak supports you 100%.<\/p>\n<p style=\"text-align: center;\">A destination prized for its climate, Andalusia is an infinite source of riches to explore. Its history, blending different peoples and cultures (Arab, Gypsy, Catholic&#8230;), has given rise to a <strong>rich architectural, cultural and gastronomic heritage<\/strong>. <strong>Visit Granada&#8217;s Alhambra<\/strong>, <strong>Cordoba&#8217;s Cathedral Mosque<\/strong> or <strong>Seville&#8217;s Spanish Steps<\/strong> to appreciate the wonders of Andalusian architecture.<\/p>\n<p style=\"text-align: center;\">Stroll through natural parks and wild coastlines to recharge your batteries. Venture into the mountain villages and stroll through the famous &#8221; <strong>pueblos blancos<\/strong> &#8220;, brimming with unusual alleyways and handicrafts. Immerse yourself in the warmth of summer evenings, tasting local specialties.<\/p>\n<p style=\"text-align: center;\">Feast on tapas, fish and seafood, wine and sun-kissed fruit. If you&#8217;re an art lover, check out the region&#8217;s museums and galleries. Stop to listen to and admire the flamenco musicians and dancers&#8230; For a sporting, cultural, gastronomic or relaxing getaway, opt for the <a href=\"https:\/\/vanbreak.com\/location-van-amenage-espagne\/\" target=\"_blank\" rel=\"noopener\"><strong>van rental in Spain<\/strong><\/a>&#8230; You won&#8217;t be disappointed!<\/p>\n<p>[\/vc_column_text]<div class=\"grve-empty-space grve-height-2x\" style=\"\"><\/div>[\/vc_column_inner][\/vc_row_inner][\/vc_column][\/vc_row][vc_row bg_type=&#8221;color&#8221; padding_top_multiplier=&#8221;&#8221; padding_bottom_multiplier=&#8221;&#8221; columns_gap=&#8221;none&#8221; bg_color=&#8221;#ebecf0&#8243;][vc_column][vc_row_inner][vc_column_inner css=&#8221;.vc_custom_1580242064590{padding-right: 20px !important;padding-left: 20px !important;}&#8221;]<div class=\"grve-empty-space grve-height-2x\" style=\"\"><\/div><h2 class=\"grve-element grve-title grve-align-center grve-h2 grve-increase-heading grve-heading-140\" style=\"\"><span>PRESS REVIEW<\/span><\/h2><div class=\"grve-empty-space grve-height-2x\" style=\"\"><\/div>\t\t\t<div class=\"grve-element grve-with-gap grve-portfolio grve-isotope\" style=\"\" data-spinner=\"no\" data-columns=\"2\" data-columns-large-screen=\"3\" data-columns-tablet-landscape=\"2\" data-columns-tablet-portrait=\"2\" data-columns-mobile=\"1\" data-layout=\"masonry\" data-gutter-size=\"30\">\r\n\t\t\r\n\t\t\t<div class=\"grve-isotope-container\">\r\n\t\t\t\t\t\t\t<article id=\"portfolio-21856-69f452eb1c8f5\" class=\"grve-isotope-item grve-portfolio-item grve-image-square post-21856 portfolio type-portfolio status-publish has-post-thumbnail hentry portfolio_category-press\">\r\n\t\t\t\t\t\t<div class=\"grve-isotope-item-inner grve-hover-item grve-zoom-in grve-hover-style-1\">\t\t\t\t\t\t\t\t\t<figure class=\"grve-image-hover grve-media grve-zoom-in\">\r\n\t\t\t\t\t\t\t\t\t\t<a class=\"grve-item-url \" aria-label=\"Motorhome Mgazine 2024\" href=\"https:\/\/www.camping-car.com\/nos-actus\/29987-interview-lespagne-est-le-pays-ou-le-camping-car-va-exploser-dans-les-annees-a-venir-aurelien-noele-prevot-co-fondateur-de-vanbreak\" target=\"_blank\" rel=\"noopener\"><\/a>\t\t\t\t\t\t\t\t\t\t<div class=\"grve-bg-light grve-hover-overlay grve-opacity-90\"><\/div>\r\n\t\t\t\t\t\t\t\t\t\t<img decoding=\"async\" width=\"191\" height=\"300\" src=\"https:\/\/www.vanbreak.com\/wp-content\/uploads\/2025\/02\/capture-decran-2025-02-10-a-165151-191x300.png\" class=\"attachment-medium size-medium\" alt=\"Camping car Magazine - Andalouise van am\u00e9nag\u00e9 Vanbreak\" srcset=\"https:\/\/www.vanbreak.com\/wp-content\/uploads\/2025\/02\/capture-decran-2025-02-10-a-165151-191x300.png 191w, https:\/\/www.vanbreak.com\/wp-content\/uploads\/2025\/02\/capture-decran-2025-02-10-a-165151-653x1024.png 653w, https:\/\/www.vanbreak.com\/wp-content\/uploads\/2025\/02\/capture-decran-2025-02-10-a-165151-768x1204.png 768w, https:\/\/www.vanbreak.com\/wp-content\/uploads\/2025\/02\/capture-decran-2025-02-10-a-165151-980x1536.png 980w, https:\/\/www.vanbreak.com\/wp-content\/uploads\/2025\/02\/capture-decran-2025-02-10-a-165151-500x784.png 500w, https:\/\/www.vanbreak.com\/wp-content\/uploads\/2025\/02\/capture-decran-2025-02-10-a-165151-800x1254.png 800w, https:\/\/www.vanbreak.com\/wp-content\/uploads\/2025\/02\/capture-decran-2025-02-10-a-165151.png 1142w\" sizes=\"(max-width: 191px) 100vw, 191px\" \/>\t\t\t\t\t\t\t\t\t\t<figcaption><\/figcaption>\r\n\t\t\t\t\t\t\t\t\t<\/figure>\r\n\t\t\t\t\t\t\t\t\t\t\t\t\t\t\t\t\t\t<div class=\"grve-content grve-align-center\">\r\n\t\t\t\t\t\t\t\t\t\t\t\t\t\t\t\t\t\t\t\t\t\t\t\t\t\t\t\t\t\t\t\t\t\t\t\t\t\t\t\t\t\t\t\t\t\t\t\t\t<\/div>\r\n\t\t\t\t\t\t\t\t\t\t\t\t\t\t\t\t\t\t\t\t\t\t<\/div>\r\n\t\t\t\t\t<\/article>\r\n\t\t\t\t\t<article id=\"portfolio-21857-69f452eb1ce6e\" class=\"grve-isotope-item grve-portfolio-item grve-image-square post-21857 portfolio type-portfolio status-publish has-post-thumbnail hentry portfolio_category-press\">\r\n\t\t\t\t\t\t<div class=\"grve-isotope-item-inner grve-hover-item grve-zoom-in grve-hover-style-1\">\t\t\t\t\t\t\t\t\t<figure class=\"grve-image-hover grve-media grve-zoom-in\">\r\n\t\t\t\t\t\t\t\t\t\t<a class=\"grve-item-url \" aria-label=\"Camping-car Magazine 2024 &#8211; Vanbreak\" href=\"https:\/\/www.camping-car.com\/nos-actus\/29728-vanbreak-decouvrez-landalousie-en-van\" target=\"_blank\" rel=\"noopener\"><\/a>\t\t\t\t\t\t\t\t\t\t<div class=\"grve-bg-light grve-hover-overlay grve-opacity-90\"><\/div>\r\n\t\t\t\t\t\t\t\t\t\t<img decoding=\"async\" width=\"183\" height=\"300\" src=\"https:\/\/www.vanbreak.com\/wp-content\/uploads\/2025\/02\/capture-decran-2025-02-10-a-16.52.55-183x300.png\" class=\"attachment-medium size-medium\" alt=\"Camping-car magazine - Vanbreak - D\u00e9couvre l&#039;andalouise\" srcset=\"https:\/\/www.vanbreak.com\/wp-content\/uploads\/2025\/02\/capture-decran-2025-02-10-a-16.52.55-183x300.png 183w, https:\/\/www.vanbreak.com\/wp-content\/uploads\/2025\/02\/capture-decran-2025-02-10-a-16.52.55-623x1024.png 623w, https:\/\/www.vanbreak.com\/wp-content\/uploads\/2025\/02\/capture-decran-2025-02-10-a-16.52.55-768x1262.png 768w, https:\/\/www.vanbreak.com\/wp-content\/uploads\/2025\/02\/capture-decran-2025-02-10-a-16.52.55-935x1536.png 935w, https:\/\/www.vanbreak.com\/wp-content\/uploads\/2025\/02\/capture-decran-2025-02-10-a-16.52.55-500x821.png 500w, https:\/\/www.vanbreak.com\/wp-content\/uploads\/2025\/02\/capture-decran-2025-02-10-a-16.52.55-800x1314.png 800w, https:\/\/www.vanbreak.com\/wp-content\/uploads\/2025\/02\/capture-decran-2025-02-10-a-16.52.55.png 1114w\" sizes=\"(max-width: 183px) 100vw, 183px\" \/>\t\t\t\t\t\t\t\t\t\t<figcaption><\/figcaption>\r\n\t\t\t\t\t\t\t\t\t<\/figure>\r\n\t\t\t\t\t\t\t\t\t\t\t\t\t\t\t\t\t\t<div class=\"grve-content grve-align-center\">\r\n\t\t\t\t\t\t\t\t\t\t\t\t\t\t\t\t\t\t\t\t\t\t\t\t\t\t\t\t\t\t\t\t\t\t\t\t\t\t\t\t\t\t\t\t\t\t\t\t\t<\/div>\r\n\t\t\t\t\t\t\t\t\t\t\t\t\t\t\t\t\t\t\t\t\t\t<\/div>\r\n\t\t\t\t\t<\/article>\r\n\t\t\t\t\t<article id=\"portfolio-21214-69f452eb1d3da\" class=\"grve-isotope-item grve-portfolio-item grve-image-square post-21214 portfolio type-portfolio status-publish has-post-thumbnail hentry portfolio_category-press\">\r\n\t\t\t\t\t\t<div class=\"grve-isotope-item-inner grve-hover-item grve-zoom-in grve-hover-style-1\">\t\t\t\t\t\t\t\t\t<figure class=\"grve-image-hover grve-media grve-zoom-in\">\r\n\t\t\t\t\t\t\t\t\t\t<a class=\"grve-item-url \" aria-label=\"Breathe Magine\" href=\"https:\/\/www.vanbreak.com\/wp-content\/uploads\/2024\/01\/magazine-respire-van-et-kitesurf-4p-bd.pdf\" target=\"_blank\"><\/a>\t\t\t\t\t\t\t\t\t\t<div class=\"grve-bg-light grve-hover-overlay grve-opacity-90\"><\/div>\r\n\t\t\t\t\t\t\t\t\t\t<img decoding=\"async\" width=\"252\" height=\"300\" src=\"https:\/\/www.vanbreak.com\/wp-content\/uploads\/2024\/01\/magazine-respire-van-et-kitesurf-4p-bd-pdf-252x300.jpg\" class=\"attachment-medium size-medium\" alt=\"\" \/>\t\t\t\t\t\t\t\t\t\t<figcaption><\/figcaption>\r\n\t\t\t\t\t\t\t\t\t<\/figure>\r\n\t\t\t\t\t\t\t\t\t\t\t\t\t\t\t\t\t\t<div class=\"grve-content grve-align-center\">\r\n\t\t\t\t\t\t\t\t\t\t\t\t\t\t\t\t\t\t\t\t\t\t\t\t\t\t\t\t\t\t\t\t\t\t\t\t\t\t\t\t\t\t\t\t\t\t\t\t\t<\/div>\r\n\t\t\t\t\t\t\t\t\t\t\t\t\t\t\t\t\t\t\t\t\t\t<\/div>\r\n\t\t\t\t\t<\/article>\r\n\t\t\t\t\t<article id=\"portfolio-21207-69f452eb1dab8\" class=\"grve-isotope-item grve-portfolio-item grve-image-square post-21207 portfolio type-portfolio status-publish has-post-thumbnail hentry portfolio_category-press\">\r\n\t\t\t\t\t\t<div class=\"grve-isotope-item-inner grve-hover-item grve-zoom-in grve-hover-style-1\">\t\t\t\t\t\t\t\t\t<figure class=\"grve-image-hover grve-media grve-zoom-in\">\r\n\t\t\t\t\t\t\t\t\t\t<a class=\"grve-item-url \" aria-label=\"Direction Spain Magazine\" href=\"https:\/\/www.vanbreak.com\/wp-content\/uploads\/2024\/01\/article-vanbreak-mag-direction-espagne-s.jpg\" target=\"_blank\"><\/a>\t\t\t\t\t\t\t\t\t\t<div class=\"grve-bg-light grve-hover-overlay grve-opacity-90\"><\/div>\r\n\t\t\t\t\t\t\t\t\t\t<img decoding=\"async\" width=\"233\" height=\"300\" src=\"https:\/\/www.vanbreak.com\/wp-content\/uploads\/2024\/01\/mag-direction-espagne-couverture-233x300.jpg\" class=\"attachment-medium size-medium\" alt=\"Destination Espagne magazine - Vanbreak location de van am\u00e9nag\u00e9\" srcset=\"https:\/\/www.vanbreak.com\/wp-content\/uploads\/2024\/01\/mag-direction-espagne-couverture-233x300.jpg 233w, https:\/\/www.vanbreak.com\/wp-content\/uploads\/2024\/01\/mag-direction-espagne-couverture-794x1024.jpg 794w, https:\/\/www.vanbreak.com\/wp-content\/uploads\/2024\/01\/mag-direction-espagne-couverture-768x991.jpg 768w, https:\/\/www.vanbreak.com\/wp-content\/uploads\/2024\/01\/mag-direction-espagne-couverture-500x645.jpg 500w, https:\/\/www.vanbreak.com\/wp-content\/uploads\/2024\/01\/mag-direction-espagne-couverture-800x1032.jpg 800w, https:\/\/www.vanbreak.com\/wp-content\/uploads\/2024\/01\/mag-direction-espagne-couverture.jpg 1080w\" sizes=\"(max-width: 233px) 100vw, 233px\" \/>\t\t\t\t\t\t\t\t\t\t<figcaption><\/figcaption>\r\n\t\t\t\t\t\t\t\t\t<\/figure>\r\n\t\t\t\t\t\t\t\t\t\t\t\t\t\t\t\t\t\t<div class=\"grve-content grve-align-center\">\r\n\t\t\t\t\t\t\t\t\t\t\t\t\t\t\t\t\t\t\t\t\t\t\t\t\t\t\t\t\t\t\t\t\t\t\t\t\t\t\t\t\t\t\t\t\t\t\t\t\t<\/div>\r\n\t\t\t\t\t\t\t\t\t\t\t\t\t\t\t\t\t\t\t\t\t\t<\/div>\r\n\t\t\t\t\t<\/article>\r\n\t\t\t\t\t<article id=\"portfolio-21208-69f452eb1df7a\" class=\"grve-isotope-item grve-portfolio-item grve-image-square post-21208 portfolio type-portfolio status-publish has-post-thumbnail hentry portfolio_category-press\">\r\n\t\t\t\t\t\t<div class=\"grve-isotope-item-inner grve-hover-item grve-zoom-in grve-hover-style-1\">\t\t\t\t\t\t\t\t\t<figure class=\"grve-image-hover grve-media grve-zoom-in\">\r\n\t\t\t\t\t\t\t\t\t\t<a class=\"grve-item-url \" aria-label=\"Plan\u00e8te van et fourgon Magazine\" href=\"https:\/\/www.planetvanmag.fr\/actualite\/des-road-trips-en-andalousie-avec-vanbreak\/\" target=\"_blank\" rel=\"noopener\"><\/a>\t\t\t\t\t\t\t\t\t\t<div class=\"grve-bg-light grve-hover-overlay grve-opacity-90\"><\/div>\r\n\t\t\t\t\t\t\t\t\t\t<img decoding=\"async\" width=\"242\" height=\"300\" src=\"https:\/\/www.vanbreak.com\/wp-content\/uploads\/2024\/01\/planet-van-et-fourgons-screen-shot-mobile-242x300.jpg\" class=\"attachment-medium size-medium\" alt=\"\" srcset=\"https:\/\/www.vanbreak.com\/wp-content\/uploads\/2024\/01\/planet-van-et-fourgons-screen-shot-mobile-242x300.jpg 242w, https:\/\/www.vanbreak.com\/wp-content\/uploads\/2024\/01\/planet-van-et-fourgons-screen-shot-mobile-826x1024.jpg 826w, https:\/\/www.vanbreak.com\/wp-content\/uploads\/2024\/01\/planet-van-et-fourgons-screen-shot-mobile-768x952.jpg 768w, https:\/\/www.vanbreak.com\/wp-content\/uploads\/2024\/01\/planet-van-et-fourgons-screen-shot-mobile-500x620.jpg 500w, https:\/\/www.vanbreak.com\/wp-content\/uploads\/2024\/01\/planet-van-et-fourgons-screen-shot-mobile-800x992.jpg 800w, https:\/\/www.vanbreak.com\/wp-content\/uploads\/2024\/01\/planet-van-et-fourgons-screen-shot-mobile.jpg 1079w\" sizes=\"(max-width: 242px) 100vw, 242px\" \/>\t\t\t\t\t\t\t\t\t\t<figcaption><\/figcaption>\r\n\t\t\t\t\t\t\t\t\t<\/figure>\r\n\t\t\t\t\t\t\t\t\t\t\t\t\t\t\t\t\t\t<div class=\"grve-content grve-align-center\">\r\n\t\t\t\t\t\t\t\t\t\t\t\t\t\t\t\t\t\t\t\t\t\t\t\t\t\t\t\t\t\t\t\t\t\t\t\t\t\t\t\t\t\t\t\t\t\t\t\t\t<\/div>\r\n\t\t\t\t\t\t\t\t\t\t\t\t\t\t\t\t\t\t\t\t\t\t<\/div>\r\n\t\t\t\t\t<\/article>\r\n\t\t\t\t\t<article id=\"portfolio-21209-69f452eb1e43d\" class=\"grve-isotope-item grve-portfolio-item grve-image-square post-21209 portfolio type-portfolio status-publish has-post-thumbnail hentry portfolio_category-press\">\r\n\t\t\t\t\t\t<div class=\"grve-isotope-item-inner grve-hover-item grve-zoom-in grve-hover-style-1\">\t\t\t\t\t\t\t\t\t<figure class=\"grve-image-hover grve-media grve-zoom-in\">\r\n\t\t\t\t\t\t\t\t\t\t<a class=\"grve-item-url \" aria-label=\"Van Magazine\" href=\"https:\/\/www.van-magazine.fr\/landalousie-avec-vanbreak\" target=\"_blank\" rel=\"noopener\"><\/a>\t\t\t\t\t\t\t\t\t\t<div class=\"grve-bg-light grve-hover-overlay grve-opacity-90\"><\/div>\r\n\t\t\t\t\t\t\t\t\t\t<img decoding=\"async\" width=\"163\" height=\"300\" src=\"https:\/\/www.vanbreak.com\/wp-content\/uploads\/2024\/01\/screenshot-mobile-van-mag-163x300.jpg\" class=\"attachment-medium size-medium\" alt=\"\" srcset=\"https:\/\/www.vanbreak.com\/wp-content\/uploads\/2024\/01\/screenshot-mobile-van-mag-163x300.jpg 163w, https:\/\/www.vanbreak.com\/wp-content\/uploads\/2024\/01\/screenshot-mobile-van-mag-556x1024.jpg 556w, https:\/\/www.vanbreak.com\/wp-content\/uploads\/2024\/01\/screenshot-mobile-van-mag-768x1415.jpg 768w, https:\/\/www.vanbreak.com\/wp-content\/uploads\/2024\/01\/screenshot-mobile-van-mag-834x1536.jpg 834w, https:\/\/www.vanbreak.com\/wp-content\/uploads\/2024\/01\/screenshot-mobile-van-mag-1042x1920.jpg 1042w, https:\/\/www.vanbreak.com\/wp-content\/uploads\/2024\/01\/screenshot-mobile-van-mag-500x921.jpg 500w, https:\/\/www.vanbreak.com\/wp-content\/uploads\/2024\/01\/screenshot-mobile-van-mag-800x1474.jpg 800w, https:\/\/www.vanbreak.com\/wp-content\/uploads\/2024\/01\/screenshot-mobile-van-mag.jpg 1080w\" sizes=\"(max-width: 163px) 100vw, 163px\" \/>\t\t\t\t\t\t\t\t\t\t<figcaption><\/figcaption>\r\n\t\t\t\t\t\t\t\t\t<\/figure>\r\n\t\t\t\t\t\t\t\t\t\t\t\t\t\t\t\t\t\t<div class=\"grve-content grve-align-center\">\r\n\t\t\t\t\t\t\t\t\t\t\t\t\t\t\t\t\t\t\t\t\t\t\t\t\t\t\t\t\t\t\t\t\t\t\t\t\t\t\t\t\t\t\t\t\t\t\t\t\t<\/div>\r\n\t\t\t\t\t\t\t\t\t\t\t\t\t\t\t\t\t\t\t\t\t\t<\/div>\r\n\t\t\t\t\t<\/article>\r\n\t\t\t\t\t<article id=\"portfolio-21204-69f452eb1e88a\" class=\"grve-isotope-item grve-portfolio-item grve-image-square post-21204 portfolio type-portfolio status-publish has-post-thumbnail hentry portfolio_category-press\">\r\n\t\t\t\t\t\t<div class=\"grve-isotope-item-inner grve-hover-item grve-zoom-in grve-hover-style-1\">\t\t\t\t\t\t\t\t\t<figure class=\"grve-image-hover grve-media grve-zoom-in\">\r\n\t\t\t\t\t\t\t\t\t\t<a class=\"grve-item-url \" aria-label=\"Le Petit Fut\u00e9 2024\" href=\"https:\/\/www.petitfute.com\/v38419-malaga\/c1122-voyage-transports\/c1083-location-de-vehicules\/c1349-camping-car\/1639287-vanbreak-campervan.html\" target=\"_blank\" rel=\"noopener\"><\/a>\t\t\t\t\t\t\t\t\t\t<div class=\"grve-bg-light grve-hover-overlay grve-opacity-90\"><\/div>\r\n\t\t\t\t\t\t\t\t\t\t<img decoding=\"async\" width=\"219\" height=\"300\" src=\"https:\/\/www.vanbreak.com\/wp-content\/uploads\/2024\/01\/le-petit-fute-219x300.jpg\" class=\"attachment-medium size-medium\" alt=\"\" srcset=\"https:\/\/www.vanbreak.com\/wp-content\/uploads\/2024\/01\/le-petit-fute-219x300.jpg 219w, https:\/\/www.vanbreak.com\/wp-content\/uploads\/2024\/01\/le-petit-fute-746x1024.jpg 746w, https:\/\/www.vanbreak.com\/wp-content\/uploads\/2024\/01\/le-petit-fute-768x1054.jpg 768w, https:\/\/www.vanbreak.com\/wp-content\/uploads\/2024\/01\/le-petit-fute-500x686.jpg 500w, https:\/\/www.vanbreak.com\/wp-content\/uploads\/2024\/01\/le-petit-fute-800x1098.jpg 800w, https:\/\/www.vanbreak.com\/wp-content\/uploads\/2024\/01\/le-petit-fute.jpg 1080w\" sizes=\"(max-width: 219px) 100vw, 219px\" \/>\t\t\t\t\t\t\t\t\t\t<figcaption><\/figcaption>\r\n\t\t\t\t\t\t\t\t\t<\/figure>\r\n\t\t\t\t\t\t\t\t\t\t\t\t\t\t\t\t\t\t<div class=\"grve-content grve-align-center\">\r\n\t\t\t\t\t\t\t\t\t\t\t\t\t\t\t\t\t\t\t\t\t\t\t\t\t\t\t\t\t\t\t\t\t\t\t\t\t\t\t\t\t\t\t\t\t\t\t\t\t<\/div>\r\n\t\t\t\t\t\t\t\t\t\t\t\t\t\t\t\t\t\t\t\t\t\t<\/div>\r\n\t\t\t\t\t<\/article>\r\n\t\t\t\t\t<article id=\"portfolio-21206-69f452eb1ecf9\" class=\"grve-isotope-item grve-portfolio-item grve-image-square post-21206 portfolio type-portfolio status-publish has-post-thumbnail hentry portfolio_category-press\">\r\n\t\t\t\t\t\t<div class=\"grve-isotope-item-inner grve-hover-item grve-zoom-in grve-hover-style-1\">\t\t\t\t\t\t\t\t\t<figure class=\"grve-image-hover grve-media grve-zoom-in\">\r\n\t\t\t\t\t\t\t\t\t\t<a class=\"grve-item-url \" aria-label=\"20 Minutes\" href=\"https:\/\/www.20minutes.fr\/tempo\/escapade\/4055238-20231002-andalousie-route-chefs-uvre-hispano-mauresques-van-amenage\" target=\"_blank\" rel=\"noopener\"><\/a>\t\t\t\t\t\t\t\t\t\t<div class=\"grve-bg-light grve-hover-overlay grve-opacity-90\"><\/div>\r\n\t\t\t\t\t\t\t\t\t\t<img decoding=\"async\" width=\"171\" height=\"300\" src=\"https:\/\/www.vanbreak.com\/wp-content\/uploads\/2024\/01\/20-minutes-screen-shot-mobile-171x300.jpg\" class=\"attachment-medium size-medium\" alt=\"\" srcset=\"https:\/\/www.vanbreak.com\/wp-content\/uploads\/2024\/01\/20-minutes-screen-shot-mobile-171x300.jpg 171w, https:\/\/www.vanbreak.com\/wp-content\/uploads\/2024\/01\/20-minutes-screen-shot-mobile-585x1024.jpg 585w, https:\/\/www.vanbreak.com\/wp-content\/uploads\/2024\/01\/20-minutes-screen-shot-mobile-768x1345.jpg 768w, https:\/\/www.vanbreak.com\/wp-content\/uploads\/2024\/01\/20-minutes-screen-shot-mobile-877x1536.jpg 877w, https:\/\/www.vanbreak.com\/wp-content\/uploads\/2024\/01\/20-minutes-screen-shot-mobile-500x875.jpg 500w, https:\/\/www.vanbreak.com\/wp-content\/uploads\/2024\/01\/20-minutes-screen-shot-mobile-800x1401.jpg 800w, https:\/\/www.vanbreak.com\/wp-content\/uploads\/2024\/01\/20-minutes-screen-shot-mobile.jpg 1080w\" sizes=\"(max-width: 171px) 100vw, 171px\" \/>\t\t\t\t\t\t\t\t\t\t<figcaption><\/figcaption>\r\n\t\t\t\t\t\t\t\t\t<\/figure>\r\n\t\t\t\t\t\t\t\t\t\t\t\t\t\t\t\t\t\t<div class=\"grve-content grve-align-center\">\r\n\t\t\t\t\t\t\t\t\t\t\t\t\t\t\t\t\t\t\t\t\t\t\t\t\t\t\t\t\t\t\t\t\t\t\t\t\t\t\t\t\t\t\t\t\t\t\t\t\t<\/div>\r\n\t\t\t\t\t\t\t\t\t\t\t\t\t\t\t\t\t\t\t\t\t\t<\/div>\r\n\t\t\t\t\t<\/article>\r\n\t\t\t\t<\/div>\r\n\t\t\t<\/div>\r\n\r\n\t\t<div class=\"grve-empty-space grve-height-2x\" style=\"\"><\/div>[\/vc_column_inner][\/vc_row_inner][\/vc_column][\/vc_row][vc_row section_type=&#8221;fullwidth&#8221; bg_type=&#8221;color&#8221; columns_gap=&#8221;none&#8221; bg_color=&#8221;#2ddcc8&#8243;][vc_column][vc_row_inner][vc_column_inner width=&#8221;1\/6&#8243;][\/vc_column_inner][vc_column_inner width=&#8221;2\/3&#8243;]<div class=\"grve-empty-space grve-height-1x\" style=\"\"><\/div><h2 class=\"grve-element grve-title grve-align-center grve-h2 grve-increase-heading grve-heading-140\" style=\"\"><span><span style=\"color: #ffffff;\">PARTNERS<\/span><\/span><\/h2>[vc_column_text]<\/p>\n<p style=\"text-align: center;\">Would you like to rent an electric bike, a surfboard, etc.? Take a KiteSurf lesson, have a drink? Take advantage of our network of partners in Malaga, Tarifa, El Palmar and Cadiz for an unforgettable road trip.<\/p>\n<p>[\/vc_column_text]<div class=\"grve-empty-space grve-height-2x\" style=\"\"><\/div><div class=\"grve-element grve-carousel grve-layout-1 grve-with-gap\" style=\"\">  <div class=\"grve-carousel-wrapper\"><div class=\"grve-carousel-navigation grve-dark grve-navigation-1 grve-navigation-carousel\">\t<div class=\"grve-carousel-buttons\">\t\t<div class=\"grve-carousel-prev\">\t\t\t<i class=\"grve-icon-nav-left-small\"><\/i>\t\t<\/div>\t\t<div class=\"grve-carousel-next\">\t\t\t<i class=\"grve-icon-nav-right-small\"><\/i>\t\t<\/div>\t<\/div><\/div>    <div class=\"grve-carousel-element \" data-items=\"3\" data-items-tablet-landscape=\"3\" data-items-tablet-portrait=\"2\" data-items-mobile=\"1\" data-slider-autoplay=\"no\" data-slider-speed=\"3000\" data-slider-pause=\"no\" data-pagination-speed=\"400\" data-pagination=\"no\" data-slider-loop=\"yes\" data-gutter-size=\"40\"><div class=\"grve-carousel-item grve-hover-item grve-hover-style-none\">  <figure class=\"grve-image-hover\">    <a class=\"grve-item-url\" href=\"https:\/\/freeridetarifa.com\/\" target=\"_blank\" rel=\"noopener\"><\/a>    <div class=\"grve-hover-overlay grve-bg-light grve-opacity-0\"><\/div><div class=\"grve-media\"><img decoding=\"async\" width=\"300\" height=\"300\" src=\"https:\/\/www.vanbreak.com\/wp-content\/uploads\/2017\/02\/FreerideTarifa-RVB-copie-300x300.png\" class=\"attachment-medium size-medium\" alt=\"\" srcset=\"https:\/\/www.vanbreak.com\/wp-content\/uploads\/2017\/02\/FreerideTarifa-RVB-copie-300x300.png 300w, https:\/\/www.vanbreak.com\/wp-content\/uploads\/2017\/02\/FreerideTarifa-RVB-copie-150x150.png 150w, https:\/\/www.vanbreak.com\/wp-content\/uploads\/2017\/02\/FreerideTarifa-RVB-copie-768x768.png 768w, https:\/\/www.vanbreak.com\/wp-content\/uploads\/2017\/02\/FreerideTarifa-RVB-copie-560x560.png 560w, https:\/\/www.vanbreak.com\/wp-content\/uploads\/2017\/02\/FreerideTarifa-RVB-copie.png 900w\" sizes=\"(max-width: 300px) 100vw, 300px\" \/><\/div>  <\/figure><\/div><div class=\"grve-carousel-item grve-hover-item grve-hover-style-none\">  <figure class=\"grve-image-hover\">    <a class=\"grve-item-url\" href=\"https:\/\/matos-tarifa.com\/\" target=\"_blank\" rel=\"noopener\"><\/a>    <div class=\"grve-hover-overlay grve-bg-light grve-opacity-0\"><\/div><div class=\"grve-media\"><img decoding=\"async\" width=\"200\" height=\"200\" src=\"https:\/\/www.vanbreak.com\/wp-content\/uploads\/2025\/02\/logo-mat-kite-2.png\" class=\"attachment-medium size-medium\" alt=\"Kitesurfing school in Tarifa\" srcset=\"https:\/\/www.vanbreak.com\/wp-content\/uploads\/2025\/02\/logo-mat-kite-2.png 200w, https:\/\/www.vanbreak.com\/wp-content\/uploads\/2025\/02\/logo-mat-kite-2-150x150.png 150w, https:\/\/www.vanbreak.com\/wp-content\/uploads\/2025\/02\/logo-mat-kite-2-100x100.png 100w\" sizes=\"(max-width: 200px) 100vw, 200px\" \/><\/div>  <\/figure><\/div><div class=\"grve-carousel-item grve-hover-item grve-hover-style-none\">  <figure class=\"grve-image-hover\">    <a class=\"grve-item-url\" href=\"https:\/\/herve-boure.com\/\" target=\"_blank\" rel=\"noopener\"><\/a>    <div class=\"grve-hover-overlay grve-bg-light grve-opacity-0\"><\/div><div class=\"grve-media\"><img decoding=\"async\" width=\"296\" height=\"300\" src=\"https:\/\/www.vanbreak.com\/wp-content\/uploads\/2023\/06\/logo-hb-surf-2023-blue-296x300.png\" class=\"attachment-medium size-medium\" alt=\"Herve bourre - kitesurf logo\" srcset=\"https:\/\/www.vanbreak.com\/wp-content\/uploads\/2023\/06\/logo-hb-surf-2023-blue-296x300.png 296w, https:\/\/www.vanbreak.com\/wp-content\/uploads\/2023\/06\/logo-hb-surf-2023-blue-1009x1024.png 1009w, https:\/\/www.vanbreak.com\/wp-content\/uploads\/2023\/06\/logo-hb-surf-2023-blue-768x779.png 768w, https:\/\/www.vanbreak.com\/wp-content\/uploads\/2023\/06\/logo-hb-surf-2023-blue-500x507.png 500w, https:\/\/www.vanbreak.com\/wp-content\/uploads\/2023\/06\/logo-hb-surf-2023-blue-800x812.png 800w, https:\/\/www.vanbreak.com\/wp-content\/uploads\/2023\/06\/logo-hb-surf-2023-blue-100x100.png 100w, https:\/\/www.vanbreak.com\/wp-content\/uploads\/2023\/06\/logo-hb-surf-2023-blue.png 1167w\" sizes=\"(max-width: 296px) 100vw, 296px\" \/><\/div>  <\/figure><\/div><div class=\"grve-carousel-item grve-hover-item grve-hover-style-none\">  <figure class=\"grve-image-hover\">    <a class=\"grve-item-url\" href=\"https:\/\/amoureux-andalousie.com\/\" target=\"_blank\" rel=\"noopener\"><\/a>    <div class=\"grve-hover-overlay grve-bg-light grve-opacity-0\"><\/div><div class=\"grve-media\"><img decoding=\"async\" width=\"300\" height=\"300\" src=\"https:\/\/www.vanbreak.com\/wp-content\/uploads\/2022\/04\/Logo-amoureux-GRAND-carre\u0301-300x300.png\" class=\"attachment-medium size-medium\" alt=\"\" srcset=\"https:\/\/www.vanbreak.com\/wp-content\/uploads\/2022\/04\/Logo-amoureux-GRAND-carre\u0301-300x300.png 300w, https:\/\/www.vanbreak.com\/wp-content\/uploads\/2022\/04\/Logo-amoureux-GRAND-carre\u0301-150x150.png 150w, https:\/\/www.vanbreak.com\/wp-content\/uploads\/2022\/04\/Logo-amoureux-GRAND-carre\u0301-500x500.png 500w, https:\/\/www.vanbreak.com\/wp-content\/uploads\/2022\/04\/Logo-amoureux-GRAND-carre\u0301-100x100.png 100w, https:\/\/www.vanbreak.com\/wp-content\/uploads\/2022\/04\/Logo-amoureux-GRAND-carre\u0301.png 560w\" sizes=\"(max-width: 300px) 100vw, 300px\" \/><\/div>  <\/figure><\/div><div class=\"grve-carousel-item grve-hover-item grve-hover-style-none\">  <figure class=\"grve-image-hover\">    <a class=\"grve-item-url\" href=\"https:\/\/coolsports.es\/en\/\" target=\"_blank\" rel=\"noopener\"><\/a>    <div class=\"grve-hover-overlay grve-bg-light grve-opacity-0\"><\/div><div class=\"grve-media\"><img decoding=\"async\" width=\"300\" height=\"300\" src=\"https:\/\/www.vanbreak.com\/wp-content\/uploads\/2024\/08\/coolsports-logo-malaga-300x300.png\" class=\"attachment-medium size-medium\" alt=\"Coolsports - Kitesurf and Wing school in Malaga\" srcset=\"https:\/\/www.vanbreak.com\/wp-content\/uploads\/2024\/08\/coolsports-logo-malaga-300x300.png 300w, https:\/\/www.vanbreak.com\/wp-content\/uploads\/2024\/08\/coolsports-logo-malaga-150x150.png 150w, https:\/\/www.vanbreak.com\/wp-content\/uploads\/2024\/08\/coolsports-logo-malaga-100x100.png 100w, https:\/\/www.vanbreak.com\/wp-content\/uploads\/2024\/08\/coolsports-logo-malaga.png 500w\" sizes=\"(max-width: 300px) 100vw, 300px\" \/><\/div>  <\/figure><\/div><div class=\"grve-carousel-item grve-hover-item grve-hover-style-none\">  <figure class=\"grve-image-hover\">    <a class=\"grve-item-url\" href=\"https:\/\/www.zzpub.es\/\" target=\"_blank\" rel=\"noopener\"><\/a>    <div class=\"grve-hover-overlay grve-bg-light grve-opacity-0\"><\/div><div class=\"grve-media\"><img decoding=\"async\" width=\"300\" height=\"300\" src=\"https:\/\/www.vanbreak.com\/wp-content\/uploads\/2017\/02\/ZZ-PUB--300x300.png\" class=\"attachment-medium size-medium\" alt=\"Freeride Tarifa Kite School\" srcset=\"https:\/\/www.vanbreak.com\/wp-content\/uploads\/2017\/02\/ZZ-PUB--300x300.png 300w, https:\/\/www.vanbreak.com\/wp-content\/uploads\/2017\/02\/ZZ-PUB--150x150.png 150w, https:\/\/www.vanbreak.com\/wp-content\/uploads\/2017\/02\/ZZ-PUB--768x768.png 768w, https:\/\/www.vanbreak.com\/wp-content\/uploads\/2017\/02\/ZZ-PUB--560x560.png 560w, https:\/\/www.vanbreak.com\/wp-content\/uploads\/2017\/02\/ZZ-PUB--500x500.png 500w, https:\/\/www.vanbreak.com\/wp-content\/uploads\/2017\/02\/ZZ-PUB--800x800.png 800w, https:\/\/www.vanbreak.com\/wp-content\/uploads\/2017\/02\/ZZ-PUB--100x100.png 100w, https:\/\/www.vanbreak.com\/wp-content\/uploads\/2017\/02\/ZZ-PUB-.png 900w\" sizes=\"(max-width: 300px) 100vw, 300px\" \/><\/div>  <\/figure><\/div><div class=\"grve-carousel-item grve-hover-item grve-hover-style-none\">  <figure class=\"grve-image-hover\">    <a class=\"grve-item-url\" href=\"https:\/\/www.escueladesurf9pies.com\/es\" target=\"_blank\" rel=\"noopener\"><\/a>    <div class=\"grve-hover-overlay grve-bg-light grve-opacity-0\"><\/div><div class=\"grve-media\"><img decoding=\"async\" width=\"170\" height=\"170\" src=\"https:\/\/www.vanbreak.com\/wp-content\/uploads\/2017\/02\/pies-surf-el-palmar.png\" class=\"attachment-medium size-medium\" alt=\"VanBreak and Normandy Campers\" srcset=\"https:\/\/www.vanbreak.com\/wp-content\/uploads\/2017\/02\/pies-surf-el-palmar.png 170w, https:\/\/www.vanbreak.com\/wp-content\/uploads\/2017\/02\/pies-surf-el-palmar-150x150.png 150w, https:\/\/www.vanbreak.com\/wp-content\/uploads\/2017\/02\/pies-surf-el-palmar-100x100.png 100w\" sizes=\"(max-width: 170px) 100vw, 170px\" \/><\/div>  <\/figure><\/div><div class=\"grve-carousel-item grve-hover-item grve-hover-style-none\">  <figure class=\"grve-image-hover\">    <a class=\"grve-item-url\" href=\"https:\/\/www.kitelife-watersports.com\/\" target=\"_blank\" rel=\"noopener\"><\/a>    <div class=\"grve-hover-overlay grve-bg-light grve-opacity-0\"><\/div><div class=\"grve-media\"><img decoding=\"async\" width=\"300\" height=\"248\" src=\"https:\/\/www.vanbreak.com\/wp-content\/uploads\/2024\/04\/kitelife-watersport-300x248.png\" class=\"attachment-medium size-medium\" alt=\"Kitelife watersport ) kitesurf school in MOrroco\" srcset=\"https:\/\/www.vanbreak.com\/wp-content\/uploads\/2024\/04\/kitelife-watersport-300x248.png 300w, https:\/\/www.vanbreak.com\/wp-content\/uploads\/2024\/04\/kitelife-watersport-1024x846.png 1024w, https:\/\/www.vanbreak.com\/wp-content\/uploads\/2024\/04\/kitelife-watersport-768x635.png 768w, https:\/\/www.vanbreak.com\/wp-content\/uploads\/2024\/04\/kitelife-watersport-1536x1270.png 1536w, https:\/\/www.vanbreak.com\/wp-content\/uploads\/2024\/04\/kitelife-watersport-1920x1587.png 1920w, https:\/\/www.vanbreak.com\/wp-content\/uploads\/2024\/04\/kitelife-watersport-500x413.png 500w, https:\/\/www.vanbreak.com\/wp-content\/uploads\/2024\/04\/kitelife-watersport-800x661.png 800w\" sizes=\"(max-width: 300px) 100vw, 300px\" \/><\/div>  <\/figure><\/div>\t  <\/div>\t<\/div><\/div>[\/vc_column_inner][vc_column_inner width=&#8221;1\/6&#8243;][\/vc_column_inner][\/vc_row_inner]<div class=\"grve-empty-space grve-height-2x\" style=\"\"><\/div>[\/vc_column][\/vc_row]<\/p>\n","protected":false},"excerpt":{"rendered":"<p>Rent a fully-equipped van in Spain (Malaga) for a road trip in Andalusia. Fully equipped campervans for 2 to 5 people with insurance and unlimited mileage. <\/p>\n","protected":false},"author":2,"featured_media":11101,"parent":0,"menu_order":0,"comment_status":"closed","ping_status":"closed","template":"","meta":{"footnotes":""},"class_list":["post-5988","page","type-page","status-publish","has-post-thumbnail","hentry"],"_links":{"self":[{"href":"https:\/\/www.vanbreak.com\/en\/wp-json\/wp\/v2\/pages\/5988","targetHints":{"allow":["GET"]}}],"collection":[{"href":"https:\/\/www.vanbreak.com\/en\/wp-json\/wp\/v2\/pages"}],"about":[{"href":"https:\/\/www.vanbreak.com\/en\/wp-json\/wp\/v2\/types\/page"}],"author":[{"embeddable":true,"href":"https:\/\/www.vanbreak.com\/en\/wp-json\/wp\/v2\/users\/2"}],"replies":[{"embeddable":true,"href":"https:\/\/www.vanbreak.com\/en\/wp-json\/wp\/v2\/comments?post=5988"}],"version-history":[{"count":0,"href":"https:\/\/www.vanbreak.com\/en\/wp-json\/wp\/v2\/pages\/5988\/revisions"}],"wp:featuredmedia":[{"embeddable":true,"href":"https:\/\/www.vanbreak.com\/en\/wp-json\/wp\/v2\/media\/11101"}],"wp:attachment":[{"href":"https:\/\/www.vanbreak.com\/en\/wp-json\/wp\/v2\/media?parent=5988"}],"curies":[{"name":"wp","href":"https:\/\/api.w.org\/{rel}","templated":true}]}}