{"id":24248,"date":"2026-03-09T15:36:55","date_gmt":"2026-03-09T15:36:55","guid":{"rendered":"https:\/\/www.vanbreak.com\/5-person-renault-trafic-handroad-van-rental\/"},"modified":"2026-03-28T17:47:58","modified_gmt":"2026-03-28T17:47:58","slug":"5-person-renault-trafic-handroad-van-rental","status":"publish","type":"page","link":"https:\/\/www.vanbreak.com\/en\/5-person-renault-trafic-handroad-van-rental\/","title":{"rendered":"5 person campervan rental Renault Trafic Handroad"},"content":{"rendered":"<p>[vc_row bg_type=&#8221;color&#8221; padding_top_multiplier=&#8221;&#8221; desktop_visibility=&#8221;hide&#8221; tablet_visibility=&#8221;hide&#8221; bg_color=&#8221;#ebecf0&#8243;][vc_column][\/vc_column][\/vc_row][vc_row bg_type=&#8221;color&#8221; padding_top_multiplier=&#8221;&#8221; bg_color=&#8221;#ebecf0&#8243;][vc_column][\/vc_column][\/vc_row][vc_row section_type=&#8221;fullwidth&#8221; bg_type=&#8221;color&#8221; columns_gap=&#8221;none&#8221; bg_color=&#8221;#ebecf0&#8243;][vc_column width=&#8221;2\/3&#8243;]<div class=\"grve-element grve-slider grve-layout-1 grve-gallery-popup\"  style=\" \">  <div class=\"grve-carousel-wrapper\"><div class=\"grve-carousel-navigation grve-dark grve-navigation-1 grve-navigation-default\">\t<div class=\"grve-carousel-buttons\">\t\t<div class=\"grve-carousel-prev\">\t\t\t<i class=\"grve-icon-nav-left-small\"><\/i>\t\t<\/div>\t\t<div class=\"grve-carousel-next\">\t\t\t<i class=\"grve-icon-nav-right-small\"><\/i>\t\t<\/div>\t<\/div><\/div><div class=\"grve-slider-element owl-carousel grve-theme\" data-slider-speed=\"3500\" data-slider-pause=\"no\" data-slider-autoplay=\"no\" data-slider-loop=\"yes\" data-slider-transition=\"slide\" data-slider-autoheight=\"no\" data-pagination=\"yes\"><div class=\"grve-slider-item grve-hover-item grve-hover-style-none\">  <figure class=\"grve-image-hover grve-zoom-none\"><div class=\"grve-media\"><img decoding=\"async\" width=\"1734\" height=\"1152\" src=\"https:\/\/www.vanbreak.com\/wp-content\/uploads\/2026\/03\/location-van-amenage-trafic-handroad-5-places-2.png\" class=\"attachment-movedo-grve-fullscreen size-movedo-grve-fullscreen\" alt=\"Van with pop-top roof.\" srcset=\"https:\/\/www.vanbreak.com\/wp-content\/uploads\/2026\/03\/location-van-amenage-trafic-handroad-5-places-2.png 1734w, https:\/\/www.vanbreak.com\/wp-content\/uploads\/2026\/03\/location-van-amenage-trafic-handroad-5-places-2-300x199.png 300w, https:\/\/www.vanbreak.com\/wp-content\/uploads\/2026\/03\/location-van-amenage-trafic-handroad-5-places-2-1024x680.png 1024w, https:\/\/www.vanbreak.com\/wp-content\/uploads\/2026\/03\/location-van-amenage-trafic-handroad-5-places-2-768x510.png 768w, https:\/\/www.vanbreak.com\/wp-content\/uploads\/2026\/03\/location-van-amenage-trafic-handroad-5-places-2-1536x1020.png 1536w, https:\/\/www.vanbreak.com\/wp-content\/uploads\/2026\/03\/location-van-amenage-trafic-handroad-5-places-2-500x332.png 500w, https:\/\/www.vanbreak.com\/wp-content\/uploads\/2026\/03\/location-van-amenage-trafic-handroad-5-places-2-800x531.png 800w\" sizes=\"(max-width: 1734px) 100vw, 1734px\" \/><\/div>  <\/figure><\/div><div class=\"grve-slider-item grve-hover-item grve-hover-style-none\">  <figure class=\"grve-image-hover grve-zoom-none\"><div class=\"grve-media\"><img decoding=\"async\" width=\"1280\" height=\"854\" src=\"https:\/\/www.vanbreak.com\/wp-content\/uploads\/2026\/03\/location-van-ameange-renault-trafic-handroad-trek-5-extreme-edition-vanbreak-2.jpeg\" class=\"attachment-movedo-grve-fullscreen size-movedo-grve-fullscreen\" alt=\"Van renault trafi Handroad trek 5+ extreme edition\" srcset=\"https:\/\/www.vanbreak.com\/wp-content\/uploads\/2026\/03\/location-van-ameange-renault-trafic-handroad-trek-5-extreme-edition-vanbreak-2.jpeg 1280w, https:\/\/www.vanbreak.com\/wp-content\/uploads\/2026\/03\/location-van-ameange-renault-trafic-handroad-trek-5-extreme-edition-vanbreak-2-300x200.jpeg 300w, https:\/\/www.vanbreak.com\/wp-content\/uploads\/2026\/03\/location-van-ameange-renault-trafic-handroad-trek-5-extreme-edition-vanbreak-2-1024x683.jpeg 1024w, https:\/\/www.vanbreak.com\/wp-content\/uploads\/2026\/03\/location-van-ameange-renault-trafic-handroad-trek-5-extreme-edition-vanbreak-2-768x512.jpeg 768w, https:\/\/www.vanbreak.com\/wp-content\/uploads\/2026\/03\/location-van-ameange-renault-trafic-handroad-trek-5-extreme-edition-vanbreak-2-500x334.jpeg 500w, https:\/\/www.vanbreak.com\/wp-content\/uploads\/2026\/03\/location-van-ameange-renault-trafic-handroad-trek-5-extreme-edition-vanbreak-2-800x534.jpeg 800w\" sizes=\"(max-width: 1280px) 100vw, 1280px\" \/><\/div>  <\/figure><\/div><div class=\"grve-slider-item grve-hover-item grve-hover-style-none\">  <figure class=\"grve-image-hover grve-zoom-none\"><div class=\"grve-media\"><img decoding=\"async\" width=\"1280\" height=\"854\" src=\"https:\/\/www.vanbreak.com\/wp-content\/uploads\/2026\/03\/location-van-ameange-renault-trafic-handroad-trek-5-extreme-edition-vanbreak-13.jpeg\" class=\"attachment-movedo-grve-fullscreen size-movedo-grve-fullscreen\" alt=\"Van renault trafi Handroad trek 5+ extreme edition\" srcset=\"https:\/\/www.vanbreak.com\/wp-content\/uploads\/2026\/03\/location-van-ameange-renault-trafic-handroad-trek-5-extreme-edition-vanbreak-13.jpeg 1280w, https:\/\/www.vanbreak.com\/wp-content\/uploads\/2026\/03\/location-van-ameange-renault-trafic-handroad-trek-5-extreme-edition-vanbreak-13-300x200.jpeg 300w, https:\/\/www.vanbreak.com\/wp-content\/uploads\/2026\/03\/location-van-ameange-renault-trafic-handroad-trek-5-extreme-edition-vanbreak-13-1024x683.jpeg 1024w, https:\/\/www.vanbreak.com\/wp-content\/uploads\/2026\/03\/location-van-ameange-renault-trafic-handroad-trek-5-extreme-edition-vanbreak-13-768x512.jpeg 768w, https:\/\/www.vanbreak.com\/wp-content\/uploads\/2026\/03\/location-van-ameange-renault-trafic-handroad-trek-5-extreme-edition-vanbreak-13-500x334.jpeg 500w, https:\/\/www.vanbreak.com\/wp-content\/uploads\/2026\/03\/location-van-ameange-renault-trafic-handroad-trek-5-extreme-edition-vanbreak-13-800x534.jpeg 800w\" sizes=\"(max-width: 1280px) 100vw, 1280px\" \/><\/div>  <\/figure><\/div><div class=\"grve-slider-item grve-hover-item grve-hover-style-none\">  <figure class=\"grve-image-hover grve-zoom-none\"><div class=\"grve-media\"><img decoding=\"async\" width=\"1280\" height=\"854\" src=\"https:\/\/www.vanbreak.com\/wp-content\/uploads\/2026\/03\/location-van-ameange-renault-trafic-handroad-trek-5-extreme-edition-vanbreak-19.jpeg\" class=\"attachment-movedo-grve-fullscreen size-movedo-grve-fullscreen\" alt=\"Van renault trafi Handroad trek 5+ extreme edition\" srcset=\"https:\/\/www.vanbreak.com\/wp-content\/uploads\/2026\/03\/location-van-ameange-renault-trafic-handroad-trek-5-extreme-edition-vanbreak-19.jpeg 1280w, https:\/\/www.vanbreak.com\/wp-content\/uploads\/2026\/03\/location-van-ameange-renault-trafic-handroad-trek-5-extreme-edition-vanbreak-19-300x200.jpeg 300w, https:\/\/www.vanbreak.com\/wp-content\/uploads\/2026\/03\/location-van-ameange-renault-trafic-handroad-trek-5-extreme-edition-vanbreak-19-1024x683.jpeg 1024w, https:\/\/www.vanbreak.com\/wp-content\/uploads\/2026\/03\/location-van-ameange-renault-trafic-handroad-trek-5-extreme-edition-vanbreak-19-768x512.jpeg 768w, https:\/\/www.vanbreak.com\/wp-content\/uploads\/2026\/03\/location-van-ameange-renault-trafic-handroad-trek-5-extreme-edition-vanbreak-19-500x334.jpeg 500w, https:\/\/www.vanbreak.com\/wp-content\/uploads\/2026\/03\/location-van-ameange-renault-trafic-handroad-trek-5-extreme-edition-vanbreak-19-800x534.jpeg 800w\" sizes=\"(max-width: 1280px) 100vw, 1280px\" \/><\/div>  <\/figure><\/div><div class=\"grve-slider-item grve-hover-item grve-hover-style-none\">  <figure class=\"grve-image-hover grve-zoom-none\"><div class=\"grve-media\"><img decoding=\"async\" width=\"1280\" height=\"854\" src=\"https:\/\/www.vanbreak.com\/wp-content\/uploads\/2026\/03\/location-van-ameange-renault-trafic-handroad-trek-5-extreme-edition-vanbreak.jpeg\" class=\"attachment-movedo-grve-fullscreen size-movedo-grve-fullscreen\" alt=\"Van renault trafi Handroad trek 5+ extreme edition\" srcset=\"https:\/\/www.vanbreak.com\/wp-content\/uploads\/2026\/03\/location-van-ameange-renault-trafic-handroad-trek-5-extreme-edition-vanbreak.jpeg 1280w, https:\/\/www.vanbreak.com\/wp-content\/uploads\/2026\/03\/location-van-ameange-renault-trafic-handroad-trek-5-extreme-edition-vanbreak-300x200.jpeg 300w, https:\/\/www.vanbreak.com\/wp-content\/uploads\/2026\/03\/location-van-ameange-renault-trafic-handroad-trek-5-extreme-edition-vanbreak-1024x683.jpeg 1024w, https:\/\/www.vanbreak.com\/wp-content\/uploads\/2026\/03\/location-van-ameange-renault-trafic-handroad-trek-5-extreme-edition-vanbreak-768x512.jpeg 768w, https:\/\/www.vanbreak.com\/wp-content\/uploads\/2026\/03\/location-van-ameange-renault-trafic-handroad-trek-5-extreme-edition-vanbreak-500x334.jpeg 500w, https:\/\/www.vanbreak.com\/wp-content\/uploads\/2026\/03\/location-van-ameange-renault-trafic-handroad-trek-5-extreme-edition-vanbreak-800x534.jpeg 800w\" sizes=\"(max-width: 1280px) 100vw, 1280px\" \/><\/div>  <\/figure><\/div><div class=\"grve-slider-item grve-hover-item grve-hover-style-none\">  <figure class=\"grve-image-hover grve-zoom-none\"><div class=\"grve-media\"><img decoding=\"async\" width=\"1280\" height=\"854\" src=\"https:\/\/www.vanbreak.com\/wp-content\/uploads\/2026\/03\/location-van-ameange-renault-trafic-handroad-trek-5-extreme-edition-vanbreak-17.jpeg\" class=\"attachment-movedo-grve-fullscreen size-movedo-grve-fullscreen\" alt=\"Van renault trafi Handroad trek 5+ extreme edition\" srcset=\"https:\/\/www.vanbreak.com\/wp-content\/uploads\/2026\/03\/location-van-ameange-renault-trafic-handroad-trek-5-extreme-edition-vanbreak-17.jpeg 1280w, https:\/\/www.vanbreak.com\/wp-content\/uploads\/2026\/03\/location-van-ameange-renault-trafic-handroad-trek-5-extreme-edition-vanbreak-17-300x200.jpeg 300w, https:\/\/www.vanbreak.com\/wp-content\/uploads\/2026\/03\/location-van-ameange-renault-trafic-handroad-trek-5-extreme-edition-vanbreak-17-1024x683.jpeg 1024w, https:\/\/www.vanbreak.com\/wp-content\/uploads\/2026\/03\/location-van-ameange-renault-trafic-handroad-trek-5-extreme-edition-vanbreak-17-768x512.jpeg 768w, https:\/\/www.vanbreak.com\/wp-content\/uploads\/2026\/03\/location-van-ameange-renault-trafic-handroad-trek-5-extreme-edition-vanbreak-17-500x334.jpeg 500w, https:\/\/www.vanbreak.com\/wp-content\/uploads\/2026\/03\/location-van-ameange-renault-trafic-handroad-trek-5-extreme-edition-vanbreak-17-800x534.jpeg 800w\" sizes=\"(max-width: 1280px) 100vw, 1280px\" \/><\/div>  <\/figure><\/div><div class=\"grve-slider-item grve-hover-item grve-hover-style-none\">  <figure class=\"grve-image-hover grve-zoom-none\"><div class=\"grve-media\"><img decoding=\"async\" width=\"1280\" height=\"854\" src=\"https:\/\/www.vanbreak.com\/wp-content\/uploads\/2026\/03\/location-van-ameange-renault-trafic-handroad-trek-5-extreme-edition-vanbreak-12.jpeg\" class=\"attachment-movedo-grve-fullscreen size-movedo-grve-fullscreen\" alt=\"Van renault trafi Handroad trek 5+ extreme edition\" srcset=\"https:\/\/www.vanbreak.com\/wp-content\/uploads\/2026\/03\/location-van-ameange-renault-trafic-handroad-trek-5-extreme-edition-vanbreak-12.jpeg 1280w, https:\/\/www.vanbreak.com\/wp-content\/uploads\/2026\/03\/location-van-ameange-renault-trafic-handroad-trek-5-extreme-edition-vanbreak-12-300x200.jpeg 300w, https:\/\/www.vanbreak.com\/wp-content\/uploads\/2026\/03\/location-van-ameange-renault-trafic-handroad-trek-5-extreme-edition-vanbreak-12-1024x683.jpeg 1024w, https:\/\/www.vanbreak.com\/wp-content\/uploads\/2026\/03\/location-van-ameange-renault-trafic-handroad-trek-5-extreme-edition-vanbreak-12-768x512.jpeg 768w, https:\/\/www.vanbreak.com\/wp-content\/uploads\/2026\/03\/location-van-ameange-renault-trafic-handroad-trek-5-extreme-edition-vanbreak-12-500x334.jpeg 500w, https:\/\/www.vanbreak.com\/wp-content\/uploads\/2026\/03\/location-van-ameange-renault-trafic-handroad-trek-5-extreme-edition-vanbreak-12-800x534.jpeg 800w\" sizes=\"(max-width: 1280px) 100vw, 1280px\" \/><\/div>  <\/figure><\/div><div class=\"grve-slider-item grve-hover-item grve-hover-style-none\">  <figure class=\"grve-image-hover grve-zoom-none\"><div class=\"grve-media\"><img decoding=\"async\" width=\"1280\" height=\"854\" src=\"https:\/\/www.vanbreak.com\/wp-content\/uploads\/2026\/03\/location-van-ameange-renault-trafic-handroad-trek-5-extreme-edition-vanbreak-6.jpeg\" class=\"attachment-movedo-grve-fullscreen size-movedo-grve-fullscreen\" alt=\"Van renault trafi Handroad trek 5+ extreme edition\" srcset=\"https:\/\/www.vanbreak.com\/wp-content\/uploads\/2026\/03\/location-van-ameange-renault-trafic-handroad-trek-5-extreme-edition-vanbreak-6.jpeg 1280w, https:\/\/www.vanbreak.com\/wp-content\/uploads\/2026\/03\/location-van-ameange-renault-trafic-handroad-trek-5-extreme-edition-vanbreak-6-300x200.jpeg 300w, https:\/\/www.vanbreak.com\/wp-content\/uploads\/2026\/03\/location-van-ameange-renault-trafic-handroad-trek-5-extreme-edition-vanbreak-6-1024x683.jpeg 1024w, https:\/\/www.vanbreak.com\/wp-content\/uploads\/2026\/03\/location-van-ameange-renault-trafic-handroad-trek-5-extreme-edition-vanbreak-6-768x512.jpeg 768w, https:\/\/www.vanbreak.com\/wp-content\/uploads\/2026\/03\/location-van-ameange-renault-trafic-handroad-trek-5-extreme-edition-vanbreak-6-500x334.jpeg 500w, https:\/\/www.vanbreak.com\/wp-content\/uploads\/2026\/03\/location-van-ameange-renault-trafic-handroad-trek-5-extreme-edition-vanbreak-6-800x534.jpeg 800w\" sizes=\"(max-width: 1280px) 100vw, 1280px\" \/><\/div>  <\/figure><\/div><div class=\"grve-slider-item grve-hover-item grve-hover-style-none\">  <figure class=\"grve-image-hover grve-zoom-none\"><div class=\"grve-media\"><img decoding=\"async\" width=\"1280\" height=\"854\" src=\"https:\/\/www.vanbreak.com\/wp-content\/uploads\/2026\/03\/location-van-ameange-renault-trafic-handroad-trek-5-extreme-edition-vanbreak-10.jpeg\" class=\"attachment-movedo-grve-fullscreen size-movedo-grve-fullscreen\" alt=\"Van renault trafi Handroad trek 5+ extreme edition\" srcset=\"https:\/\/www.vanbreak.com\/wp-content\/uploads\/2026\/03\/location-van-ameange-renault-trafic-handroad-trek-5-extreme-edition-vanbreak-10.jpeg 1280w, https:\/\/www.vanbreak.com\/wp-content\/uploads\/2026\/03\/location-van-ameange-renault-trafic-handroad-trek-5-extreme-edition-vanbreak-10-300x200.jpeg 300w, https:\/\/www.vanbreak.com\/wp-content\/uploads\/2026\/03\/location-van-ameange-renault-trafic-handroad-trek-5-extreme-edition-vanbreak-10-1024x683.jpeg 1024w, https:\/\/www.vanbreak.com\/wp-content\/uploads\/2026\/03\/location-van-ameange-renault-trafic-handroad-trek-5-extreme-edition-vanbreak-10-768x512.jpeg 768w, https:\/\/www.vanbreak.com\/wp-content\/uploads\/2026\/03\/location-van-ameange-renault-trafic-handroad-trek-5-extreme-edition-vanbreak-10-500x334.jpeg 500w, https:\/\/www.vanbreak.com\/wp-content\/uploads\/2026\/03\/location-van-ameange-renault-trafic-handroad-trek-5-extreme-edition-vanbreak-10-800x534.jpeg 800w\" sizes=\"(max-width: 1280px) 100vw, 1280px\" \/><\/div>  <\/figure><\/div><div class=\"grve-slider-item grve-hover-item grve-hover-style-none\">  <figure class=\"grve-image-hover grve-zoom-none\"><div class=\"grve-media\"><img decoding=\"async\" width=\"1280\" height=\"854\" src=\"https:\/\/www.vanbreak.com\/wp-content\/uploads\/2026\/03\/location-van-ameange-renault-trafic-handroad-trek-5-extreme-edition-vanbreak-20.jpeg\" class=\"attachment-movedo-grve-fullscreen size-movedo-grve-fullscreen\" alt=\"Van renault trafi Handroad trek 5+ extreme edition\" srcset=\"https:\/\/www.vanbreak.com\/wp-content\/uploads\/2026\/03\/location-van-ameange-renault-trafic-handroad-trek-5-extreme-edition-vanbreak-20.jpeg 1280w, https:\/\/www.vanbreak.com\/wp-content\/uploads\/2026\/03\/location-van-ameange-renault-trafic-handroad-trek-5-extreme-edition-vanbreak-20-300x200.jpeg 300w, https:\/\/www.vanbreak.com\/wp-content\/uploads\/2026\/03\/location-van-ameange-renault-trafic-handroad-trek-5-extreme-edition-vanbreak-20-1024x683.jpeg 1024w, https:\/\/www.vanbreak.com\/wp-content\/uploads\/2026\/03\/location-van-ameange-renault-trafic-handroad-trek-5-extreme-edition-vanbreak-20-768x512.jpeg 768w, https:\/\/www.vanbreak.com\/wp-content\/uploads\/2026\/03\/location-van-ameange-renault-trafic-handroad-trek-5-extreme-edition-vanbreak-20-500x334.jpeg 500w, https:\/\/www.vanbreak.com\/wp-content\/uploads\/2026\/03\/location-van-ameange-renault-trafic-handroad-trek-5-extreme-edition-vanbreak-20-800x534.jpeg 800w\" sizes=\"(max-width: 1280px) 100vw, 1280px\" \/><\/div>  <\/figure><\/div><div class=\"grve-slider-item grve-hover-item grve-hover-style-none\">  <figure class=\"grve-image-hover grve-zoom-none\"><div class=\"grve-media\"><img decoding=\"async\" width=\"1280\" height=\"854\" src=\"https:\/\/www.vanbreak.com\/wp-content\/uploads\/2026\/03\/location-van-ameange-renault-trafic-handroad-trek-5-extreme-edition-vanbreak-14.jpeg\" class=\"attachment-movedo-grve-fullscreen size-movedo-grve-fullscreen\" alt=\"Van renault trafi Handroad trek 5+ extreme edition\" srcset=\"https:\/\/www.vanbreak.com\/wp-content\/uploads\/2026\/03\/location-van-ameange-renault-trafic-handroad-trek-5-extreme-edition-vanbreak-14.jpeg 1280w, https:\/\/www.vanbreak.com\/wp-content\/uploads\/2026\/03\/location-van-ameange-renault-trafic-handroad-trek-5-extreme-edition-vanbreak-14-300x200.jpeg 300w, https:\/\/www.vanbreak.com\/wp-content\/uploads\/2026\/03\/location-van-ameange-renault-trafic-handroad-trek-5-extreme-edition-vanbreak-14-1024x683.jpeg 1024w, https:\/\/www.vanbreak.com\/wp-content\/uploads\/2026\/03\/location-van-ameange-renault-trafic-handroad-trek-5-extreme-edition-vanbreak-14-768x512.jpeg 768w, https:\/\/www.vanbreak.com\/wp-content\/uploads\/2026\/03\/location-van-ameange-renault-trafic-handroad-trek-5-extreme-edition-vanbreak-14-500x334.jpeg 500w, https:\/\/www.vanbreak.com\/wp-content\/uploads\/2026\/03\/location-van-ameange-renault-trafic-handroad-trek-5-extreme-edition-vanbreak-14-800x534.jpeg 800w\" sizes=\"(max-width: 1280px) 100vw, 1280px\" \/><\/div>  <\/figure><\/div><div class=\"grve-slider-item grve-hover-item grve-hover-style-none\">  <figure class=\"grve-image-hover grve-zoom-none\"><div class=\"grve-media\"><img decoding=\"async\" width=\"1280\" height=\"854\" src=\"https:\/\/www.vanbreak.com\/wp-content\/uploads\/2026\/03\/location-van-ameange-renault-trafic-handroad-trek-5-extreme-edition-vanbreak-3.jpeg\" class=\"attachment-movedo-grve-fullscreen size-movedo-grve-fullscreen\" alt=\"Van renault trafi Handroad trek 5+ extreme edition\" srcset=\"https:\/\/www.vanbreak.com\/wp-content\/uploads\/2026\/03\/location-van-ameange-renault-trafic-handroad-trek-5-extreme-edition-vanbreak-3.jpeg 1280w, https:\/\/www.vanbreak.com\/wp-content\/uploads\/2026\/03\/location-van-ameange-renault-trafic-handroad-trek-5-extreme-edition-vanbreak-3-300x200.jpeg 300w, https:\/\/www.vanbreak.com\/wp-content\/uploads\/2026\/03\/location-van-ameange-renault-trafic-handroad-trek-5-extreme-edition-vanbreak-3-1024x683.jpeg 1024w, https:\/\/www.vanbreak.com\/wp-content\/uploads\/2026\/03\/location-van-ameange-renault-trafic-handroad-trek-5-extreme-edition-vanbreak-3-768x512.jpeg 768w, https:\/\/www.vanbreak.com\/wp-content\/uploads\/2026\/03\/location-van-ameange-renault-trafic-handroad-trek-5-extreme-edition-vanbreak-3-500x334.jpeg 500w, https:\/\/www.vanbreak.com\/wp-content\/uploads\/2026\/03\/location-van-ameange-renault-trafic-handroad-trek-5-extreme-edition-vanbreak-3-800x534.jpeg 800w\" sizes=\"(max-width: 1280px) 100vw, 1280px\" \/><\/div>  <\/figure><\/div><div class=\"grve-slider-item grve-hover-item grve-hover-style-none\">  <figure class=\"grve-image-hover grve-zoom-none\"><div class=\"grve-media\"><img decoding=\"async\" width=\"1280\" height=\"854\" src=\"https:\/\/www.vanbreak.com\/wp-content\/uploads\/2026\/03\/location-van-ameange-renault-trafic-handroad-trek-5-extreme-edition-vanbreak-15.jpeg\" class=\"attachment-movedo-grve-fullscreen size-movedo-grve-fullscreen\" alt=\"Van renault trafi Handroad trek 5+ extreme edition\" srcset=\"https:\/\/www.vanbreak.com\/wp-content\/uploads\/2026\/03\/location-van-ameange-renault-trafic-handroad-trek-5-extreme-edition-vanbreak-15.jpeg 1280w, https:\/\/www.vanbreak.com\/wp-content\/uploads\/2026\/03\/location-van-ameange-renault-trafic-handroad-trek-5-extreme-edition-vanbreak-15-300x200.jpeg 300w, https:\/\/www.vanbreak.com\/wp-content\/uploads\/2026\/03\/location-van-ameange-renault-trafic-handroad-trek-5-extreme-edition-vanbreak-15-1024x683.jpeg 1024w, https:\/\/www.vanbreak.com\/wp-content\/uploads\/2026\/03\/location-van-ameange-renault-trafic-handroad-trek-5-extreme-edition-vanbreak-15-768x512.jpeg 768w, https:\/\/www.vanbreak.com\/wp-content\/uploads\/2026\/03\/location-van-ameange-renault-trafic-handroad-trek-5-extreme-edition-vanbreak-15-500x334.jpeg 500w, https:\/\/www.vanbreak.com\/wp-content\/uploads\/2026\/03\/location-van-ameange-renault-trafic-handroad-trek-5-extreme-edition-vanbreak-15-800x534.jpeg 800w\" sizes=\"(max-width: 1280px) 100vw, 1280px\" \/><\/div>  <\/figure><\/div><div class=\"grve-slider-item grve-hover-item grve-hover-style-none\">  <figure class=\"grve-image-hover grve-zoom-none\"><div class=\"grve-media\"><img decoding=\"async\" width=\"1280\" height=\"854\" src=\"https:\/\/www.vanbreak.com\/wp-content\/uploads\/2026\/03\/location-van-ameange-renault-trafic-handroad-trek-5-extreme-edition-vanbreak-8.jpeg\" class=\"attachment-movedo-grve-fullscreen size-movedo-grve-fullscreen\" alt=\"Van renault trafi Handroad trek 5+ extreme edition\" srcset=\"https:\/\/www.vanbreak.com\/wp-content\/uploads\/2026\/03\/location-van-ameange-renault-trafic-handroad-trek-5-extreme-edition-vanbreak-8.jpeg 1280w, https:\/\/www.vanbreak.com\/wp-content\/uploads\/2026\/03\/location-van-ameange-renault-trafic-handroad-trek-5-extreme-edition-vanbreak-8-300x200.jpeg 300w, https:\/\/www.vanbreak.com\/wp-content\/uploads\/2026\/03\/location-van-ameange-renault-trafic-handroad-trek-5-extreme-edition-vanbreak-8-1024x683.jpeg 1024w, https:\/\/www.vanbreak.com\/wp-content\/uploads\/2026\/03\/location-van-ameange-renault-trafic-handroad-trek-5-extreme-edition-vanbreak-8-768x512.jpeg 768w, https:\/\/www.vanbreak.com\/wp-content\/uploads\/2026\/03\/location-van-ameange-renault-trafic-handroad-trek-5-extreme-edition-vanbreak-8-500x334.jpeg 500w, https:\/\/www.vanbreak.com\/wp-content\/uploads\/2026\/03\/location-van-ameange-renault-trafic-handroad-trek-5-extreme-edition-vanbreak-8-800x534.jpeg 800w\" sizes=\"(max-width: 1280px) 100vw, 1280px\" \/><\/div>  <\/figure><\/div><div class=\"grve-slider-item grve-hover-item grve-hover-style-none\">  <figure class=\"grve-image-hover grve-zoom-none\"><div class=\"grve-media\"><img decoding=\"async\" width=\"1280\" height=\"854\" src=\"https:\/\/www.vanbreak.com\/wp-content\/uploads\/2026\/03\/location-van-ameange-renault-trafic-handroad-trek-5-extreme-edition-vanbreak-4.jpeg\" class=\"attachment-movedo-grve-fullscreen size-movedo-grve-fullscreen\" alt=\"Van renault trafi Handroad trek 5+ extreme edition\" srcset=\"https:\/\/www.vanbreak.com\/wp-content\/uploads\/2026\/03\/location-van-ameange-renault-trafic-handroad-trek-5-extreme-edition-vanbreak-4.jpeg 1280w, https:\/\/www.vanbreak.com\/wp-content\/uploads\/2026\/03\/location-van-ameange-renault-trafic-handroad-trek-5-extreme-edition-vanbreak-4-300x200.jpeg 300w, https:\/\/www.vanbreak.com\/wp-content\/uploads\/2026\/03\/location-van-ameange-renault-trafic-handroad-trek-5-extreme-edition-vanbreak-4-1024x683.jpeg 1024w, https:\/\/www.vanbreak.com\/wp-content\/uploads\/2026\/03\/location-van-ameange-renault-trafic-handroad-trek-5-extreme-edition-vanbreak-4-768x512.jpeg 768w, https:\/\/www.vanbreak.com\/wp-content\/uploads\/2026\/03\/location-van-ameange-renault-trafic-handroad-trek-5-extreme-edition-vanbreak-4-500x334.jpeg 500w, https:\/\/www.vanbreak.com\/wp-content\/uploads\/2026\/03\/location-van-ameange-renault-trafic-handroad-trek-5-extreme-edition-vanbreak-4-800x534.jpeg 800w\" sizes=\"(max-width: 1280px) 100vw, 1280px\" \/><\/div>  <\/figure><\/div>\t<\/div>  <\/div><\/div>[\/vc_column][vc_column width=&#8221;1\/3&#8243; tablet_sm_width=&#8221;hide&#8221; mobile_width=&#8221;hide&#8221;]<div class=\"grve-element grve-image grve-align-center\" style=\"\">  <div class=\"grve-image-wrapper\"><img decoding=\"async\" width=\"1280\" height=\"854\" src=\"https:\/\/www.vanbreak.com\/wp-content\/uploads\/2026\/03\/location-van-ameange-renault-trafic-handroad-trek-5-extreme-edition-vanbreak-16.jpeg\" class=\"attachment-full size-full\" alt=\"Van renault trafi Handroad trek 5+ extreme edition\" srcset=\"https:\/\/www.vanbreak.com\/wp-content\/uploads\/2026\/03\/location-van-ameange-renault-trafic-handroad-trek-5-extreme-edition-vanbreak-16.jpeg 1280w, https:\/\/www.vanbreak.com\/wp-content\/uploads\/2026\/03\/location-van-ameange-renault-trafic-handroad-trek-5-extreme-edition-vanbreak-16-300x200.jpeg 300w, https:\/\/www.vanbreak.com\/wp-content\/uploads\/2026\/03\/location-van-ameange-renault-trafic-handroad-trek-5-extreme-edition-vanbreak-16-1024x683.jpeg 1024w, https:\/\/www.vanbreak.com\/wp-content\/uploads\/2026\/03\/location-van-ameange-renault-trafic-handroad-trek-5-extreme-edition-vanbreak-16-768x512.jpeg 768w, https:\/\/www.vanbreak.com\/wp-content\/uploads\/2026\/03\/location-van-ameange-renault-trafic-handroad-trek-5-extreme-edition-vanbreak-16-500x334.jpeg 500w, https:\/\/www.vanbreak.com\/wp-content\/uploads\/2026\/03\/location-van-ameange-renault-trafic-handroad-trek-5-extreme-edition-vanbreak-16-800x534.jpeg 800w\" sizes=\"(max-width: 1280px) 100vw, 1280px\" \/>   <\/div><\/div><div class=\"grve-element grve-image grve-align-center\" style=\"\">  <div class=\"grve-image-wrapper\"><img decoding=\"async\" width=\"1280\" height=\"854\" src=\"https:\/\/www.vanbreak.com\/wp-content\/uploads\/2026\/03\/location-van-ameange-renault-trafic-handroad-trek-5-extreme-edition-vanbreak-2.jpeg\" class=\"attachment-full size-full\" alt=\"Van renault trafi Handroad trek 5+ extreme edition\" srcset=\"https:\/\/www.vanbreak.com\/wp-content\/uploads\/2026\/03\/location-van-ameange-renault-trafic-handroad-trek-5-extreme-edition-vanbreak-2.jpeg 1280w, https:\/\/www.vanbreak.com\/wp-content\/uploads\/2026\/03\/location-van-ameange-renault-trafic-handroad-trek-5-extreme-edition-vanbreak-2-300x200.jpeg 300w, https:\/\/www.vanbreak.com\/wp-content\/uploads\/2026\/03\/location-van-ameange-renault-trafic-handroad-trek-5-extreme-edition-vanbreak-2-1024x683.jpeg 1024w, https:\/\/www.vanbreak.com\/wp-content\/uploads\/2026\/03\/location-van-ameange-renault-trafic-handroad-trek-5-extreme-edition-vanbreak-2-768x512.jpeg 768w, https:\/\/www.vanbreak.com\/wp-content\/uploads\/2026\/03\/location-van-ameange-renault-trafic-handroad-trek-5-extreme-edition-vanbreak-2-500x334.jpeg 500w, https:\/\/www.vanbreak.com\/wp-content\/uploads\/2026\/03\/location-van-ameange-renault-trafic-handroad-trek-5-extreme-edition-vanbreak-2-800x534.jpeg 800w\" sizes=\"(max-width: 1280px) 100vw, 1280px\" \/>   <\/div><\/div>[\/vc_column][\/vc_row][vc_row bg_type=&#8221;color&#8221; padding_top_multiplier=&#8221;&#8221; bg_color=&#8221;#ebecf0&#8243;][vc_column]<div class=\"grve-empty-space grve-height-1x\" style=\"\"><\/div>[vc_column_text]<span style=\"color: #343e83;\"><span style=\"color: #2ddcc8;\"><a style=\"color: #2ddcc8;\" href=\"https:\/\/www.vanbreak.com\/en\">Home<\/a><\/span> &gt;<a style=\"color: #343e83;\" href=\"https:\/\/www.vanbreak.com\/location-van-amenage-espagne\/\"><span style=\"color: #2ddcc8;\">Van rental Spain<\/span><\/a> &gt;<span style=\"color: #2ddcc8;\"><a style=\"color: #2ddcc8;\" href=\"https:\/\/www.vanbreak.com\/en\/modeles-van-amenage\/\">Van models<\/a><\/span> &gt; Campervan rental Malaga<\/span>[\/vc_column_text][\/vc_column][\/vc_row][vc_row bg_type=&#8221;color&#8221; bg_color=&#8221;#ebecf0&#8243;][vc_column]<h1 class=\"grve-element grve-title grve-align-left grve-h2 grve-increase-heading grve-heading-140\" style=\"\"><span>Renault Trafic Handroad campervan rental in Malaga &#8211; 5-seater van for road trip in Andalusia<\/span><\/h1><div class=\"grve-empty-space grve-height-1x\" style=\"\"><\/div><h2 class=\"grve-element grve-title grve-align-left grve-h3 grve-increase-heading grve-heading-120\" style=\"\"><span>Campervan rental Malaga: explore Andalusia in a Renault Trafic Handroad<\/span><\/h2>[vc_column_text]<strong>Renting a campervan in Malaga<\/strong> is an excellent way to discover Andalusia in complete freedom. From Malaga, you can easily reach the beaches of the Costa del Sol, typical white villages, the mountains of the Sierra Nevada or major cultural cities like Seville, Granada or Cordoba.<\/p>\n<p>The <strong>Renault Trafic Handroad Trek 5+<\/strong> is the <strong>perfect campervan for a <a href=\"https:\/\/amoureux-andalousie.com\/\" target=\"_blank\" rel=\"noopener\">road trip in Spain<\/a><\/strong>. Compact, comfortable and easy to drive, it can accommodate up to five people, with a complete layout including kitchen, sleeping area, storage and electric autonomy.[\/vc_column_text]<div class=\"grve-empty-space grve-height-1x\" style=\"\"><\/div><div class=\"grve-element grve-align-center\"><a href=\"https:\/\/www.vanbreak.com\/en\/booking\/\" title=\"Book your van\" class=\"grve-btn grve-btn-medium grve-extra-round grve-bg-primary-3 grve-bg-hover-primary-6 buttonpad10\"><span>BOOKING<\/span><\/a><\/div><div class=\"grve-empty-space grve-height-1x\" style=\"\"><\/div>[vc_column_text]Renting a <strong>Renault Trafic campervan in Malaga<\/strong> lets you travel at your own pace, sleep close to nature and discover Andalusia off the beaten track.[\/vc_column_text][\/vc_column][\/vc_row][vc_row bg_type=&#8221;color&#8221; padding_top_multiplier=&#8221;&#8221; bg_color=&#8221;#ebecf0&#8243;][vc_column]<h2 class=\"grve-element grve-title grve-align-left grve-h2 grve-increase-heading grve-heading-120\" style=\"\"><span>Presentation campervan<\/span><\/h2><div class=\"grve-empty-space grve-height-1x\" style=\"\"><\/div>[vc_column_text]Looking for a <strong>campervan rental in Malaga<\/strong> for your <strong>road trip in Andalusia<\/strong>? The <strong>Renault Trafic Handroad Trek 5+<\/strong> is a <strong>versatile and comfortable converted van<\/strong>, perfect for exploring southern Spain in total freedom.<\/p>\n<p>This <strong>Renault Trafic campervan<\/strong> can accommodate up to <strong>5 people<\/strong> and offers all the equipment you need to travel with peace of mind: fully-equipped kitchen, optimized storage, comfortable sleeping space and electric autonomy for several days.[\/vc_column_text][vc_column_text]Thanks to its intelligent layout and modularity, the <strong>Renault Trafic Handroad<\/strong> makes it easy to cook, sleep and live on board. Ideal for discovering the beaches of the Costa del Sol, the white villages of Andalusia or the panoramic roads around Malaga.<\/p>\n<p><strong>Rent a Renault Trafic Handroad campervan in Malaga<\/strong> and enjoy the unique experience of <strong>vanlife in Spain<\/strong>, while discovering the most beautiful landscapes in Andalusia.[\/vc_column_text]<div class=\"grve-empty-space grve-height-1x\" style=\"\"><\/div>[vc_row_inner][vc_column_inner width=&#8221;1\/4&#8243; tablet_sm_width=&#8221;1-2&#8243; mobile_width=&#8221;1-2&#8243;]<div class=\"grve-element grve-image grve-align-center\" style=\"\">  <div class=\"grve-image-wrapper\"><img decoding=\"async\" width=\"150\" height=\"150\" src=\"https:\/\/www.vanbreak.com\/wp-content\/uploads\/2020\/12\/ceinture-150x150.png\" class=\"attachment-thumbnail size-thumbnail\" alt=\"safety belt\" srcset=\"https:\/\/www.vanbreak.com\/wp-content\/uploads\/2020\/12\/ceinture-150x150.png 150w, https:\/\/www.vanbreak.com\/wp-content\/uploads\/2020\/12\/ceinture-300x300.png 300w, https:\/\/www.vanbreak.com\/wp-content\/uploads\/2020\/12\/ceinture-1024x1024.png 1024w, https:\/\/www.vanbreak.com\/wp-content\/uploads\/2020\/12\/ceinture-768x768.png 768w, https:\/\/www.vanbreak.com\/wp-content\/uploads\/2020\/12\/ceinture-560x560.png 560w, https:\/\/www.vanbreak.com\/wp-content\/uploads\/2020\/12\/ceinture-900x900.png 900w, https:\/\/www.vanbreak.com\/wp-content\/uploads\/2020\/12\/ceinture-500x500.png 500w, https:\/\/www.vanbreak.com\/wp-content\/uploads\/2020\/12\/ceinture-800x800.png 800w, https:\/\/www.vanbreak.com\/wp-content\/uploads\/2020\/12\/ceinture-100x100.png 100w, https:\/\/www.vanbreak.com\/wp-content\/uploads\/2020\/12\/ceinture.png 1280w\" sizes=\"(max-width: 150px) 100vw, 150px\" \/>   <\/div><\/div><div class=\"grve-empty-space grve-height-1x\" style=\"\"><\/div><h3 class=\"grve-element grve-title grve-align-center grve-h3\" style=\"\"><span><span style=\"color: #323e84;\">5 seats<\/span><\/span><\/h3><div class=\"grve-empty-space grve-height-1x\" style=\"\"><\/div>[\/vc_column_inner][vc_column_inner width=&#8221;1\/4&#8243; tablet_sm_width=&#8221;1-2&#8243; mobile_width=&#8221;1-2&#8243;]<div class=\"grve-element grve-image grve-align-center\" style=\"\">  <div class=\"grve-image-wrapper\"><img decoding=\"async\" width=\"150\" height=\"150\" src=\"https:\/\/www.vanbreak.com\/wp-content\/uploads\/2020\/12\/lit-150x150.png\" class=\"attachment-thumbnail size-thumbnail\" alt=\"number of beds\" srcset=\"https:\/\/www.vanbreak.com\/wp-content\/uploads\/2020\/12\/lit-150x150.png 150w, https:\/\/www.vanbreak.com\/wp-content\/uploads\/2020\/12\/lit-300x300.png 300w, https:\/\/www.vanbreak.com\/wp-content\/uploads\/2020\/12\/lit-1024x1024.png 1024w, https:\/\/www.vanbreak.com\/wp-content\/uploads\/2020\/12\/lit-768x768.png 768w, https:\/\/www.vanbreak.com\/wp-content\/uploads\/2020\/12\/lit-560x560.png 560w, https:\/\/www.vanbreak.com\/wp-content\/uploads\/2020\/12\/lit-900x900.png 900w, https:\/\/www.vanbreak.com\/wp-content\/uploads\/2020\/12\/lit-500x500.png 500w, https:\/\/www.vanbreak.com\/wp-content\/uploads\/2020\/12\/lit-800x800.png 800w, https:\/\/www.vanbreak.com\/wp-content\/uploads\/2020\/12\/lit-100x100.png 100w, https:\/\/www.vanbreak.com\/wp-content\/uploads\/2020\/12\/lit.png 1280w\" sizes=\"(max-width: 150px) 100vw, 150px\" \/>   <\/div><\/div><div class=\"grve-empty-space grve-height-1x\" style=\"\"><\/div><h3 class=\"grve-element grve-title grve-align-center grve-h3\" style=\"\"><span><span style=\"color: #323e84;\">sleeps 4+1<\/span><\/span><\/h3><div class=\"grve-empty-space grve-height-1x\" style=\"\"><\/div>[\/vc_column_inner][vc_column_inner width=&#8221;1\/4&#8243; tablet_sm_width=&#8221;1-2&#8243; mobile_width=&#8221;1-2&#8243;]<div class=\"grve-element grve-image grve-align-center\" style=\"\">  <div class=\"grve-image-wrapper\"><img decoding=\"async\" width=\"150\" height=\"150\" src=\"https:\/\/www.vanbreak.com\/wp-content\/uploads\/2020\/12\/boite-auto-150x150.png\" class=\"attachment-thumbnail size-thumbnail\" alt=\"caja de cambios autom\u00e1tica\" srcset=\"https:\/\/www.vanbreak.com\/wp-content\/uploads\/2020\/12\/boite-auto-150x150.png 150w, https:\/\/www.vanbreak.com\/wp-content\/uploads\/2020\/12\/boite-auto-300x300.png 300w, https:\/\/www.vanbreak.com\/wp-content\/uploads\/2020\/12\/boite-auto-1024x1024.png 1024w, https:\/\/www.vanbreak.com\/wp-content\/uploads\/2020\/12\/boite-auto-768x768.png 768w, https:\/\/www.vanbreak.com\/wp-content\/uploads\/2020\/12\/boite-auto-560x560.png 560w, https:\/\/www.vanbreak.com\/wp-content\/uploads\/2020\/12\/boite-auto-900x900.png 900w, https:\/\/www.vanbreak.com\/wp-content\/uploads\/2020\/12\/boite-auto-500x500.png 500w, https:\/\/www.vanbreak.com\/wp-content\/uploads\/2020\/12\/boite-auto-800x800.png 800w, https:\/\/www.vanbreak.com\/wp-content\/uploads\/2020\/12\/boite-auto-100x100.png 100w, https:\/\/www.vanbreak.com\/wp-content\/uploads\/2020\/12\/boite-auto.png 1280w\" sizes=\"(max-width: 150px) 100vw, 150px\" \/>   <\/div><\/div><div class=\"grve-empty-space grve-height-1x\" style=\"\"><\/div><h3 class=\"grve-element grve-title grve-align-center grve-h3\" style=\"\"><span><span style=\"color: #323e84;\">Auto gearbox. <\/span><span style=\"color: #323e84;\">150hp<\/span><\/span><\/h3><div class=\"grve-empty-space grve-height-1x\" style=\"\"><\/div>[\/vc_column_inner][vc_column_inner width=&#8221;1\/4&#8243; tablet_sm_width=&#8221;1-2&#8243; mobile_width=&#8221;1-2&#8243;]<div class=\"grve-element grve-image grve-align-center\" style=\"\">  <div class=\"grve-image-wrapper\"><img decoding=\"async\" class=\"attachment-thumbnail size-thumbnail\" alt=\"Dummy Image\" src=\"https:\/\/www.vanbreak.com\/wp-content\/plugins\/movedo-extension\/assets\/images\/empty\/thumbnail.jpg\" width=\"150\" height=\"150\">   <\/div><\/div><div class=\"grve-empty-space grve-height-1x\" style=\"\"><\/div><h3 class=\"grve-element grve-title grve-align-center grve-h3\" style=\"\"><span><span style=\"color: #323e84;\">Permits <\/span><span style=\"color: #323e84;\">B<\/span><\/span><\/h3><div class=\"grve-empty-space grve-height-1x\" style=\"\"><\/div>[\/vc_column_inner][\/vc_row_inner][\/vc_column][\/vc_row][vc_row bg_type=&#8221;color&#8221; bg_color=&#8221;#ebecf0&#8243;][vc_column]<h2 class=\"grve-element grve-title grve-align-center grve-h2 grve-increase-heading grve-heading-120\" style=\"\"><span>CAMPERVAN EQUIPMENT<\/span><\/h2>[vc_column_text]The <strong>Renault Trafic Handroad Trek 5+<\/strong> is a <strong>modern campervan, perfectly equipped<\/strong> for a <strong>road trip to Andalusia from Malaga<\/strong>. Its clever layout allows you to cook, sleep and live comfortably on board during your trip.[\/vc_column_text]<div class=\"grve-empty-space grve-height-2x\" style=\"\"><\/div><div class=\"grve-element grve-align-center\"><a href=\"https:\/\/www.vanbreak.com\/en\/equipment-and-accessories\/\" title=\"Book your van\" class=\"grve-btn grve-btn-medium grve-extra-round grve-bg-primary-3 grve-bg-hover-primary-6 buttonpad10\"><span>ALL EQUIPMENT<\/span><\/a><\/div><div class=\"grve-empty-space grve-height-2x\" style=\"\"><\/div>[vc_column_text]This <strong>Renault Trafic converted van<\/strong> features a <strong>fully equipped interior kitchen<\/strong>, <strong>refrigerator<\/strong>, <strong>outdoor shower<\/strong>, <strong>water tank<\/strong> and <strong>diesel heater<\/strong> for comfortable nights. The <strong>solar panels and auxiliary batteries<\/strong> also provide excellent autonomy to make the most of your <strong>campervan trip in Spain<\/strong>.<\/p>\n<p>Thanks to its comprehensive equipment and ample storage space, the <strong>Renault Trafic Handroad<\/strong> is ideal for exploring the beaches, mountains and white villages of Andalusia during your <strong>campervan rental in Malaga<\/strong>.[\/vc_column_text][\/vc_column][\/vc_row][vc_row bg_type=&#8221;color&#8221; padding_bottom_multiplier=&#8221;2x&#8221; columns_gap=&#8221;25&#8243; bg_color=&#8221;#ebecf0&#8243;][vc_column width=&#8221;1\/6&#8243; tablet_sm_width=&#8221;1-2&#8243; mobile_width=&#8221;1-2&#8243;]<div class=\"grve-element grve-image grve-align-center\" style=\"\">  <div class=\"grve-image-wrapper\"><img decoding=\"async\" width=\"150\" height=\"150\" src=\"https:\/\/www.vanbreak.com\/wp-content\/uploads\/2020\/12\/cuisine-150x150.png\" class=\"attachment-thumbnail size-thumbnail\" alt=\"equipped kitchen\" srcset=\"https:\/\/www.vanbreak.com\/wp-content\/uploads\/2020\/12\/cuisine-150x150.png 150w, https:\/\/www.vanbreak.com\/wp-content\/uploads\/2020\/12\/cuisine-300x300.png 300w, https:\/\/www.vanbreak.com\/wp-content\/uploads\/2020\/12\/cuisine-1024x1024.png 1024w, https:\/\/www.vanbreak.com\/wp-content\/uploads\/2020\/12\/cuisine-768x768.png 768w, https:\/\/www.vanbreak.com\/wp-content\/uploads\/2020\/12\/cuisine-560x560.png 560w, https:\/\/www.vanbreak.com\/wp-content\/uploads\/2020\/12\/cuisine-900x900.png 900w, https:\/\/www.vanbreak.com\/wp-content\/uploads\/2020\/12\/cuisine-500x500.png 500w, https:\/\/www.vanbreak.com\/wp-content\/uploads\/2020\/12\/cuisine-800x800.png 800w, https:\/\/www.vanbreak.com\/wp-content\/uploads\/2020\/12\/cuisine-100x100.png 100w, https:\/\/www.vanbreak.com\/wp-content\/uploads\/2020\/12\/cuisine.png 1280w\" sizes=\"(max-width: 150px) 100vw, 150px\" \/>   <\/div><\/div><div class=\"grve-empty-space grve-height-1x\" style=\"\"><\/div><h3 class=\"grve-element grve-title grve-align-center grve-h3\" style=\"\"><span><span style=\"color: #323e84;\">Kitchen<br \/>\ninterior<\/span><\/span><\/h3><div class=\"grve-empty-space grve-height-1x\" style=\"\"><\/div>[\/vc_column][vc_column width=&#8221;1\/6&#8243; tablet_sm_width=&#8221;1-2&#8243; mobile_width=&#8221;1-2&#8243;]<div class=\"grve-element grve-image grve-align-center\" style=\"\">  <div class=\"grve-image-wrapper\"><img decoding=\"async\" width=\"150\" height=\"150\" src=\"https:\/\/www.vanbreak.com\/wp-content\/uploads\/2020\/12\/frigo-150x150.png\" class=\"attachment-thumbnail size-thumbnail\" alt=\"fridge\" srcset=\"https:\/\/www.vanbreak.com\/wp-content\/uploads\/2020\/12\/frigo-150x150.png 150w, https:\/\/www.vanbreak.com\/wp-content\/uploads\/2020\/12\/frigo-300x300.png 300w, https:\/\/www.vanbreak.com\/wp-content\/uploads\/2020\/12\/frigo-1024x1024.png 1024w, https:\/\/www.vanbreak.com\/wp-content\/uploads\/2020\/12\/frigo-768x768.png 768w, https:\/\/www.vanbreak.com\/wp-content\/uploads\/2020\/12\/frigo-560x560.png 560w, https:\/\/www.vanbreak.com\/wp-content\/uploads\/2020\/12\/frigo-900x900.png 900w, https:\/\/www.vanbreak.com\/wp-content\/uploads\/2020\/12\/frigo-500x500.png 500w, https:\/\/www.vanbreak.com\/wp-content\/uploads\/2020\/12\/frigo-800x800.png 800w, https:\/\/www.vanbreak.com\/wp-content\/uploads\/2020\/12\/frigo-100x100.png 100w, https:\/\/www.vanbreak.com\/wp-content\/uploads\/2020\/12\/frigo.png 1280w\" sizes=\"(max-width: 150px) 100vw, 150px\" \/>   <\/div><\/div><div class=\"grve-empty-space grve-height-1x\" style=\"\"><\/div><h3 class=\"grve-element grve-title grve-align-center grve-h3\" style=\"\"><span>Refrigerator<br \/>\n<span style=\"color: #323e84;\">(51L)<\/span><\/span><\/h3><div class=\"grve-empty-space grve-height-1x\" style=\"\"><\/div>[\/vc_column][vc_column width=&#8221;1\/6&#8243; tablet_sm_width=&#8221;1-2&#8243; mobile_width=&#8221;1-2&#8243;]<div class=\"grve-element grve-image grve-align-center\" style=\"\">  <div class=\"grve-image-wrapper\"><img decoding=\"async\" width=\"150\" height=\"150\" src=\"https:\/\/www.vanbreak.com\/wp-content\/uploads\/2020\/12\/douche-eau-a-temperature-150x150.png\" class=\"attachment-thumbnail size-thumbnail\" alt=\"ambient temperature shower\" srcset=\"https:\/\/www.vanbreak.com\/wp-content\/uploads\/2020\/12\/douche-eau-a-temperature-150x150.png 150w, https:\/\/www.vanbreak.com\/wp-content\/uploads\/2020\/12\/douche-eau-a-temperature-300x300.png 300w, https:\/\/www.vanbreak.com\/wp-content\/uploads\/2020\/12\/douche-eau-a-temperature-1024x1024.png 1024w, https:\/\/www.vanbreak.com\/wp-content\/uploads\/2020\/12\/douche-eau-a-temperature-768x768.png 768w, https:\/\/www.vanbreak.com\/wp-content\/uploads\/2020\/12\/douche-eau-a-temperature-560x560.png 560w, https:\/\/www.vanbreak.com\/wp-content\/uploads\/2020\/12\/douche-eau-a-temperature-900x900.png 900w, https:\/\/www.vanbreak.com\/wp-content\/uploads\/2020\/12\/douche-eau-a-temperature-500x500.png 500w, https:\/\/www.vanbreak.com\/wp-content\/uploads\/2020\/12\/douche-eau-a-temperature-800x800.png 800w, https:\/\/www.vanbreak.com\/wp-content\/uploads\/2020\/12\/douche-eau-a-temperature-100x100.png 100w, https:\/\/www.vanbreak.com\/wp-content\/uploads\/2020\/12\/douche-eau-a-temperature.png 1280w\" sizes=\"(max-width: 150px) 100vw, 150px\" \/>   <\/div><\/div><div class=\"grve-empty-space grve-height-1x\" style=\"\"><\/div><h3 class=\"grve-element grve-title grve-align-center grve-h3\" style=\"\"><span><span style=\"color: #323e84;\">Outdoor<\/span><br \/>\n<span style=\"color: #323e84;\">outdoor<\/span><\/span><\/h3><div class=\"grve-empty-space grve-height-1x\" style=\"\"><\/div>[\/vc_column][vc_column width=&#8221;1\/6&#8243; tablet_sm_width=&#8221;1-2&#8243; mobile_width=&#8221;1-2&#8243;]<div class=\"grve-element grve-image grve-align-center\" style=\"\">  <div class=\"grve-image-wrapper\"><img decoding=\"async\" width=\"150\" height=\"150\" src=\"https:\/\/www.vanbreak.com\/wp-content\/uploads\/2020\/12\/reservoir-eau-150x150.png\" class=\"attachment-thumbnail size-thumbnail\" alt=\"tanke de ague limpia\" srcset=\"https:\/\/www.vanbreak.com\/wp-content\/uploads\/2020\/12\/reservoir-eau-150x150.png 150w, https:\/\/www.vanbreak.com\/wp-content\/uploads\/2020\/12\/reservoir-eau-300x300.png 300w, https:\/\/www.vanbreak.com\/wp-content\/uploads\/2020\/12\/reservoir-eau-1024x1024.png 1024w, https:\/\/www.vanbreak.com\/wp-content\/uploads\/2020\/12\/reservoir-eau-768x768.png 768w, https:\/\/www.vanbreak.com\/wp-content\/uploads\/2020\/12\/reservoir-eau-560x560.png 560w, https:\/\/www.vanbreak.com\/wp-content\/uploads\/2020\/12\/reservoir-eau-900x900.png 900w, https:\/\/www.vanbreak.com\/wp-content\/uploads\/2020\/12\/reservoir-eau-500x500.png 500w, https:\/\/www.vanbreak.com\/wp-content\/uploads\/2020\/12\/reservoir-eau-800x800.png 800w, https:\/\/www.vanbreak.com\/wp-content\/uploads\/2020\/12\/reservoir-eau-100x100.png 100w, https:\/\/www.vanbreak.com\/wp-content\/uploads\/2020\/12\/reservoir-eau.png 1280w\" sizes=\"(max-width: 150px) 100vw, 150px\" \/>   <\/div><\/div><div class=\"grve-empty-space grve-height-1x\" style=\"\"><\/div><h3 class=\"grve-element grve-title grve-align-center grve-h3\" style=\"\"><span>Water<br \/>\n<span style=\"color: #323e84;\">(81L)<\/span><\/span><\/h3><div class=\"grve-empty-space grve-height-1x\" style=\"\"><\/div>[\/vc_column][vc_column width=&#8221;1\/6&#8243; tablet_sm_width=&#8221;1-2&#8243; mobile_width=&#8221;1-2&#8243;]<div class=\"grve-element grve-image grve-align-center\" style=\"\">  <div class=\"grve-image-wrapper\"><img decoding=\"async\" class=\"attachment-thumbnail size-thumbnail\" alt=\"Dummy Image\" src=\"https:\/\/www.vanbreak.com\/wp-content\/plugins\/movedo-extension\/assets\/images\/empty\/thumbnail.jpg\" width=\"150\" height=\"150\">   <\/div><\/div><div class=\"grve-empty-space grve-height-1x\" style=\"\"><\/div><h3 class=\"grve-element grve-title grve-align-center grve-h3\" style=\"\"><span>Parking heater \/ Auxiliary<br \/>\n<span style=\"color: #323e84;\">(nuit)<\/span><\/span><\/h3><div class=\"grve-empty-space grve-height-1x\" style=\"\"><\/div>[\/vc_column][vc_column width=&#8221;1\/6&#8243; tablet_sm_width=&#8221;1-2&#8243; mobile_width=&#8221;1-2&#8243;]<div class=\"grve-element grve-image grve-align-center\" style=\"\">  <div class=\"grve-image-wrapper\"><img decoding=\"async\" width=\"150\" height=\"150\" src=\"https:\/\/www.vanbreak.com\/wp-content\/uploads\/2021\/01\/prise-230v-150x150.png\" class=\"attachment-thumbnail size-thumbnail\" alt=\"\" srcset=\"https:\/\/www.vanbreak.com\/wp-content\/uploads\/2021\/01\/prise-230v-150x150.png 150w, https:\/\/www.vanbreak.com\/wp-content\/uploads\/2021\/01\/prise-230v-300x300.png 300w, https:\/\/www.vanbreak.com\/wp-content\/uploads\/2021\/01\/prise-230v-1024x1024.png 1024w, https:\/\/www.vanbreak.com\/wp-content\/uploads\/2021\/01\/prise-230v-768x768.png 768w, https:\/\/www.vanbreak.com\/wp-content\/uploads\/2021\/01\/prise-230v-560x560.png 560w, https:\/\/www.vanbreak.com\/wp-content\/uploads\/2021\/01\/prise-230v-900x900.png 900w, https:\/\/www.vanbreak.com\/wp-content\/uploads\/2021\/01\/prise-230v-500x500.png 500w, https:\/\/www.vanbreak.com\/wp-content\/uploads\/2021\/01\/prise-230v-800x800.png 800w, https:\/\/www.vanbreak.com\/wp-content\/uploads\/2021\/01\/prise-230v-100x100.png 100w, https:\/\/www.vanbreak.com\/wp-content\/uploads\/2021\/01\/prise-230v.png 1280w\" sizes=\"(max-width: 150px) 100vw, 150px\" \/>   <\/div><\/div><div class=\"grve-empty-space grve-height-1x\" style=\"\"><\/div><h3 class=\"grve-element grve-title grve-align-center grve-h3\" style=\"\"><span><span style=\"color: #323e84;\">Inverter<br \/>\n230V<\/span><\/span><\/h3><div class=\"grve-empty-space grve-height-1x\" style=\"\"><\/div>[\/vc_column][\/vc_row][vc_row bg_type=&#8221;color&#8221; columns_gap=&#8221;40&#8243; desktop_visibility=&#8221;hide&#8221; tablet_visibility=&#8221;hide&#8221; bg_color=&#8221;#ebecf0&#8243;][vc_column][vc_tta_accordion active_section=&#8221;&#8221;][vc_tta_section i_icon_fontawesome=&#8221;fa fa-bed&#8221; add_icon=&#8221;true&#8221; title=&#8221;EQUIPMENT&#8221; tab_id=&#8221;1773782206316-6350d7e2-a924&#8243;][vc_column_text]<\/p>\n<ul>\n<li class=\"li1\"><strong>Lift-up roof<\/strong> (manual)<\/li>\n<li class=\"li1\"><strong>2x double beds<\/strong>: 120cm x 192cm \/ 140cm x 195cm<\/li>\n<li class=\"li1\">Indoor \/ outdoor <strong>tables<\/strong> + chairs<\/li>\n<li class=\"li1\"><strong>Interior kitchen<\/strong> unit (2x hob + sink + fridge)<\/li>\n<li class=\"li1\"><strong>Outdoor shower<\/strong><\/li>\n<li><strong>Clean water<\/strong> tank <strong>81L<\/strong><\/li>\n<li>Waste water tank 40L<\/li>\n<li><strong>Closet<\/strong><\/li>\n<li class=\"li1\"><b>Blackout blinds <\/b>(each window)<\/li>\n<li class=\"li1\"><strong>Air conditioning<\/strong><\/li>\n<li class=\"li1\">Stationary <strong>heating<\/strong> (night-time)<\/li>\n<li class=\"li1\"><strong>2x<\/strong> Secondary <strong>batteries<\/strong> (living area)<\/li>\n<li class=\"li1\"><strong>2x Solar panels <\/strong>2x100w<\/li>\n<li class=\"li1\"><strong>Awning<\/strong><\/li>\n<li class=\"li1\"><strong>Nightlights<\/strong><\/li>\n<li class=\"li1\"><strong>12V + 230V sockets<\/strong><\/li>\n<li class=\"li1\"><strong>Safety kit<\/strong><\/li>\n<\/ul>\n<p>[\/vc_column_text][\/vc_tta_section][vc_tta_section i_icon_fontawesome=&#8221;fa fa-cutlery&#8221; add_icon=&#8221;true&#8221; title=&#8221;ACCESSORIES&#8221; tab_id=&#8221;1773782206407-9e880d28-ac48&#8243;][vc_column_text]<\/p>\n<ul class=\"ul1\">\n<li class=\"li1\"><strong>Kitchen utensils<\/strong>: saucepan, frying pan, knives, forks, spoons, plates, bottle opener, mini coffee maker, wooden spoon, cutting board, glasses, bowls, colander, tupperware, vegetable peeler, trivet, scissors, kitchen knife, colander, salad bowl, tea towel.<\/li>\n<li class=\"li1\"><strong>Sheets <\/strong>: pillows and pillowcases, fitted sheet, top sheet, undersheet<\/li>\n<li class=\"li1\">Gas bottle<\/li>\n<li class=\"li1\">Sweeper<\/li>\n<li class=\"li1\">Stabilizer shims<\/li>\n<li class=\"li1\">Safety kit: yellow vest, warning triangle, first aid kit<\/li>\n<li class=\"li1\">Camping extension cord and adapter<\/li>\n<li class=\"li1\">Starter cables<\/li>\n<\/ul>\n<p>[\/vc_column_text][\/vc_tta_section][vc_tta_section i_icon_fontawesome=&#8221;fa fa-car&#8221; add_icon=&#8221;true&#8221; title=&#8221;TECHNICAL SPECIFICATIONS&#8221; tab_id=&#8221;1773782206534-339fb428-06ac&#8221;][vc_column_text]<\/p>\n<ul class=\"ul1\">\n<li class=\"li1\"><strong>Van size<\/strong>: 508cm \/ 195cm \/ 200cm<\/li>\n<li class=\"li1\"><strong>150hp engine, automatic gearbox<\/strong><\/li>\n<li class=\"li1\">Reversing radars<\/li>\n<li class=\"li1\">Cruise control<\/li>\n<li class=\"li1\">USB multimedia display (Apple Car \/ Bluetooth)<\/li>\n<li class=\"li1\">Hands-free kit<\/li>\n<li class=\"li1\">Cigar lighter<\/li>\n<li class=\"li1\">Driver and passenger airbag, passenger airbag deactivation<\/li>\n<li class=\"li1\">Electronic Stability Program (ESP) and Emergency Brake Assist (AFU), ABS, ASR, EDS, and Hill Start Assist (HSA)<\/li>\n<li class=\"li1\">Electronic immobilizer<\/li>\n<li class=\"li1\">Full-size spare wheel<\/li>\n<li class=\"li1\">Automatic headlight adjustment<\/li>\n<li class=\"li1\">Central locking<\/li>\n<\/ul>\n<p>[\/vc_column_text][\/vc_tta_section][\/vc_tta_accordion][\/vc_column][\/vc_row][vc_row bg_type=&#8221;color&#8221; columns_gap=&#8221;40&#8243; bg_color=&#8221;#ebecf0&#8243;][vc_column]<h2 class=\"grve-element grve-title grve-align-center grve-h2 grve-increase-heading grve-heading-140\" style=\"\"><span>BOOKING<\/span><\/h2><div class=\"grve-empty-space grve-height-1x\" style=\"\"><\/div>[vc_raw_js]JTVCd2hlZWxiYXNlJTIwcmVudGFsJTNEJTIyNTA3MDg3JTIyJTIwY29sb3IlM0QlMjIwMDAwMDAlMjIlMjBsb2NhbGUlM0QlMjJlbi1pZSUyMiU1RCUwQQ==[\/vc_raw_js][\/vc_column][\/vc_row][vc_row bg_type=&#8221;color&#8221; bg_color=&#8221;#ebecf0&#8243;][vc_column]<div class=\"grve-empty-space grve-height-1x\" style=\"\"><\/div><h2 class=\"grve-element grve-title grve-align-center grve-h2 grve-increase-heading grve-heading-140\" style=\"\"><span>PRESENTATION CAMPERVAN<\/span><\/h2><div class=\"grve-empty-space grve-height-1x\" style=\"\"><\/div><div class=\"grve-element grve-video\" style=\"\"><iframe title=\"Essai du van am\u00e9nag\u00e9 Hanroad Trek 5 +. Taill\u00e9 pour l&#039;aventure ?\" width=\"1080\" height=\"608\" src=\"https:\/\/www.youtube.com\/embed\/WXyYOTs-nPc?feature=oembed\" frameborder=\"0\" allow=\"accelerometer; autoplay; clipboard-write; encrypted-media; gyroscope; picture-in-picture; web-share\" referrerpolicy=\"strict-origin-when-cross-origin\" allowfullscreen><\/iframe><\/div><div class=\"grve-empty-space grve-height-1x\" style=\"\"><\/div>[\/vc_column][\/vc_row][vc_row bg_type=&#8221;color&#8221; desktop_visibility=&#8221;hide&#8221; tablet_visibility=&#8221;hide&#8221; tablet_sm_visibility=&#8221;hide&#8221; mobile_visibility=&#8221;hide&#8221; bg_color=&#8221;#ebecf0&#8243;][vc_column]<h2 class=\"grve-element grve-title grve-align-center grve-h2 grve-increase-heading grve-heading-140\" style=\"\"><span>CAMPERVAN DEMONSTRATION<\/span><\/h2><div class=\"grve-empty-space grve-height-1x\" style=\"\"><\/div><div class=\"grve-element grve-video\" style=\"\"><iframe title=\"VW California OCEAN - Virtual Check In - English\" width=\"1080\" height=\"608\" src=\"https:\/\/www.youtube.com\/embed\/96_x7lc231Q?feature=oembed\" frameborder=\"0\" allow=\"accelerometer; autoplay; clipboard-write; encrypted-media; gyroscope; picture-in-picture; web-share\" referrerpolicy=\"strict-origin-when-cross-origin\" allowfullscreen><\/iframe><\/div><div class=\"grve-empty-space grve-height-2x\" style=\"\"><\/div>[\/vc_column][\/vc_row][vc_row bg_type=&#8221;color&#8221; bg_color=&#8221;#ebecf0&#8243;][vc_column]<h2 class=\"grve-element grve-title grve-align-center grve-h2 grve-increase-heading grve-heading-140\" style=\"\"><span>CHOOSE YOUR OPTIONS<\/span><\/h2>[vc_column_text]<\/p>\n<p style=\"text-align: center;\">Choose from our complementary options for a comfortable, tailor-made trip!<\/p>\n<p>[\/vc_column_text]<div class=\"grve-empty-space grve-height-2x\" style=\"\"><\/div><div class=\"grve-element grve-image grve-align-center\" style=\"\">  <div class=\"grve-image-wrapper\"><a href=\"https:\/\/vanbreak.com\/equipements\/#opciones\" target=\"_blank\" rel=\"noopener\"><img decoding=\"async\" width=\"768\" height=\"141\" src=\"https:\/\/www.vanbreak.com\/wp-content\/uploads\/2021\/01\/icones-options-768x141.png\" class=\"attachment-medium_large size-medium_large\" alt=\"\" srcset=\"https:\/\/www.vanbreak.com\/wp-content\/uploads\/2021\/01\/icones-options-768x141.png 768w, https:\/\/www.vanbreak.com\/wp-content\/uploads\/2021\/01\/icones-options-300x55.png 300w, https:\/\/www.vanbreak.com\/wp-content\/uploads\/2021\/01\/icones-options-1024x188.png 1024w, https:\/\/www.vanbreak.com\/wp-content\/uploads\/2021\/01\/icones-options-1536x282.png 1536w, https:\/\/www.vanbreak.com\/wp-content\/uploads\/2021\/01\/icones-options-1920x353.png 1920w, https:\/\/www.vanbreak.com\/wp-content\/uploads\/2021\/01\/icones-options-500x92.png 500w, https:\/\/www.vanbreak.com\/wp-content\/uploads\/2021\/01\/icones-options-800x147.png 800w\" sizes=\"(max-width: 768px) 100vw, 768px\" \/><\/a>   <\/div><\/div><div class=\"grve-empty-space grve-height-2x\" style=\"\"><\/div><div class=\"grve-element grve-align-center grve-fluid-button\"><a href=\"https:\/\/vanbreak.com\/equipements\/#opciones\" title=\"Ver las opciones\" class=\"grve-btn grve-btn-medium grve-extra-round grve-bg-primary-3 grve-bg-hover-primary-6 buttonpad10\" style=\"max-width: 400px;\" target=\"_blank\" rel=\"noopener\"><span>OPTIONS<\/span><\/a><\/div><div class=\"grve-empty-space grve-height-2x\" style=\"\"><\/div>[\/vc_column][\/vc_row][vc_row bg_type=&#8221;color&#8221; bg_color=&#8221;#ebecf0&#8243;][vc_column]<div class=\"grve-empty-space grve-height-2x\" style=\"\"><\/div><h2 class=\"grve-element grve-title grve-align-center grve-h2\" style=\"\"><span>MORE INFORMATION<\/span><\/h2>[\/vc_column][\/vc_row][vc_row bg_type=&#8221;color&#8221; bg_color=&#8221;#ebecf0&#8243;][vc_column width=&#8221;1\/2&#8243;]<div class=\"grve-empty-space grve-height-1x\" style=\"\"><\/div><h3 class=\"grve-element grve-title grve-align-left grve-h3\" style=\"\"><span>Manual pop-top roof for up to 5 passengers<\/span><\/h3>[vc_column_text]The VW California Ocean features an <strong>electrically opening roof<\/strong>, to make room for a second double bed in addition to the cabin&#8217;s double bed. The VW combi can therefore carry and sleep 4 people (4 adult beds).[\/vc_column_text][\/vc_column][vc_column width=&#8221;1\/2&#8243;]<div class=\"grve-empty-space grve-height-1x\" style=\"\"><\/div><h3 class=\"grve-element grve-title grve-align-left grve-h3\" style=\"\"><span>Integrated kitchen and storage<\/span><\/h3>[vc_column_text]The interior of the Ocean van is equipped with a <strong>kitchen<\/strong> including a sink and two gas hobs. It also includes a <strong>refrigerator<\/strong> connected to the secondary battery. Kitchen accessories are supplied at no extra charge: cutlery, plates, saucepans, coffee-maker, glasses and cups, kitchen utensils&#8230;[\/vc_column_text][\/vc_column][\/vc_row][vc_row bg_type=&#8221;color&#8221; bg_color=&#8221;#ebecf0&#8243;][vc_column width=&#8221;1\/2&#8243;]<h3 class=\"grve-element grve-title grve-align-left grve-h3\" style=\"\"><span>Faucet and outdoor shower<\/span><\/h3>[vc_column_text]The 30 L clean water tank allows you to cook (inside tap) and use the outside shower <strong>independently<\/strong>. So you can enjoy life on board the van without worrying about finding a campsite or a connection to running water.[\/vc_column_text][\/vc_column][vc_column width=&#8221;1\/2&#8243;]<h3 class=\"grve-element grve-title grve-align-left grve-h3\" style=\"\"><span>Solar panels for self-sufficient travel<\/span><\/h3>[vc_column_text]For the summer season, the van is equipped with an <strong>outdoor awning<\/strong> that opens with a crank handle. This allows you to take advantage of the fine weather and sit in the shade, with the <strong>outdoor table<\/strong> and camping chairs.[\/vc_column_text][\/vc_column][\/vc_row][vc_row bg_type=&#8221;color&#8221; bg_color=&#8221;#ebecf0&#8243;][vc_column]<h3 class=\"grve-element grve-title grve-align-left grve-h3\" style=\"\"><span>Diesel heater for a warm night&#8217;s sleep<\/span><\/h3>[vc_column_text]The vehicle is equipped with air conditioning and a <strong>diesel heater<\/strong>. So you can travel summer and winter in our camper van without worrying about outside temperatures. The heater is connected to the secondary battery, so it can operate when the vehicle is stationary (up to two days&#8217; autonomy using the electrical equipment).[\/vc_column_text][\/vc_column][\/vc_row][vc_row bg_type=&#8221;color&#8221; bg_color=&#8221;#ebecf0&#8243;][vc_column][vc_column_text]The <strong>Renault Trafic Handroad<\/strong> is the perfect <strong>all-round campervan<\/strong> for a <strong>road trip to Andalusia from Malaga<\/strong>. Compact and easy to drive, it offers an excellent compromise between comfort and budget. Its layout includes a pop-top roof, a practical kitchen area and several berths for up to five passengers. Thanks to its compact size, this van is ideal for exploring the back roads of Andalusia, with easy access to beaches, nature parks or typical villages. <strong>Renault Trafic Handroad rental in Malaga<\/strong> is the ideal solution for travelers who want to live the vanlife experience while keeping a handy and economical vehicle.[\/vc_column_text][\/vc_column][\/vc_row][vc_row bg_type=&#8221;color&#8221; padding_top_multiplier=&#8221;2x&#8221; bg_color=&#8221;#343e83&#8243;][vc_column width=&#8221;2\/3&#8243;]<h2 class=\"grve-element grve-title grve-align-left grve-h2\" style=\"\"><span><span style=\"color: #ffffff;\">Would you prefer to rent a VW California van in Malaga?<\/span><\/span><\/h2>[vc_column_text]<span class=\"s8\" style=\"color: #ffffff;\">Looking for a compact van? Our <a style=\"color: #ffffff;\" href=\"https:\/\/www.vanbreak.com\/en\/campervan-vw-california-ocean-hire-in-malaga\/\">VW California OCEAN<\/a> van is ideal for couples or families on a road trip to Andalusia, from 70\u20ac, with two double beds, a fully equipped kitchen, fridge, outdoor shower, night heater and pop-top roof. All the equipment of a converted van in a car. <\/span>[\/vc_column_text]<div class=\"grve-empty-space grve-height-1x\" style=\"\"><\/div>[\/vc_column][vc_column width=&#8221;1\/3&#8243;]<div class=\"grve-element grve-image grve-align-center\" style=\"\">  <div class=\"grve-image-wrapper\"><a href=\"https:\/\/www.vanbreak.com\/en\/campervan-vw-california-ocean-hire-in-malaga\/\" title=\"Rental Van VW California T6 - Ocean\"><img decoding=\"async\" width=\"1920\" height=\"1280\" src=\"https:\/\/www.vanbreak.com\/wp-content\/uploads\/2021\/01\/vanbreak-california-ocean.png\" class=\"attachment-full size-full\" alt=\"Volkswagen California T6 OCEAN - Vanbreak\" srcset=\"https:\/\/www.vanbreak.com\/wp-content\/uploads\/2021\/01\/vanbreak-california-ocean.png 1920w, https:\/\/www.vanbreak.com\/wp-content\/uploads\/2021\/01\/vanbreak-california-ocean-300x200.png 300w, https:\/\/www.vanbreak.com\/wp-content\/uploads\/2021\/01\/vanbreak-california-ocean-1024x683.png 1024w, https:\/\/www.vanbreak.com\/wp-content\/uploads\/2021\/01\/vanbreak-california-ocean-768x512.png 768w, https:\/\/www.vanbreak.com\/wp-content\/uploads\/2021\/01\/vanbreak-california-ocean-1536x1024.png 1536w, https:\/\/www.vanbreak.com\/wp-content\/uploads\/2021\/01\/vanbreak-california-ocean-500x333.png 500w, https:\/\/www.vanbreak.com\/wp-content\/uploads\/2021\/01\/vanbreak-california-ocean-800x533.png 800w\" sizes=\"(max-width: 1920px) 100vw, 1920px\" \/><\/a>   <\/div><\/div>[\/vc_column][\/vc_row][vc_row bg_type=&#8221;color&#8221; bg_color=&#8221;#343e83&#8243;][vc_column width=&#8221;2\/3&#8243;]<h2 class=\"grve-element grve-title grve-align-left grve-h2\" style=\"\"><span><span style=\"color: #ffffff;\">Would you prefer to rent a converted van in Malaga?<\/span><\/span><\/h2>[vc_column_text]<span style=\"color: #ffffff;\">Not happy renting the Renault Trafic Handroad? Discover the larger <strong> <a style=\"color: #ffffff;\" href=\"https:\/\/www.vanbreak.com\/en\/motorhome-hire-in-malaga\/\">Sunlight Cliff<\/a> van<\/strong>, with its en-suite bathroom with hot water, shower and toilet. You&#8217;ll be able to take advantage of a long-term stay, or a winter road trip, to discover the great outdoors. <\/span>[\/vc_column_text]<div class=\"grve-empty-space grve-height-1x\" style=\"\"><\/div>[\/vc_column][vc_column width=&#8221;1\/3&#8243;]<div class=\"grve-element grve-image grve-align-center\" style=\"\">  <div class=\"grve-image-wrapper\"><a href=\"https:\/\/www.vanbreak.com\/en\/motorhome-hire-in-malaga\/\" title=\"Sunlight campervan rental\"><img decoding=\"async\" width=\"1920\" height=\"1280\" src=\"https:\/\/www.vanbreak.com\/wp-content\/uploads\/2021\/03\/vanbreak-sunlight.png\" class=\"attachment-full size-full\" alt=\"\" srcset=\"https:\/\/www.vanbreak.com\/wp-content\/uploads\/2021\/03\/vanbreak-sunlight.png 1920w, https:\/\/www.vanbreak.com\/wp-content\/uploads\/2021\/03\/vanbreak-sunlight-300x200.png 300w, https:\/\/www.vanbreak.com\/wp-content\/uploads\/2021\/03\/vanbreak-sunlight-1024x683.png 1024w, https:\/\/www.vanbreak.com\/wp-content\/uploads\/2021\/03\/vanbreak-sunlight-768x512.png 768w, https:\/\/www.vanbreak.com\/wp-content\/uploads\/2021\/03\/vanbreak-sunlight-1536x1024.png 1536w, https:\/\/www.vanbreak.com\/wp-content\/uploads\/2021\/03\/vanbreak-sunlight-500x333.png 500w, https:\/\/www.vanbreak.com\/wp-content\/uploads\/2021\/03\/vanbreak-sunlight-800x533.png 800w\" sizes=\"(max-width: 1920px) 100vw, 1920px\" \/><\/a>   <\/div><\/div>[\/vc_column][\/vc_row][vc_row bg_type=&#8221;color&#8221; bg_color=&#8221;#343e83&#8243;][vc_column width=&#8221;2\/3&#8243;]<h2 class=\"grve-element grve-title grve-align-left grve-h2\" style=\"\"><span><span style=\"color: #ffffff;\">Would you prefer to rent a motorhome in Malaga?<\/span><\/span><\/h2>[vc_column_text]<span style=\"color: #ffffff;\">Rent a <strong> <a style=\"color: #ffffff;\" href=\"https:\/\/www.vanbreak.com\/en\/motorhome-rental\/\">Benimar motorhome<\/a> in Malaga<\/strong>, more spacious, equipped with a bathroom with hot water, shower and toilet. You can enjoy a long stay, or a winter road trip, to discover the great outdoors. <\/span>[\/vc_column_text]<div class=\"grve-empty-space grve-height-1x\" style=\"\"><\/div>[\/vc_column][vc_column width=&#8221;1\/3&#8243;]<div class=\"grve-element grve-image grve-align-center\" style=\"\">  <div class=\"grve-image-wrapper\"><a href=\"https:\/\/www.vanbreak.com\/en\/motorhome-rental\/\" title=\"Motorhome rental in Malaga\"><img decoding=\"async\" width=\"1920\" height=\"1280\" src=\"https:\/\/www.vanbreak.com\/wp-content\/uploads\/2025\/08\/benimar-camping-car-tesoro-463up-vanbreak-1-1.png\" class=\"attachment-full size-full\" alt=\"Modern, elegant motorhome.\" srcset=\"https:\/\/www.vanbreak.com\/wp-content\/uploads\/2025\/08\/benimar-camping-car-tesoro-463up-vanbreak-1-1.png 1920w, https:\/\/www.vanbreak.com\/wp-content\/uploads\/2025\/08\/benimar-camping-car-tesoro-463up-vanbreak-1-1-300x200.png 300w, https:\/\/www.vanbreak.com\/wp-content\/uploads\/2025\/08\/benimar-camping-car-tesoro-463up-vanbreak-1-1-1024x683.png 1024w, https:\/\/www.vanbreak.com\/wp-content\/uploads\/2025\/08\/benimar-camping-car-tesoro-463up-vanbreak-1-1-768x512.png 768w, https:\/\/www.vanbreak.com\/wp-content\/uploads\/2025\/08\/benimar-camping-car-tesoro-463up-vanbreak-1-1-1536x1024.png 1536w, https:\/\/www.vanbreak.com\/wp-content\/uploads\/2025\/08\/benimar-camping-car-tesoro-463up-vanbreak-1-1-500x333.png 500w, https:\/\/www.vanbreak.com\/wp-content\/uploads\/2025\/08\/benimar-camping-car-tesoro-463up-vanbreak-1-1-800x533.png 800w\" sizes=\"(max-width: 1920px) 100vw, 1920px\" \/><\/a>   <\/div><\/div>[\/vc_column][\/vc_row]<\/p>\n","protected":false},"excerpt":{"rendered":"<p>[vc_row bg_type=&#8221;color&#8221; padding_top_multiplier=&#8221;&#8221; desktop_visibility=&#8221;hide&#8221; tablet_visibility=&#8221;hide&#8221; bg_color=&#8221;#ebecf0&#8243;][vc_column][\/vc_column][\/vc_row][vc_row bg_type=&#8221;color&#8221; padding_top_multiplier=&#8221;&#8221; bg_color=&#8221;#ebecf0&#8243;][vc_column][\/vc_column][\/vc_row][vc_row section_type=&#8221;fullwidth&#8221; bg_type=&#8221;color&#8221; columns_gap=&#8221;none&#8221; bg_color=&#8221;#ebecf0&#8243;][vc_column width=&#8221;2\/3&#8243;][\/vc_column][vc_column width=&#8221;1\/3&#8243; tablet_sm_width=&#8221;hide&#8221; mobile_width=&#8221;hide&#8221;][\/vc_column][\/vc_row][vc_row bg_type=&#8221;color&#8221; padding_top_multiplier=&#8221;&#8221; bg_color=&#8221;#ebecf0&#8243;][vc_column][vc_column_text]Home &gt;Van rental Spain &gt;Van models &gt; Campervan rental Malaga[\/vc_column_text][\/vc_column][\/vc_row][vc_row bg_type=&#8221;color&#8221; bg_color=&#8221;#ebecf0&#8243;][vc_column][vc_column_text]Renting a campervan in Malaga is an excellent way to discover Andalusia in complete freedom. From Malaga, you can easily reach the beaches of the [&hellip;]<\/p>\n","protected":false},"author":2,"featured_media":24393,"parent":0,"menu_order":0,"comment_status":"closed","ping_status":"closed","template":"","meta":{"footnotes":""},"class_list":["post-24248","page","type-page","status-publish","has-post-thumbnail","hentry"],"_links":{"self":[{"href":"https:\/\/www.vanbreak.com\/en\/wp-json\/wp\/v2\/pages\/24248","targetHints":{"allow":["GET"]}}],"collection":[{"href":"https:\/\/www.vanbreak.com\/en\/wp-json\/wp\/v2\/pages"}],"about":[{"href":"https:\/\/www.vanbreak.com\/en\/wp-json\/wp\/v2\/types\/page"}],"author":[{"embeddable":true,"href":"https:\/\/www.vanbreak.com\/en\/wp-json\/wp\/v2\/users\/2"}],"replies":[{"embeddable":true,"href":"https:\/\/www.vanbreak.com\/en\/wp-json\/wp\/v2\/comments?post=24248"}],"version-history":[{"count":0,"href":"https:\/\/www.vanbreak.com\/en\/wp-json\/wp\/v2\/pages\/24248\/revisions"}],"wp:featuredmedia":[{"embeddable":true,"href":"https:\/\/www.vanbreak.com\/en\/wp-json\/wp\/v2\/media\/24393"}],"wp:attachment":[{"href":"https:\/\/www.vanbreak.com\/en\/wp-json\/wp\/v2\/media?parent=24248"}],"curies":[{"name":"wp","href":"https:\/\/api.w.org\/{rel}","templated":true}]}}